{"id":59,"date":"2023-04-06T00:20:40","date_gmt":"2023-04-05T22:20:40","guid":{"rendered":"https:\/\/www.fotezja.pl\/przyroda\/?page_id=59"},"modified":"2023-04-06T00:34:46","modified_gmt":"2023-04-05T22:34:46","slug":"o-biurze-podrozy-fotezja","status":"publish","type":"page","link":"https:\/\/www.fotezja.pl\/przyroda\/o-biurze-podrozy-fotezja\/","title":{"rendered":"O Biurze Podr\u00f3\u017cy Fotezja"},"content":{"rendered":"<h3>Podr\u00f3\u017cujemy aby fotografowa\u0107<\/h3>\n<p>Fotowyprawy Fotezji powsta\u0142y z potrzeby serca: chcieli\u015bmy je\u017adzi\u0107 po \u015bwiecie na spos\u00f3b fotograficzny, ale nikt nie organizowa\u0142 wyjazd\u00f3w, kt\u00f3re by nam odpowiada\u0142y. Wi\u0119c teraz organizujemy je osobi\u015bcie: takie, jak maj\u0105 by\u0107.<\/p>\n<p>My, czyli <a href=\"https:\/\/www.ewaipiotr.pl\/o-nas\/ewa\/\" target=\"_blank\" rel=\"noopener noreferrer\"><strong>Ewa Prus<\/strong><\/a> i <a href=\"https:\/\/www.ewaipiotr.pl\/o-nas\/piotr\/\" target=\"_blank\" rel=\"noopener noreferrer\"><strong>Piotr D\u0119bek<\/strong><\/a>.<\/p>\n<p>[nasze zdj\u0119cia]<\/p>\n<p>Warsztaty fotograficzne prowadzimy od 2009 roku, a fotowyprawy od 2012. Do roku 2019 przeprowadzili\u015bmy ponad 90 wypraw, w kt\u00f3rych wzi\u0119\u0142o udzia\u0142 ponad 650 os\u00f3b, a co trzecia z nich by\u0142a z nami na wyje\u017adzie fotograficznym trzy razy lub wi\u0119cej. Warsztat\u00f3w ju\u017c nawet nie liczymy&#8230; Od 2019 prowadzimy wyjazdy jako samodzielne biuro podr\u00f3\u017cy z wymaganymi uprawnieniami.<\/p>\n<p>Nasze wyprawy trafi\u0142y ju\u017c do 23 kraj\u00f3w, a liczba ta ro\u015bnie, bo w planach mamy nast\u0119pne &#8211; a nasze plany mamy zwyczaj realizowa\u0107.<\/p>\n<blockquote><p>&nbsp;<\/p><\/blockquote>\n<h4>O Biurze Podr\u00f3\u017cy Fotezja<\/h4>\n<p>Biuro Podr\u00f3\u017cy Fotezja nale\u017cy do:<\/p>\n<p>Fotezja Ewa Prus i Piotr D\u0119bek s.c.<br \/>\nul. Kolista 18\/5<br \/>\n54-152 Wroc\u0142aw<br \/>\nNIP: 8943043636<br \/>\nRegon: 022051530<\/p>\n<p><img decoding=\"async\" loading=\"lazy\" class=\"size-full wp-image-1914 alignnone\" src=\"https:\/\/www.fotezja.pl\/fotowyprawy\/wp-content\/uploads\/sites\/6\/2020\/02\/telefon_Fotezja_centralka.png\" alt=\"\" width=\"239\" height=\"32\" \/><noscript><img decoding=\"async\" class=\"size-full wp-image-1914 alignnone\" src=\"https:\/\/www.fotezja.pl\/fotowyprawy\/wp-content\/uploads\/sites\/6\/2020\/02\/telefon_Fotezja_centralka.png\" alt=\"\" width=\"239\" height=\"32\" \/><\/noscript>telefon jest czynny codziennie <strong>w godzinach 14-20<\/strong>, OBS\u0141UGUJE WY\u0141\u0104CZNIE PO\u0141\u0104CZENIA G\u0141OSOWE!<\/p>\n<p>Konta firmowe Biura Podr\u00f3\u017cy Fotezja:<\/p>\n<p>Nest Bank<\/p>\n<p>Konto w PLN:<br \/>\n86 2530 0008 2053 1055 8271 0001<\/p>\n<p>Konto w euro \u20ac:<br \/>\n59 2530 0008 2053 1055 8271 0002<\/p>\n<p>Konto w funtach brytyjskich GBP:<br \/>\n32 1870 1045 2078 1055 8271 0002<\/p>\n<p>Konto w dolarach ameryka\u0144skich USD:<br \/>\n59 1870 1045 2078 1055 8271 0001<\/p>\n<p><strong>Op\u0142at okre\u015blonych w euro lub USD prosimy w \u017cadnym wypadku nie przesy\u0142a\u0107 na konto z\u0142ot\u00f3wkowe! Z\u0142ot\u00f3wki nale\u017cy wp\u0142aca\u0107 na konto w PLN, euro &#8211; na konto euro, funty na konto GBP, a dolary ameryka\u0144skie &#8211; na konto dolarowe. <\/strong><\/p>\n<p>Biuro Podr\u00f3\u017cy Fotezja jest wpisane do <span id=\"T:dclay:oc_1863900469ro5MS61:pgl1\" class=\"af_panelGroupLayout\">Centralnej Ewidencji Organizator\u00f3w Turystyki i Przedsi\u0119biorc\u00f3w U\u0142atwiaj\u0105cych Nabywanie Powi\u0105zanych Us\u0142ug Turystycznych<\/span> pod numerem ewidencyjnym <span id=\"T:dclay:oc_176404778ruA53A1:region1:r1:it2::content\" class=\"af_inputText_content\">23628<\/span>, numer wpisu do Rejestru Marsza\u0142ka Wojew\u00f3dztwa Dolno\u015bl\u0105skiego <span id=\"T:dclay:oc_176404778ruA53A1:region1:r1:it8::content\" class=\"af_inputText_content\">818\/23\/2019<\/span> oraz <a href=\"https:\/\/www.fotezja.pl\/fotowyprawy\/gwarancja-ubezpieczeniowa\/\"><strong>posiada aktualn\u0105 gwarancj\u0119 ubezpieczeniow\u0105 wystawion\u0105 przez Signal Iduna Polska TU S.A<\/strong><\/a>.<\/p>\n<h4>Przydatne informacje:<\/h4>\n<p><a href=\"https:\/\/www.fotezja.pl\/przyroda\/napisz-do-nas\/\"><em>Kontakt do biura podr\u00f3\u017cy Fotezja<\/em><\/a><\/p>\n<p><em>Powiadomienia o fotowyprawach i wyprawach przyrodniczych<\/em><\/p>\n<p><a href=\"https:\/\/www.fotezja.pl\/fotowyprawy\/ogolne-warunki-umowy-o-swiadczeniu-imprez-turystycznych\/\">Og\u00f3lne warunki umowy<\/a><\/p>\n<p><a href=\"https:\/\/www.fotezja.pl\/fotowyprawy\/faq-najczesciej-zadawane-pytania\/\">FAQ fotowyprawowy &#8211; najcz\u0119\u015bciej zadawane pytania<\/a><\/p>\n<p><em><a href=\"https:\/\/www.fotezja.pl\/portal-fotograficzny-fotezja\/polityka-prywatnosci\/\" target=\"_blank\" rel=\"noopener noreferrer\">Polityka prywatno\u015bci<\/a><\/em><\/p>\n<p>&nbsp;<\/p>\n<p>Autorem logotypu Fotezji jest <em><a href=\"http:\/\/lasotaart.wixsite.com\/pofo\" target=\"_blank\" rel=\"noopener noreferrer\">Maciej Lasota<\/a>.<\/em><\/p>\n<h4>Napisz do nas!<\/h4>\n\n<div class=\"wpcf7 no-js\" id=\"wpcf7-f6-o1\" lang=\"pl-PL\" dir=\"ltr\" data-wpcf7-id=\"6\">\n<div class=\"screen-reader-response\"><p role=\"status\" aria-live=\"polite\" aria-atomic=\"true\"><\/p> <ul><\/ul><\/div>\n<form action=\"\/przyroda\/wp-json\/wp\/v2\/pages\/59#wpcf7-f6-o1\" method=\"post\" class=\"wpcf7-form init\" aria-label=\"Formularz kontaktowy\" novalidate=\"novalidate\" data-status=\"init\">\n<fieldset class=\"hidden-fields-container\"><input type=\"hidden\" name=\"_wpcf7\" value=\"6\" \/><input type=\"hidden\" name=\"_wpcf7_version\" value=\"6.1.5\" \/><input type=\"hidden\" name=\"_wpcf7_locale\" value=\"pl_PL\" \/><input type=\"hidden\" name=\"_wpcf7_unit_tag\" value=\"wpcf7-f6-o1\" \/><input type=\"hidden\" name=\"_wpcf7_container_post\" value=\"0\" \/><input type=\"hidden\" name=\"_wpcf7_posted_data_hash\" value=\"\" \/>\n<\/fieldset>\n<p><label> Twoje imi\u0119 i nazwisko<br \/>\n<span class=\"wpcf7-form-control-wrap\" data-name=\"your-name\"><input size=\"40\" maxlength=\"400\" class=\"wpcf7-form-control wpcf7-text wpcf7-validates-as-required\" autocomplete=\"name\" aria-required=\"true\" aria-invalid=\"false\" value=\"\" type=\"text\" name=\"your-name\" \/><\/span> <\/label>\n<\/p>\n<p><label> Tw\u00f3j adres e-mail<br \/>\n<span class=\"wpcf7-form-control-wrap\" data-name=\"your-email\"><input size=\"40\" maxlength=\"400\" class=\"wpcf7-form-control wpcf7-email wpcf7-validates-as-required wpcf7-text wpcf7-validates-as-email\" autocomplete=\"email\" aria-required=\"true\" aria-invalid=\"false\" value=\"\" type=\"email\" name=\"your-email\" \/><\/span> <\/label>\n<\/p>\n<p><label> Temat<br \/>\n<span class=\"wpcf7-form-control-wrap\" data-name=\"your-subject\"><input size=\"40\" maxlength=\"400\" class=\"wpcf7-form-control wpcf7-text wpcf7-validates-as-required\" aria-required=\"true\" aria-invalid=\"false\" value=\"\" type=\"text\" name=\"your-subject\" \/><\/span> <\/label>\n<\/p>\n<p><label> Twoja wiadomo\u015bci (opcjonalne)<br \/>\n<span class=\"wpcf7-form-control-wrap\" data-name=\"your-message\"><textarea cols=\"40\" rows=\"10\" maxlength=\"2000\" class=\"wpcf7-form-control wpcf7-textarea\" aria-invalid=\"false\" name=\"your-message\"><\/textarea><\/span> <\/label>\n<\/p>\n<p><input class=\"wpcf7-form-control wpcf7-submit has-spinner\" type=\"submit\" value=\"Wy\u015blij\" \/>\n<\/p><div class=\"wpcf7-response-output\" aria-hidden=\"true\"><\/div>\n<\/form>\n<\/div>\n\n<p>&nbsp;<\/p>\n","protected":false},"excerpt":{"rendered":"<p>Podr\u00f3\u017cujemy aby fotografowa\u0107 Fotowyprawy Fotezji powsta\u0142y z potrzeby serca: chcieli\u015bmy je\u017adzi\u0107 po \u015bwiecie na spos\u00f3b fotograficzny, ale nikt nie organizowa\u0142 wyjazd\u00f3w, kt\u00f3re by nam odpowiada\u0142y. Wi\u0119c teraz organizujemy je osobi\u015bcie: takie, jak maj\u0105 by\u0107. My, czyli Ewa Prus i Piotr D\u0119bek. [nasze zdj\u0119cia] Warsztaty fotograficzne prowadzimy od 2009 roku, a fotowyprawy od 2012. Do roku 2019 przeprowadzili\u015bmy ponad 90 wypraw, w kt\u00f3rych wzi\u0119\u0142o udzia\u0142 ponad 650 os\u00f3b, a co trzecia z nich by\u0142a z nami na wyje\u017adzie fotograficznym trzy razy [&hellip;]<\/p>\n","protected":false},"author":1,"featured_media":0,"parent":0,"menu_order":0,"comment_status":"closed","ping_status":"closed","template":"","meta":{"footnotes":"","_links_to":"","_links_to_target":""},"class_list":["post-59","page","type-page","status-publish","hentry"],"jetpack_sharing_enabled":true,"_links":{"self":[{"href":"https:\/\/www.fotezja.pl\/przyroda\/wp-json\/wp\/v2\/pages\/59","targetHints":{"allow":["GET"]}}],"collection":[{"href":"https:\/\/www.fotezja.pl\/przyroda\/wp-json\/wp\/v2\/pages"}],"about":[{"href":"https:\/\/www.fotezja.pl\/przyroda\/wp-json\/wp\/v2\/types\/page"}],"author":[{"embeddable":true,"href":"https:\/\/www.fotezja.pl\/przyroda\/wp-json\/wp\/v2\/users\/1"}],"replies":[{"embeddable":true,"href":"https:\/\/www.fotezja.pl\/przyroda\/wp-json\/wp\/v2\/comments?post=59"}],"version-history":[{"count":2,"href":"https:\/\/www.fotezja.pl\/przyroda\/wp-json\/wp\/v2\/pages\/59\/revisions"}],"predecessor-version":[{"id":63,"href":"https:\/\/www.fotezja.pl\/przyroda\/wp-json\/wp\/v2\/pages\/59\/revisions\/63"}],"wp:attachment":[{"href":"https:\/\/www.fotezja.pl\/przyroda\/wp-json\/wp\/v2\/media?parent=59"}],"curies":[{"name":"wp","href":"https:\/\/api.w.org\/{rel}","templated":true}]}}