{"id":976,"date":"2019-07-03T21:20:34","date_gmt":"2019-07-03T19:20:34","guid":{"rendered":"https:\/\/www.fotezja.pl\/fotowyprawy\/?page_id=976"},"modified":"2020-05-28T00:17:31","modified_gmt":"2020-05-27T22:17:31","slug":"faq-najczesciej-zadawane-pytania","status":"publish","type":"page","link":"https:\/\/www.fotezja.pl\/fotowyprawy\/faq-najczesciej-zadawane-pytania\/","title":{"rendered":"Fotowyprawa \u2013 najcz\u0119\u015bciej zadawane pytania (FAQ)"},"content":{"rendered":"<h3><b>Co to jest fotowyprawa<\/b><\/h3>\n<p>Fotowyprawa to dobrze zorganizowana podr\u00f3\u017c, kt\u00f3rej celem jest nie tylko ogl\u0105danie jednych z najpi\u0119kniejszych i najciekawszych miejsc na Ziemi, ale tak\u017ce \u2013 a w\u0142a\u015bciwie przede wszystkim \u2013 ich fotografowanie. Fotografowanie tak, aby uzyska\u0107 pi\u0119kne fotografie. Pi\u0119kne fotografie pi\u0119knych miejsc, a nie tak jak to jest na masowych wycieczkach \u2013 fotki znanych i modnych miejsc, kt\u00f3re jednak na zdj\u0119ciach nie wygl\u0105daj\u0105 dobrze, bo pora wykonania zdj\u0119cia by\u0142a nieodpowiednia, a podr\u00f3\u017cnik si\u0119 spieszy\u0142. My si\u0119 nie spieszymy i czekamy na dobre \u015bwiat\u0142o w naj\u0142adniejszych miejscach &#8211; po to jest fotowyprawa!<\/p>\n<h3 style=\"text-align: left;\">Najbli\u017csze fotowyprawy i warsztaty fotograficzne:<\/h3>\n<h3 style=\"text-align: center;\"><a href=\"https:\/\/www.fotezja.pl\/fotowyprawy\/fotowyprawy-i-warsztaty\/\">https:\/\/www.fotezja.pl\/fotowyprawy\/fotowyprawy-i-warsztaty\/<\/a><\/h3>\n<p>Podr\u00f3\u017cujemy, aby fotografowa\u0107. Podr\u00f3\u017cujemy i fotografujemy w grupie podobnych mi\u0142o\u015bnik\u00f3w rejestrowania pi\u0119kna. Nawet je\u015bli w jakim\u015b momencie nie fotografujemy, to wi\u0119kszo\u015b\u0107 dyskusji kr\u0119ci si\u0119 wok\u00f3\u0142 rejestrowania obraz\u00f3w \u2013 sprz\u0119tu, technik, estetyki. Atmosfera za ka\u017cdym razem jest wspania\u0142a \u2013 jak zawsze, gdy zbierze si\u0119 grupa pasjonat\u00f3w.<\/p>\n<p><a href=\"https:\/\/www.fotezja.pl\/fotowyprawy\/faq-najczesciej-zadawane-pytania\/3w5a3423_b\/\" rel=\"attachment wp-att-983\"><img decoding=\"async\" loading=\"lazy\" class=\"size-full wp-image-983 aligncenter\" src=\"https:\/\/www.fotezja.pl\/fotowyprawy\/wp-content\/uploads\/sites\/6\/2019\/07\/3W5A3423_b.jpg\" alt=\"Bia\u0142e konie z Camargue, bieg przez wod\u0119, fotowyprawa faq\" width=\"1219\" height=\"933\" srcset=\"https:\/\/www.fotezja.pl\/fotowyprawy\/wp-content\/uploads\/sites\/6\/2019\/07\/3W5A3423_b.jpg 1219w, https:\/\/www.fotezja.pl\/fotowyprawy\/wp-content\/uploads\/sites\/6\/2019\/07\/3W5A3423_b-300x230.jpg 300w, https:\/\/www.fotezja.pl\/fotowyprawy\/wp-content\/uploads\/sites\/6\/2019\/07\/3W5A3423_b-770x589.jpg 770w, https:\/\/www.fotezja.pl\/fotowyprawy\/wp-content\/uploads\/sites\/6\/2019\/07\/3W5A3423_b-1024x784.jpg 1024w, https:\/\/www.fotezja.pl\/fotowyprawy\/wp-content\/uploads\/sites\/6\/2019\/07\/3W5A3423_b-500x383.jpg 500w, https:\/\/www.fotezja.pl\/fotowyprawy\/wp-content\/uploads\/sites\/6\/2019\/07\/3W5A3423_b-293x224.jpg 293w\" sizes=\"auto, (max-width: 1219px) 100vw, 1219px\" \/><noscript><img decoding=\"async\" class=\"size-full wp-image-983 aligncenter\" src=\"https:\/\/www.fotezja.pl\/fotowyprawy\/wp-content\/uploads\/sites\/6\/2019\/07\/3W5A3423_b.jpg\" alt=\"Bia\u0142e konie z Camargue, bieg przez wod\u0119, fotowyprawa faq\" width=\"1219\" height=\"933\" srcset=\"https:\/\/www.fotezja.pl\/fotowyprawy\/wp-content\/uploads\/sites\/6\/2019\/07\/3W5A3423_b.jpg 1219w, https:\/\/www.fotezja.pl\/fotowyprawy\/wp-content\/uploads\/sites\/6\/2019\/07\/3W5A3423_b-300x230.jpg 300w, https:\/\/www.fotezja.pl\/fotowyprawy\/wp-content\/uploads\/sites\/6\/2019\/07\/3W5A3423_b-770x589.jpg 770w, https:\/\/www.fotezja.pl\/fotowyprawy\/wp-content\/uploads\/sites\/6\/2019\/07\/3W5A3423_b-1024x784.jpg 1024w, https:\/\/www.fotezja.pl\/fotowyprawy\/wp-content\/uploads\/sites\/6\/2019\/07\/3W5A3423_b-500x383.jpg 500w, https:\/\/www.fotezja.pl\/fotowyprawy\/wp-content\/uploads\/sites\/6\/2019\/07\/3W5A3423_b-293x224.jpg 293w\" sizes=\"(max-width: 1219px) 100vw, 1219px\" \/><\/noscript><\/a><\/p>\n<h3><b>Czym si\u0119 r\u00f3\u017cni fotowyprawa od wycieczki objazdowej?<br \/>\n<\/b><\/h3>\n<p>Fotowyprawa jest tak zaplanowana, \u017ceby\u015bmy mogli zwiedzi\u0107 naj\u0142adniejsze miejsca przy najlepszym \u015bwietle. Nie wszystkie znane miejsca s\u0105 fotogeniczne i na odwr\u00f3t \u2013 niekiedy wizualny potencja\u0142 ma teren omijany przez masow\u0105 turystyk\u0119. Fotowyprawa podporz\u0105dkowana jest fotografowaniu tak\u017ce w kwestii doboru miejsc, w kt\u00f3rych b\u0119dziemy si\u0119 zatrzymywa\u0107.<\/p>\n<p>W trakcie trwania ca\u0142ej fotowyprawy pomoc\u0105 w sprawach fotograficznych uczestnikom s\u0142u\u017cymy my, czyli <a title=\"Wszystko o Ewie\" href=\"http:\/\/www.ewaipiotr.pl\/o-nas\/ewa\/\" target=\"_blank\" rel=\"noopener noreferrer\">Ewa Prus<\/a> i <a title=\"Co nieco o Piotrze\" href=\"http:\/\/www.ewaipiotr.pl\/o-nas\/piotr\/\" target=\"_blank\" rel=\"noopener noreferrer\">Piotr D\u0119bek<\/a>. Pomagali\u015bmy, t\u0142umaczyli\u015bmy i edukowali\u015bmy podczas ponad setki fotowypraw i autorskich warsztat\u00f3w fotograficznych.<\/p>\n<p>Na fotowyprawie nie spieszymy si\u0119. Zawsze jest czas, \u017ceby rozstawi\u0107 statyw, starannie ustali\u0107 ekspozycj\u0119, sprawdzi\u0107 par\u0119 wariant\u00f3w kompozycji, popr\u00f3bowa\u0107 nowych technik, porozmawia\u0107 o ustawieniach. Zaplanowane plenery trwaj\u0105 wystarczaj\u0105co d\u0142ugo, \u017ceby przemy\u015ble\u0107 scen\u0119, spr\u00f3bowa\u0107 r\u00f3\u017cnych podej\u015b\u0107, technik, poszuka\u0107 optymalnego punktu do ustawienia statywu. Czasem plenery na fotowyprawach trwaj\u0105 po 3-4 godziny! Nie ma poganiania \u2013 za wyj\u0105tkiem sytuacji, gdy musimy zd\u0105\u017cy\u0107 na samolot oraz gdy p\u0119dzimy na wsch\u00f3d lub zach\u00f3d s\u0142o\u0144ca w kt\u00f3rym\u015b z malowniczych miejsc.<\/p>\n<p>Fotowyprawy s\u0105 starannie zaplanowane, aby zd\u0105\u017cy\u0107 przy najlepszym \u015bwietle w naj\u0142adniejsze plenery, ale jeste\u015bmy elastyczni. Priorytetem jest fotografia: je\u015bli widzimy interesuj\u0105c\u0105 sceneri\u0119, to zatrzymujemy si\u0119 i fotografujemy, niezale\u017cnie od tego, czy mieli\u015bmy tu w planie post\u00f3j, czy nie. Wyj\u0105tkiem s\u0105 sytuacje, gdy&#8230; spieszymy si\u0119 na plener o wschodzie lub zachodzie s\u0142o\u0144ca albo p\u0119dzimy na samolot. \ud83d\ude42<\/p>\n<p>&nbsp;<\/p>\n<p>Na wi\u0119kszo\u015bci fotowypraw wschody i zachody s\u0142o\u0144ca s\u0105 najwa\u017cniejszymi porami dnia. Czas przejazd\u00f3w i zwiedzania jest tak zorganizowany, aby w najatrakcyjniejszych miejscach by\u0107 w\u00f3wczas, gdy jest tam najlepsze do fotografowania \u015bwiat\u0142o. Cz\u0119sto wi\u0119c wstajemy przed wschodem s\u0142o\u0144ca, aby przy pierwszych promieniach dnia z aparatami by\u0107 przy kt\u00f3rym\u015b z lokalnych cud\u00f3w. \u015aniadanie w\u00f3wczas przewa\u017cnie jest po porannym plenerze. Ostatnie minuty dnia, przy pi\u0119knie zachodz\u0105cym s\u0142o\u0144cu, to te\u017c czas zarezerwowany na fotografowanie. Posi\u0142ki s\u0105&#8230; w mi\u0119dzyczasie, podobnie jak przejazdy, obiadkolacje cz\u0119sto jemy dopiero po zmroku. Jedzenie, transport i noclegi s\u0105 wa\u017cne, ale na fotowyprawach s\u0105 zawsze podporz\u0105dkowane fotografowaniu.<\/p>\n<h3><b>W czym fotowyprawa jest podobna do wyjazdu turystycznego<\/b><\/h3>\n<p>Fotowyprawa jest zorganizowana. Nie trzeba si\u0119 zastanawia\u0107 gdzie dzisiaj b\u0119dziemy je\u015b\u0107 i spa\u0107, nie trzeba szuka\u0107 transportu ani pilnowa\u0107 godzin przesiadek. Nie trzeba zna\u0107 egzotycznych j\u0119zyk\u00f3w ani zawi\u0142o\u015bci miejscowej biurokracji. Od tego wszystkiego s\u0105 przewodnicy i biuro podr\u00f3\u017cy Fotezja, kt\u00f3rzy zawczasu przygotowuj\u0105 ca\u0142\u0105 logistyk\u0119, a p\u00f3\u017aniej pilnuj\u0105, \u017ceby wszystko zagra\u0142o. Uczestnik ma si\u0119 cieszy\u0107 wyjazdem i fotografi\u0105.<\/p>\n<p><a href=\"https:\/\/www.fotezja.pl\/fotowyprawy\/faq-najczesciej-zadawane-pytania\/b9999128_b\/\" rel=\"attachment wp-att-988\"><img decoding=\"async\" loading=\"lazy\" class=\"alignnone size-full wp-image-988\" src=\"https:\/\/www.fotezja.pl\/fotowyprawy\/wp-content\/uploads\/sites\/6\/2019\/07\/B9999128_b.jpg\" alt=\"Fotograf o zachodzie s\u0142o\u0144ca, co to jest fotowyprawa\" width=\"1140\" height=\"787\" srcset=\"https:\/\/www.fotezja.pl\/fotowyprawy\/wp-content\/uploads\/sites\/6\/2019\/07\/B9999128_b.jpg 1140w, https:\/\/www.fotezja.pl\/fotowyprawy\/wp-content\/uploads\/sites\/6\/2019\/07\/B9999128_b-300x207.jpg 300w, https:\/\/www.fotezja.pl\/fotowyprawy\/wp-content\/uploads\/sites\/6\/2019\/07\/B9999128_b-770x532.jpg 770w, https:\/\/www.fotezja.pl\/fotowyprawy\/wp-content\/uploads\/sites\/6\/2019\/07\/B9999128_b-1024x707.jpg 1024w, https:\/\/www.fotezja.pl\/fotowyprawy\/wp-content\/uploads\/sites\/6\/2019\/07\/B9999128_b-500x345.jpg 500w, https:\/\/www.fotezja.pl\/fotowyprawy\/wp-content\/uploads\/sites\/6\/2019\/07\/B9999128_b-293x202.jpg 293w\" sizes=\"auto, (max-width: 1140px) 100vw, 1140px\" \/><noscript><img decoding=\"async\" class=\"alignnone size-full wp-image-988\" src=\"https:\/\/www.fotezja.pl\/fotowyprawy\/wp-content\/uploads\/sites\/6\/2019\/07\/B9999128_b.jpg\" alt=\"Fotograf o zachodzie s\u0142o\u0144ca, co to jest fotowyprawa\" width=\"1140\" height=\"787\" srcset=\"https:\/\/www.fotezja.pl\/fotowyprawy\/wp-content\/uploads\/sites\/6\/2019\/07\/B9999128_b.jpg 1140w, https:\/\/www.fotezja.pl\/fotowyprawy\/wp-content\/uploads\/sites\/6\/2019\/07\/B9999128_b-300x207.jpg 300w, https:\/\/www.fotezja.pl\/fotowyprawy\/wp-content\/uploads\/sites\/6\/2019\/07\/B9999128_b-770x532.jpg 770w, https:\/\/www.fotezja.pl\/fotowyprawy\/wp-content\/uploads\/sites\/6\/2019\/07\/B9999128_b-1024x707.jpg 1024w, https:\/\/www.fotezja.pl\/fotowyprawy\/wp-content\/uploads\/sites\/6\/2019\/07\/B9999128_b-500x345.jpg 500w, https:\/\/www.fotezja.pl\/fotowyprawy\/wp-content\/uploads\/sites\/6\/2019\/07\/B9999128_b-293x202.jpg 293w\" sizes=\"(max-width: 1140px) 100vw, 1140px\" \/><\/noscript><\/a><\/p>\n<h3><b>Dla kogo przeznaczona jest fotowyprawa<\/b><\/h3>\n<p>Dla ka\u017cdego, kto chce nie tylko \u201ezaliczy\u0107\u201d egzotyczne miejsca, ale tak\u017ce je pi\u0119knie i niebanalnie sfotografowa\u0107. Tak\u017ce dla os\u00f3b, kt\u00f3re chc\u0105 poszerzy\u0107 swoj\u0105 wiedz\u0119 i umiej\u0119tno\u015bci fotograficzne. Zainteresowanie fotografi\u0105, a nawet lekkie \u201ezakr\u0119cenie\u201d na punkcie robienia zdj\u0119\u0107 jest mile widziane, a nawet wskazane. Fotowyprawa odbywa si\u0119 w fotograficznym tempie \u2013 co oznacza, \u017ce w atrakcyjnych miejscach b\u0119dziemy sp\u0119dza\u0107 znacznie wi\u0119cej czasu ni\u017c typowa wycieczka turystyczna. Dla \u201enormalnego\u201d turysty mo\u017ce to zbyt wolno i zbyt nudno. Powiedzmy to wprost: to nie s\u0105 wyprawy dla \u201enormalnych\u201d turyst\u00f3w, tylko dla tych, kt\u00f3rzy zawsze si\u0119 z\u017cymali, \u017ce wycieczka ju\u017c p\u0119dzi dalej, a oni by jeszcze chcieli zosta\u0107 chwil\u0119 i pofotografowa\u0107, albo przynajmniej lepiej pozna\u0107 zwiedzane miejsce i wczu\u0107 si\u0119 w jego atmosfer\u0119.<\/p>\n<p><a href=\"https:\/\/www.fotezja.pl\/fotowyprawy\/faq-najczesciej-zadawane-pytania\/img_8602-8604_b-2\/\" rel=\"attachment wp-att-989\"><img decoding=\"async\" loading=\"lazy\" class=\"alignnone size-full wp-image-989\" src=\"https:\/\/www.fotezja.pl\/fotowyprawy\/wp-content\/uploads\/sites\/6\/2019\/07\/IMG_8602-8604_b.jpg\" alt=\"Fotograf w g\u00f3rach Quiraing, fotowyprawa faq, Szkocja, warsztaty fotograficzne\" width=\"1140\" height=\"761\" srcset=\"https:\/\/www.fotezja.pl\/fotowyprawy\/wp-content\/uploads\/sites\/6\/2019\/07\/IMG_8602-8604_b.jpg 1140w, https:\/\/www.fotezja.pl\/fotowyprawy\/wp-content\/uploads\/sites\/6\/2019\/07\/IMG_8602-8604_b-300x200.jpg 300w, https:\/\/www.fotezja.pl\/fotowyprawy\/wp-content\/uploads\/sites\/6\/2019\/07\/IMG_8602-8604_b-770x514.jpg 770w, https:\/\/www.fotezja.pl\/fotowyprawy\/wp-content\/uploads\/sites\/6\/2019\/07\/IMG_8602-8604_b-1024x684.jpg 1024w, https:\/\/www.fotezja.pl\/fotowyprawy\/wp-content\/uploads\/sites\/6\/2019\/07\/IMG_8602-8604_b-500x334.jpg 500w, https:\/\/www.fotezja.pl\/fotowyprawy\/wp-content\/uploads\/sites\/6\/2019\/07\/IMG_8602-8604_b-370x247.jpg 370w, https:\/\/www.fotezja.pl\/fotowyprawy\/wp-content\/uploads\/sites\/6\/2019\/07\/IMG_8602-8604_b-293x196.jpg 293w\" sizes=\"auto, (max-width: 1140px) 100vw, 1140px\" \/><noscript><img decoding=\"async\" class=\"alignnone size-full wp-image-989\" src=\"https:\/\/www.fotezja.pl\/fotowyprawy\/wp-content\/uploads\/sites\/6\/2019\/07\/IMG_8602-8604_b.jpg\" alt=\"Fotograf w g\u00f3rach Quiraing, fotowyprawa faq, Szkocja, warsztaty fotograficzne\" width=\"1140\" height=\"761\" srcset=\"https:\/\/www.fotezja.pl\/fotowyprawy\/wp-content\/uploads\/sites\/6\/2019\/07\/IMG_8602-8604_b.jpg 1140w, https:\/\/www.fotezja.pl\/fotowyprawy\/wp-content\/uploads\/sites\/6\/2019\/07\/IMG_8602-8604_b-300x200.jpg 300w, https:\/\/www.fotezja.pl\/fotowyprawy\/wp-content\/uploads\/sites\/6\/2019\/07\/IMG_8602-8604_b-770x514.jpg 770w, https:\/\/www.fotezja.pl\/fotowyprawy\/wp-content\/uploads\/sites\/6\/2019\/07\/IMG_8602-8604_b-1024x684.jpg 1024w, https:\/\/www.fotezja.pl\/fotowyprawy\/wp-content\/uploads\/sites\/6\/2019\/07\/IMG_8602-8604_b-500x334.jpg 500w, https:\/\/www.fotezja.pl\/fotowyprawy\/wp-content\/uploads\/sites\/6\/2019\/07\/IMG_8602-8604_b-370x247.jpg 370w, https:\/\/www.fotezja.pl\/fotowyprawy\/wp-content\/uploads\/sites\/6\/2019\/07\/IMG_8602-8604_b-293x196.jpg 293w\" sizes=\"(max-width: 1140px) 100vw, 1140px\" \/><\/noscript><\/a><\/p>\n<h3><b>Co musi umie\u0107 uczestnik fotowyprawy<\/b><\/h3>\n<p>Nic nie musi umie\u0107. Naprawd\u0119. Na fotowyprawach mamy zar\u00f3wno zaawansowanych fotograficznie uczestnik\u00f3w, jak i zupe\u0142nie \u201ezielonych\u201d. I staramy si\u0119, aby dla ka\u017cdego by\u0142 to wyjazd owocny i udany. Do dyspozycji uczestnik\u00f3w s\u0105 instruktorzy fotografii \u2013 redaktorzy <a href=\"https:\/\/www.fotezja.pl\/\" target=\"_blank\" rel=\"noopener noreferrer\"><strong>portalu fotograficznego Fotezja.pl<\/strong><\/a> \u2013 kt\u00f3rzy pomagaj\u0105, doradzaj\u0105, wyja\u015bniaj\u0105, inspiruj\u0105 i motywuj\u0105. Prezentujemy techniki fotograficzne, korygujemy b\u0142\u0119dy, zwracamy uwag\u0119 na fotograficzne zagro\u017cenia. I jeste\u015bmy do dyspozycji, gdy uczestnicy maj\u0105 w\u0105tpliwo\u015bci lub problemy. Nie ma pyta\u0144 zwi\u0105zanych czy to z samym fotografowaniem, obs\u0142ug\u0105 aparatu czy te\u017c z kwestiami edycyjnymi lub estetycznymi, kt\u00f3rych nie wypada lub nie nale\u017cy zadawa\u0107. Pyta\u0107 mo\u017cna zar\u00f3wno o funkcje aparatu, metody radzenia sobie z pomiarem ekspozycji w konkretnych miejscach, jak i o sprawy zwi\u0105zane estetyk\u0105, a nawet etyk\u0105 i prawem. S\u0142u\u017cymy swoj\u0105 wiedz\u0105 i do\u015bwiadczeniem zar\u00f3wno w czasie trwania samej fotowyprawy, jak i po niej \u2013 je\u015bli wi\u0119c jakie\u015b pytania przyjd\u0105 do g\u0142owy p\u00f3\u017aniej lub pojawi\u0105 si\u0119 problemy zwi\u0105zane z obr\u00f3bk\u0105 przywiezionych zdj\u0119\u0107, mo\u017cna te problemy spisa\u0107 i wys\u0142a\u0107 mailem.<\/p>\n<p><a href=\"https:\/\/www.fotezja.pl\/fotowyprawy\/faq-najczesciej-zadawane-pytania\/j14p_7818_b\/\" rel=\"attachment wp-att-997\"><img decoding=\"async\" loading=\"lazy\" class=\"alignnone size-full wp-image-997\" src=\"https:\/\/www.fotezja.pl\/fotowyprawy\/wp-content\/uploads\/sites\/6\/2019\/07\/J14P_7818_b.jpg\" alt=\"Fotograf pod skalnym \u0142ukiem, Jordania, co to jest fotowyprawa\" width=\"1140\" height=\"760\" srcset=\"https:\/\/www.fotezja.pl\/fotowyprawy\/wp-content\/uploads\/sites\/6\/2019\/07\/J14P_7818_b.jpg 1140w, https:\/\/www.fotezja.pl\/fotowyprawy\/wp-content\/uploads\/sites\/6\/2019\/07\/J14P_7818_b-300x200.jpg 300w, https:\/\/www.fotezja.pl\/fotowyprawy\/wp-content\/uploads\/sites\/6\/2019\/07\/J14P_7818_b-770x513.jpg 770w, https:\/\/www.fotezja.pl\/fotowyprawy\/wp-content\/uploads\/sites\/6\/2019\/07\/J14P_7818_b-1024x683.jpg 1024w, https:\/\/www.fotezja.pl\/fotowyprawy\/wp-content\/uploads\/sites\/6\/2019\/07\/J14P_7818_b-500x333.jpg 500w, https:\/\/www.fotezja.pl\/fotowyprawy\/wp-content\/uploads\/sites\/6\/2019\/07\/J14P_7818_b-370x247.jpg 370w, https:\/\/www.fotezja.pl\/fotowyprawy\/wp-content\/uploads\/sites\/6\/2019\/07\/J14P_7818_b-293x195.jpg 293w\" sizes=\"auto, (max-width: 1140px) 100vw, 1140px\" \/><noscript><img decoding=\"async\" class=\"alignnone size-full wp-image-997\" src=\"https:\/\/www.fotezja.pl\/fotowyprawy\/wp-content\/uploads\/sites\/6\/2019\/07\/J14P_7818_b.jpg\" alt=\"Fotograf pod skalnym \u0142ukiem, Jordania, co to jest fotowyprawa\" width=\"1140\" height=\"760\" srcset=\"https:\/\/www.fotezja.pl\/fotowyprawy\/wp-content\/uploads\/sites\/6\/2019\/07\/J14P_7818_b.jpg 1140w, https:\/\/www.fotezja.pl\/fotowyprawy\/wp-content\/uploads\/sites\/6\/2019\/07\/J14P_7818_b-300x200.jpg 300w, https:\/\/www.fotezja.pl\/fotowyprawy\/wp-content\/uploads\/sites\/6\/2019\/07\/J14P_7818_b-770x513.jpg 770w, https:\/\/www.fotezja.pl\/fotowyprawy\/wp-content\/uploads\/sites\/6\/2019\/07\/J14P_7818_b-1024x683.jpg 1024w, https:\/\/www.fotezja.pl\/fotowyprawy\/wp-content\/uploads\/sites\/6\/2019\/07\/J14P_7818_b-500x333.jpg 500w, https:\/\/www.fotezja.pl\/fotowyprawy\/wp-content\/uploads\/sites\/6\/2019\/07\/J14P_7818_b-370x247.jpg 370w, https:\/\/www.fotezja.pl\/fotowyprawy\/wp-content\/uploads\/sites\/6\/2019\/07\/J14P_7818_b-293x195.jpg 293w\" sizes=\"(max-width: 1140px) 100vw, 1140px\" \/><\/noscript><\/a><\/p>\n<h3><b>Czy trzeba by\u0107 fotografem, by uczestniczy\u0107 w fotowyprawie?<\/b><\/h3>\n<p>Nie, nie trzeba. Mo\u017cna nawet jecha\u0107 bez aparatu. Mo\u017cna nawet nie robi\u0107 zdj\u0119\u0107. Jednak trzeba by\u0107 przygotowanym na to, \u017ce tempo i organizacja wyjazdu b\u0119dzie dostosowana do mi\u0142o\u015bnik\u00f3w niespiesznego fotografowania. Trafiaj\u0105 si\u0119 na fotowyprawach osoby, kt\u00f3re nie fotografuj\u0105, a po prostu chc\u0105 zwiedza\u0107 w tempie wolniejszym ni\u017c na turystycznych objazd\u00f3wkach. Je\u015bli gotowe s\u0105 podporz\u0105dkowa\u0107 si\u0119 specyfice fotowypraw &#8211; nie ma problemu, \u017ceby bra\u0142y w nich udzia\u0142.<\/p>\n<h3>Czy mog\u0119 jecha\u0107 na fotowypraw\u0119, je\u015bli dopiero chc\u0119 zacz\u0105\u0107 fotografowa\u0107?<\/h3>\n<p>Je\u015bli kto\u015b zawsze chcia\u0142 nauczy\u0107 si\u0119 fotografowa\u0107, tylko nie mia\u0142 wcze\u015bniej czasu lub okazji (albo obu), to fotowyprawa b\u0119dzie stanowi\u0142a doskona\u0142\u0105 okazj\u0119, aby po\u0142\u0105czy\u0107 zwiedzanie z nauk\u0105 pos\u0142ugiwania si\u0119 aparatem fotograficznym. Przez 9 dni (tyle przeci\u0119tnie trwa fotowyprawa) dost\u0119pni b\u0119d\u0105 instruktorzy, gotowi odpowiedzie\u0107 na ka\u017cde, najbardziej nawet banalne pytanie, i wyt\u0142umaczy\u0107 wszystkie kwestie techniczne lub estetyczne, kt\u00f3re wydaj\u0105 si\u0119 trudne lub niezrozumia\u0142e. Nie pyta\u0144 zbyt banalnych ani problem\u00f3w zbyt oczywistych, by o nie pyta\u0107 o nie. Pyta\u0107 mo\u017cna o wszystko, nawet kilka razy o to samo.<\/p>\n<p>Sporo wiedzy i do\u015bwiadczenia mo\u017cna zdoby\u0107 przez rozmow\u0119 i wsp\u00f3lne fotografowanie z innymi uczestnikami, w\u015br\u00f3d kt\u00f3rych cz\u0119sto trafiaj\u0105 si\u0119 bardzo dobrzy fotografowie. Mo\u017cliwo\u015b\u0107 wsp\u00f3lnego fotografowania, wymiany fotograficznych do\u015bwiadcze\u0144 i atmosfera burzy m\u00f3zg\u00f3w podczas plener\u00f3w i wieczornych dyskusji o zdj\u0119ciach to dodatkowe atuty fotowypraw.<\/p>\n<p><a href=\"https:\/\/www.fotezja.pl\/fotowyprawy\/faq-najczesciej-zadawane-pytania\/3w5a9742_b-2\/\" rel=\"attachment wp-att-992\"><img decoding=\"async\" loading=\"lazy\" class=\"alignnone size-full wp-image-992\" src=\"https:\/\/www.fotezja.pl\/fotowyprawy\/wp-content\/uploads\/sites\/6\/2019\/07\/3W5A9742_b.jpg\" alt=\"Martwy Las na pustyni w Namibii, warsztaty fotograficzne za granic\u0105\" width=\"1400\" height=\"933\" srcset=\"https:\/\/www.fotezja.pl\/fotowyprawy\/wp-content\/uploads\/sites\/6\/2019\/07\/3W5A9742_b.jpg 1400w, https:\/\/www.fotezja.pl\/fotowyprawy\/wp-content\/uploads\/sites\/6\/2019\/07\/3W5A9742_b-300x200.jpg 300w, https:\/\/www.fotezja.pl\/fotowyprawy\/wp-content\/uploads\/sites\/6\/2019\/07\/3W5A9742_b-770x513.jpg 770w, https:\/\/www.fotezja.pl\/fotowyprawy\/wp-content\/uploads\/sites\/6\/2019\/07\/3W5A9742_b-1024x682.jpg 1024w, https:\/\/www.fotezja.pl\/fotowyprawy\/wp-content\/uploads\/sites\/6\/2019\/07\/3W5A9742_b-500x333.jpg 500w, https:\/\/www.fotezja.pl\/fotowyprawy\/wp-content\/uploads\/sites\/6\/2019\/07\/3W5A9742_b-370x247.jpg 370w, https:\/\/www.fotezja.pl\/fotowyprawy\/wp-content\/uploads\/sites\/6\/2019\/07\/3W5A9742_b-1155x770.jpg 1155w, https:\/\/www.fotezja.pl\/fotowyprawy\/wp-content\/uploads\/sites\/6\/2019\/07\/3W5A9742_b-293x195.jpg 293w\" sizes=\"auto, (max-width: 1400px) 100vw, 1400px\" \/><noscript><img decoding=\"async\" class=\"alignnone size-full wp-image-992\" src=\"https:\/\/www.fotezja.pl\/fotowyprawy\/wp-content\/uploads\/sites\/6\/2019\/07\/3W5A9742_b.jpg\" alt=\"Martwy Las na pustyni w Namibii, warsztaty fotograficzne za granic\u0105\" width=\"1400\" height=\"933\" srcset=\"https:\/\/www.fotezja.pl\/fotowyprawy\/wp-content\/uploads\/sites\/6\/2019\/07\/3W5A9742_b.jpg 1400w, https:\/\/www.fotezja.pl\/fotowyprawy\/wp-content\/uploads\/sites\/6\/2019\/07\/3W5A9742_b-300x200.jpg 300w, https:\/\/www.fotezja.pl\/fotowyprawy\/wp-content\/uploads\/sites\/6\/2019\/07\/3W5A9742_b-770x513.jpg 770w, https:\/\/www.fotezja.pl\/fotowyprawy\/wp-content\/uploads\/sites\/6\/2019\/07\/3W5A9742_b-1024x682.jpg 1024w, https:\/\/www.fotezja.pl\/fotowyprawy\/wp-content\/uploads\/sites\/6\/2019\/07\/3W5A9742_b-500x333.jpg 500w, https:\/\/www.fotezja.pl\/fotowyprawy\/wp-content\/uploads\/sites\/6\/2019\/07\/3W5A9742_b-370x247.jpg 370w, https:\/\/www.fotezja.pl\/fotowyprawy\/wp-content\/uploads\/sites\/6\/2019\/07\/3W5A9742_b-1155x770.jpg 1155w, https:\/\/www.fotezja.pl\/fotowyprawy\/wp-content\/uploads\/sites\/6\/2019\/07\/3W5A9742_b-293x195.jpg 293w\" sizes=\"(max-width: 1400px) 100vw, 1400px\" \/><\/noscript><\/a><\/p>\n<h3>Czy na fotowyprawie trzeba du\u017co chodzi\u0107?<\/h3>\n<p>Staramy si\u0119 tak uk\u0142ada\u0107 program, aby chodzenia by\u0142o jak najmniej. Czas po\u015bwi\u0119cony na chodzenie to czas stracony dla fotografowania. Je\u015bli to tylko mo\u017cliwe, autobus podwozi nas bezpo\u015brednio na plener. Zdarzaj\u0105 si\u0119 plenery, do kt\u00f3rych trzeba kawa\u0142ek doj\u015b\u0107, niekiedy jest to podej\u015bcie pod g\u00f3r\u0119 (jak np. na sesj\u0119 o wschodzie s\u0142o\u0144ca ze s\u0142ynnej szkockiej g\u00f3ry Old Man of Storr). W takich sytuacjach zamieszczamy odpowiedni\u0105 informacj\u0119 w programie fotowyprawy. Przy ka\u017cdym programie podajemy te\u017c sugerowany poziom sprawno\u015bci fizycznej oraz charakter wyzwa\u0144 kondycyjnych, czekaj\u0105cych na uczestnik\u00f3w.<\/p>\n<p>Niezale\u017cnie od zaplanowania fotowyprawy w taki spos\u00f3b, by ograniczy\u0107 wysi\u0142ek fizyczny, to uczestnicy naszych warsztat\u00f3w fotograficznych&#8230; chodz\u0105. Chodz\u0105, bo chc\u0105 &#8211; bo szukaj\u0105 kadr\u00f3w, eksploruj\u0105 okolice, zwiedzaj\u0105. Przeci\u0119tnie na fotowyprawie robi si\u0119 10-15 kilometr\u00f3w dziennie. Oczywi\u015bcie ten dystans jest roz\u0142o\u017cony mi\u0119dzy poranne i wieczorne plenery, czasem jeszcze miejskie sesje w \u015brodku dnia, wi\u0119c bardzo rzadko jest 10 km i wi\u0119cej robione w jednym, d\u0142ugim marszu.<\/p>\n<p>Dobra kondycja si\u0119 jednak przydaje, cho\u0107 nie jest warunkiem niezb\u0119dnym do uczestnictwa w fotowyprawie. Przez regularne sesje o wschodzie i zachodzie s\u0142o\u0144ca dzie\u0144 na warsztatach fotograficznych jest d\u0142ugi i aktywnie wype\u0142niony. Po kilku dniach takiej ci\u0105g\u0142ej aktywno\u015bci i cz\u0119sto do\u015b\u0107 kr\u00f3tkich nocy (na wsch\u00f3d trzeba dojecha\u0107, z zachodu wr\u00f3ci\u0107) zm\u0119czenie si\u0119 nawarstwia i negatywnie wp\u0142ywa na kreatywno\u015b\u0107. Lepsza kondycja pozwoli do ostatniego dnia w pe\u0142ni wykorzysta\u0107 wszystkie sesje i plenery, zachowuj\u0105c energi\u0119 na tw\u00f3rcze zmaganie si\u0119 z fotograficznymi wyzwaniami.<\/p>\n<p><a href=\"https:\/\/www.fotezja.pl\/fotowyprawy\/faq-najczesciej-zadawane-pytania\/ptr_9652_b\/\" rel=\"attachment wp-att-996\"><img decoding=\"async\" loading=\"lazy\" class=\"alignnone size-full wp-image-996\" src=\"https:\/\/www.fotezja.pl\/fotowyprawy\/wp-content\/uploads\/sites\/6\/2019\/07\/PTR_9652_b.jpg\" alt=\"Fotograf w skalnym w\u0105wozie, Oman, jakie warsztaty fotograficzne\" width=\"1140\" height=\"760\" srcset=\"https:\/\/www.fotezja.pl\/fotowyprawy\/wp-content\/uploads\/sites\/6\/2019\/07\/PTR_9652_b.jpg 1140w, https:\/\/www.fotezja.pl\/fotowyprawy\/wp-content\/uploads\/sites\/6\/2019\/07\/PTR_9652_b-300x200.jpg 300w, https:\/\/www.fotezja.pl\/fotowyprawy\/wp-content\/uploads\/sites\/6\/2019\/07\/PTR_9652_b-770x513.jpg 770w, https:\/\/www.fotezja.pl\/fotowyprawy\/wp-content\/uploads\/sites\/6\/2019\/07\/PTR_9652_b-1024x683.jpg 1024w, https:\/\/www.fotezja.pl\/fotowyprawy\/wp-content\/uploads\/sites\/6\/2019\/07\/PTR_9652_b-500x333.jpg 500w, https:\/\/www.fotezja.pl\/fotowyprawy\/wp-content\/uploads\/sites\/6\/2019\/07\/PTR_9652_b-370x247.jpg 370w, https:\/\/www.fotezja.pl\/fotowyprawy\/wp-content\/uploads\/sites\/6\/2019\/07\/PTR_9652_b-293x195.jpg 293w\" sizes=\"auto, (max-width: 1140px) 100vw, 1140px\" \/><noscript><img decoding=\"async\" class=\"alignnone size-full wp-image-996\" src=\"https:\/\/www.fotezja.pl\/fotowyprawy\/wp-content\/uploads\/sites\/6\/2019\/07\/PTR_9652_b.jpg\" alt=\"Fotograf w skalnym w\u0105wozie, Oman, jakie warsztaty fotograficzne\" width=\"1140\" height=\"760\" srcset=\"https:\/\/www.fotezja.pl\/fotowyprawy\/wp-content\/uploads\/sites\/6\/2019\/07\/PTR_9652_b.jpg 1140w, https:\/\/www.fotezja.pl\/fotowyprawy\/wp-content\/uploads\/sites\/6\/2019\/07\/PTR_9652_b-300x200.jpg 300w, https:\/\/www.fotezja.pl\/fotowyprawy\/wp-content\/uploads\/sites\/6\/2019\/07\/PTR_9652_b-770x513.jpg 770w, https:\/\/www.fotezja.pl\/fotowyprawy\/wp-content\/uploads\/sites\/6\/2019\/07\/PTR_9652_b-1024x683.jpg 1024w, https:\/\/www.fotezja.pl\/fotowyprawy\/wp-content\/uploads\/sites\/6\/2019\/07\/PTR_9652_b-500x333.jpg 500w, https:\/\/www.fotezja.pl\/fotowyprawy\/wp-content\/uploads\/sites\/6\/2019\/07\/PTR_9652_b-370x247.jpg 370w, https:\/\/www.fotezja.pl\/fotowyprawy\/wp-content\/uploads\/sites\/6\/2019\/07\/PTR_9652_b-293x195.jpg 293w\" sizes=\"(max-width: 1140px) 100vw, 1140px\" \/><\/noscript><\/a><\/p>\n<h3><strong>Czy nie lepiej samemu sobie zorganizowa\u0107 taki wyjazd?<\/strong><\/h3>\n<p>To zale\u017cy, co rozumiemy przez &#8220;lepiej&#8221;. Owszem, robi\u0105c wszystko samemu, ma si\u0119 pe\u0142n\u0105 kontrol\u0119 nad terminem i tras\u0105. Wszystko w\u00f3wczas zale\u017cy od sprawno\u015bci i do\u015bwiadczenia w organizowaniu takich wyjazd\u00f3w, a tak\u017ce od radzenia sobie z problemami i przeszkodami na trasie. Tak\u017ce od tego, na ile potrafi si\u0119 znale\u017a\u0107 najpi\u0119kniejsze miejsca na plenery, zaplanowa\u0107 dojazd do nich w optymalne porze dnia. Tak\u017ce &#8211; od znajomo\u015bci najciekawszych plener\u00f3w danego regionu, tras dojazdowych, optymalnych dla fotografowania danej scenerii p\u00f3r roku i godzin dnia. Ponadto jad\u0105c samemu jest si\u0119 zdanym na siebie &#8211; tak pod wzgl\u0119dem organizacyjno-logistycznym, jak i fotograficznym. Na indywidualnym wyje\u017adzie nie ma przewodnika, kt\u00f3ry za\u0142atwi formalno\u015bci w hotelu, nie ma kierowc\u00f3w, kt\u00f3rzy zaspanych uczestnik\u00f3w dowo\u017c\u0105 na plenery o wschodzie s\u0142o\u0144ca, nie ma instruktor\u00f3w, kt\u00f3rzy doradz\u0105 i pomog\u0105 ze sprz\u0119tem fotograficznym. Nie ma te\u017c wsparcia i pomocy &#8211; w razie problem\u00f3w trzeba radzi\u0107 sobie samemu. Przeczytajcie, <a title=\"Wyjazd fotograficzny indywidualny czy grupowy - blog Ewy Kud\u0142aty\" href=\"http:\/\/ekudlaty.blogspot.com\/2014\/04\/zakochana-po-uszy-w.html\" target=\"_blank\" rel=\"noopener noreferrer\">co na ten temat pisze na swoim blogu jedna z uczestniczek naszych fotowypraw<\/a>.<\/p>\n<h3>Fotowyprawa jest bezpieczniejsza<\/h3>\n<p>Przy planowaniu oraz organizacji fotowypraw przyk\u0142adamy szczeg\u00f3ln\u0105 wag\u0119 do kwestii bezpiecze\u0144stwa. Wybieramy regiony, do kt\u00f3rych wyjazd nie wi\u0105\u017ce si\u0119 \u017cadnym szczeg\u00f3lnym zagro\u017ceniem. Korzystamy z us\u0142ug zawodowych kierowc\u00f3w: po kilku wschodach i zachodach s\u0142o\u0144ca oraz wieczornych dyskusjach o zdj\u0119ciach uczestnicy s\u0105 niewyspani, ale kierowcy zawsze s\u0105 wypocz\u0119ci, a podr\u00f3\u017ce przebiegaj\u0105 bezpiecznie. Wszyscy obj\u0119ci s\u0105 te\u017c ubezpieczeniem grupowym, wymaganym przy wyjazdach zorganizowanych (r\u00f3\u017cnie bywa z egzekwowaniem ubezpieczenia indywidualnego przy wyjazdach nieformalnych grup). W razie problem\u00f3w mo\u017cna liczy\u0107 na pomoc przewodnika, kt\u00f3ry za\u0142atwi potrzebne formalno\u015bci czy zorganizuje pomoc medyczn\u0105.<\/p>\n<h4>Warto przeczyta\u0107:<\/h4>\n<p>12 zasad bezpiecznego fotografowania w podr\u00f3\u017cy: <strong><a href=\"https:\/\/www.fotezja.pl\/fotografia-w-podrozy\/12-zasad-bezpieczne-fotografowanie\/\" target=\"_blank\" rel=\"noopener noreferrer\">https:\/\/www.fotezja.pl\/fotografia-w-podrozy\/12-zasad-bezpieczne-fotografowanie\/<\/a><\/strong><\/p>\n<p>&nbsp;<\/p>\n<h3>Jakie s\u0105 korzy\u015bci z uczestnictwa w fotowyprawie?<\/h3>\n<p>&#8211; Koncentrujesz si\u0119 na fotografowaniu &#8211; nie tracisz czasu ani energii na logistyk\u0119, organizacj\u0119, pilnowanie harmonogramu, za\u0142atwianie, szukanie drogi czy miejsca na obiad. Nie tracisz w og\u00f3le czasu.<br \/>\n&#8211; B\u0119dziesz w naj\u0142adniejszych miejscach. Nie &#8211; najs\u0142awniejszych, najpopularniejszych, najwa\u017cniejszych historycznie, czyli wsz\u0119dzie tam, gdzie je\u017cd\u017c\u0105 normalne wycieczki. Fotowyprawy s\u0105 nienormalne i my je\u017adzimy do miejsc \u0142adnych, interesuj\u0105cych wizualnie, gdzie powstaj\u0105 najbardziej atrakcyjne fotografie. Cz\u0119sto s\u0105 to miejsca ma\u0142o znane, trudne do znalezienia, niefiguruj\u0105ce w przewodnikach.<br \/>\n&#8211; W naj\u0142adniejszych miejscach b\u0119dziemy przy najlepszym \u015bwietle. Fotowyprawy s\u0105 podporz\u0105dkowane fotografowaniu, wi\u0119c najwa\u017cniejsze pory dnia to wschody i zachody s\u0142o\u0144ca. Samemu trudno si\u0119 zebra\u0107 na tak wczesne wstawanie, zw\u0142aszcza dzie\u0144 po dniu. Wieczorne sesje te\u017c s\u0105 \u0142atwiejsze i bezpieczniejsze w grupie.<br \/>\n&#8211; Kierowcy dbaj\u0105 o bezpiecze\u0144stwo. Wstawanie na wsch\u00f3d s\u0142o\u0144ca, pozostawanie na nogach do zachodu, intensywne zwiedzanie i zaj\u0119cia fotograficzne po jakim\u015b czasie daj\u0105 si\u0119 we znaki niewyspaniem. Konieczno\u015b\u0107 prowadzenia dodatkowo samochodu podczas indywidualnego wyjazdu pot\u0119gowa\u0142aby zm\u0119czenie i stanowi\u0142a ryzyko. Na fotowyprawach mamy autobusy z zawodowymi kierowcami, kt\u00f3rych jedynym zadaniem jest bezpieczne dowiezienie nas na kolejne plenery.<br \/>\n&#8211; Je\u015bli masz w\u0105tpliwo\u015bci co do korzystania ze sprz\u0119tu fotograficznego, nie radzisz sobie z ekspozycj\u0105, masz problemy techniczne czy pytania zwi\u0105zane z estetyk\u0105 i kompozycj\u0105 &#8211; zawsze w pobli\u017cu s\u0105 instruktorzy, kt\u00f3rzy podpowiedz\u0105, wyja\u015bni\u0105, poka\u017c\u0105 i zainspiruj\u0105. Nie jeste\u015b zdany na siebie. Mo\u017cesz si\u0119 uczy\u0107, nabywa\u0107 nowych umiej\u0119tno\u015bci, konsultowa\u0107 problemy i pomys\u0142y.<br \/>\n&#8211; Wok\u00f3\u0142 s\u0105 sami maniacy fotografii. Nikt z nich nie b\u0119dzie kr\u0119ci\u0142 nosem na zbyt d\u0142ugie sesje fotograficzne, zbyt kr\u00f3tkie sjesty, za ma\u0142o wizyt w sklepach. Wszyscy dziel\u0105 t\u0119 sam\u0105 pasj\u0119 i ch\u0119tnie wymieniaj\u0105 si\u0119 do\u015bwiadczeniami. Takie wsp\u00f3lne fotografowanie jest bardzo kszta\u0142c\u0105ce i rozwijaj\u0105ce. I zawsze to spora frajda!<\/p>\n<p><a href=\"https:\/\/www.fotezja.pl\/fotowyprawy\/faq-najczesciej-zadawane-pytania\/img_7251_b\/\" rel=\"attachment wp-att-995\"><img decoding=\"async\" loading=\"lazy\" class=\"alignnone size-full wp-image-995\" src=\"https:\/\/www.fotezja.pl\/fotowyprawy\/wp-content\/uploads\/sites\/6\/2019\/07\/IMG_7251_b.jpg\" alt=\"Sesja pod Araratem, Armenia, faq warsztaty fotograficzne\" width=\"1140\" height=\"760\" srcset=\"https:\/\/www.fotezja.pl\/fotowyprawy\/wp-content\/uploads\/sites\/6\/2019\/07\/IMG_7251_b.jpg 1140w, https:\/\/www.fotezja.pl\/fotowyprawy\/wp-content\/uploads\/sites\/6\/2019\/07\/IMG_7251_b-300x200.jpg 300w, https:\/\/www.fotezja.pl\/fotowyprawy\/wp-content\/uploads\/sites\/6\/2019\/07\/IMG_7251_b-770x513.jpg 770w, https:\/\/www.fotezja.pl\/fotowyprawy\/wp-content\/uploads\/sites\/6\/2019\/07\/IMG_7251_b-1024x683.jpg 1024w, https:\/\/www.fotezja.pl\/fotowyprawy\/wp-content\/uploads\/sites\/6\/2019\/07\/IMG_7251_b-500x333.jpg 500w, https:\/\/www.fotezja.pl\/fotowyprawy\/wp-content\/uploads\/sites\/6\/2019\/07\/IMG_7251_b-370x247.jpg 370w, https:\/\/www.fotezja.pl\/fotowyprawy\/wp-content\/uploads\/sites\/6\/2019\/07\/IMG_7251_b-293x195.jpg 293w\" sizes=\"auto, (max-width: 1140px) 100vw, 1140px\" \/><noscript><img decoding=\"async\" class=\"alignnone size-full wp-image-995\" src=\"https:\/\/www.fotezja.pl\/fotowyprawy\/wp-content\/uploads\/sites\/6\/2019\/07\/IMG_7251_b.jpg\" alt=\"Sesja pod Araratem, Armenia, faq warsztaty fotograficzne\" width=\"1140\" height=\"760\" srcset=\"https:\/\/www.fotezja.pl\/fotowyprawy\/wp-content\/uploads\/sites\/6\/2019\/07\/IMG_7251_b.jpg 1140w, https:\/\/www.fotezja.pl\/fotowyprawy\/wp-content\/uploads\/sites\/6\/2019\/07\/IMG_7251_b-300x200.jpg 300w, https:\/\/www.fotezja.pl\/fotowyprawy\/wp-content\/uploads\/sites\/6\/2019\/07\/IMG_7251_b-770x513.jpg 770w, https:\/\/www.fotezja.pl\/fotowyprawy\/wp-content\/uploads\/sites\/6\/2019\/07\/IMG_7251_b-1024x683.jpg 1024w, https:\/\/www.fotezja.pl\/fotowyprawy\/wp-content\/uploads\/sites\/6\/2019\/07\/IMG_7251_b-500x333.jpg 500w, https:\/\/www.fotezja.pl\/fotowyprawy\/wp-content\/uploads\/sites\/6\/2019\/07\/IMG_7251_b-370x247.jpg 370w, https:\/\/www.fotezja.pl\/fotowyprawy\/wp-content\/uploads\/sites\/6\/2019\/07\/IMG_7251_b-293x195.jpg 293w\" sizes=\"(max-width: 1140px) 100vw, 1140px\" \/><\/noscript><\/a><\/p>\n<h3><b>Jaki sprz\u0119t fotograficzny jest potrzebny na fotowyprawie<\/b><\/h3>\n<p>Zdecydowanie zalecamy zabranie ze sob\u0105 aparatu daj\u0105cego pe\u0142n\u0105 kontrol\u0119 fotografowi \u2013 a wi\u0119c z trybem manualnym (mile widziany r\u00f3wnie\u017c priorytet przys\u0142ony), z r\u0119czn\u0105 kontrol\u0105 czu\u0142o\u015bci ISO, balansu bieli i sposobu zapisu zdj\u0119\u0107 (RAW lub wysokiej jako\u015bci JPEG). Nie musi to by\u0107 lustrzanka (cho\u0107 wszystkie lustrzanki spe\u0142niaj\u0105 te warunki), ale bezlusterkowiec lub zaawansowany kompakt pozwol\u0105 r\u00f3wnie\u017c efektywnie uczestniczy\u0107 w fotowyprawie.<\/p>\n<p>Drugim silnie zalecanym narz\u0119dziem jest statyw. W miar\u0119 mo\u017cliwo\u015bci finansowych porz\u0105dny, a nie plastikowy szmelc z supermarketu, ale jednocze\u015bnie na tyle lekki, \u017ceby noszenie go nie by\u0142o zbyt m\u0119cz\u0105ce.<\/p>\n<p>Koniecznie trzeba te\u017c zabra\u0107 akumulatory, kt\u00f3re pozwol\u0105 na co najmniej dwa dni intensywnego u\u017cywania aparatu. Program niekt\u00f3rych fotowypraw mo\u017ce przewidywa\u0107 np. noclegi na pustyni lub w g\u00f3rskim obozowisku bez dost\u0119pu do pr\u0105du. Nawet je\u015bli jednak program fotowyprawy nie przewiduje takich atrakcji \u2013 lepiej by\u0107 zabezpieczonym przed awari\u0105 sieci energetycznej, co mo\u017ce si\u0119 zdarzy\u0107 w ka\u017cdym kraju.<\/p>\n<p><img decoding=\"async\" loading=\"lazy\" class=\"alignnone size-full wp-image-990\" src=\"https:\/\/www.fotezja.pl\/fotowyprawy\/wp-content\/uploads\/sites\/6\/2019\/07\/3W5A1652_b.jpg\" alt=\"Ptak i fotograf, co musz\u0119 umie\u0107 na fotowyprawie\" width=\"1107\" height=\"933\" srcset=\"https:\/\/www.fotezja.pl\/fotowyprawy\/wp-content\/uploads\/sites\/6\/2019\/07\/3W5A1652_b.jpg 1107w, https:\/\/www.fotezja.pl\/fotowyprawy\/wp-content\/uploads\/sites\/6\/2019\/07\/3W5A1652_b-300x253.jpg 300w, https:\/\/www.fotezja.pl\/fotowyprawy\/wp-content\/uploads\/sites\/6\/2019\/07\/3W5A1652_b-770x649.jpg 770w, https:\/\/www.fotezja.pl\/fotowyprawy\/wp-content\/uploads\/sites\/6\/2019\/07\/3W5A1652_b-1024x863.jpg 1024w, https:\/\/www.fotezja.pl\/fotowyprawy\/wp-content\/uploads\/sites\/6\/2019\/07\/3W5A1652_b-500x421.jpg 500w, https:\/\/www.fotezja.pl\/fotowyprawy\/wp-content\/uploads\/sites\/6\/2019\/07\/3W5A1652_b-293x247.jpg 293w\" sizes=\"auto, (max-width: 1107px) 100vw, 1107px\" \/><noscript><img decoding=\"async\" class=\"alignnone size-full wp-image-990\" src=\"https:\/\/www.fotezja.pl\/fotowyprawy\/wp-content\/uploads\/sites\/6\/2019\/07\/3W5A1652_b.jpg\" alt=\"Ptak i fotograf, co musz\u0119 umie\u0107 na fotowyprawie\" width=\"1107\" height=\"933\" srcset=\"https:\/\/www.fotezja.pl\/fotowyprawy\/wp-content\/uploads\/sites\/6\/2019\/07\/3W5A1652_b.jpg 1107w, https:\/\/www.fotezja.pl\/fotowyprawy\/wp-content\/uploads\/sites\/6\/2019\/07\/3W5A1652_b-300x253.jpg 300w, https:\/\/www.fotezja.pl\/fotowyprawy\/wp-content\/uploads\/sites\/6\/2019\/07\/3W5A1652_b-770x649.jpg 770w, https:\/\/www.fotezja.pl\/fotowyprawy\/wp-content\/uploads\/sites\/6\/2019\/07\/3W5A1652_b-1024x863.jpg 1024w, https:\/\/www.fotezja.pl\/fotowyprawy\/wp-content\/uploads\/sites\/6\/2019\/07\/3W5A1652_b-500x421.jpg 500w, https:\/\/www.fotezja.pl\/fotowyprawy\/wp-content\/uploads\/sites\/6\/2019\/07\/3W5A1652_b-293x247.jpg 293w\" sizes=\"(max-width: 1107px) 100vw, 1107px\" \/><\/noscript><br \/>\nDob\u00f3r obiektyw\u00f3w, filtr\u00f3w, lamp b\u0142yskowych i innych akcesori\u00f3w zale\u017cy od upodoba\u0144 i preferencji uczestnika. Nie jest niezb\u0119dne dokupywanie \u017cadnego sprz\u0119tu, je\u015bli ma si\u0119 aparat z trybem manualnym, odpowiedni zapas kart i baterii oraz statyw. Owszem, dodatkowe obiektywy czy filtry (zw\u0142aszcza polaryzacyjny i filtry szare) poszerzaj\u0105 mo\u017cliwo\u015bci fotograficzne, ale da si\u0119 zrobi\u0107 udane zdj\u0119cia nawet zaawansowanym kompaktem.<\/p>\n<h3>Ile kart pami\u0119ci potrzebuj\u0119 na fotowypraw\u0119<\/h3>\n<p>Trzeba zabra\u0107 odpowiedni\u0105 liczb\u0119 kart pami\u0119ci, aby starczy\u0142o ich na p\u00f3\u0142tora tygodnia intensywnego fotografowania lub \u2013 mniej zalecana opcja \u2013 zabra\u0107 ze sob\u0105 notebooka, aby archiwizowa\u0107 zdj\u0119cia w trakcie wyjazdu. Wariant z notebookiem jest bardziej uci\u0105\u017cliwy i mniej bezpieczny, a nawet w\u00f3wczas wskazane jest zabranie kart pami\u0119ci na co najmniej 3 dni fotografowania.<\/p>\n<p>To ile tych kart pami\u0119ci potrzeba? To zale\u017cy od tego, jak &#8220;ci\u0119\u017cki&#8221; jest palec na spu\u015bcie migawki. Niekt\u00f3rzy robi\u0105 wi\u0119cej zdj\u0119\u0107, inni mniej &#8211; na tym samym wyje\u017adzie. Wynik zale\u017cy tak\u017ce od rozdzielczo\u015bci matrycy aparatu (im wi\u0119cej megapikseli, tym wi\u0119ksze pliki), tak\u017ce od formatu zapisu zdj\u0119\u0107 (JPEG-i zajmuj\u0105 najmniej miejsca, RAW-y &#8211; znacznie wi\u0119cej, ale lepiej zapisywa\u0107 zdj\u0119cia w formacie RAW). Poni\u017cej ankieta, w kt\u00f3rej zebrali\u015bmy opinie na temat \u0142\u0105cznej obj\u0119to\u015bci zdj\u0119\u0107 wykonanych podczas tygodniowego, intensywnego wyjazdu fotograficznego. Po\u0142owa uczestnik\u00f3w deklaruje, \u017ce ich &#8220;urobek&#8221; z fotowyprawy (trwaj\u0105cej przewa\u017cnie nieco ponad tydzie\u0144) to mi\u0119dzy 20 a 50 GB zdj\u0119\u0107.<\/p>\n<p><a href=\"https:\/\/www.ewaipiotr.pl\/sprzet-fotograficzny\/lexar-sd-1-tb-karta-pamieci-o-rekordowej-pojemnosci\/\" target=\"_blank\" rel=\"noopener noreferrer\"><strong>Tutaj mo\u017cecie zobaczy\u0107 ankiet\u0119<\/strong><\/a>, w kt\u00f3rej prosili\u015bmy uczestnik\u00f3w fotowypraw o podawanie \u0142\u0105cznej obj\u0119to\u015bci zdj\u0119\u0107, jakie wykonali podczas fotowyprawy. Oczywi\u015bcie niekt\u00f3rzy cz\u0119\u015bciej wciskaj\u0105 spust, inni rzadziej, ale to pozwoli zorientowa\u0107 si\u0119, ile miejsca na kartach pami\u0119ci potrzeba.<\/p>\n<p>(Ankieta zosta\u0142a zamieszczona przy okazji wpisu o rekordowo du\u017cej, bo terabajtowej karcie pami\u0119ci &#8211; kt\u00f3ry <a href=\"https:\/\/www.ewaipiotr.pl\/sprzet-fotograficzny\/lexar-sd-1-tb-karta-pamieci-o-rekordowej-pojemnosci\/\" target=\"_blank\" rel=\"noopener noreferrer\"><strong>te\u017c warto przeczyta\u0107<\/strong><\/a>).<\/p>\n<h4>Warto tak\u017ce przeczyta\u0107 przed fotowypraw\u0105:<\/h4>\n<p>Obiektywy do fotografowania krajobrazu: <a href=\"https:\/\/www.fotezja.pl\/fotografia-w-podrozy\/obiektyw-do-krajobrazu-3-propozycje\/\" target=\"_blank\" rel=\"noopener noreferrer\">https:\/\/www.fotezja.pl\/fotografia-w-podrozy\/obiektyw-do-krajobrazu-3-propozycje\/<\/a><\/p>\n<p>Do czego s\u0142u\u017cy filtr polaryzacyjny: <a href=\"https:\/\/www.fotezja.pl\/ucz-sie-z-nami-fotografowac\/magiczna-szybka-czyli-dziala-filtr-polaryzacyjny\/\" target=\"_blank\" rel=\"noopener noreferrer\">https:\/\/www.fotezja.pl\/ucz-sie-z-nami-fotografowac\/magiczna-szybka-czyli-dziala-filtr-polaryzacyjny\/<\/a><\/p>\n<p>Jaki filtr szary kupi\u0107: <a href=\"https:\/\/www.fotezja.pl\/sprzet-fotograficzny\/jaki-filtr-szary-kupic\/\" target=\"_blank\" rel=\"noopener noreferrer\">https:\/\/www.fotezja.pl\/sprzet-fotograficzny\/jaki-filtr-szary-kupic\/<\/a><\/p>\n<p>Jak sprawdzi\u0107, czy mamy porz\u0105dny statyw: <a href=\"https:\/\/www.fotezja.pl\/sprzet-fotograficzny\/jak-przetestowac-statyw\/\" target=\"_blank\" rel=\"noopener noreferrer\">https:\/\/www.fotezja.pl\/sprzet-fotograficzny\/jak-przetestowac-statyw\/<\/a><\/p>\n<p>Przed ka\u017cd\u0105 wypraw\u0105 przygotowujemy informacje opisuj\u0105ce oczekuj\u0105ce uczestnik\u00f3w sytuacje fotograficzne oraz przydatny sprz\u0119t i wyposa\u017cenie. W razie w\u0105tpliwo\u015bci mo\u017cna nas pyta\u0107!<\/p>\n<p><img decoding=\"async\" loading=\"lazy\" class=\"alignnone size-full wp-image-991\" src=\"https:\/\/www.fotezja.pl\/fotowyprawy\/wp-content\/uploads\/sites\/6\/2019\/07\/3W5A9991_b.jpg\" alt=\"Fotograf i zatopiony statek, Namibia, co to jest fotowyprawa\" width=\"1400\" height=\"933\" srcset=\"https:\/\/www.fotezja.pl\/fotowyprawy\/wp-content\/uploads\/sites\/6\/2019\/07\/3W5A9991_b.jpg 1400w, https:\/\/www.fotezja.pl\/fotowyprawy\/wp-content\/uploads\/sites\/6\/2019\/07\/3W5A9991_b-300x200.jpg 300w, https:\/\/www.fotezja.pl\/fotowyprawy\/wp-content\/uploads\/sites\/6\/2019\/07\/3W5A9991_b-770x513.jpg 770w, https:\/\/www.fotezja.pl\/fotowyprawy\/wp-content\/uploads\/sites\/6\/2019\/07\/3W5A9991_b-1024x682.jpg 1024w, https:\/\/www.fotezja.pl\/fotowyprawy\/wp-content\/uploads\/sites\/6\/2019\/07\/3W5A9991_b-500x333.jpg 500w, https:\/\/www.fotezja.pl\/fotowyprawy\/wp-content\/uploads\/sites\/6\/2019\/07\/3W5A9991_b-370x247.jpg 370w, https:\/\/www.fotezja.pl\/fotowyprawy\/wp-content\/uploads\/sites\/6\/2019\/07\/3W5A9991_b-1155x770.jpg 1155w, https:\/\/www.fotezja.pl\/fotowyprawy\/wp-content\/uploads\/sites\/6\/2019\/07\/3W5A9991_b-293x195.jpg 293w\" sizes=\"auto, (max-width: 1400px) 100vw, 1400px\" \/><noscript><img decoding=\"async\" class=\"alignnone size-full wp-image-991\" src=\"https:\/\/www.fotezja.pl\/fotowyprawy\/wp-content\/uploads\/sites\/6\/2019\/07\/3W5A9991_b.jpg\" alt=\"Fotograf i zatopiony statek, Namibia, co to jest fotowyprawa\" width=\"1400\" height=\"933\" srcset=\"https:\/\/www.fotezja.pl\/fotowyprawy\/wp-content\/uploads\/sites\/6\/2019\/07\/3W5A9991_b.jpg 1400w, https:\/\/www.fotezja.pl\/fotowyprawy\/wp-content\/uploads\/sites\/6\/2019\/07\/3W5A9991_b-300x200.jpg 300w, https:\/\/www.fotezja.pl\/fotowyprawy\/wp-content\/uploads\/sites\/6\/2019\/07\/3W5A9991_b-770x513.jpg 770w, https:\/\/www.fotezja.pl\/fotowyprawy\/wp-content\/uploads\/sites\/6\/2019\/07\/3W5A9991_b-1024x682.jpg 1024w, https:\/\/www.fotezja.pl\/fotowyprawy\/wp-content\/uploads\/sites\/6\/2019\/07\/3W5A9991_b-500x333.jpg 500w, https:\/\/www.fotezja.pl\/fotowyprawy\/wp-content\/uploads\/sites\/6\/2019\/07\/3W5A9991_b-370x247.jpg 370w, https:\/\/www.fotezja.pl\/fotowyprawy\/wp-content\/uploads\/sites\/6\/2019\/07\/3W5A9991_b-1155x770.jpg 1155w, https:\/\/www.fotezja.pl\/fotowyprawy\/wp-content\/uploads\/sites\/6\/2019\/07\/3W5A9991_b-293x195.jpg 293w\" sizes=\"(max-width: 1400px) 100vw, 1400px\" \/><\/noscript><\/p>\n<h3><b>Czy fotowyprawy s\u0105 dobrze zorganizowane i zgodne z prawem?<\/b><\/h3>\n<p>Organizatorem fotowypraw jest <a href=\"https:\/\/www.fotezja.pl\/fotowyprawy\/o-bp-fotezja\/\"><strong>Fotezja<\/strong><\/a> \u2013 firm\u0105 z <a href=\"https:\/\/www.fotezja.pl\/fotowyprawy\/gwarancja-ubezpieczeniowa\/\"><strong>uprawieniami biura podr\u00f3\u017cy i op\u0142aconymi wymaganymi prawem ubezpieczeniami<\/strong><\/a>. Biuro podr\u00f3\u017cy Fotezja dzia\u0142a od 2019 roku, ale mamy wieloletnie do\u015bwiadczenie w organizacji i prowadzeniu fotowypraw w najdalsze i najbardziej egzotyczne miejsca na \u015bwiecie &#8211; pierwsz\u0105 fotowypraw\u0119 prowadzili\u015bmy w 2011 roku (zrealizowana we wsp\u00f3\u0142pracy z Fundacj\u0105 Marka Kami\u0144skiego, w nast\u0119pnych latach wsp\u00f3\u0142pracowali\u015bmy z klubem podr\u00f3\u017cy Horyzonty). Nasze fotowyprawy s\u0105 zgodne z ustaw\u0105 o us\u0142ugach turystycznych i stanowi\u0105 kompletn\u0105 ofert\u0119.<\/p>\n<p>&nbsp;<\/p>\n<h3>\u201e<b>Chcia\u0142em si\u0119 zapisa\u0107 na fotowypraw\u0119, ale ju\u017c nie ma miejsc\u201d<\/b><\/h3>\n<p>Nawet, je\u015bli jest informacja, \u017ce miejsc na dan\u0105 edycj\u0119 fotowyprawy ju\u017c nie ma, nie nale\u017cy si\u0119 zra\u017ca\u0107. Czasem miejsca si\u0119 zwalniaj\u0105, kto\u015b rezygnuje z r\u00f3\u017cnych powod\u00f3w. Je\u015bli kto\u015b chce wzi\u0105\u0107 udzia\u0142 w fotowyprawie, na kt\u00f3re ju\u017c nie ma miejsc \u2013 mimo wszystko<a href=\"https:\/\/www.fotezja.pl\/fotowyprawy\/kontakt-do-bp-fotezja\/\"><strong> prosz\u0119 nam da\u0107 zna\u0107<\/strong><\/a>. Zapiszemy na list\u0119 rezerwow\u0105 i poinformujemy, gdy tylko zwolni si\u0119 miejsce.<\/p>\n<p>Ponadto je\u015bli b\u0119dziemy mieli zg\u0142oszenia od os\u00f3b, kt\u00f3re by\u0142y zainteresowane udzia\u0142em w fotowyprawach, na kt\u00f3re zabrak\u0142o ju\u017c miejsc, b\u0119dziemy wiedzieli, \u017ce jest zainteresowanie tymi wyjazdami, a wi\u0119c warto przemy\u015ble\u0107 zrobienie nast\u0119pnej edycji. W\u00f3wczas pierwsze\u0144stwo przy zg\u0142oszeniach maj\u0105 osoby, kt\u00f3re skontaktowa\u0142y si\u0119 i wyrazi\u0142y zainteresowanie udzia\u0142em.<\/p>\n<p><a href=\"https:\/\/www.fotezja.pl\/fotowyprawy\/faq-najczesciej-zadawane-pytania\/img_3636_b\/\" rel=\"attachment wp-att-1006\"><img decoding=\"async\" loading=\"lazy\" class=\"alignnone size-full wp-image-1006\" src=\"https:\/\/www.fotezja.pl\/fotowyprawy\/wp-content\/uploads\/sites\/6\/2019\/07\/IMG_3636_b.jpg\" alt=\"Samotno\u015b\u0107 pod Dettifossem, Islandia, czy warto jecha\u0107 na fotowypraw\u0119\" width=\"1140\" height=\"760\" srcset=\"https:\/\/www.fotezja.pl\/fotowyprawy\/wp-content\/uploads\/sites\/6\/2019\/07\/IMG_3636_b.jpg 1140w, https:\/\/www.fotezja.pl\/fotowyprawy\/wp-content\/uploads\/sites\/6\/2019\/07\/IMG_3636_b-300x200.jpg 300w, https:\/\/www.fotezja.pl\/fotowyprawy\/wp-content\/uploads\/sites\/6\/2019\/07\/IMG_3636_b-770x513.jpg 770w, https:\/\/www.fotezja.pl\/fotowyprawy\/wp-content\/uploads\/sites\/6\/2019\/07\/IMG_3636_b-1024x683.jpg 1024w, https:\/\/www.fotezja.pl\/fotowyprawy\/wp-content\/uploads\/sites\/6\/2019\/07\/IMG_3636_b-500x333.jpg 500w, https:\/\/www.fotezja.pl\/fotowyprawy\/wp-content\/uploads\/sites\/6\/2019\/07\/IMG_3636_b-370x247.jpg 370w, https:\/\/www.fotezja.pl\/fotowyprawy\/wp-content\/uploads\/sites\/6\/2019\/07\/IMG_3636_b-293x195.jpg 293w\" sizes=\"auto, (max-width: 1140px) 100vw, 1140px\" \/><noscript><img decoding=\"async\" class=\"alignnone size-full wp-image-1006\" src=\"https:\/\/www.fotezja.pl\/fotowyprawy\/wp-content\/uploads\/sites\/6\/2019\/07\/IMG_3636_b.jpg\" alt=\"Samotno\u015b\u0107 pod Dettifossem, Islandia, czy warto jecha\u0107 na fotowypraw\u0119\" width=\"1140\" height=\"760\" srcset=\"https:\/\/www.fotezja.pl\/fotowyprawy\/wp-content\/uploads\/sites\/6\/2019\/07\/IMG_3636_b.jpg 1140w, https:\/\/www.fotezja.pl\/fotowyprawy\/wp-content\/uploads\/sites\/6\/2019\/07\/IMG_3636_b-300x200.jpg 300w, https:\/\/www.fotezja.pl\/fotowyprawy\/wp-content\/uploads\/sites\/6\/2019\/07\/IMG_3636_b-770x513.jpg 770w, https:\/\/www.fotezja.pl\/fotowyprawy\/wp-content\/uploads\/sites\/6\/2019\/07\/IMG_3636_b-1024x683.jpg 1024w, https:\/\/www.fotezja.pl\/fotowyprawy\/wp-content\/uploads\/sites\/6\/2019\/07\/IMG_3636_b-500x333.jpg 500w, https:\/\/www.fotezja.pl\/fotowyprawy\/wp-content\/uploads\/sites\/6\/2019\/07\/IMG_3636_b-370x247.jpg 370w, https:\/\/www.fotezja.pl\/fotowyprawy\/wp-content\/uploads\/sites\/6\/2019\/07\/IMG_3636_b-293x195.jpg 293w\" sizes=\"(max-width: 1140px) 100vw, 1140px\" \/><\/noscript><\/a><\/p>\n<h3>\u201e<b>Czy mo\u017cna dostawa\u0107 z wyprzedzeniem informacje o planowanych warsztatach i fotowyprawach?\u201d <\/b><\/h3>\n<p>Oczywi\u015bcie! Z wyprzedzeniem informujemy zainteresowanych o planowanych na przysz\u0142y rok warsztatach fotograficznych i fotowyprawach, co pozwala zarezerwowa\u0107 sobie czas i uzgodni\u0107 urlopy w pracy. Tak\u017ce o aktualnych ofertach w pierwszej kolejno\u015bci powiadamiamy osoby z listy. Na li\u015bcie s\u0105 g\u0142\u00f3wnie uczestnicy poprzednich warsztat\u00f3w i fotowypraw, ale nie ma problemu, \u017ceby dopisa\u0107 tam osoby, kt\u00f3re jeszcze z nami nie by\u0142y, a s\u0105 zainteresowane imprezami fotograficznymi. Aby dostawa\u0107 informacje o naszych warsztatach i fotowyprawach, prosimy o zapisanie si\u0119 do naszego newslettera, dost\u0119pnego pod poni\u017cszym adresem:<\/p>\n<p style=\"text-align: center;\"><strong><a href=\"https:\/\/www.fotezja.pl\/fotowyprawy\/o-bp-fotezja\/powiadomienia-o-fotowyprawach\/\">https:\/\/www.fotezja.pl\/fotowyprawy\/o-bp-fotezja\/powiadomienia-o-fotowyprawach\/<\/a><\/strong><\/p>\n<p>Adres\u00f3w mailowych nikomu nie przekazujemy ani nie sprzedajemy, a s\u0142u\u017c\u0105 nam wy\u0142\u0105cznie do informowania o naszych ofertach.<\/p>\n<h3><b>Dodatkowe atrakcje dla uczestnik\u00f3w fotowypraw<br \/>\n<\/b><\/h3>\n<p>Uczestnicy warsztat\u00f3w lub fotowypraw otrzymuj\u0105 <a href=\"http:\/\/ewaipiotr.pl\/sklep\/\" target=\"_blank\" rel=\"noopener noreferrer\"><strong>kod daj\u0105cy 50% zni\u017cki na wszystkie pozycje w naszej ksi\u0119garni fotograficznej<\/strong><\/a>. Zni\u017cka jest wa\u017cna przez rok.<\/p>\n<p>Uczestnicy naszych warsztat\u00f3w i fotowypraw s\u0105 uprawnieni do <strong>50% zni\u017cki na dowoln\u0105 wersj\u0119 SNS-HDR<\/strong> \u2013 bardzo dobrego programu do sk\u0142adania HDR-\u00f3w (wi\u0119cej <a href=\"https:\/\/www.fotezja.pl\/sns-hdr-polski-program-do-zdjec-hdr\/\" target=\"_blank\" rel=\"noopener noreferrer\">o mo\u017cliwo\u015bciach programu SNS-HDR mo\u017cna przeczyta\u0107 tutaj<\/a>).<\/p>\n<p>Niewykluczone inne niespodzianki.<\/p>\n<h3><b>Czy formu\u0142a fotowyprawy si\u0119 sprawdza?<\/b><\/h3>\n<p>Sprawdzi\u0142a si\u0119 doskonale od roku 2011, od kiedy przeprowadzili\u015bmy przesz\u0142o 50 fotowypraw, w kt\u00f3rych uczestniczy\u0142o ponad 600 os\u00f3b (stan na 2018 rok). Wiele os\u00f3b uczestniczy\u0142o w fotowyprawach wielokrotnie &#8211; nawet kilkana\u015bcie razy! Zapraszamy do zapoznania si\u0119 z <span style=\"color: #ff0000;\"><strong><a title=\"Wspomnienia z fotowypraw i warsztat\u00f3w\" href=\"http:\/\/www.ewaipiotr.pl\/wspomnienia-z-warsztatow\/\" target=\"_blank\" rel=\"noopener noreferrer\"><span style=\"color: #ff0000;\">relacjami z wcze\u015bniejszych fotowypraw i fotowarsztat\u00f3w<\/span><\/a><\/strong><\/span>.<\/p>\n<p><a href=\"https:\/\/www.fotezja.pl\/fotowyprawy\/faq-najczesciej-zadawane-pytania\/ptr_4674-hdr_b\/\" rel=\"attachment wp-att-1000\"><img decoding=\"async\" loading=\"lazy\" class=\"size-full wp-image-1000 aligncenter\" src=\"https:\/\/www.fotezja.pl\/fotowyprawy\/wp-content\/uploads\/sites\/6\/2019\/07\/PTR_4674-HDR_b.jpg\" alt=\"Fotograf i klasztor w Armenii, fotowyprawa pytania\" width=\"653\" height=\"900\" srcset=\"https:\/\/www.fotezja.pl\/fotowyprawy\/wp-content\/uploads\/sites\/6\/2019\/07\/PTR_4674-HDR_b.jpg 653w, https:\/\/www.fotezja.pl\/fotowyprawy\/wp-content\/uploads\/sites\/6\/2019\/07\/PTR_4674-HDR_b-218x300.jpg 218w, https:\/\/www.fotezja.pl\/fotowyprawy\/wp-content\/uploads\/sites\/6\/2019\/07\/PTR_4674-HDR_b-500x689.jpg 500w, https:\/\/www.fotezja.pl\/fotowyprawy\/wp-content\/uploads\/sites\/6\/2019\/07\/PTR_4674-HDR_b-293x404.jpg 293w\" sizes=\"auto, (max-width: 653px) 100vw, 653px\" \/><noscript><img decoding=\"async\" class=\"size-full wp-image-1000 aligncenter\" src=\"https:\/\/www.fotezja.pl\/fotowyprawy\/wp-content\/uploads\/sites\/6\/2019\/07\/PTR_4674-HDR_b.jpg\" alt=\"Fotograf i klasztor w Armenii, fotowyprawa pytania\" width=\"653\" height=\"900\" srcset=\"https:\/\/www.fotezja.pl\/fotowyprawy\/wp-content\/uploads\/sites\/6\/2019\/07\/PTR_4674-HDR_b.jpg 653w, https:\/\/www.fotezja.pl\/fotowyprawy\/wp-content\/uploads\/sites\/6\/2019\/07\/PTR_4674-HDR_b-218x300.jpg 218w, https:\/\/www.fotezja.pl\/fotowyprawy\/wp-content\/uploads\/sites\/6\/2019\/07\/PTR_4674-HDR_b-500x689.jpg 500w, https:\/\/www.fotezja.pl\/fotowyprawy\/wp-content\/uploads\/sites\/6\/2019\/07\/PTR_4674-HDR_b-293x404.jpg 293w\" sizes=\"(max-width: 653px) 100vw, 653px\" \/><\/noscript><\/a><\/p>\n<h3>Specjalna dieta na fotowyprawie<\/h3>\n<p>Je\u015bli kto\u015b ze wzgl\u0119d\u00f3w zdrowotnych wymaga specjalnej diety albo po prostu ma alergi\u0119 na niekt\u00f3re produkty, przewa\u017cnie jest mo\u017cliwo\u015b\u0107 dostosowania posi\u0142k\u00f3w do jego wymaga\u0144 zdrowotnych. Warunkiem jest jednak wczesne zg\u0142oszenie potrzeby specjalnej diety &#8211; najlepiej od razu przy zapisywaniu si\u0119 na fotowypraw\u0119. Je\u015bli kto\u015b diet\u0119 zg\u0142osi dopiero na wyje\u017adzie, mo\u017cliwo\u015bci dostosowania posi\u0142k\u00f3w mog\u0105 by\u0107 ograniczone.<\/p>\n<h3><b>Dzieci na fotowyprawie<\/b><\/h3>\n<p>Osoby niepe\u0142noletnie mog\u0105 uczestniczy\u0107 w fotowyprawach wy\u0142\u0105cznie pod opiek\u0105 prawnego opiekuna \u2013 czyli przewa\u017cnie razem z co najmniej jednym rodzicem. Czy mo\u017cna zabiera\u0107 dzieci na takie wyjazdy? Poza powy\u017cszym warunkiem, aby jecha\u0142y razem z rodzicem, nie stawiamy \u017cadnych barier. Inna kwestia \u2013 czy taki wyjazd si\u0119 dziecku spodoba i czy nie b\u0119dzie uci\u0105\u017cliwy dla rodzica? To ju\u017c bardziej zale\u017cy od dziecka. Nastolatek zainteresowany \u015bwiatem i lubi\u0105cy podr\u00f3\u017cowa\u0107, a zw\u0142aszcza \u2013 cho\u0107 wcale niekoniecznie \u2013 fotografowa\u0107, ma szans\u0119 dobrze si\u0119 bawi\u0107 i ciekawie sp\u0119dzi\u0107 czas. Fotowyprawy nie wymagaj\u0105 \u017celaznej kondycji ani wysokiej sprawno\u015bci fizycznej, ale to s\u0105 d\u0142ugie dni \u2013 od wczesnych godzin porannych po p\u00f3\u017any wiecz\u00f3r. Je\u015bli rodzice s\u0105 przekonani, \u017ce ich nastolatek to nie tylko zniesie, ale b\u0119dzie si\u0119 \u015bwietnie bawi\u0142, to zapraszamy!<\/p>\n<p>&nbsp;<\/p>\n<p>M\u0142odsze, kilkuletnie dzieci to inna sprawa. Wi\u0119kszo\u015b\u0107 fotowypraw jest bardzo mobilna \u2013 sp\u0119dzamy w jednym miejscu jedn\u0105, najwy\u017cej dwie noce, jad\u0105c do nast\u0119pnego miejsca. Prawdopodobnie takie tempo b\u0119dzie zbyt m\u0119cz\u0105ce dla kilkulatka. Prawdopodobnie \u2013 bo ka\u017cdy rodzic zna swoje dziecko i wie, czy nadaje si\u0119 ono na tak intensywny wyjazd. Nie stawiamy tu barier, ale nie b\u0119dziemy zmienia\u0107 programu ani zwalnia\u0107 tempa.<\/p>\n<p>Szczeg\u00f3ln\u0105 form\u0105 s\u0105 fotowyprawy ze stacjonarn\u0105 baz\u0105 \u2013 tak, jak <a href=\"https:\/\/www.ewaipiotr.pl\/portfolio-4\/toskania\/\" target=\"_blank\" rel=\"noopener noreferrer\">wiosenna i jesienna Toskania<\/a>. Tutaj mamy nocleg zawsze w tym samym miejscu, codziennie wracamy do tego samego hotelu, wi\u0119c je\u015bli kto\u015b chce zwolni\u0107 tempo i zrobi\u0107 sobie dzie\u0144 odpoczynku, to w tym przypadku jest to mo\u017cliwe. Na wiosennej fotowyprawie do Toskanii w 2014 roku mieli\u015bmy nawet 1,5-rocznego uczestnika! Oczywi\u015bcie by\u0142 w towarzystwie rodzic\u00f3w. W przypadku fotowypraw ze stacjonarnym noclegiem zabranie dziecka jest mniejszym ryzykiem, gdyby program okaza\u0142 si\u0119 zbyt m\u0119cz\u0105cy dla malucha. Niemniej rodzice powinni w takim przypadku pami\u0119ta\u0107, \u017ce opieka nad dzieckiem spoczywa wy\u0142\u0105cznie na nich. A w razie w\u0105tpliwo\u015bci &#8211; ch\u0119tnie odpowiemy na pytania i pomo\u017cemy rozwia\u0107 w\u0105tpliwo\u015bci &#8211; <a href=\"https:\/\/www.fotezja.pl\/fotowyprawy\/kontakt-do-bp-fotezja\/\"><strong>napiszcie do nas<\/strong><\/a>!<\/p>\n<p><a href=\"https:\/\/www.fotezja.pl\/fotowyprawy\/faq-najczesciej-zadawane-pytania\/ptr_9913_b\/\" rel=\"attachment wp-att-994\"><img decoding=\"async\" loading=\"lazy\" class=\"alignnone size-full wp-image-994\" src=\"https:\/\/www.fotezja.pl\/fotowyprawy\/wp-content\/uploads\/sites\/6\/2019\/07\/PTR_9913_b.jpg\" alt=\"Fotograf w Toskanii, jaka fotowyprawa\" width=\"1140\" height=\"760\" srcset=\"https:\/\/www.fotezja.pl\/fotowyprawy\/wp-content\/uploads\/sites\/6\/2019\/07\/PTR_9913_b.jpg 1140w, https:\/\/www.fotezja.pl\/fotowyprawy\/wp-content\/uploads\/sites\/6\/2019\/07\/PTR_9913_b-300x200.jpg 300w, https:\/\/www.fotezja.pl\/fotowyprawy\/wp-content\/uploads\/sites\/6\/2019\/07\/PTR_9913_b-770x513.jpg 770w, https:\/\/www.fotezja.pl\/fotowyprawy\/wp-content\/uploads\/sites\/6\/2019\/07\/PTR_9913_b-1024x683.jpg 1024w, https:\/\/www.fotezja.pl\/fotowyprawy\/wp-content\/uploads\/sites\/6\/2019\/07\/PTR_9913_b-500x333.jpg 500w, https:\/\/www.fotezja.pl\/fotowyprawy\/wp-content\/uploads\/sites\/6\/2019\/07\/PTR_9913_b-370x247.jpg 370w, https:\/\/www.fotezja.pl\/fotowyprawy\/wp-content\/uploads\/sites\/6\/2019\/07\/PTR_9913_b-293x195.jpg 293w\" sizes=\"auto, (max-width: 1140px) 100vw, 1140px\" \/><noscript><img decoding=\"async\" class=\"alignnone size-full wp-image-994\" src=\"https:\/\/www.fotezja.pl\/fotowyprawy\/wp-content\/uploads\/sites\/6\/2019\/07\/PTR_9913_b.jpg\" alt=\"Fotograf w Toskanii, jaka fotowyprawa\" width=\"1140\" height=\"760\" srcset=\"https:\/\/www.fotezja.pl\/fotowyprawy\/wp-content\/uploads\/sites\/6\/2019\/07\/PTR_9913_b.jpg 1140w, https:\/\/www.fotezja.pl\/fotowyprawy\/wp-content\/uploads\/sites\/6\/2019\/07\/PTR_9913_b-300x200.jpg 300w, https:\/\/www.fotezja.pl\/fotowyprawy\/wp-content\/uploads\/sites\/6\/2019\/07\/PTR_9913_b-770x513.jpg 770w, https:\/\/www.fotezja.pl\/fotowyprawy\/wp-content\/uploads\/sites\/6\/2019\/07\/PTR_9913_b-1024x683.jpg 1024w, https:\/\/www.fotezja.pl\/fotowyprawy\/wp-content\/uploads\/sites\/6\/2019\/07\/PTR_9913_b-500x333.jpg 500w, https:\/\/www.fotezja.pl\/fotowyprawy\/wp-content\/uploads\/sites\/6\/2019\/07\/PTR_9913_b-370x247.jpg 370w, https:\/\/www.fotezja.pl\/fotowyprawy\/wp-content\/uploads\/sites\/6\/2019\/07\/PTR_9913_b-293x195.jpg 293w\" sizes=\"(max-width: 1140px) 100vw, 1140px\" \/><\/noscript><\/a><\/p>\n<h4><strong>Zerknij jeszcze tutaj!<\/strong><\/h4>\n<p>Jak pakowa\u0107 si\u0119 na fotograficzny wypraw\u0119 samolotem:<\/p>\n<p><strong><a href=\"https:\/\/www.fotezja.pl\/fotografia-w-podrozy\/aparat-fotograficzny-do-samolotu\/\" target=\"_blank\" rel=\"noopener noreferrer\">https:\/\/www.fotezja.pl\/fotografia-w-podrozy\/aparat-fotograficzny-do-samolotu\/<\/a><\/strong><\/p>\n<p>Przepisy linii lotniczych odno\u015bnie przewo\u017cenia akumulator\u00f3w litowych:<br \/>\n<strong><a href=\"https:\/\/www.fotezja.pl\/fotografia-w-podrozy\/jak-przewozic-baterie-samolotem\/\" target=\"_blank\" rel=\"noopener noreferrer\">https:\/\/www.fotezja.pl\/fotografia-w-podrozy\/jak-przewozic-baterie-samolotem\/<\/a><\/strong><\/p>\n<p>Obiektywy do fotografii krajobrazowej:<\/p>\n<p><strong><a href=\"https:\/\/www.fotezja.pl\/fotografia-w-podrozy\/obiektyw-do-krajobrazu-3-propozycje\/\" target=\"_blank\" rel=\"noopener noreferrer\">https:\/\/www.fotezja.pl\/fotografia-w-podrozy\/obiektyw-do-krajobrazu-3-propozycje\/<\/a><\/strong><\/p>\n<p>Jakie filtry szare pe\u0142ne wybra\u0107 do fotografii krajobrazowej:<\/p>\n<p><strong><a href=\"https:\/\/www.fotezja.pl\/sprzet-fotograficzny\/jaki-filtr-szary-kupic\/\" target=\"_blank\" rel=\"noopener noreferrer\">https:\/\/www.fotezja.pl\/sprzet-fotograficzny\/jaki-filtr-szary-kupic\/<\/a><\/strong><\/p>\n<p>Dlaczego tym filtrem szarym nie powinien by\u0107 fader:<\/p>\n<p><a href=\"https:\/\/www.fotezja.pl\/sprzet-fotograficzny\/filtr-szary-fader-czy-warto\/\" target=\"_blank\" rel=\"noopener noreferrer\"><strong>https:\/\/www.fotezja.pl\/sprzet-fotograficzny\/filtr-szary-fader-czy-warto\/<\/strong><\/a><\/p>\n<p>Jak sprawdzi\u0107, czy posiadany statyw jest stabilny:<\/p>\n<p><strong><a href=\"https:\/\/www.fotezja.pl\/sprzet-fotograficzny\/jak-przetestowac-statyw\/\" target=\"_blank\" rel=\"noopener noreferrer\">https:\/\/www.fotezja.pl\/sprzet-fotograficzny\/jak-przetestowac-statyw\/<\/a><\/strong><\/p>\n<p>Poradnik kupowania statyw\u00f3w, wersja kr\u00f3tka:<br \/>\n<a href=\"http:\/\/www.ewaipiotr.pl\/sprzet-fotograficzny\/trzy-najlepsze-statywy\/\" target=\"_blank\" rel=\"noopener\"><strong>http:\/\/www.ewaipiotr.pl\/sprzet-fotograficzny\/trzy-najlepsze-statywy\/<br \/>\n<\/strong><\/a>&#8230;i wersja d\u0142u\u017csza:<br \/>\n<a href=\"http:\/\/ewaipiotr.pl\/sklep\/produkt\/jak-kupic-statyw\/\" target=\"_blank\" rel=\"noopener noreferrer\"><strong>http:\/\/ewaipiotr.pl\/sklep\/produkt\/jak-kupic-statyw\/<\/strong><\/a><\/p>\n<p>&nbsp;<\/p>\n<p><strong>Je\u015bli masz jeszcze jakie\u015b pytania lub w\u0105tpliwo\u015bci do rozwiania &#8211; napisz do nas!<\/strong><br \/>\n\n<div class=\"wpcf7 no-js\" id=\"wpcf7-f316-o1\" lang=\"pl-PL\" dir=\"ltr\" data-wpcf7-id=\"316\">\n<div class=\"screen-reader-response\"><p role=\"status\" aria-live=\"polite\" aria-atomic=\"true\"><\/p> <ul><\/ul><\/div>\n<form action=\"\/fotowyprawy\/wp-json\/wp\/v2\/pages\/976#wpcf7-f316-o1\" method=\"post\" class=\"wpcf7-form init\" aria-label=\"Formularz kontaktowy\" novalidate=\"novalidate\" data-status=\"init\">\n<fieldset class=\"hidden-fields-container\"><input type=\"hidden\" name=\"_wpcf7\" value=\"316\" \/><input type=\"hidden\" name=\"_wpcf7_version\" value=\"6.1.5\" \/><input type=\"hidden\" name=\"_wpcf7_locale\" value=\"pl_PL\" \/><input type=\"hidden\" name=\"_wpcf7_unit_tag\" value=\"wpcf7-f316-o1\" \/><input type=\"hidden\" name=\"_wpcf7_container_post\" value=\"0\" \/><input type=\"hidden\" name=\"_wpcf7_posted_data_hash\" value=\"\" \/><input type=\"hidden\" name=\"_wpcf7_recaptcha_response\" value=\"\" \/>\n<\/fieldset>\n<p><label> Imi\u0119 i nazwisko (wymagane)<br \/>\n<span class=\"wpcf7-form-control-wrap\" data-name=\"your-name\"><input size=\"40\" maxlength=\"400\" class=\"wpcf7-form-control wpcf7-text wpcf7-validates-as-required\" aria-required=\"true\" aria-invalid=\"false\" value=\"\" type=\"text\" name=\"your-name\" \/><\/span> <\/label>\n<\/p>\n<p><label> Adres email (wymagane)<br \/>\n<span class=\"wpcf7-form-control-wrap\" data-name=\"your-email\"><input size=\"40\" maxlength=\"400\" class=\"wpcf7-form-control wpcf7-email wpcf7-validates-as-required wpcf7-text wpcf7-validates-as-email\" aria-required=\"true\" aria-invalid=\"false\" value=\"\" type=\"email\" name=\"your-email\" \/><\/span> <\/label>\n<\/p>\n<p><label> Temat<br \/>\n<span class=\"wpcf7-form-control-wrap\" data-name=\"your-subject\"><input size=\"40\" maxlength=\"400\" class=\"wpcf7-form-control wpcf7-text\" aria-invalid=\"false\" value=\"\" type=\"text\" name=\"your-subject\" \/><\/span> <\/label>\n<\/p>\n<p><label> Tre\u015b\u0107 wiadomo\u015bci<br \/>\n<span class=\"wpcf7-form-control-wrap\" data-name=\"your-message\"><textarea cols=\"40\" rows=\"10\" maxlength=\"2000\" class=\"wpcf7-form-control wpcf7-textarea\" aria-invalid=\"false\" name=\"your-message\"><\/textarea><\/span> <\/label>\n<\/p>\n\n<p><input class=\"wpcf7-form-control wpcf7-submit has-spinner\" type=\"submit\" value=\"Wy\u015blij\" \/>\n<\/p><div class=\"wpcf7-response-output\" aria-hidden=\"true\"><\/div>\n<\/form>\n<\/div>\n<\/p>\n<p>&nbsp;<\/p>\n","protected":false},"excerpt":{"rendered":"<p>Co to jest fotowyprawa Fotowyprawa to dobrze zorganizowana podr\u00f3\u017c, kt\u00f3rej celem jest nie tylko ogl\u0105danie jednych z najpi\u0119kniejszych i najciekawszych miejsc na Ziemi, ale tak\u017ce \u2013 a w\u0142a\u015bciwie przede wszystkim \u2013 ich fotografowanie. Fotografowanie tak, aby uzyska\u0107 pi\u0119kne fotografie. Pi\u0119kne fotografie pi\u0119knych miejsc, a nie tak jak to jest na masowych wycieczkach \u2013 fotki znanych i modnych miejsc, kt\u00f3re jednak na zdj\u0119ciach nie wygl\u0105daj\u0105 dobrze, bo pora wykonania zdj\u0119cia by\u0142a nieodpowiednia, a podr\u00f3\u017cnik si\u0119 spieszy\u0142. My si\u0119 nie spieszymy i [&hellip;]<\/p>\n","protected":false},"author":1,"featured_media":983,"parent":0,"menu_order":0,"comment_status":"closed","ping_status":"closed","template":"","meta":{"footnotes":"","_links_to":"","_links_to_target":""},"class_list":["post-976","page","type-page","status-publish","has-post-thumbnail","hentry"],"_links":{"self":[{"href":"https:\/\/www.fotezja.pl\/fotowyprawy\/wp-json\/wp\/v2\/pages\/976","targetHints":{"allow":["GET"]}}],"collection":[{"href":"https:\/\/www.fotezja.pl\/fotowyprawy\/wp-json\/wp\/v2\/pages"}],"about":[{"href":"https:\/\/www.fotezja.pl\/fotowyprawy\/wp-json\/wp\/v2\/types\/page"}],"author":[{"embeddable":true,"href":"https:\/\/www.fotezja.pl\/fotowyprawy\/wp-json\/wp\/v2\/users\/1"}],"replies":[{"embeddable":true,"href":"https:\/\/www.fotezja.pl\/fotowyprawy\/wp-json\/wp\/v2\/comments?post=976"}],"version-history":[{"count":21,"href":"https:\/\/www.fotezja.pl\/fotowyprawy\/wp-json\/wp\/v2\/pages\/976\/revisions"}],"predecessor-version":[{"id":2166,"href":"https:\/\/www.fotezja.pl\/fotowyprawy\/wp-json\/wp\/v2\/pages\/976\/revisions\/2166"}],"wp:featuredmedia":[{"embeddable":true,"href":"https:\/\/www.fotezja.pl\/fotowyprawy\/wp-json\/wp\/v2\/media\/983"}],"wp:attachment":[{"href":"https:\/\/www.fotezja.pl\/fotowyprawy\/wp-json\/wp\/v2\/media?parent=976"}],"curies":[{"name":"wp","href":"https:\/\/api.w.org\/{rel}","templated":true}]}}