{"id":9462,"date":"2024-01-11T01:30:17","date_gmt":"2024-01-11T00:30:17","guid":{"rendered":"https:\/\/www.fotezja.pl\/fotowyprawy\/?page_id=9462"},"modified":"2024-10-26T01:04:53","modified_gmt":"2024-10-25T23:04:53","slug":"skrzydlata-laponia-wyprawa-przyrodnicza","status":"publish","type":"page","link":"https:\/\/www.fotezja.pl\/fotowyprawy\/skrzydlata-laponia-wyprawa-przyrodnicza\/","title":{"rendered":"Skrzydlata Laponia wyprawa przyrodnicza"},"content":{"rendered":"<p><img decoding=\"async\" loading=\"lazy\" src=\"https:\/\/www.fotezja.pl\/fotowyprawy\/wp-content\/uploads\/sites\/6\/2024\/01\/Luskowiec-fot.-Pawel-Glowacki.jpg\"><noscript><img decoding=\"async\" src=\"https:\/\/www.fotezja.pl\/fotowyprawy\/wp-content\/uploads\/sites\/6\/2024\/01\/Luskowiec-fot.-Pawel-Glowacki.jpg\"><\/noscript><\/p>\n<p>Zapraszamy na kr\u00f3tk\u0105 wypraw\u0119 przyrodnicz\u0105 do Laponii! Wczesna wiosna to okazja do obserwacji wielu gatunk\u00f3w ptak\u00f3w P\u00f3\u0142nocy. Uczestnicy wyjazdu maj\u0105 szans\u0119 na spotkanie takich gatunk\u00f3w, jak sowa jarz\u0119bata, g\u0142uszec, \u0142uskowce, czeczotki tundrowe, sikory p\u00f3\u0142nocne czy s\u00f3jki syberyjskie, przepi\u0119kne arktyczne kaczki: birginiak oraz turkan, a tak\u017ce ogorza\u0142ki, uhle, mewy blade i polarne, nury rdzawoszyje, biegusy morskie i nurnikami. W programie wyprawy do Laponii jest tak\u017ce rejs na wysp\u0119 Hornoya, gdzie uczestnicy maj\u0105 szanse spotka\u0107 inne gatunki alkowatych, kormorany czubate, a je\u015bli szcz\u0119\u015bcie dopisze &#8211; bia\u0142ozora. &nbsp;&nbsp;<\/p>\n<p style=\"text-align: center;\"><span style=\"color: #ff0000;\">ZAPRASZAMY NA LIST\u0118 REZERWOW\u0104<\/span><\/p>\n<p>Cen\u0119 tej fotowyprawy podajemy w euro, poniewa\u017c jej koszty r\u00f3wnie\u017c p\u0142acimy w euro. Hotele, przewozy, bilety &#8211; to wszystko op\u0142acamy w walucie. Cena podana w euro, a nie w z\u0142ot\u00f3wkach, gwarantuje, \u017ce nie pobierzemy od Was mniej ni\u017c wynosi koszt imprezy&#8230; ani wi\u0119cej.<\/p>\n<p>Wp\u0142at mo\u017cna dokonywa\u0107 na dwa sposoby:<\/p>\n<p>Przelicza\u0107 sobie wysoko\u015b\u0107 zaliczki w euro na z\u0142ot\u00f3wki po <strong><span style=\"color: #ff9900;\"><a href=\"https:\/\/www.nbp.pl\/home.aspx?f=\/kursy\/kursyc.html\" target=\"_blank\" rel=\"noopener noreferrer\">kursie sprzeda\u017cy NBP<\/a><\/span><\/strong> z danego dnia, a wynik, w z\u0142ot\u00f3wkach, wp\u0142aca\u0107 na nasze konto z\u0142ot\u00f3wkowe: 86 2530 0008 2053 1055 8271 0001<\/p>\n<p>Wp\u0142aca\u0107 sum\u0119 wyra\u017con\u0105 w euro na nasze konto w euro (59 2530 0008 2053 1055 8271 0002), niczego nie przeliczaj\u0105c. Osoby, kt\u00f3re same posiadaj\u0105 konto w euro, mog\u0105 to robi\u0107 prostym przelewem; pozostali mog\u0105 np. korzysta\u0107 z serwis\u00f3w  wymiany walut, gdzie mo\u017cna zleca\u0107 przelewy mi\u0119dzywalutowe po bardzo dobrym kursie.<\/p>\n<p><strong>Prosz\u0119 w \u017cadnym wypadku nie wp\u0142aca\u0107 z\u0142ot\u00f3wek na konto euro ani euro na konto z\u0142ot\u00f3wkowe, nawet je\u015bli bank to umo\u017cliwia!<\/strong> W takim przypadku Wy wp\u0142aciliby\u015bcie wi\u0119cej ni\u017c trzeba, my dostaliby\u015bmy mniej ni\u017c trzeba, i tylko bank by\u0142by zadowolony.<\/p>\n<p>Gdyby kto\u015b mia\u0142 w\u0105tpliwo\u015bci co do wp\u0142at, prosimy o kontakt &#8211; pomo\u017cemy.<\/p>\n<p><img decoding=\"async\" loading=\"lazy\" src=\"https:\/\/www.fotezja.pl\/fotowyprawy\/wp-content\/uploads\/sites\/6\/2024\/01\/Turkan-fot.-Pawel-Glowacki.jpg\"><noscript><img decoding=\"async\" src=\"https:\/\/www.fotezja.pl\/fotowyprawy\/wp-content\/uploads\/sites\/6\/2024\/01\/Turkan-fot.-Pawel-Glowacki.jpg\"><\/noscript><\/p>\n<p>To wyjazd adresowany przede wszystkim do mi\u0142o\u015bnik\u00f3w obserwacji zwierz\u0105t, przede wszystkim ptak\u00f3w, cho\u0107 nie tylko. Wsparcie do\u015bwiadczonego przyrodnika i ornitologa pozwoli dostrzec nawet p\u0142ochliwe czy odleg\u0142e zwierz\u0119ta, a tak\u017ce je zidentyfikowa\u0107. Warto oczywi\u015bcie zabra\u0107 aparat fotograficzny, nie jest to jednak fotowyprawa &#8211; zamiast plener\u00f3w b\u0119d\u0105 wsp\u00f3lne spacery w poszukiwaniu np. sowy jarz\u0119batej, g\u0142uszca czy bia\u0142ozora. Nie znaczy to jednak, \u017ce nie da si\u0119 zrobi\u0107 udanych fotografii! Gdy jaki\u015b ciekawy przedstawiciel fauny b\u0119dzie blisko, post\u00f3j na jego podziwianie i fotografowanie mo\u017ce trwa\u0107 nawet i p\u00f3\u0142 godziny &#8211; b\u0119dzie wi\u0119c czas, \u017ceby zrobi\u0107 niejedno zdj\u0119cie. Wi\u0119kszo\u015b\u0107 prezentowanych tu fotografii zosta\u0142a wykonana przez Ma\u0107ka Kowalskiego, kt\u00f3ry b\u0119dzie przewodnikiem na tej wyprawie (pozosta\u0142e zdj\u0119cia s\u0105 autorstwa Paw\u0142a G\u0142owackiego).<\/p>\n<p style=\"text-align: center;\"><span style=\"color: #ff0000;\">ZAPRASZAMY NA LIST\u0118 REZERWOW\u0104<\/span><\/p>\n<p><a name=\"zgloszenie\"><\/a><\/p>\n<p><strong><em><span style=\"color: #ff0000;\"><a href=\"https:\/\/www.fotezja.pl\/fotowyprawy\/skrzydlata-laponia-wyprawa-przyrodnicza\/zgloszenie-na-wyprawe-skrzydlata-laponia\/\" rel=\"\">Chc\u0119 zobaczy\u0107 ptaki Laponii!<\/a><\/span><\/em><\/strong><\/p>\n<p><img decoding=\"async\" loading=\"lazy\" src=\"https:\/\/www.fotezja.pl\/fotowyprawy\/wp-content\/uploads\/sites\/6\/2024\/01\/Lodowka-fot.-Maciek-Kowalski.jpg\"><noscript><img decoding=\"async\" src=\"https:\/\/www.fotezja.pl\/fotowyprawy\/wp-content\/uploads\/sites\/6\/2024\/01\/Lodowka-fot.-Maciek-Kowalski.jpg\"><\/noscript><\/p>\n<p><a href=\"https:\/\/www.fotezja.pl\/fotowyprawy\/skrzydlata-laponia-wyprawa-przyrodnicza\/zgloszenie-na-wyprawe-skrzydlata-laponia\/\" rel=\"\">Zg\u0142aszam si\u0119 na wypraw\u0119 przyrodnicz\u0105 do laponii!<\/a><\/p>\n<p>Bardzo istotna kwestia, kt\u00f3ra wp\u0142ywa tak na wygod\u0119, jak i bezpiecze\u0144stwo to spos\u00f3b pakowania. <strong>Zalecamy dwa baga\u017ce<\/strong>: g\u0142\u00f3wny i podr\u0119czny. G\u0142\u00f3wny, ze wszystkimi ubraniami, rzeczami osobistymi, ewentualnie statywem i \u017cywno\u015bci\u0105 to najlepiej du\u017ca torba na k\u00f3\u0142kach. <strong>Nie zalecamy walizki<\/strong> jako baga\u017cu g\u0142\u00f3wnego &#8211; trudniej j\u0105 upakowa\u0107 w busie, a do tego jest bardziej nara\u017cona na uszkodzenie w transporcie lotniczym.<strong> Limit dla baga\u017cu g\u0142\u00f3wnego przewa\u017cnie wynosi 20 kilogram\u00f3w <\/strong>(zale\u017cy od linii lotniczych, niekiedy jest to nieco wi\u0119cej). Nie nale\u017cy pakowa\u0107 do baga\u017cu g\u0142\u00f3wnego \u017cadnej elektroniki, a baterii i akumulator\u00f3w nawet nie wolno!<\/p>\n<p>Je\u015bli mamy jaki\u015b sprz\u0119t fotograficzny lub obserwacyjny (luneta, lornetka) nale\u017cy go zmie\u015bci\u0107 w baga\u017cu podr\u0119cznym. Na czas podr\u00f3\u017cy samolotem tam te\u017c powinny by\u0107 wszystkie akumulatory, \u0142adowarki i powerbanki. Je\u015bli kto\u015b zabiera notebooka, to r\u00f3wnie\u017c do baga\u017cu podr\u0119cznego &#8211; przynajmniej na czas podr\u00f3\u017cy lotniczej. Wskazane jest, aby m\u00f3c zabra\u0107 ze sob\u0105 termos lub\/i butelk\u0119 wody oraz kanapki &#8211; w taki spos\u00f3b, aby nie grozi\u0142o to ubrudzeniem lub zalaniem aparatu fotograficznego czy lornetki. Je\u015bli chodzi o sprz\u0119t fotograficzny, to najbardziej przydatne b\u0119d\u0105 teleobiektywy &#8211; co najmniej 200 mm, cho\u0107 wi\u0119ksze ogniskowe te\u017c b\u0119d\u0105 u\u017cyteczne.<\/p>\n<p><\/p>\n<p>W kwietniu w Laponii temperatura oscyluje w okolicy zera, mog\u0105 trafi\u0107 si\u0119 przymrozki, zw\u0142aszcza w nocy. Wskazane jest przygotowanie si\u0119 na opady deszczu lub \u015bniegu.<\/p>\n<p><img decoding=\"async\" loading=\"lazy\" src=\"https:\/\/www.fotezja.pl\/fotowyprawy\/wp-content\/uploads\/sites\/6\/2024\/01\/Sikora-polnocna-fot.-Maciek-Kowalski.jpg\"><noscript><img decoding=\"async\" src=\"https:\/\/www.fotezja.pl\/fotowyprawy\/wp-content\/uploads\/sites\/6\/2024\/01\/Sikora-polnocna-fot.-Maciek-Kowalski.jpg\"><\/noscript><\/p>\n<p>Wyprawa odb\u0119dzie si\u0119 na pograniczu Norwegii i Finlandii. Do wjazdu wystarczy dow\u00f3d osobisty. Cho\u0107 Norwegia nie jest w UE, to nale\u017cy do strefy Schengen i paszport nie jest wymagany do wjazdu.. \u017badne szczeg\u00f3lne szczepienia nie s\u0105 wymagane, nie ma te\u017c \u017cadnych nietypowych warunk\u00f3w zdrowotnych ani szczeg\u00f3lnych zagro\u017ce\u0144. Je\u015bli b\u0119d\u0105 wymagane jakie\u015b szczeg\u00f3lne procedury zwi\u0105zane z Covid-19, b\u0119dziemy o nich informowa\u0107 z wyprzedzeniem.<\/p>\n<p><\/p>\n<p><\/p>\n<p><\/p>\n<p><\/p>\n<p>Jak przed ka\u017cd\u0105 podr\u00f3\u017c\u0105, zach\u0119camy aby w razie w\u0105tpliwo\u015bci sprawdzi\u0107 stron\u0119 <strong><span style=\"color: #e69138;\"><a href=\"https:\/\/www.gov.pl\/web\/dyplomacja\/informacje-dla-podrozujacych\" target=\"_blank\" rel=\"noopener noreferrer\">Ministerstwa Spraw Zagranicznych<\/a><\/span><\/strong>. Znajduj\u0105 si\u0119 tam aktualne informacje o wymaganych dokumentach, szczepieniach, ostrze\u017cenia i przepisy celne dla ka\u017cdego kraju.<\/p>\n<div id=\"jig1\" class=\"justified-image-grid jig-633413c1d305fd2dd2962051737970b6 jig-preset-global jig-source-wp-gallery\"><div class=\"jig-clearfix\"><\/div><noscript id=\"jig1-html\" class=\"justified-image-grid-html\" data-lazy-src=\"skiplazyload\" data-src=\"skipunveillazyload\"><ul><li><a href=\"https:\/\/www.fotezja.pl\/fotowyprawy\/wp-content\/uploads\/sites\/6\/2024\/01\/Sikora-polnocna-fot.-Maciek-Kowalski.jpg\" title=\"Sikora p\u00f3\u0142nocna, fot. Maciek Kowalski\"><img decoding=\"async\" src=\"https:\/\/www.fotezja.pl\/fotowyprawy\/wp-content\/plugins\/justified-image-grid\/timthumb.php?src=https%3A%2F%2Fwww.fotezja.pl%2Ffotowyprawy%2Fwp-content%2Fuploads%2Fsites%2F6%2F2024%2F01%2FSikora-polnocna-fot.-Maciek-Kowalski.jpg&amp;h=340&amp;q=90&amp;f=.jpg\" alt=\"Sikora p\u00f3\u0142nocna, fot. Maciek Kowalski\" width=\"509\" height=\"340\" \/><\/a><p class=\"jig-HTMLdescription\">Sikora p\u00f3\u0142nocna, fot. Maciek Kowalski<\/p><\/li><li><a href=\"https:\/\/www.fotezja.pl\/fotowyprawy\/wp-content\/uploads\/sites\/6\/2024\/01\/Czeczotka-fot.-Maciek-Kowalski.jpg\" title=\"Czeczotka, fot. Maciek Kowalski\"><img decoding=\"async\" src=\"https:\/\/www.fotezja.pl\/fotowyprawy\/wp-content\/plugins\/justified-image-grid\/timthumb.php?src=https%3A%2F%2Fwww.fotezja.pl%2Ffotowyprawy%2Fwp-content%2Fuploads%2Fsites%2F6%2F2024%2F01%2FCzeczotka-fot.-Maciek-Kowalski.jpg&amp;h=340&amp;q=90&amp;f=.jpg\" alt=\"&lt;span id=&quot;wp-image-9456&quot; class=&quot;exif&quot;&gt;&lt;span class=&quot;aperture&quot;&gt;Przys\u0142ona:&#402;\/5.6&nbsp;&lt;span class=&quot;focal_length&quot;&gt;Ogniskowa:278mm&nbsp;&lt;span class=&quot;iso&quot;&gt;Czu\u0142o\u015b\u0107 ISO:2000&nbsp;&lt;span class=&quot;shutter_speed&quot;&gt;Czas na\u015bwietlania:1\/2000s&nbsp;&lt;\/span&gt;\" width=\"510\" height=\"340\" \/><\/a><p class=\"jig-HTMLdescription\"><span id=\"wp-image-9456\" class=\"exif\"><span class=\"aperture\">Przys\u0142ona:&#402;\/5.6&nbsp;<span class=\"focal_length\">Ogniskowa:278mm&nbsp;<span class=\"iso\">Czu\u0142o\u015b\u0107 ISO:2000&nbsp;<span class=\"shutter_speed\">Czas na\u015bwietlania:1\/2000s&nbsp;<\/span><br\/>Czeczotka, fot. Maciek Kowalski<\/p><\/li><li><a href=\"https:\/\/www.fotezja.pl\/fotowyprawy\/wp-content\/uploads\/sites\/6\/2024\/01\/Lodowka-fot.-Maciek-Kowalski.jpg\" title=\"Lod\u00f3wka, fot. Maciek Kowalski\"><img decoding=\"async\" src=\"https:\/\/www.fotezja.pl\/fotowyprawy\/wp-content\/plugins\/justified-image-grid\/timthumb.php?src=https%3A%2F%2Fwww.fotezja.pl%2Ffotowyprawy%2Fwp-content%2Fuploads%2Fsites%2F6%2F2024%2F01%2FLodowka-fot.-Maciek-Kowalski.jpg&amp;h=340&amp;q=90&amp;f=.jpg\" alt=\"Lod\u00f3wka, fot. Maciek Kowalski\" width=\"509\" height=\"340\" \/><\/a><p class=\"jig-HTMLdescription\">Lod\u00f3wka, fot. Maciek Kowalski<\/p><\/li><li><a href=\"https:\/\/www.fotezja.pl\/fotowyprawy\/wp-content\/uploads\/sites\/6\/2024\/01\/Turkan-fot.-Pawel-Glowacki.jpg\" title=\"Turkan, fot. Pawe\u0142 G\u0142owacki\"><img decoding=\"async\" src=\"https:\/\/www.fotezja.pl\/fotowyprawy\/wp-content\/plugins\/justified-image-grid\/timthumb.php?src=https%3A%2F%2Fwww.fotezja.pl%2Ffotowyprawy%2Fwp-content%2Fuploads%2Fsites%2F6%2F2024%2F01%2FTurkan-fot.-Pawel-Glowacki.jpg&amp;h=340&amp;q=90&amp;f=.jpg\" alt=\"Turkan, fot. Pawe\u0142 G\u0142owacki\" width=\"453\" height=\"340\" \/><\/a><p class=\"jig-HTMLdescription\">Turkan, fot. Pawe\u0142 G\u0142owacki<\/p><\/li><li><a href=\"https:\/\/www.fotezja.pl\/fotowyprawy\/wp-content\/uploads\/sites\/6\/2024\/01\/Birginiak-fot.-Pawel-Glowacki.jpg\" title=\"Birginiak, fot. Pawe\u0142 G\u0142owacki\"><img decoding=\"async\" src=\"https:\/\/www.fotezja.pl\/fotowyprawy\/wp-content\/plugins\/justified-image-grid\/timthumb.php?src=https%3A%2F%2Fwww.fotezja.pl%2Ffotowyprawy%2Fwp-content%2Fuploads%2Fsites%2F6%2F2024%2F01%2FBirginiak-fot.-Pawel-Glowacki.jpg&amp;h=340&amp;q=90&amp;f=.jpg\" alt=\"Birginiak, fot. Pawe\u0142 G\u0142owacki\" width=\"509\" height=\"340\" \/><\/a><p class=\"jig-HTMLdescription\">Birginiak, fot. Pawe\u0142 G\u0142owacki<\/p><\/li><li><a href=\"https:\/\/www.fotezja.pl\/fotowyprawy\/wp-content\/uploads\/sites\/6\/2024\/01\/Luskowiec-fot.-Pawel-Glowacki.jpg\" title=\"\u0141uskowiec, fot. Pawe\u0142 G\u0142owacki\"><img decoding=\"async\" src=\"https:\/\/www.fotezja.pl\/fotowyprawy\/wp-content\/plugins\/justified-image-grid\/timthumb.php?src=https%3A%2F%2Fwww.fotezja.pl%2Ffotowyprawy%2Fwp-content%2Fuploads%2Fsites%2F6%2F2024%2F01%2FLuskowiec-fot.-Pawel-Glowacki.jpg&amp;h=340&amp;q=90&amp;f=.jpg\" alt=\"&lt;span id=&quot;wp-image-9458&quot; class=&quot;exif&quot;&gt;&lt;span class=&quot;aperture&quot;&gt;Przys\u0142ona:&#402;\/5.6&nbsp;&lt;span class=&quot;focal_length&quot;&gt;Ogniskowa:400mm&nbsp;&lt;span class=&quot;iso&quot;&gt;Czu\u0142o\u015b\u0107 ISO:2500&nbsp;&lt;span class=&quot;shutter_speed&quot;&gt;Czas na\u015bwietlania:1\/640s&nbsp;&lt;\/span&gt;\" width=\"453\" height=\"340\" \/><\/a><p class=\"jig-HTMLdescription\"><span id=\"wp-image-9458\" class=\"exif\"><span class=\"aperture\">Przys\u0142ona:&#402;\/5.6&nbsp;<span class=\"focal_length\">Ogniskowa:400mm&nbsp;<span class=\"iso\">Czu\u0142o\u015b\u0107 ISO:2500&nbsp;<span class=\"shutter_speed\">Czas na\u015bwietlania:1\/640s&nbsp;<\/span><br\/>\u0141uskowiec, fot. Pawe\u0142 G\u0142owacki<\/p><\/li><li><a href=\"https:\/\/www.fotezja.pl\/fotowyprawy\/wp-content\/uploads\/sites\/6\/2024\/01\/Alka-fot.-Maciek-Kowalski.jpg\" title=\"Alka (Alca torda), fot. Maciek Kowalski\"><img decoding=\"async\" src=\"https:\/\/www.fotezja.pl\/fotowyprawy\/wp-content\/plugins\/justified-image-grid\/timthumb.php?src=https%3A%2F%2Fwww.fotezja.pl%2Ffotowyprawy%2Fwp-content%2Fuploads%2Fsites%2F6%2F2024%2F01%2FAlka-fot.-Maciek-Kowalski.jpg&amp;h=340&amp;q=90&amp;f=.jpg\" alt=\"&lt;span id=&quot;wp-image-9453&quot; class=&quot;exif&quot;&gt;&lt;span class=&quot;aperture&quot;&gt;Przys\u0142ona:&#402;\/5.6&nbsp;&lt;span class=&quot;focal_length&quot;&gt;Ogniskowa:400mm&nbsp;&lt;span class=&quot;iso&quot;&gt;Czu\u0142o\u015b\u0107 ISO:500&nbsp;&lt;span class=&quot;shutter_speed&quot;&gt;Czas na\u015bwietlania:1\/640s&nbsp;&lt;\/span&gt;\" width=\"510\" height=\"340\" \/><\/a><p class=\"jig-HTMLdescription\"><span id=\"wp-image-9453\" class=\"exif\"><span class=\"aperture\">Przys\u0142ona:&#402;\/5.6&nbsp;<span class=\"focal_length\">Ogniskowa:400mm&nbsp;<span class=\"iso\">Czu\u0142o\u015b\u0107 ISO:500&nbsp;<span class=\"shutter_speed\">Czas na\u015bwietlania:1\/640s&nbsp;<\/span><br\/>Alka (Alca torda), fot. Maciek Kowalski<\/p><\/li><li><a href=\"https:\/\/www.fotezja.pl\/fotowyprawy\/wp-content\/uploads\/sites\/6\/2024\/01\/Birginiaki-fot.-Pawel-Glowacki.jpg\" title=\"Birginiaki, fot. Pawe\u0142 G\u0142owacki\"><img decoding=\"async\" src=\"https:\/\/www.fotezja.pl\/fotowyprawy\/wp-content\/plugins\/justified-image-grid\/timthumb.php?src=https%3A%2F%2Fwww.fotezja.pl%2Ffotowyprawy%2Fwp-content%2Fuploads%2Fsites%2F6%2F2024%2F01%2FBirginiaki-fot.-Pawel-Glowacki.jpg&amp;h=340&amp;q=90&amp;f=.jpg\" alt=\"Birginiaki, fot. Pawe\u0142 G\u0142owacki\" width=\"509\" height=\"340\" \/><\/a><p class=\"jig-HTMLdescription\">Birginiaki, fot. Pawe\u0142 G\u0142owacki<\/p><\/li><li><a href=\"https:\/\/www.fotezja.pl\/fotowyprawy\/wp-content\/uploads\/sites\/6\/2024\/01\/Sojka-syberyjska-fot.-Maciek-Kowalski.jpg\" title=\"S\u00f3jka syberyjska, fot. Maciek Kowalski\"><img decoding=\"async\" src=\"https:\/\/www.fotezja.pl\/fotowyprawy\/wp-content\/plugins\/justified-image-grid\/timthumb.php?src=https%3A%2F%2Fwww.fotezja.pl%2Ffotowyprawy%2Fwp-content%2Fuploads%2Fsites%2F6%2F2024%2F01%2FSojka-syberyjska-fot.-Maciek-Kowalski.jpg&amp;h=340&amp;q=90&amp;f=.jpg\" alt=\"S\u00f3jka syberyjska, fot. Maciek Kowalski\" width=\"510\" height=\"340\" \/><\/a><p class=\"jig-HTMLdescription\">S\u00f3jka syberyjska, fot. Maciek Kowalski<\/p><\/li><\/ul><\/noscript><\/div>\n<p class=\"tipi-center\"><a target=\"_blank\" href=\"https:\/\/www.fotezja.pl\/fotowyprawy\/powinienes-wiedziec-ze\/\" style=\"color: #e69138\" rel=\"noopener\"><strong>Przeczytaj, co jeszcze warto wiedzie\u0107 o naszych fotowyprawach<\/strong><\/a><a target=\"_blank\" href=\"https:\/\/www.fotezja.pl\/fotowyprawy\/category\/powinienes-wiedziec-ze\/\" style=\"color: #e69138\" rel=\"noopener\"><strong> <\/strong><\/a><\/p>\n<p class=\"tipi-center\"><a target=\"_blank\" href=\"https:\/\/www.fotezja.pl\/fotowyprawy\/warto-bo\/\" style=\"color: #e69138\" rel=\"noopener\"><strong>Co oferujemy i dlaczego warto jecha\u0107 w\u0142a\u015bnie z nami<\/strong><\/a><a target=\"_blank\" href=\"https:\/\/www.fotezja.pl\/fotowyprawy\/warto-bo\/\" style=\"color: #e69138\" rel=\"noopener\"><strong>&nbsp;<\/strong><\/a><\/p>\n<p class=\"tipi-center\"><a target=\"_blank\" href=\"https:\/\/www.fotezja.pl\/fotowyprawy\/ogolne-warunki-umowy-o-swiadczeniu-imprez-turystycznych\/\" style=\"color: #e69138\" rel=\"noopener\"><strong>Jakie s\u0105 og\u00f3lne warunki umowy o \u015bwiadczenie us\u0142ug turystycznych <\/strong><\/a><\/p>\n","protected":false},"excerpt":{"rendered":"<p>Zapraszamy na kr\u00f3tk\u0105 wypraw\u0119 przyrodnicz\u0105 do Laponii! Wczesna wiosna to okazja do obserwacji wielu gatunk\u00f3w ptak\u00f3w P\u00f3\u0142nocy. Uczestnicy wyjazdu maj\u0105 szans\u0119 na spotkanie takich gatunk\u00f3w, jak sowa jarz\u0119bata, g\u0142uszec, \u0142uskowce, czeczotki tundrowe, sikory p\u00f3\u0142nocne czy s\u00f3jki syberyjskie, przepi\u0119kne arktyczne kaczki: birginiak oraz turkan, a tak\u017ce ogorza\u0142ki, uhle, mewy blade i polarne, nury rdzawoszyje, biegusy morskie i nurnikami. W programie wyprawy do Laponii jest tak\u017ce rejs na wysp\u0119 Hornoya, gdzie uczestnicy maj\u0105 szanse spotka\u0107 inne gatunki alkowatych, kormorany czubate, a je\u015bli [&hellip;]<\/p>\n","protected":false},"author":1,"featured_media":9458,"parent":0,"menu_order":0,"comment_status":"closed","ping_status":"closed","template":"","meta":{"footnotes":"","_links_to":"","_links_to_target":""},"class_list":["post-9462","page","type-page","status-publish","has-post-thumbnail","hentry"],"_links":{"self":[{"href":"https:\/\/www.fotezja.pl\/fotowyprawy\/wp-json\/wp\/v2\/pages\/9462","targetHints":{"allow":["GET"]}}],"collection":[{"href":"https:\/\/www.fotezja.pl\/fotowyprawy\/wp-json\/wp\/v2\/pages"}],"about":[{"href":"https:\/\/www.fotezja.pl\/fotowyprawy\/wp-json\/wp\/v2\/types\/page"}],"author":[{"embeddable":true,"href":"https:\/\/www.fotezja.pl\/fotowyprawy\/wp-json\/wp\/v2\/users\/1"}],"replies":[{"embeddable":true,"href":"https:\/\/www.fotezja.pl\/fotowyprawy\/wp-json\/wp\/v2\/comments?post=9462"}],"version-history":[{"count":49,"href":"https:\/\/www.fotezja.pl\/fotowyprawy\/wp-json\/wp\/v2\/pages\/9462\/revisions"}],"predecessor-version":[{"id":11979,"href":"https:\/\/www.fotezja.pl\/fotowyprawy\/wp-json\/wp\/v2\/pages\/9462\/revisions\/11979"}],"wp:featuredmedia":[{"embeddable":true,"href":"https:\/\/www.fotezja.pl\/fotowyprawy\/wp-json\/wp\/v2\/media\/9458"}],"wp:attachment":[{"href":"https:\/\/www.fotezja.pl\/fotowyprawy\/wp-json\/wp\/v2\/media?parent=9462"}],"curies":[{"name":"wp","href":"https:\/\/api.w.org\/{rel}","templated":true}]}}