{"id":8722,"date":"2023-11-02T19:44:38","date_gmt":"2023-11-02T18:44:38","guid":{"rendered":"https:\/\/www.fotezja.pl\/fotowyprawy\/?page_id=8722"},"modified":"2026-02-05T23:10:41","modified_gmt":"2026-02-05T22:10:41","slug":"jelenie-i-zurawie-w-dolinie-baryczy","status":"publish","type":"page","link":"https:\/\/www.fotezja.pl\/fotowyprawy\/jelenie-i-zurawie-w-dolinie-baryczy\/","title":{"rendered":"Jelenie i \u017curawie w Dolinie Baryczy"},"content":{"rendered":"<p><img decoding=\"async\" loading=\"lazy\" src=\"https:\/\/www.fotezja.pl\/fotowyprawy\/wp-content\/uploads\/sites\/6\/2025\/10\/Dolina_Baryczy-20240922-5717-D.jpg\"><noscript><img decoding=\"async\" src=\"https:\/\/www.fotezja.pl\/fotowyprawy\/wp-content\/uploads\/sites\/6\/2025\/10\/Dolina_Baryczy-20240922-5717-D.jpg\"><\/noscript><\/p>\n<p>Przed\u015bwit. Granatowiej\u0105ce jeszcze po nocy niebo powoli nabiera na horyzoncie coraz intensywniejszej czerwieni, kt\u00f3ra stopniowo rozlewa si\u0119 po stawie. Le\u015bna \u015bcie\u017cka jeszcze mroczna, drzewa odcinaj\u0105 si\u0119 nad wod\u0105 czarnymi konturami, bywa \u017ce gdzie\u015b plu\u015bnie weso\u0142o zwinna wydra. Nad stawami przep\u0142ywaj\u0105 mg\u0142y to ods\u0142aniaj\u0105c, to skrywaj\u0105c trzcinowiska, wyspy, zaro\u015bla. Stopniowo \u015bwiat\u0142o dnia rozja\u015bnia krajobraz, w kt\u00f3rym znienacka, w ciszy lub zapowiedziane nios\u0105cym si\u0119 daleko basowym rykiem pojawiaj\u0105 si\u0119 wspania\u0142e sylwetki jeleni, pot\u0119\u017cnych byk\u00f3w z imponuj\u0105cym poro\u017cem, i m\u0142odszych, lecz r\u00f3wnie dostojnych samc\u00f3w, a tak\u017ce towarzysz\u0105cych im smuk\u0142ych \u0142a\u0144, kt\u00f3re z gracj\u0105 przebiegaj\u0105 przez wod\u0119. Trudno orzec, czy pi\u0119kniej prezentuj\u0105 si\u0119 w \u015bwietle \u015bwitu czy na tle zachodz\u0105cego s\u0142o\u0144ca, kt\u00f3re wydobywa ciep\u0142o i mi\u0119kko\u015b\u0107 aksamitu z ich br\u0105zowych grzbiet\u00f3w i przydaje im patyny starego z\u0142ota, czasem za\u015b udekorowane zielonym wie\u0144cem ro\u015blinno\u015bci oplataj\u0105cej poro\u017ce. Oto Dolina Baryczy. M\u00f3wi\u0105 o niej: kraina nad leniw\u0105 wod\u0105. Mo\u017ce i Barycz prowadzi sw\u00f3j nurt niespiesznie, jednak ciche wody tej powolnej rzeki s\u0105 \u017ar\u00f3d\u0142em intensywnie t\u0119tni\u0105cego \u017cycia, zw\u0142aszcza jesieni\u0105 podczas rykowiska oraz ptasich przelot\u00f3w. Czasem trudno zdecydowa\u0107, czy wieczorem ogl\u0105da\u0107 emocjonuj\u0105ce konfrontacje okaza\u0142ych byk\u00f3w, czy kontemplowa\u0107 liryczne i tchn\u0105ce nostalgiczn\u0105 aur\u0105 zlotowiska \u017curawi, czy mo\u017ce fotografowa\u0107 samotn\u0105 bia\u0142\u0105 czapl\u0119, stoj\u0105c\u0105 w wodzie podczas pe\u0142ni w smudze ksi\u0119\u017cycowej po\u015bwiaty. A puenta brzmi: na tej wyprawie przy odrobinie szcz\u0119\u015bcia mo\u017cna mie\u0107 to wszystko:)<\/p>\n<p>Wiemy to z do\u015bwiadczenia!<\/p>\n<p style=\"text-align: center;\">\n<p>Wypraw\u0119 polecamy mi\u0142o\u015bnikom przyrody oraz fotografii przyrodniczej. Park Krajobrazowy \u201eDolina Baryczy\u201d to najwi\u0119kszy kompleks staw\u00f3w rybnych w Europie, obejmuje ich prawie 300, a jego serce stanowi najwi\u0119kszy w Polsce rezerwat ornitologiczny \u201eStawy Milickie\u201d. W samym tylko rezerwacie stwierdzono 257 gatunk\u00f3w ptak\u00f3w. O tej porze roku mo\u017cna obserwowa\u0107 licznie wyst\u0119puj\u0105ce kaczki, w tym najrzadsz\u0105 \u2013 podgorza\u0142k\u0119, g\u0119si, \u017curawie, czaple bia\u0142e i siwe, bywa i purpurowa, \u0142ab\u0119dzie nieme i krzykliwe, perkozy i perkozki czy ptaki siewkowate. Warto wspomnie\u0107 tak\u017ce o poluj\u0105cych drapie\u017cnikach, w\u015br\u00f3d kt\u00f3rych opr\u00f3cz bielik\u00f3w kr\u0105\u017c\u0105 tak\u017ce b\u0142otniaki stawowe, kanie rude czy rybo\u0142owy. PK \u201eDolina Baryczy\u201d to oczywi\u015bcie tak\u017ce \u015bwietne siedliska dla innych gatunk\u00f3w zwierz\u0105t, takich jak jelenie, wydry, bobry, a bywa, \u017ce uda si\u0119 napotka\u0107 wilka. Naszym drugim g\u0142\u00f3wnym celem podczas tej wyprawy (obok obserwacji ornitologicznych) b\u0119dzie odbywaj\u0105ce si\u0119 w tym czasie rykowisko jeleni. To widowiskowe i pe\u0142ne elektryzuj\u0105cego napi\u0119cia okazje do uchwycenia na fotografii sylwetek tych szlachetnych zwierz\u0105t, pi\u0119knie prezentuj\u0105cych si\u0119 zw\u0142aszcza w grze \u015bwiate\u0142 i mgie\u0142, tworz\u0105cych nieco tajemniczy nastr\u00f3j rano i wieczorem. Ale i dzie\u0144 niejednokrotnie przynosi tu zaskakuj\u0105ce obserwacje i \u015bwietne kadry.<\/p>\n<p style=\"text-align: center;\">\n<p><a name=\"zgloszenie\"><\/a><\/p>\n<p><strong><span style=\"color: #ff0000;\"><a href=\"https:\/\/www.fotezja.pl\/fotowyprawy\/jelenie-i-zurawie-w-dolinie-baryczy\/zgloszenie-na-wyprawe-do-doliny-baryczy\/\" rel=\"\">Jad\u0119 na \u017curawie i jelenie do Doliny Baryczy!<\/a><\/span><\/strong><\/p>\n<p><img decoding=\"async\" loading=\"lazy\" src=\"https:\/\/www.fotezja.pl\/fotowyprawy\/wp-content\/uploads\/sites\/6\/2023\/11\/Dolina-Baryczy-20220922_777D-clear-fhd-1_a.jpg\"><noscript><img decoding=\"async\" src=\"https:\/\/www.fotezja.pl\/fotowyprawy\/wp-content\/uploads\/sites\/6\/2023\/11\/Dolina-Baryczy-20220922_777D-clear-fhd-1_a.jpg\"><\/noscript><\/p>\n<p><span style=\"color: #ffff00\"><a href=\"https:\/\/www.fotezja.pl\/fotowyprawy\/jelenie-i-zurawie-w-dolinie-baryczy\/zgloszenie-na-wyprawe-do-doliny-baryczy\/\" rel=\"\">Zg\u0142aszam si\u0119 na wypraw\u0119 do doliny baryczy!<\/a><\/span><\/p>\n<div id=\"jig1\" class=\"justified-image-grid jig-36317383521caca0debba5924836c3c0 jig-preset-global jig-source-wp-gallery\"><div class=\"jig-clearfix\"><\/div><noscript id=\"jig1-html\" class=\"justified-image-grid-html\" data-lazy-src=\"skiplazyload\" data-src=\"skipunveillazyload\"><ul><li><a href=\"https:\/\/www.fotezja.pl\/fotowyprawy\/wp-content\/uploads\/sites\/6\/2023\/11\/Dolina-Baryczy-20220925_3456D-_cr.jpg\" title=\"fot. Staszek Dul\"><img decoding=\"async\" src=\"https:\/\/www.fotezja.pl\/fotowyprawy\/wp-content\/plugins\/justified-image-grid\/timthumb.php?src=https%3A%2F%2Fwww.fotezja.pl%2Ffotowyprawy%2Fwp-content%2Fuploads%2Fsites%2F6%2F2023%2F11%2FDolina-Baryczy-20220925_3456D-_cr.jpg&amp;h=340&amp;q=90&amp;f=.jpg\" alt=\"&lt;span id=&quot;wp-image-8755&quot; class=&quot;exif&quot;&gt;&lt;span class=&quot;aperture&quot;&gt;Przys\u0142ona:&#402;\/6.3&nbsp;&lt;span class=&quot;focal_length&quot;&gt;Ogniskowa:600mm&nbsp;&lt;span class=&quot;iso&quot;&gt;Czu\u0142o\u015b\u0107 ISO:400&nbsp;&lt;span class=&quot;shutter_speed&quot;&gt;Czas na\u015bwietlania:1\/4000s&nbsp;&lt;\/span&gt;\" width=\"495\" height=\"340\" \/><\/a><p class=\"jig-HTMLdescription\"><span id=\"wp-image-8755\" class=\"exif\"><span class=\"aperture\">Przys\u0142ona:&#402;\/6.3&nbsp;<span class=\"focal_length\">Ogniskowa:600mm&nbsp;<span class=\"iso\">Czu\u0142o\u015b\u0107 ISO:400&nbsp;<span class=\"shutter_speed\">Czas na\u015bwietlania:1\/4000s&nbsp;<\/span><br\/>fot. Staszek Dul<\/p><\/li><li><a href=\"https:\/\/www.fotezja.pl\/fotowyprawy\/wp-content\/uploads\/sites\/6\/2025\/10\/Dolina_Baryczy-20240920-1537-D.jpg\" title=\"fot. Staszek Dul\"><img decoding=\"async\" src=\"https:\/\/www.fotezja.pl\/fotowyprawy\/wp-content\/plugins\/justified-image-grid\/timthumb.php?src=https%3A%2F%2Fwww.fotezja.pl%2Ffotowyprawy%2Fwp-content%2Fuploads%2Fsites%2F6%2F2025%2F10%2FDolina_Baryczy-20240920-1537-D.jpg&amp;h=340&amp;q=90&amp;f=.jpg\" alt=\"&lt;span id=&quot;wp-image-14472&quot; class=&quot;exif&quot;&gt;&lt;span class=&quot;aperture&quot;&gt;Przys\u0142ona:&#402;\/6.3&nbsp;&lt;span class=&quot;focal_length&quot;&gt;Ogniskowa:510mm&nbsp;&lt;span class=&quot;iso&quot;&gt;Czu\u0142o\u015b\u0107 ISO:500&nbsp;&lt;span class=&quot;shutter_speed&quot;&gt;Czas na\u015bwietlania:1\/3200s&nbsp;&lt;\/span&gt;\" width=\"604\" height=\"340\" \/><\/a><p class=\"jig-HTMLdescription\"><span id=\"wp-image-14472\" class=\"exif\"><span class=\"aperture\">Przys\u0142ona:&#402;\/6.3&nbsp;<span class=\"focal_length\">Ogniskowa:510mm&nbsp;<span class=\"iso\">Czu\u0142o\u015b\u0107 ISO:500&nbsp;<span class=\"shutter_speed\">Czas na\u015bwietlania:1\/3200s&nbsp;<\/span><br\/>fot. Staszek Dul<\/p><\/li><li><a href=\"https:\/\/www.fotezja.pl\/fotowyprawy\/wp-content\/uploads\/sites\/6\/2023\/11\/Dolina_Baryczy-20200611_1044D-clear-fhd-1_a.jpg\" title=\"fot. Staszek Dul\"><img decoding=\"async\" src=\"https:\/\/www.fotezja.pl\/fotowyprawy\/wp-content\/plugins\/justified-image-grid\/timthumb.php?src=https%3A%2F%2Fwww.fotezja.pl%2Ffotowyprawy%2Fwp-content%2Fuploads%2Fsites%2F6%2F2023%2F11%2FDolina_Baryczy-20200611_1044D-clear-fhd-1_a.jpg&amp;h=340&amp;q=90&amp;f=.jpg\" alt=\"&lt;span id=&quot;wp-image-8736&quot; class=&quot;exif&quot;&gt;&lt;span class=&quot;aperture&quot;&gt;Przys\u0142ona:&#402;\/6.3&nbsp;&lt;span class=&quot;focal_length&quot;&gt;Ogniskowa:600mm&nbsp;&lt;span class=&quot;iso&quot;&gt;Czu\u0142o\u015b\u0107 ISO:1250&nbsp;&lt;span class=&quot;shutter_speed&quot;&gt;Czas na\u015bwietlania:1\/3200s&nbsp;&lt;\/span&gt;\" width=\"604\" height=\"340\" \/><\/a><p class=\"jig-HTMLdescription\"><span id=\"wp-image-8736\" class=\"exif\"><span class=\"aperture\">Przys\u0142ona:&#402;\/6.3&nbsp;<span class=\"focal_length\">Ogniskowa:600mm&nbsp;<span class=\"iso\">Czu\u0142o\u015b\u0107 ISO:1250&nbsp;<span class=\"shutter_speed\">Czas na\u015bwietlania:1\/3200s&nbsp;<\/span><br\/>fot. Staszek Dul<\/p><\/li><li><a href=\"https:\/\/www.fotezja.pl\/fotowyprawy\/wp-content\/uploads\/sites\/6\/2023\/11\/Dolina_Baryczy-20231005_1366D-clear-fhd-1_a.jpg\" title=\"fot. Staszek Dul\"><img decoding=\"async\" src=\"https:\/\/www.fotezja.pl\/fotowyprawy\/wp-content\/plugins\/justified-image-grid\/timthumb.php?src=https%3A%2F%2Fwww.fotezja.pl%2Ffotowyprawy%2Fwp-content%2Fuploads%2Fsites%2F6%2F2023%2F11%2FDolina_Baryczy-20231005_1366D-clear-fhd-1_a.jpg&amp;h=340&amp;q=90&amp;f=.jpg\" alt=\"&lt;span id=&quot;wp-image-8743&quot; class=&quot;exif&quot;&gt;&lt;span class=&quot;aperture&quot;&gt;Przys\u0142ona:&#402;\/6.3&nbsp;&lt;span class=&quot;focal_length&quot;&gt;Ogniskowa:600mm&nbsp;&lt;span class=&quot;iso&quot;&gt;Czu\u0142o\u015b\u0107 ISO:1000&nbsp;&lt;span class=&quot;shutter_speed&quot;&gt;Czas na\u015bwietlania:1\/80s&nbsp;&lt;\/span&gt;\" width=\"604\" height=\"340\" \/><\/a><p class=\"jig-HTMLdescription\"><span id=\"wp-image-8743\" class=\"exif\"><span class=\"aperture\">Przys\u0142ona:&#402;\/6.3&nbsp;<span class=\"focal_length\">Ogniskowa:600mm&nbsp;<span class=\"iso\">Czu\u0142o\u015b\u0107 ISO:1000&nbsp;<span class=\"shutter_speed\">Czas na\u015bwietlania:1\/80s&nbsp;<\/span><br\/>fot. Staszek Dul<\/p><\/li><li><a href=\"https:\/\/www.fotezja.pl\/fotowyprawy\/wp-content\/uploads\/sites\/6\/2023\/11\/Dolina_Baryczy-20231006_574D-clear-fhd-1_a.jpg\" title=\"fot. Staszek Dul\"><img decoding=\"async\" src=\"https:\/\/www.fotezja.pl\/fotowyprawy\/wp-content\/plugins\/justified-image-grid\/timthumb.php?src=https%3A%2F%2Fwww.fotezja.pl%2Ffotowyprawy%2Fwp-content%2Fuploads%2Fsites%2F6%2F2023%2F11%2FDolina_Baryczy-20231006_574D-clear-fhd-1_a.jpg&amp;h=340&amp;q=90&amp;f=.jpg\" alt=\"&lt;span id=&quot;wp-image-8745&quot; class=&quot;exif&quot;&gt;&lt;span class=&quot;aperture&quot;&gt;Przys\u0142ona:&#402;\/6.3&nbsp;&lt;span class=&quot;focal_length&quot;&gt;Ogniskowa:600mm&nbsp;&lt;span class=&quot;iso&quot;&gt;Czu\u0142o\u015b\u0107 ISO:500&nbsp;&lt;span class=&quot;shutter_speed&quot;&gt;Czas na\u015bwietlania:1\/1250s&nbsp;&lt;\/span&gt;\" width=\"604\" height=\"340\" \/><\/a><p class=\"jig-HTMLdescription\"><span id=\"wp-image-8745\" class=\"exif\"><span class=\"aperture\">Przys\u0142ona:&#402;\/6.3&nbsp;<span class=\"focal_length\">Ogniskowa:600mm&nbsp;<span class=\"iso\">Czu\u0142o\u015b\u0107 ISO:500&nbsp;<span class=\"shutter_speed\">Czas na\u015bwietlania:1\/1250s&nbsp;<\/span><br\/>fot. Staszek Dul<\/p><\/li><li><a href=\"https:\/\/www.fotezja.pl\/fotowyprawy\/wp-content\/uploads\/sites\/6\/2023\/11\/Dolina_Baryczy-20231007_912D-clear-fhd-1_a.jpg\" title=\"fot. Staszek Dul\"><img decoding=\"async\" src=\"https:\/\/www.fotezja.pl\/fotowyprawy\/wp-content\/plugins\/justified-image-grid\/timthumb.php?src=https%3A%2F%2Fwww.fotezja.pl%2Ffotowyprawy%2Fwp-content%2Fuploads%2Fsites%2F6%2F2023%2F11%2FDolina_Baryczy-20231007_912D-clear-fhd-1_a.jpg&amp;h=340&amp;q=90&amp;f=.jpg\" alt=\"&lt;span id=&quot;wp-image-8748&quot; class=&quot;exif&quot;&gt;&lt;span class=&quot;aperture&quot;&gt;Przys\u0142ona:&#402;\/6.3&nbsp;&lt;span class=&quot;focal_length&quot;&gt;Ogniskowa:475mm&nbsp;&lt;span class=&quot;iso&quot;&gt;Czu\u0142o\u015b\u0107 ISO:1600&nbsp;&lt;span class=&quot;shutter_speed&quot;&gt;Czas na\u015bwietlania:1\/2500s&nbsp;&lt;\/span&gt;\" width=\"480\" height=\"340\" \/><\/a><p class=\"jig-HTMLdescription\"><span id=\"wp-image-8748\" class=\"exif\"><span class=\"aperture\">Przys\u0142ona:&#402;\/6.3&nbsp;<span class=\"focal_length\">Ogniskowa:475mm&nbsp;<span class=\"iso\">Czu\u0142o\u015b\u0107 ISO:1600&nbsp;<span class=\"shutter_speed\">Czas na\u015bwietlania:1\/2500s&nbsp;<\/span><br\/>fot. Staszek Dul<\/p><\/li><li><a href=\"https:\/\/www.fotezja.pl\/fotowyprawy\/wp-content\/uploads\/sites\/6\/2025\/10\/Dolina_Baryczy-20240922-6065-D.jpg\" title=\"fot. Staszek Dul\"><img decoding=\"async\" src=\"https:\/\/www.fotezja.pl\/fotowyprawy\/wp-content\/plugins\/justified-image-grid\/timthumb.php?src=https%3A%2F%2Fwww.fotezja.pl%2Ffotowyprawy%2Fwp-content%2Fuploads%2Fsites%2F6%2F2025%2F10%2FDolina_Baryczy-20240922-6065-D.jpg&amp;h=340&amp;q=90&amp;f=.jpg\" alt=\"&lt;span id=&quot;wp-image-14485&quot; class=&quot;exif&quot;&gt;&lt;span class=&quot;aperture&quot;&gt;Przys\u0142ona:&#402;\/6.3&nbsp;&lt;span class=&quot;focal_length&quot;&gt;Ogniskowa:256mm&nbsp;&lt;span class=&quot;iso&quot;&gt;Czu\u0142o\u015b\u0107 ISO:200&nbsp;&lt;span class=&quot;shutter_speed&quot;&gt;Czas na\u015bwietlania:1\/3200s&nbsp;&lt;\/span&gt;\" width=\"604\" height=\"340\" \/><\/a><p class=\"jig-HTMLdescription\"><span id=\"wp-image-14485\" class=\"exif\"><span class=\"aperture\">Przys\u0142ona:&#402;\/6.3&nbsp;<span class=\"focal_length\">Ogniskowa:256mm&nbsp;<span class=\"iso\">Czu\u0142o\u015b\u0107 ISO:200&nbsp;<span class=\"shutter_speed\">Czas na\u015bwietlania:1\/3200s&nbsp;<\/span><br\/>fot. Staszek Dul<\/p><\/li><li><a href=\"https:\/\/www.fotezja.pl\/fotowyprawy\/wp-content\/uploads\/sites\/6\/2023\/11\/Dolina_Baryczy-20231007_675D-clear-fhd-1_a.jpg\" title=\"fot. Staszek Dul\"><img decoding=\"async\" src=\"https:\/\/www.fotezja.pl\/fotowyprawy\/wp-content\/plugins\/justified-image-grid\/timthumb.php?src=https%3A%2F%2Fwww.fotezja.pl%2Ffotowyprawy%2Fwp-content%2Fuploads%2Fsites%2F6%2F2023%2F11%2FDolina_Baryczy-20231007_675D-clear-fhd-1_a.jpg&amp;h=340&amp;q=90&amp;f=.jpg\" alt=\"&lt;span id=&quot;wp-image-8747&quot; class=&quot;exif&quot;&gt;&lt;span class=&quot;aperture&quot;&gt;Przys\u0142ona:&#402;\/6.3&nbsp;&lt;span class=&quot;focal_length&quot;&gt;Ogniskowa:600mm&nbsp;&lt;span class=&quot;iso&quot;&gt;Czu\u0142o\u015b\u0107 ISO:1000&nbsp;&lt;span class=&quot;shutter_speed&quot;&gt;Czas na\u015bwietlania:1\/2000s&nbsp;&lt;\/span&gt;\" width=\"604\" height=\"340\" \/><\/a><p class=\"jig-HTMLdescription\"><span id=\"wp-image-8747\" class=\"exif\"><span class=\"aperture\">Przys\u0142ona:&#402;\/6.3&nbsp;<span class=\"focal_length\">Ogniskowa:600mm&nbsp;<span class=\"iso\">Czu\u0142o\u015b\u0107 ISO:1000&nbsp;<span class=\"shutter_speed\">Czas na\u015bwietlania:1\/2000s&nbsp;<\/span><br\/>fot. Staszek Dul<\/p><\/li><li><a href=\"https:\/\/www.fotezja.pl\/fotowyprawy\/wp-content\/uploads\/sites\/6\/2025\/10\/Dolina_Baryczy-20240922-5717-D.jpg\" title=\"fot. Staszek Dul\"><img decoding=\"async\" src=\"https:\/\/www.fotezja.pl\/fotowyprawy\/wp-content\/plugins\/justified-image-grid\/timthumb.php?src=https%3A%2F%2Fwww.fotezja.pl%2Ffotowyprawy%2Fwp-content%2Fuploads%2Fsites%2F6%2F2025%2F10%2FDolina_Baryczy-20240922-5717-D.jpg&amp;h=340&amp;q=90&amp;f=.jpg\" alt=\"&lt;span id=&quot;wp-image-14484&quot; class=&quot;exif&quot;&gt;&lt;span class=&quot;aperture&quot;&gt;Przys\u0142ona:&#402;\/6.3&nbsp;&lt;span class=&quot;focal_length&quot;&gt;Ogniskowa:600mm&nbsp;&lt;span class=&quot;iso&quot;&gt;Czu\u0142o\u015b\u0107 ISO:3200&nbsp;&lt;span class=&quot;shutter_speed&quot;&gt;Czas na\u015bwietlania:1\/1000s&nbsp;&lt;\/span&gt;\" width=\"604\" height=\"340\" \/><\/a><p class=\"jig-HTMLdescription\"><span id=\"wp-image-14484\" class=\"exif\"><span class=\"aperture\">Przys\u0142ona:&#402;\/6.3&nbsp;<span class=\"focal_length\">Ogniskowa:600mm&nbsp;<span class=\"iso\">Czu\u0142o\u015b\u0107 ISO:3200&nbsp;<span class=\"shutter_speed\">Czas na\u015bwietlania:1\/1000s&nbsp;<\/span><br\/>fot. Staszek Dul<\/p><\/li><li><a href=\"https:\/\/www.fotezja.pl\/fotowyprawy\/wp-content\/uploads\/sites\/6\/2023\/11\/Dolina_Baryczy-20231007_1846D-clear-fhd-1_a.jpg\" title=\"fot. Staszek Dul\"><img decoding=\"async\" src=\"https:\/\/www.fotezja.pl\/fotowyprawy\/wp-content\/plugins\/justified-image-grid\/timthumb.php?src=https%3A%2F%2Fwww.fotezja.pl%2Ffotowyprawy%2Fwp-content%2Fuploads%2Fsites%2F6%2F2023%2F11%2FDolina_Baryczy-20231007_1846D-clear-fhd-1_a.jpg&amp;h=340&amp;q=90&amp;f=.jpg\" alt=\"&lt;span id=&quot;wp-image-8746&quot; class=&quot;exif&quot;&gt;&lt;span class=&quot;aperture&quot;&gt;Przys\u0142ona:&#402;\/6.3&nbsp;&lt;span class=&quot;focal_length&quot;&gt;Ogniskowa:413mm&nbsp;&lt;span class=&quot;iso&quot;&gt;Czu\u0142o\u015b\u0107 ISO:1600&nbsp;&lt;span class=&quot;shutter_speed&quot;&gt;Czas na\u015bwietlania:1\/1000s&nbsp;&lt;\/span&gt;\" width=\"604\" height=\"340\" \/><\/a><p class=\"jig-HTMLdescription\"><span id=\"wp-image-8746\" class=\"exif\"><span class=\"aperture\">Przys\u0142ona:&#402;\/6.3&nbsp;<span class=\"focal_length\">Ogniskowa:413mm&nbsp;<span class=\"iso\">Czu\u0142o\u015b\u0107 ISO:1600&nbsp;<span class=\"shutter_speed\">Czas na\u015bwietlania:1\/1000s&nbsp;<\/span><br\/>fot. Staszek Dul<\/p><\/li><li><a href=\"https:\/\/www.fotezja.pl\/fotowyprawy\/wp-content\/uploads\/sites\/6\/2025\/10\/IMG-20251024-WA0003.jpg\" title=\"fot. Beata Grzelak\"><img decoding=\"async\" src=\"https:\/\/www.fotezja.pl\/fotowyprawy\/wp-content\/plugins\/justified-image-grid\/timthumb.php?src=https%3A%2F%2Fwww.fotezja.pl%2Ffotowyprawy%2Fwp-content%2Fuploads%2Fsites%2F6%2F2025%2F10%2FIMG-20251024-WA0003.jpg&amp;h=340&amp;q=90&amp;f=.jpg\" alt=\"fot. Beata Grzelak\" width=\"219\" height=\"340\" \/><\/a><p class=\"jig-HTMLdescription\">fot. Beata Grzelak<\/p><\/li><li><a href=\"https:\/\/www.fotezja.pl\/fotowyprawy\/wp-content\/uploads\/sites\/6\/2025\/10\/Dolina_Baryczy-20240921-3714-D.jpg\" title=\"fot. Staszek Dul\"><img decoding=\"async\" src=\"https:\/\/www.fotezja.pl\/fotowyprawy\/wp-content\/plugins\/justified-image-grid\/timthumb.php?src=https%3A%2F%2Fwww.fotezja.pl%2Ffotowyprawy%2Fwp-content%2Fuploads%2Fsites%2F6%2F2025%2F10%2FDolina_Baryczy-20240921-3714-D.jpg&amp;h=340&amp;q=90&amp;f=.jpg\" alt=\"&lt;span id=&quot;wp-image-14475&quot; class=&quot;exif&quot;&gt;&lt;span class=&quot;aperture&quot;&gt;Przys\u0142ona:&#402;\/6.3&nbsp;&lt;span class=&quot;focal_length&quot;&gt;Ogniskowa:510mm&nbsp;&lt;span class=&quot;iso&quot;&gt;Czu\u0142o\u015b\u0107 ISO:5000&nbsp;&lt;span class=&quot;shutter_speed&quot;&gt;Czas na\u015bwietlania:1\/1600s&nbsp;&lt;\/span&gt;\" width=\"604\" height=\"340\" \/><\/a><p class=\"jig-HTMLdescription\"><span id=\"wp-image-14475\" class=\"exif\"><span class=\"aperture\">Przys\u0142ona:&#402;\/6.3&nbsp;<span class=\"focal_length\">Ogniskowa:510mm&nbsp;<span class=\"iso\">Czu\u0142o\u015b\u0107 ISO:5000&nbsp;<span class=\"shutter_speed\">Czas na\u015bwietlania:1\/1600s&nbsp;<\/span><br\/>fot. Staszek Dul<\/p><\/li><li><a href=\"https:\/\/www.fotezja.pl\/fotowyprawy\/wp-content\/uploads\/sites\/6\/2023\/11\/Dolina-Baryczy-20220922_777D-clear-fhd-1_a.jpg\" title=\"fot. Staszek Dul\"><img decoding=\"async\" src=\"https:\/\/www.fotezja.pl\/fotowyprawy\/wp-content\/plugins\/justified-image-grid\/timthumb.php?src=https%3A%2F%2Fwww.fotezja.pl%2Ffotowyprawy%2Fwp-content%2Fuploads%2Fsites%2F6%2F2023%2F11%2FDolina-Baryczy-20220922_777D-clear-fhd-1_a.jpg&amp;h=340&amp;q=90&amp;f=.jpg\" alt=\"&lt;span id=&quot;wp-image-8753&quot; class=&quot;exif&quot;&gt;&lt;span class=&quot;aperture&quot;&gt;Przys\u0142ona:&#402;\/6.3&nbsp;&lt;span class=&quot;focal_length&quot;&gt;Ogniskowa:600mm&nbsp;&lt;span class=&quot;iso&quot;&gt;Czu\u0142o\u015b\u0107 ISO:3200&nbsp;&lt;span class=&quot;shutter_speed&quot;&gt;Czas na\u015bwietlania:1\/1000s&nbsp;&lt;\/span&gt;\" width=\"604\" height=\"340\" \/><\/a><p class=\"jig-HTMLdescription\"><span id=\"wp-image-8753\" class=\"exif\"><span class=\"aperture\">Przys\u0142ona:&#402;\/6.3&nbsp;<span class=\"focal_length\">Ogniskowa:600mm&nbsp;<span class=\"iso\">Czu\u0142o\u015b\u0107 ISO:3200&nbsp;<span class=\"shutter_speed\">Czas na\u015bwietlania:1\/1000s&nbsp;<\/span><br\/>fot. Staszek Dul<\/p><\/li><li><a href=\"https:\/\/www.fotezja.pl\/fotowyprawy\/wp-content\/uploads\/sites\/6\/2025\/10\/Dolina_Baryczy-20240921-3767-D.jpg\" title=\"fot. Staszek Dul\"><img decoding=\"async\" src=\"https:\/\/www.fotezja.pl\/fotowyprawy\/wp-content\/plugins\/justified-image-grid\/timthumb.php?src=https%3A%2F%2Fwww.fotezja.pl%2Ffotowyprawy%2Fwp-content%2Fuploads%2Fsites%2F6%2F2025%2F10%2FDolina_Baryczy-20240921-3767-D.jpg&amp;h=340&amp;q=90&amp;f=.jpg\" alt=\"&lt;span id=&quot;wp-image-14477&quot; class=&quot;exif&quot;&gt;&lt;span class=&quot;aperture&quot;&gt;Przys\u0142ona:&#402;\/6.3&nbsp;&lt;span class=&quot;focal_length&quot;&gt;Ogniskowa:510mm&nbsp;&lt;span class=&quot;iso&quot;&gt;Czu\u0142o\u015b\u0107 ISO:5000&nbsp;&lt;span class=&quot;shutter_speed&quot;&gt;Czas na\u015bwietlania:1\/2000s&nbsp;&lt;\/span&gt;\" width=\"604\" height=\"340\" \/><\/a><p class=\"jig-HTMLdescription\"><span id=\"wp-image-14477\" class=\"exif\"><span class=\"aperture\">Przys\u0142ona:&#402;\/6.3&nbsp;<span class=\"focal_length\">Ogniskowa:510mm&nbsp;<span class=\"iso\">Czu\u0142o\u015b\u0107 ISO:5000&nbsp;<span class=\"shutter_speed\">Czas na\u015bwietlania:1\/2000s&nbsp;<\/span><br\/>fot. Staszek Dul<\/p><\/li><li><a href=\"https:\/\/www.fotezja.pl\/fotowyprawy\/wp-content\/uploads\/sites\/6\/2025\/10\/2_cr.jpg\" title=\"fot. Tomasz Trocha\"><img decoding=\"async\" src=\"https:\/\/www.fotezja.pl\/fotowyprawy\/wp-content\/plugins\/justified-image-grid\/timthumb.php?src=https%3A%2F%2Fwww.fotezja.pl%2Ffotowyprawy%2Fwp-content%2Fuploads%2Fsites%2F6%2F2025%2F10%2F2_cr.jpg&amp;h=340&amp;q=90&amp;f=.jpg\" alt=\"fot. Tomasz Trocha\" width=\"510\" height=\"340\" \/><\/a><p class=\"jig-HTMLdescription\">fot. Tomasz Trocha<\/p><\/li><li><a href=\"https:\/\/www.fotezja.pl\/fotowyprawy\/wp-content\/uploads\/sites\/6\/2025\/10\/Dolina_Baryczy-20240921-4726-D.jpg\" title=\"fot. Staszek Dul\"><img decoding=\"async\" src=\"https:\/\/www.fotezja.pl\/fotowyprawy\/wp-content\/plugins\/justified-image-grid\/timthumb.php?src=https%3A%2F%2Fwww.fotezja.pl%2Ffotowyprawy%2Fwp-content%2Fuploads%2Fsites%2F6%2F2025%2F10%2FDolina_Baryczy-20240921-4726-D.jpg&amp;h=340&amp;q=90&amp;f=.jpg\" alt=\"&lt;span id=&quot;wp-image-14481&quot; class=&quot;exif&quot;&gt;&lt;span class=&quot;aperture&quot;&gt;Przys\u0142ona:&#402;\/6.3&nbsp;&lt;span class=&quot;focal_length&quot;&gt;Ogniskowa:600mm&nbsp;&lt;span class=&quot;iso&quot;&gt;Czu\u0142o\u015b\u0107 ISO:800&nbsp;&lt;span class=&quot;shutter_speed&quot;&gt;Czas na\u015bwietlania:1\/2500s&nbsp;&lt;\/span&gt;\" width=\"604\" height=\"340\" \/><\/a><p class=\"jig-HTMLdescription\"><span id=\"wp-image-14481\" class=\"exif\"><span class=\"aperture\">Przys\u0142ona:&#402;\/6.3&nbsp;<span class=\"focal_length\">Ogniskowa:600mm&nbsp;<span class=\"iso\">Czu\u0142o\u015b\u0107 ISO:800&nbsp;<span class=\"shutter_speed\">Czas na\u015bwietlania:1\/2500s&nbsp;<\/span><br\/>fot. Staszek Dul<\/p><\/li><li><a href=\"https:\/\/www.fotezja.pl\/fotowyprawy\/wp-content\/uploads\/sites\/6\/2023\/11\/Dolina-Baryczy-20220922_1990D-clear-fhd-1_a.jpg\" title=\"fot. Staszek Dul\"><img decoding=\"async\" src=\"https:\/\/www.fotezja.pl\/fotowyprawy\/wp-content\/plugins\/justified-image-grid\/timthumb.php?src=https%3A%2F%2Fwww.fotezja.pl%2Ffotowyprawy%2Fwp-content%2Fuploads%2Fsites%2F6%2F2023%2F11%2FDolina-Baryczy-20220922_1990D-clear-fhd-1_a.jpg&amp;h=340&amp;q=90&amp;f=.jpg\" alt=\"&lt;span id=&quot;wp-image-8752&quot; class=&quot;exif&quot;&gt;&lt;span class=&quot;aperture&quot;&gt;Przys\u0142ona:&#402;\/6.3&nbsp;&lt;span class=&quot;focal_length&quot;&gt;Ogniskowa:600mm&nbsp;&lt;span class=&quot;iso&quot;&gt;Czu\u0142o\u015b\u0107 ISO:2000&nbsp;&lt;span class=&quot;shutter_speed&quot;&gt;Czas na\u015bwietlania:1\/640s&nbsp;&lt;\/span&gt;\" width=\"604\" height=\"340\" \/><\/a><p class=\"jig-HTMLdescription\"><span id=\"wp-image-8752\" class=\"exif\"><span class=\"aperture\">Przys\u0142ona:&#402;\/6.3&nbsp;<span class=\"focal_length\">Ogniskowa:600mm&nbsp;<span class=\"iso\">Czu\u0142o\u015b\u0107 ISO:2000&nbsp;<span class=\"shutter_speed\">Czas na\u015bwietlania:1\/640s&nbsp;<\/span><br\/>fot. Staszek Dul<\/p><\/li><li><a href=\"https:\/\/www.fotezja.pl\/fotowyprawy\/wp-content\/uploads\/sites\/6\/2023\/11\/Dolina_Baryczy-20190419_652D-clear-fhd-1_a.jpg\" title=\" fot. Staszek Dul\"><img decoding=\"async\" src=\"https:\/\/www.fotezja.pl\/fotowyprawy\/wp-content\/plugins\/justified-image-grid\/timthumb.php?src=https%3A%2F%2Fwww.fotezja.pl%2Ffotowyprawy%2Fwp-content%2Fuploads%2Fsites%2F6%2F2023%2F11%2FDolina_Baryczy-20190419_652D-clear-fhd-1_a.jpg&amp;h=340&amp;q=90&amp;f=.jpg\" alt=\"&lt;span id=&quot;wp-image-8732&quot; class=&quot;exif&quot;&gt;&lt;span class=&quot;aperture&quot;&gt;Przys\u0142ona:&#402;\/6.3&nbsp;&lt;span class=&quot;focal_length&quot;&gt;Ogniskowa:600mm&nbsp;&lt;span class=&quot;iso&quot;&gt;Czu\u0142o\u015b\u0107 ISO:640&nbsp;&lt;span class=&quot;shutter_speed&quot;&gt;Czas na\u015bwietlania:1\/1600s&nbsp;&lt;\/span&gt;\" width=\"604\" height=\"340\" \/><\/a><p class=\"jig-HTMLdescription\"><span id=\"wp-image-8732\" class=\"exif\"><span class=\"aperture\">Przys\u0142ona:&#402;\/6.3&nbsp;<span class=\"focal_length\">Ogniskowa:600mm&nbsp;<span class=\"iso\">Czu\u0142o\u015b\u0107 ISO:640&nbsp;<span class=\"shutter_speed\">Czas na\u015bwietlania:1\/1600s&nbsp;<\/span><br\/> fot. Staszek Dul<\/p><\/li><li><a href=\"https:\/\/www.fotezja.pl\/fotowyprawy\/wp-content\/uploads\/sites\/6\/2025\/10\/Dolina_Baryczy-20240922-5667-D.jpg\" title=\"fot. Staszek Dul\"><img decoding=\"async\" src=\"https:\/\/www.fotezja.pl\/fotowyprawy\/wp-content\/plugins\/justified-image-grid\/timthumb.php?src=https%3A%2F%2Fwww.fotezja.pl%2Ffotowyprawy%2Fwp-content%2Fuploads%2Fsites%2F6%2F2025%2F10%2FDolina_Baryczy-20240922-5667-D.jpg&amp;h=340&amp;q=90&amp;f=.jpg\" alt=\"&lt;span id=&quot;wp-image-14483&quot; class=&quot;exif&quot;&gt;&lt;span class=&quot;aperture&quot;&gt;Przys\u0142ona:&#402;\/6.3&nbsp;&lt;span class=&quot;focal_length&quot;&gt;Ogniskowa:600mm&nbsp;&lt;span class=&quot;iso&quot;&gt;Czu\u0142o\u015b\u0107 ISO:4000&nbsp;&lt;span class=&quot;shutter_speed&quot;&gt;Czas na\u015bwietlania:1\/1600s&nbsp;&lt;\/span&gt;\" width=\"604\" height=\"340\" \/><\/a><p class=\"jig-HTMLdescription\"><span id=\"wp-image-14483\" class=\"exif\"><span class=\"aperture\">Przys\u0142ona:&#402;\/6.3&nbsp;<span class=\"focal_length\">Ogniskowa:600mm&nbsp;<span class=\"iso\">Czu\u0142o\u015b\u0107 ISO:4000&nbsp;<span class=\"shutter_speed\">Czas na\u015bwietlania:1\/1600s&nbsp;<\/span><br\/>fot. Staszek Dul<\/p><\/li><li><a href=\"https:\/\/www.fotezja.pl\/fotowyprawy\/wp-content\/uploads\/sites\/6\/2023\/11\/Dolina_Baryczy-20231008_1458D-clear-fhd-1_a.jpg\" title=\"fot. Staszek Dul\"><img decoding=\"async\" src=\"https:\/\/www.fotezja.pl\/fotowyprawy\/wp-content\/plugins\/justified-image-grid\/timthumb.php?src=https%3A%2F%2Fwww.fotezja.pl%2Ffotowyprawy%2Fwp-content%2Fuploads%2Fsites%2F6%2F2023%2F11%2FDolina_Baryczy-20231008_1458D-clear-fhd-1_a.jpg&amp;h=340&amp;q=90&amp;f=.jpg\" alt=\"&lt;span id=&quot;wp-image-8749&quot; class=&quot;exif&quot;&gt;&lt;span class=&quot;aperture&quot;&gt;Przys\u0142ona:&#402;\/6.3&nbsp;&lt;span class=&quot;focal_length&quot;&gt;Ogniskowa:600mm&nbsp;&lt;span class=&quot;iso&quot;&gt;Czu\u0142o\u015b\u0107 ISO:400&nbsp;&lt;span class=&quot;shutter_speed&quot;&gt;Czas na\u015bwietlania:1\/6400s&nbsp;&lt;\/span&gt;\" width=\"604\" height=\"340\" \/><\/a><p class=\"jig-HTMLdescription\"><span id=\"wp-image-8749\" class=\"exif\"><span class=\"aperture\">Przys\u0142ona:&#402;\/6.3&nbsp;<span class=\"focal_length\">Ogniskowa:600mm&nbsp;<span class=\"iso\">Czu\u0142o\u015b\u0107 ISO:400&nbsp;<span class=\"shutter_speed\">Czas na\u015bwietlania:1\/6400s&nbsp;<\/span><br\/>fot. Staszek Dul<\/p><\/li><li><a href=\"https:\/\/www.fotezja.pl\/fotowyprawy\/wp-content\/uploads\/sites\/6\/2023\/11\/Dolina_Baryczy-20231006_400D-clear-fhd-1_a.jpg\" title=\"fot. Staszek Dul\"><img decoding=\"async\" src=\"https:\/\/www.fotezja.pl\/fotowyprawy\/wp-content\/plugins\/justified-image-grid\/timthumb.php?src=https%3A%2F%2Fwww.fotezja.pl%2Ffotowyprawy%2Fwp-content%2Fuploads%2Fsites%2F6%2F2023%2F11%2FDolina_Baryczy-20231006_400D-clear-fhd-1_a.jpg&amp;h=340&amp;q=90&amp;f=.jpg\" alt=\"&lt;span id=&quot;wp-image-8744&quot; class=&quot;exif&quot;&gt;&lt;span class=&quot;aperture&quot;&gt;Przys\u0142ona:&#402;\/6.3&nbsp;&lt;span class=&quot;focal_length&quot;&gt;Ogniskowa:600mm&nbsp;&lt;span class=&quot;iso&quot;&gt;Czu\u0142o\u015b\u0107 ISO:2500&nbsp;&lt;span class=&quot;shutter_speed&quot;&gt;Czas na\u015bwietlania:1\/400s&nbsp;&lt;\/span&gt;\" width=\"604\" height=\"340\" \/><\/a><p class=\"jig-HTMLdescription\"><span id=\"wp-image-8744\" class=\"exif\"><span class=\"aperture\">Przys\u0142ona:&#402;\/6.3&nbsp;<span class=\"focal_length\">Ogniskowa:600mm&nbsp;<span class=\"iso\">Czu\u0142o\u015b\u0107 ISO:2500&nbsp;<span class=\"shutter_speed\">Czas na\u015bwietlania:1\/400s&nbsp;<\/span><br\/>fot. Staszek Dul<\/p><\/li><li><a href=\"https:\/\/www.fotezja.pl\/fotowyprawy\/wp-content\/uploads\/sites\/6\/2025\/10\/14.jpg\" title=\"fot. Tomasz Trocha\"><img decoding=\"async\" src=\"https:\/\/www.fotezja.pl\/fotowyprawy\/wp-content\/plugins\/justified-image-grid\/timthumb.php?src=https%3A%2F%2Fwww.fotezja.pl%2Ffotowyprawy%2Fwp-content%2Fuploads%2Fsites%2F6%2F2025%2F10%2F14.jpg&amp;h=340&amp;q=90&amp;f=.jpg\" alt=\"fot. Tomasz Trocha\" width=\"509\" height=\"340\" \/><\/a><p class=\"jig-HTMLdescription\">fot. Tomasz Trocha<\/p><\/li><li><a href=\"https:\/\/www.fotezja.pl\/fotowyprawy\/wp-content\/uploads\/sites\/6\/2025\/10\/13.jpg\" title=\"fot. Tomasz Trocha\"><img decoding=\"async\" src=\"https:\/\/www.fotezja.pl\/fotowyprawy\/wp-content\/plugins\/justified-image-grid\/timthumb.php?src=https%3A%2F%2Fwww.fotezja.pl%2Ffotowyprawy%2Fwp-content%2Fuploads%2Fsites%2F6%2F2025%2F10%2F13.jpg&amp;h=340&amp;q=90&amp;f=.jpg\" alt=\"fot. Tomasz Trocha\" width=\"510\" height=\"340\" \/><\/a><p class=\"jig-HTMLdescription\">fot. Tomasz Trocha<\/p><\/li><li><a href=\"https:\/\/www.fotezja.pl\/fotowyprawy\/wp-content\/uploads\/sites\/6\/2023\/11\/Dolina_Baryczy-20200614_2994D-clear-fhd-1_a.jpg\" title=\"fot. Staszek Dul\"><img decoding=\"async\" src=\"https:\/\/www.fotezja.pl\/fotowyprawy\/wp-content\/plugins\/justified-image-grid\/timthumb.php?src=https%3A%2F%2Fwww.fotezja.pl%2Ffotowyprawy%2Fwp-content%2Fuploads%2Fsites%2F6%2F2023%2F11%2FDolina_Baryczy-20200614_2994D-clear-fhd-1_a.jpg&amp;h=340&amp;q=90&amp;f=.jpg\" alt=\"&lt;span id=&quot;wp-image-8740&quot; class=&quot;exif&quot;&gt;&lt;span class=&quot;aperture&quot;&gt;Przys\u0142ona:&#402;\/6.3&nbsp;&lt;span class=&quot;focal_length&quot;&gt;Ogniskowa:600mm&nbsp;&lt;span class=&quot;iso&quot;&gt;Czu\u0142o\u015b\u0107 ISO:1000&nbsp;&lt;span class=&quot;shutter_speed&quot;&gt;Czas na\u015bwietlania:1\/2000s&nbsp;&lt;\/span&gt;\" width=\"604\" height=\"340\" \/><\/a><p class=\"jig-HTMLdescription\"><span id=\"wp-image-8740\" class=\"exif\"><span class=\"aperture\">Przys\u0142ona:&#402;\/6.3&nbsp;<span class=\"focal_length\">Ogniskowa:600mm&nbsp;<span class=\"iso\">Czu\u0142o\u015b\u0107 ISO:1000&nbsp;<span class=\"shutter_speed\">Czas na\u015bwietlania:1\/2000s&nbsp;<\/span><br\/>fot. Staszek Dul<\/p><\/li><li><a href=\"https:\/\/www.fotezja.pl\/fotowyprawy\/wp-content\/uploads\/sites\/6\/2025\/10\/17.jpg\" title=\"fot. Tomasz Trocha\"><img decoding=\"async\" src=\"https:\/\/www.fotezja.pl\/fotowyprawy\/wp-content\/plugins\/justified-image-grid\/timthumb.php?src=https%3A%2F%2Fwww.fotezja.pl%2Ffotowyprawy%2Fwp-content%2Fuploads%2Fsites%2F6%2F2025%2F10%2F17.jpg&amp;h=340&amp;q=90&amp;f=.jpg\" alt=\"fot. Tomasz Trocha\" width=\"510\" height=\"340\" \/><\/a><p class=\"jig-HTMLdescription\">fot. Tomasz Trocha<\/p><\/li><li><a href=\"https:\/\/www.fotezja.pl\/fotowyprawy\/wp-content\/uploads\/sites\/6\/2023\/11\/Dolina_Baryczy-20200611_648D-clear-fhd-1_a.jpg\" title=\"fot. Staszek Dul\"><img decoding=\"async\" src=\"https:\/\/www.fotezja.pl\/fotowyprawy\/wp-content\/plugins\/justified-image-grid\/timthumb.php?src=https%3A%2F%2Fwww.fotezja.pl%2Ffotowyprawy%2Fwp-content%2Fuploads%2Fsites%2F6%2F2023%2F11%2FDolina_Baryczy-20200611_648D-clear-fhd-1_a.jpg&amp;h=340&amp;q=90&amp;f=.jpg\" alt=\"&lt;span id=&quot;wp-image-8739&quot; class=&quot;exif&quot;&gt;&lt;span class=&quot;aperture&quot;&gt;Przys\u0142ona:&#402;\/6.3&nbsp;&lt;span class=&quot;focal_length&quot;&gt;Ogniskowa:600mm&nbsp;&lt;span class=&quot;iso&quot;&gt;Czu\u0142o\u015b\u0107 ISO:2500&nbsp;&lt;span class=&quot;shutter_speed&quot;&gt;Czas na\u015bwietlania:1\/640s&nbsp;&lt;\/span&gt;\" width=\"604\" height=\"340\" \/><\/a><p class=\"jig-HTMLdescription\"><span id=\"wp-image-8739\" class=\"exif\"><span class=\"aperture\">Przys\u0142ona:&#402;\/6.3&nbsp;<span class=\"focal_length\">Ogniskowa:600mm&nbsp;<span class=\"iso\">Czu\u0142o\u015b\u0107 ISO:2500&nbsp;<span class=\"shutter_speed\">Czas na\u015bwietlania:1\/640s&nbsp;<\/span><br\/>fot. Staszek Dul<\/p><\/li><li><a href=\"https:\/\/www.fotezja.pl\/fotowyprawy\/wp-content\/uploads\/sites\/6\/2025\/10\/Dolina_Baryczy-20240921-3802-D.jpg\" title=\"fot. Staszek Dul\"><img decoding=\"async\" src=\"https:\/\/www.fotezja.pl\/fotowyprawy\/wp-content\/plugins\/justified-image-grid\/timthumb.php?src=https%3A%2F%2Fwww.fotezja.pl%2Ffotowyprawy%2Fwp-content%2Fuploads%2Fsites%2F6%2F2025%2F10%2FDolina_Baryczy-20240921-3802-D.jpg&amp;h=340&amp;q=90&amp;f=.jpg\" alt=\"&lt;span id=&quot;wp-image-14479&quot; class=&quot;exif&quot;&gt;&lt;span class=&quot;aperture&quot;&gt;Przys\u0142ona:&#402;\/6.3&nbsp;&lt;span class=&quot;focal_length&quot;&gt;Ogniskowa:510mm&nbsp;&lt;span class=&quot;iso&quot;&gt;Czu\u0142o\u015b\u0107 ISO:5000&nbsp;&lt;span class=&quot;shutter_speed&quot;&gt;Czas na\u015bwietlania:1\/1250s&nbsp;&lt;\/span&gt;\" width=\"604\" height=\"340\" \/><\/a><p class=\"jig-HTMLdescription\"><span id=\"wp-image-14479\" class=\"exif\"><span class=\"aperture\">Przys\u0142ona:&#402;\/6.3&nbsp;<span class=\"focal_length\">Ogniskowa:510mm&nbsp;<span class=\"iso\">Czu\u0142o\u015b\u0107 ISO:5000&nbsp;<span class=\"shutter_speed\">Czas na\u015bwietlania:1\/1250s&nbsp;<\/span><br\/>fot. Staszek Dul<\/p><\/li><li><a href=\"https:\/\/www.fotezja.pl\/fotowyprawy\/wp-content\/uploads\/sites\/6\/2025\/10\/Dolina_Baryczy-20240920-3219-D.jpg\" title=\"fot. Staszek Dul\"><img decoding=\"async\" src=\"https:\/\/www.fotezja.pl\/fotowyprawy\/wp-content\/plugins\/justified-image-grid\/timthumb.php?src=https%3A%2F%2Fwww.fotezja.pl%2Ffotowyprawy%2Fwp-content%2Fuploads%2Fsites%2F6%2F2025%2F10%2FDolina_Baryczy-20240920-3219-D.jpg&amp;h=340&amp;q=90&amp;f=.jpg\" alt=\"&lt;span id=&quot;wp-image-14473&quot; class=&quot;exif&quot;&gt;&lt;span class=&quot;aperture&quot;&gt;Przys\u0142ona:&#402;\/7.1&nbsp;&lt;span class=&quot;focal_length&quot;&gt;Ogniskowa:600mm&nbsp;&lt;span class=&quot;iso&quot;&gt;Czu\u0142o\u015b\u0107 ISO:800&nbsp;&lt;span class=&quot;shutter_speed&quot;&gt;Czas na\u015bwietlania:1\/320s&nbsp;&lt;\/span&gt;\" width=\"604\" height=\"340\" \/><\/a><p class=\"jig-HTMLdescription\"><span id=\"wp-image-14473\" class=\"exif\"><span class=\"aperture\">Przys\u0142ona:&#402;\/7.1&nbsp;<span class=\"focal_length\">Ogniskowa:600mm&nbsp;<span class=\"iso\">Czu\u0142o\u015b\u0107 ISO:800&nbsp;<span class=\"shutter_speed\">Czas na\u015bwietlania:1\/320s&nbsp;<\/span><br\/>fot. Staszek Dul<\/p><\/li><li><a href=\"https:\/\/www.fotezja.pl\/fotowyprawy\/wp-content\/uploads\/sites\/6\/2023\/11\/Dolina_Baryczy-20231008_761D-clear-fhd-1_a.jpg\" title=\"fot. Staszek Dul\"><img decoding=\"async\" src=\"https:\/\/www.fotezja.pl\/fotowyprawy\/wp-content\/plugins\/justified-image-grid\/timthumb.php?src=https%3A%2F%2Fwww.fotezja.pl%2Ffotowyprawy%2Fwp-content%2Fuploads%2Fsites%2F6%2F2023%2F11%2FDolina_Baryczy-20231008_761D-clear-fhd-1_a.jpg&amp;h=340&amp;q=90&amp;f=.jpg\" alt=\"&lt;span id=&quot;wp-image-8750&quot; class=&quot;exif&quot;&gt;&lt;span class=&quot;aperture&quot;&gt;Przys\u0142ona:&#402;\/6.3&nbsp;&lt;span class=&quot;focal_length&quot;&gt;Ogniskowa:600mm&nbsp;&lt;span class=&quot;iso&quot;&gt;Czu\u0142o\u015b\u0107 ISO:400&nbsp;&lt;span class=&quot;shutter_speed&quot;&gt;Czas na\u015bwietlania:1\/5000s&nbsp;&lt;\/span&gt;\" width=\"604\" height=\"340\" \/><\/a><p class=\"jig-HTMLdescription\"><span id=\"wp-image-8750\" class=\"exif\"><span class=\"aperture\">Przys\u0142ona:&#402;\/6.3&nbsp;<span class=\"focal_length\">Ogniskowa:600mm&nbsp;<span class=\"iso\">Czu\u0142o\u015b\u0107 ISO:400&nbsp;<span class=\"shutter_speed\">Czas na\u015bwietlania:1\/5000s&nbsp;<\/span><br\/>fot. Staszek Dul<\/p><\/li><li><a href=\"https:\/\/www.fotezja.pl\/fotowyprawy\/wp-content\/uploads\/sites\/6\/2023\/11\/Dolina_Baryczy-20231005_1278D-clear-fhd-1_a.jpg\" title=\"fot. Staszek Dul\"><img decoding=\"async\" src=\"https:\/\/www.fotezja.pl\/fotowyprawy\/wp-content\/plugins\/justified-image-grid\/timthumb.php?src=https%3A%2F%2Fwww.fotezja.pl%2Ffotowyprawy%2Fwp-content%2Fuploads%2Fsites%2F6%2F2023%2F11%2FDolina_Baryczy-20231005_1278D-clear-fhd-1_a.jpg&amp;h=340&amp;q=90&amp;f=.jpg\" alt=\"&lt;span id=&quot;wp-image-8742&quot; class=&quot;exif&quot;&gt;&lt;span class=&quot;aperture&quot;&gt;Przys\u0142ona:&#402;\/6.3&nbsp;&lt;span class=&quot;focal_length&quot;&gt;Ogniskowa:600mm&nbsp;&lt;span class=&quot;iso&quot;&gt;Czu\u0142o\u015b\u0107 ISO:320&nbsp;&lt;span class=&quot;shutter_speed&quot;&gt;Czas na\u015bwietlania:1\/500s&nbsp;&lt;\/span&gt;\" width=\"473\" height=\"340\" \/><\/a><p class=\"jig-HTMLdescription\"><span id=\"wp-image-8742\" class=\"exif\"><span class=\"aperture\">Przys\u0142ona:&#402;\/6.3&nbsp;<span class=\"focal_length\">Ogniskowa:600mm&nbsp;<span class=\"iso\">Czu\u0142o\u015b\u0107 ISO:320&nbsp;<span class=\"shutter_speed\">Czas na\u015bwietlania:1\/500s&nbsp;<\/span><br\/>fot. Staszek Dul<\/p><\/li><li><a href=\"https:\/\/www.fotezja.pl\/fotowyprawy\/wp-content\/uploads\/sites\/6\/2023\/11\/Dolina_Baryczy-20200614_3531D-clear-fhd-1_a.jpg\" title=\"fot. Staszek Dul\"><img decoding=\"async\" src=\"https:\/\/www.fotezja.pl\/fotowyprawy\/wp-content\/plugins\/justified-image-grid\/timthumb.php?src=https%3A%2F%2Fwww.fotezja.pl%2Ffotowyprawy%2Fwp-content%2Fuploads%2Fsites%2F6%2F2023%2F11%2FDolina_Baryczy-20200614_3531D-clear-fhd-1_a.jpg&amp;h=340&amp;q=90&amp;f=.jpg\" alt=\"&lt;span id=&quot;wp-image-8741&quot; class=&quot;exif&quot;&gt;&lt;span class=&quot;aperture&quot;&gt;Przys\u0142ona:&#402;\/6.3&nbsp;&lt;span class=&quot;focal_length&quot;&gt;Ogniskowa:534mm&nbsp;&lt;span class=&quot;iso&quot;&gt;Czu\u0142o\u015b\u0107 ISO:640&nbsp;&lt;span class=&quot;shutter_speed&quot;&gt;Czas na\u015bwietlania:1\/2500s&nbsp;&lt;\/span&gt;\" width=\"604\" height=\"340\" \/><\/a><p class=\"jig-HTMLdescription\"><span id=\"wp-image-8741\" class=\"exif\"><span class=\"aperture\">Przys\u0142ona:&#402;\/6.3&nbsp;<span class=\"focal_length\">Ogniskowa:534mm&nbsp;<span class=\"iso\">Czu\u0142o\u015b\u0107 ISO:640&nbsp;<span class=\"shutter_speed\">Czas na\u015bwietlania:1\/2500s&nbsp;<\/span><br\/>fot. Staszek Dul<\/p><\/li><li><a href=\"https:\/\/www.fotezja.pl\/fotowyprawy\/wp-content\/uploads\/sites\/6\/2023\/11\/Dolina_Baryczy-20200611_1274D-clear-fhd-1_a.jpg\" title=\"fot. Staszek Dul\"><img decoding=\"async\" src=\"https:\/\/www.fotezja.pl\/fotowyprawy\/wp-content\/plugins\/justified-image-grid\/timthumb.php?src=https%3A%2F%2Fwww.fotezja.pl%2Ffotowyprawy%2Fwp-content%2Fuploads%2Fsites%2F6%2F2023%2F11%2FDolina_Baryczy-20200611_1274D-clear-fhd-1_a.jpg&amp;h=340&amp;q=90&amp;f=.jpg\" alt=\"&lt;span id=&quot;wp-image-8737&quot; class=&quot;exif&quot;&gt;&lt;span class=&quot;aperture&quot;&gt;Przys\u0142ona:&#402;\/6.3&nbsp;&lt;span class=&quot;focal_length&quot;&gt;Ogniskowa:600mm&nbsp;&lt;span class=&quot;iso&quot;&gt;Czu\u0142o\u015b\u0107 ISO:640&nbsp;&lt;span class=&quot;shutter_speed&quot;&gt;Czas na\u015bwietlania:1\/5000s&nbsp;&lt;\/span&gt;\" width=\"604\" height=\"340\" \/><\/a><p class=\"jig-HTMLdescription\"><span id=\"wp-image-8737\" class=\"exif\"><span class=\"aperture\">Przys\u0142ona:&#402;\/6.3&nbsp;<span class=\"focal_length\">Ogniskowa:600mm&nbsp;<span class=\"iso\">Czu\u0142o\u015b\u0107 ISO:640&nbsp;<span class=\"shutter_speed\">Czas na\u015bwietlania:1\/5000s&nbsp;<\/span><br\/>fot. Staszek Dul<\/p><\/li><li><a href=\"https:\/\/www.fotezja.pl\/fotowyprawy\/wp-content\/uploads\/sites\/6\/2025\/10\/Dolina_Baryczy-20240920-3447-D.jpg\" title=\"fot. Staszek Dul\"><img decoding=\"async\" src=\"https:\/\/www.fotezja.pl\/fotowyprawy\/wp-content\/plugins\/justified-image-grid\/timthumb.php?src=https%3A%2F%2Fwww.fotezja.pl%2Ffotowyprawy%2Fwp-content%2Fuploads%2Fsites%2F6%2F2025%2F10%2FDolina_Baryczy-20240920-3447-D.jpg&amp;h=340&amp;q=90&amp;f=.jpg\" alt=\"&lt;span id=&quot;wp-image-14474&quot; class=&quot;exif&quot;&gt;&lt;span class=&quot;aperture&quot;&gt;Przys\u0142ona:&#402;\/7.1&nbsp;&lt;span class=&quot;focal_length&quot;&gt;Ogniskowa:600mm&nbsp;&lt;span class=&quot;iso&quot;&gt;Czu\u0142o\u015b\u0107 ISO:10000&nbsp;&lt;span class=&quot;shutter_speed&quot;&gt;Czas na\u015bwietlania:1\/30s&nbsp;&lt;\/span&gt;\" width=\"604\" height=\"340\" \/><\/a><p class=\"jig-HTMLdescription\"><span id=\"wp-image-14474\" class=\"exif\"><span class=\"aperture\">Przys\u0142ona:&#402;\/7.1&nbsp;<span class=\"focal_length\">Ogniskowa:600mm&nbsp;<span class=\"iso\">Czu\u0142o\u015b\u0107 ISO:10000&nbsp;<span class=\"shutter_speed\">Czas na\u015bwietlania:1\/30s&nbsp;<\/span><br\/>fot. Staszek Dul<\/p><\/li><li><a href=\"https:\/\/www.fotezja.pl\/fotowyprawy\/wp-content\/uploads\/sites\/6\/2023\/11\/Dolina-Baryczy-20220921_158D-clear-fhd-1_a.jpg\" title=\"fot. Staszek Dul\"><img decoding=\"async\" src=\"https:\/\/www.fotezja.pl\/fotowyprawy\/wp-content\/plugins\/justified-image-grid\/timthumb.php?src=https%3A%2F%2Fwww.fotezja.pl%2Ffotowyprawy%2Fwp-content%2Fuploads%2Fsites%2F6%2F2023%2F11%2FDolina-Baryczy-20220921_158D-clear-fhd-1_a.jpg&amp;h=340&amp;q=90&amp;f=.jpg\" alt=\"&lt;span id=&quot;wp-image-8751&quot; class=&quot;exif&quot;&gt;&lt;span class=&quot;aperture&quot;&gt;Przys\u0142ona:&#402;\/8&nbsp;&lt;span class=&quot;focal_length&quot;&gt;Ogniskowa:185mm&nbsp;&lt;span class=&quot;iso&quot;&gt;Czu\u0142o\u015b\u0107 ISO:640&nbsp;&lt;span class=&quot;shutter_speed&quot;&gt;Czas na\u015bwietlania:1\/3200s&nbsp;&lt;\/span&gt;\" width=\"604\" height=\"340\" \/><\/a><p class=\"jig-HTMLdescription\"><span id=\"wp-image-8751\" class=\"exif\"><span class=\"aperture\">Przys\u0142ona:&#402;\/8&nbsp;<span class=\"focal_length\">Ogniskowa:185mm&nbsp;<span class=\"iso\">Czu\u0142o\u015b\u0107 ISO:640&nbsp;<span class=\"shutter_speed\">Czas na\u015bwietlania:1\/3200s&nbsp;<\/span><br\/>fot. Staszek Dul<\/p><\/li><li><a href=\"https:\/\/www.fotezja.pl\/fotowyprawy\/wp-content\/uploads\/sites\/6\/2023\/11\/Dolina-Baryczy-20220922_856D-clear-fhd-1_a.jpg\" title=\"fot. Staszek Dul\"><img decoding=\"async\" src=\"https:\/\/www.fotezja.pl\/fotowyprawy\/wp-content\/plugins\/justified-image-grid\/timthumb.php?src=https%3A%2F%2Fwww.fotezja.pl%2Ffotowyprawy%2Fwp-content%2Fuploads%2Fsites%2F6%2F2023%2F11%2FDolina-Baryczy-20220922_856D-clear-fhd-1_a.jpg&amp;h=340&amp;q=90&amp;f=.jpg\" alt=\"&lt;span id=&quot;wp-image-8754&quot; class=&quot;exif&quot;&gt;&lt;span class=&quot;aperture&quot;&gt;Przys\u0142ona:&#402;\/6.3&nbsp;&lt;span class=&quot;focal_length&quot;&gt;Ogniskowa:600mm&nbsp;&lt;span class=&quot;iso&quot;&gt;Czu\u0142o\u015b\u0107 ISO:3200&nbsp;&lt;span class=&quot;shutter_speed&quot;&gt;Czas na\u015bwietlania:1\/1600s&nbsp;&lt;\/span&gt;\" width=\"604\" height=\"340\" \/><\/a><p class=\"jig-HTMLdescription\"><span id=\"wp-image-8754\" class=\"exif\"><span class=\"aperture\">Przys\u0142ona:&#402;\/6.3&nbsp;<span class=\"focal_length\">Ogniskowa:600mm&nbsp;<span class=\"iso\">Czu\u0142o\u015b\u0107 ISO:3200&nbsp;<span class=\"shutter_speed\">Czas na\u015bwietlania:1\/1600s&nbsp;<\/span><br\/>fot. Staszek Dul<\/p><\/li><li><a href=\"https:\/\/www.fotezja.pl\/fotowyprawy\/wp-content\/uploads\/sites\/6\/2025\/10\/Dolina_Baryczy-20240921-4039-D.jpg\" title=\"fot. Staszek Dul\"><img decoding=\"async\" src=\"https:\/\/www.fotezja.pl\/fotowyprawy\/wp-content\/plugins\/justified-image-grid\/timthumb.php?src=https%3A%2F%2Fwww.fotezja.pl%2Ffotowyprawy%2Fwp-content%2Fuploads%2Fsites%2F6%2F2025%2F10%2FDolina_Baryczy-20240921-4039-D.jpg&amp;h=340&amp;q=90&amp;f=.jpg\" alt=\"&lt;span id=&quot;wp-image-14480&quot; class=&quot;exif&quot;&gt;&lt;span class=&quot;aperture&quot;&gt;Przys\u0142ona:&#402;\/6.3&nbsp;&lt;span class=&quot;focal_length&quot;&gt;Ogniskowa:600mm&nbsp;&lt;span class=&quot;iso&quot;&gt;Czu\u0142o\u015b\u0107 ISO:1250&nbsp;&lt;span class=&quot;shutter_speed&quot;&gt;Czas na\u015bwietlania:1\/6400s&nbsp;&lt;\/span&gt;\" width=\"604\" height=\"340\" \/><\/a><p class=\"jig-HTMLdescription\"><span id=\"wp-image-14480\" class=\"exif\"><span class=\"aperture\">Przys\u0142ona:&#402;\/6.3&nbsp;<span class=\"focal_length\">Ogniskowa:600mm&nbsp;<span class=\"iso\">Czu\u0142o\u015b\u0107 ISO:1250&nbsp;<span class=\"shutter_speed\">Czas na\u015bwietlania:1\/6400s&nbsp;<\/span><br\/>fot. Staszek Dul<\/p><\/li><li><a href=\"https:\/\/www.fotezja.pl\/fotowyprawy\/wp-content\/uploads\/sites\/6\/2025\/10\/Dolina_Baryczy-20240919-1300-D.jpg\" title=\"fot. Staszek Dul\"><img decoding=\"async\" src=\"https:\/\/www.fotezja.pl\/fotowyprawy\/wp-content\/plugins\/justified-image-grid\/timthumb.php?src=https%3A%2F%2Fwww.fotezja.pl%2Ffotowyprawy%2Fwp-content%2Fuploads%2Fsites%2F6%2F2025%2F10%2FDolina_Baryczy-20240919-1300-D.jpg&amp;h=340&amp;q=90&amp;f=.jpg\" alt=\"&lt;span id=&quot;wp-image-14471&quot; class=&quot;exif&quot;&gt;&lt;span class=&quot;aperture&quot;&gt;Przys\u0142ona:&#402;\/6.3&nbsp;&lt;span class=&quot;focal_length&quot;&gt;Ogniskowa:196mm&nbsp;&lt;span class=&quot;iso&quot;&gt;Czu\u0142o\u015b\u0107 ISO:12800&nbsp;&lt;span class=&quot;shutter_speed&quot;&gt;Czas na\u015bwietlania:1\/8s&nbsp;&lt;\/span&gt;\" width=\"604\" height=\"340\" \/><\/a><p class=\"jig-HTMLdescription\"><span id=\"wp-image-14471\" class=\"exif\"><span class=\"aperture\">Przys\u0142ona:&#402;\/6.3&nbsp;<span class=\"focal_length\">Ogniskowa:196mm&nbsp;<span class=\"iso\">Czu\u0142o\u015b\u0107 ISO:12800&nbsp;<span class=\"shutter_speed\">Czas na\u015bwietlania:1\/8s&nbsp;<\/span><br\/>fot. Staszek Dul<\/p><\/li><\/ul><\/noscript><\/div>\n<p class=\"tipi-center\"><a target=\"_blank\" href=\"https:\/\/www.fotezja.pl\/fotowyprawy\/powinienes-wiedziec-ze\/\" style=\"color: #e69138\"><strong>Przeczytaj, co jeszcze warto wiedzie\u0107 o naszych fotowyprawach<\/strong><\/a><a target=\"_blank\" href=\"https:\/\/www.fotezja.pl\/fotowyprawy\/category\/powinienes-wiedziec-ze\/\" style=\"color: #e69138\"><strong> <\/strong><\/a><\/p>\n<p class=\"tipi-center\"><a target=\"_blank\" href=\"https:\/\/www.fotezja.pl\/fotowyprawy\/warto-bo\/\" style=\"color: #e69138\"><strong>Co oferujemy i dlaczego warto jecha\u0107 w\u0142a\u015bnie z nami<\/strong><\/a><a target=\"_blank\" href=\"https:\/\/www.fotezja.pl\/fotowyprawy\/warto-bo\/\" style=\"color: #e69138\"><strong>&nbsp;<\/strong><\/a><\/p>\n<p class=\"tipi-center\"><a target=\"_blank\" href=\"https:\/\/www.fotezja.pl\/fotowyprawy\/ogolne-warunki-umowy-o-swiadczeniu-imprez-turystycznych\/\" style=\"color: #e69138\"><strong>Jakie s\u0105 og\u00f3lne warunki umowy o \u015bwiadczenie us\u0142ug turystycznych <\/strong><\/a><\/p>\n","protected":false},"excerpt":{"rendered":"<p>Przed\u015bwit. Granatowiej\u0105ce jeszcze po nocy niebo powoli nabiera na horyzoncie coraz intensywniejszej czerwieni, kt\u00f3ra stopniowo rozlewa si\u0119 po stawie. Le\u015bna \u015bcie\u017cka jeszcze mroczna, drzewa odcinaj\u0105 si\u0119 nad wod\u0105 czarnymi konturami, bywa \u017ce gdzie\u015b plu\u015bnie weso\u0142o zwinna wydra. Nad stawami przep\u0142ywaj\u0105 mg\u0142y to ods\u0142aniaj\u0105c, to skrywaj\u0105c trzcinowiska, wyspy, zaro\u015bla. Stopniowo \u015bwiat\u0142o dnia rozja\u015bnia krajobraz, w kt\u00f3rym znienacka, w ciszy lub zapowiedziane nios\u0105cym si\u0119 daleko basowym rykiem pojawiaj\u0105 si\u0119 wspania\u0142e sylwetki jeleni, pot\u0119\u017cnych byk\u00f3w z imponuj\u0105cym poro\u017cem, i m\u0142odszych, lecz r\u00f3wnie dostojnych [&hellip;]<\/p>\n","protected":false},"author":1,"featured_media":8747,"parent":0,"menu_order":0,"comment_status":"closed","ping_status":"closed","template":"","meta":{"footnotes":"","_links_to":"","_links_to_target":""},"class_list":["post-8722","page","type-page","status-publish","has-post-thumbnail","hentry"],"_links":{"self":[{"href":"https:\/\/www.fotezja.pl\/fotowyprawy\/wp-json\/wp\/v2\/pages\/8722","targetHints":{"allow":["GET"]}}],"collection":[{"href":"https:\/\/www.fotezja.pl\/fotowyprawy\/wp-json\/wp\/v2\/pages"}],"about":[{"href":"https:\/\/www.fotezja.pl\/fotowyprawy\/wp-json\/wp\/v2\/types\/page"}],"author":[{"embeddable":true,"href":"https:\/\/www.fotezja.pl\/fotowyprawy\/wp-json\/wp\/v2\/users\/1"}],"replies":[{"embeddable":true,"href":"https:\/\/www.fotezja.pl\/fotowyprawy\/wp-json\/wp\/v2\/comments?post=8722"}],"version-history":[{"count":78,"href":"https:\/\/www.fotezja.pl\/fotowyprawy\/wp-json\/wp\/v2\/pages\/8722\/revisions"}],"predecessor-version":[{"id":15287,"href":"https:\/\/www.fotezja.pl\/fotowyprawy\/wp-json\/wp\/v2\/pages\/8722\/revisions\/15287"}],"wp:featuredmedia":[{"embeddable":true,"href":"https:\/\/www.fotezja.pl\/fotowyprawy\/wp-json\/wp\/v2\/media\/8747"}],"wp:attachment":[{"href":"https:\/\/www.fotezja.pl\/fotowyprawy\/wp-json\/wp\/v2\/media?parent=8722"}],"curies":[{"name":"wp","href":"https:\/\/api.w.org\/{rel}","templated":true}]}}