{"id":8580,"date":"2023-10-24T02:09:49","date_gmt":"2023-10-24T00:09:49","guid":{"rendered":"https:\/\/www.fotezja.pl\/fotowyprawy\/?page_id=8580"},"modified":"2025-11-14T17:34:39","modified_gmt":"2025-11-14T16:34:39","slug":"roztocze-wyprawa-boze-narodzenie","status":"publish","type":"page","link":"https:\/\/www.fotezja.pl\/fotowyprawy\/roztocze-wyprawa-boze-narodzenie\/","title":{"rendered":"Cicha Noc na Roztoczu \u2013 wyprawa bo\u017conarodzeniowa"},"content":{"rendered":"<p><img decoding=\"async\" loading=\"lazy\" src=\"https:\/\/www.fotezja.pl\/fotowyprawy\/wp-content\/uploads\/sites\/6\/2024\/08\/IMG_1051_b.jpg\"><noscript><img decoding=\"async\" src=\"https:\/\/www.fotezja.pl\/fotowyprawy\/wp-content\/uploads\/sites\/6\/2024\/08\/IMG_1051_b.jpg\"><\/noscript><\/p>\n<p>O czym szumi\u0105 roztocza\u0144skie porohy? Czy s\u0142ynny szczebrzeszy\u0144ski \u015bwierszcz istotnie brzmi w trzcinie? Co czai si\u0119 w gmatwaninie \u015bcie\u017cek Piekie\u0142ka? I czy per\u0142y dawnej architektury wci\u0105\u017c b\u0142yszcz\u0105? A tak\u017ce, jak\u0105 opowie\u015b\u0107 kryj\u0105 omsza\u0142e nekropolie, przydro\u017cne \u015bwi\u0105tki, wiekowe drzewa i umoszczone w le\u015bnej g\u0142uszy ruiny?<\/p>\n<p> Zapraszamy na wschodnie rubie\u017ce Polski, na w\u0119dr\u00f3wki po Zamojszczy\u017anie, podczas kt\u00f3rych b\u0119dziemy prowadzi\u0107 obserwacje przyrodnicze, ale te\u017c poznawa\u0107 ciekaw\u0105 przesz\u0142o\u015b\u0107 i wielokulturow\u0105 tradycj\u0119 tego regionu. To nasza propozycja na sp\u0119dzenie \u015awi\u0105t Bo\u017cego Narodzenia. <\/p>\n<p>Dla tych, co nie lubi\u0105 nadmiaru gor\u0105czkowej krz\u0105taniny podczas przygotowa\u0144 do \u015bwi\u0105t, dla tych, co wol\u0105 sp\u0119dza\u0107 \u015bwi\u0105teczny czas aktywnie, i dla tych, kt\u00f3rzy maj\u0105 w perspektywie samotne \u015bwi\u0119ta. Podczas naszej wyprawy b\u0119dziemy przemierza\u0107 niespiesznie le\u015bne \u015bcie\u017cki, spacerowa\u0107 wzd\u0142u\u017c rzek i cieszy\u0107 si\u0119 przyjemno\u015bci\u0105 obcowania z malowniczym pi\u0119knem krajobraz\u00f3w Roztocza, kt\u00f3re bywa nazywane polsk\u0105 Toskani\u0105. Je\u015bli zimowa aura dopisze, pejza\u017c nabierze ba\u015bniowego czaru. Ws\u0142uchiwanie si\u0119 w kompozycje wodnych palimpsest\u00f3w nad Tanwi\u0105 b\u0119dzie okazj\u0105 do wyciszenia i relaksu. A spacery z pewno\u015bci\u0105 sprawi\u0105 te\u017c, \u017ce degustacja smakowitych regionalnych potraw dostarczy b\u0142ogich dozna\u0144 przy stole. Zapraszamy do celebrowania \u015bwi\u0105t z nami, z dala od zgie\u0142ku miasta.<\/p>\n<p>Wypraw\u0119 poprowadzi Grzesiek Pyzio\u0142ek.<\/p>\n<p style=\"text-align: center;\"><strong><span style=\"color: #ff9900;\">RUSZ SI\u0118 NA \u015aWI\u0118TA!<\/span><\/strong><\/p>\n<p>To, co najpi\u0119kniejsze na Roztoczu, zosta\u0142o obj\u0119te granicami Roztocza\u0144skiego Parku Narodowego. Warto wspomnie\u0107, \u017ce pocz\u0105tki ochrony przyrody na Roztoczu si\u0119gaj\u0105 XVI wieku, kiedy obszar ten w\u0142\u0105czono do Ordynacji za\u0142o\u017conej przez kanclerza Jana Zamojskiego. Ta decyzja administracyjna okaza\u0142a si\u0119 kluczowa dla tych teren\u00f3w. Dzisiejszy park jest najbardziej zalesionym parkiem narodowym w Polsce. Lasy stanowi\u0105 tutaj 95,5% powierzchni. Mo\u017cna zatem odetchn\u0105\u0107 w nim pe\u0142n\u0105 piersi\u0105. Symbolem Roztocza\u0144skiego Parku Narodowego jest konik polski, zwany r\u00f3wnie\u017c bi\u0142gorajskim, kt\u00f3rego przodkiem by\u0142 tarpan. Prowadzi si\u0119 tu zachowawcz\u0105 hodowl\u0119 tych zwierz\u0105t. Opr\u00f3cz spotkania z konikami polskimi mo\u017cemy te\u017c, w\u0119druj\u0105c le\u015bnymi duktami parku, napotka\u0107 borsuki, kuny czy gronostaje, a w pobli\u017cu meandruj\u0105cych przez park rzek &#8211; wydr\u0119 czy bobra.<\/p>\n<p style=\"text-align: center;\">\n<p><a name=\"zgloszenie\"><\/a><\/p>\n<p><strong><em><span style=\"color: #ff0000;\"><a href=\"https:\/\/www.fotezja.pl\/fotowyprawy\/roztocze-wyprawa-boze-narodzenie\/choinka-na-roztoczu-zgloszenie\/\" target=\"_blank\" rel=\"noopener noreferrer\">Chc\u0119 pojecha\u0107 na Roztocze!<\/a><\/span><\/em><\/strong><\/p>\n<p><img decoding=\"async\" loading=\"lazy\" src=\"https:\/\/www.fotezja.pl\/fotowyprawy\/wp-content\/uploads\/sites\/6\/2023\/10\/IMG_0995_b.jpg\"><noscript><img decoding=\"async\" src=\"https:\/\/www.fotezja.pl\/fotowyprawy\/wp-content\/uploads\/sites\/6\/2023\/10\/IMG_0995_b.jpg\"><\/noscript><\/p>\n<p><span style=\"color: #ff0000\"><a href=\"https:\/\/www.fotezja.pl\/fotowyprawy\/roztocze-wyprawa-boze-narodzenie\/choinka-na-roztoczu-zgloszenie\/\" target=\"_blank\" rel=\"noopener noreferrer\">Zg\u0142aszam si\u0119 na wypraw\u0119 cicha Noc na roztoczu!<\/a><\/span><\/p>\n<p class=\"tipi-center\"><a target=\"_blank\" href=\"https:\/\/www.fotezja.pl\/fotowyprawy\/powinienes-wiedziec-ze\/\" style=\"color: #e69138\"><strong>Przeczytaj, co jeszcze warto wiedzie\u0107 o naszych fotowyprawach<\/strong><\/a><a target=\"_blank\" href=\"https:\/\/www.fotezja.pl\/fotowyprawy\/category\/powinienes-wiedziec-ze\/\" style=\"color: #e69138\"><strong> <\/strong><\/a><\/p>\n<p class=\"tipi-center\"><a target=\"_blank\" href=\"https:\/\/www.fotezja.pl\/fotowyprawy\/warto-bo\/\" style=\"color: #e69138\"><strong>Co oferujemy i dlaczego warto jecha\u0107 w\u0142a\u015bnie z nami<\/strong><\/a><a target=\"_blank\" href=\"https:\/\/www.fotezja.pl\/fotowyprawy\/warto-bo\/\" style=\"color: #e69138\"><strong>&nbsp;<\/strong><\/a><\/p>\n<p class=\"tipi-center\"><a target=\"_blank\" href=\"https:\/\/www.fotezja.pl\/fotowyprawy\/ogolne-warunki-umowy-o-swiadczeniu-imprez-turystycznych\/\" style=\"color: #e69138\"><strong>Jakie s\u0105 og\u00f3lne warunki umowy o \u015bwiadczenie us\u0142ug turystycznych <\/strong><\/a><\/p>\n","protected":false},"excerpt":{"rendered":"<p>O czym szumi\u0105 roztocza\u0144skie porohy? Czy s\u0142ynny szczebrzeszy\u0144ski \u015bwierszcz istotnie brzmi w trzcinie? Co czai si\u0119 w gmatwaninie \u015bcie\u017cek Piekie\u0142ka? I czy per\u0142y dawnej architektury wci\u0105\u017c b\u0142yszcz\u0105? A tak\u017ce, jak\u0105 opowie\u015b\u0107 kryj\u0105 omsza\u0142e nekropolie, przydro\u017cne \u015bwi\u0105tki, wiekowe drzewa i umoszczone w le\u015bnej g\u0142uszy ruiny? Zapraszamy na wschodnie rubie\u017ce Polski, na w\u0119dr\u00f3wki po Zamojszczy\u017anie, podczas kt\u00f3rych b\u0119dziemy prowadzi\u0107 obserwacje przyrodnicze, ale te\u017c poznawa\u0107 ciekaw\u0105 przesz\u0142o\u015b\u0107 i wielokulturow\u0105 tradycj\u0119 tego regionu. To nasza propozycja na sp\u0119dzenie \u015awi\u0105t Bo\u017cego Narodzenia. Dla tych, co [&hellip;]<\/p>\n","protected":false},"author":1,"featured_media":14174,"parent":0,"menu_order":0,"comment_status":"closed","ping_status":"closed","template":"","meta":{"footnotes":"","_links_to":"","_links_to_target":""},"class_list":["post-8580","page","type-page","status-publish","has-post-thumbnail","hentry"],"_links":{"self":[{"href":"https:\/\/www.fotezja.pl\/fotowyprawy\/wp-json\/wp\/v2\/pages\/8580","targetHints":{"allow":["GET"]}}],"collection":[{"href":"https:\/\/www.fotezja.pl\/fotowyprawy\/wp-json\/wp\/v2\/pages"}],"about":[{"href":"https:\/\/www.fotezja.pl\/fotowyprawy\/wp-json\/wp\/v2\/types\/page"}],"author":[{"embeddable":true,"href":"https:\/\/www.fotezja.pl\/fotowyprawy\/wp-json\/wp\/v2\/users\/1"}],"replies":[{"embeddable":true,"href":"https:\/\/www.fotezja.pl\/fotowyprawy\/wp-json\/wp\/v2\/comments?post=8580"}],"version-history":[{"count":104,"href":"https:\/\/www.fotezja.pl\/fotowyprawy\/wp-json\/wp\/v2\/pages\/8580\/revisions"}],"predecessor-version":[{"id":14704,"href":"https:\/\/www.fotezja.pl\/fotowyprawy\/wp-json\/wp\/v2\/pages\/8580\/revisions\/14704"}],"wp:featuredmedia":[{"embeddable":true,"href":"https:\/\/www.fotezja.pl\/fotowyprawy\/wp-json\/wp\/v2\/media\/14174"}],"wp:attachment":[{"href":"https:\/\/www.fotezja.pl\/fotowyprawy\/wp-json\/wp\/v2\/media?parent=8580"}],"curies":[{"name":"wp","href":"https:\/\/api.w.org\/{rel}","templated":true}]}}