{"id":6234,"date":"2022-08-18T22:35:14","date_gmt":"2022-08-18T20:35:14","guid":{"rendered":"https:\/\/www.fotezja.pl\/fotowyprawy\/?page_id=6234"},"modified":"2024-10-26T00:52:45","modified_gmt":"2024-10-25T22:52:45","slug":"gwiazdy-nad-teneryfa-fotorelaks","status":"publish","type":"page","link":"https:\/\/www.fotezja.pl\/fotowyprawy\/gwiazdy-nad-teneryfa-fotorelaks\/","title":{"rendered":"Gwiazdy nad Teneryf\u0105 \u2013 fotorelaks"},"content":{"rendered":"<p><img decoding=\"async\" loading=\"lazy\" src=\"https:\/\/www.fotezja.pl\/fotowyprawy\/wp-content\/uploads\/sites\/6\/2022\/08\/Adam_Krypel-Tenerife_National_Park_03.jpg\"><noscript><img decoding=\"async\" src=\"https:\/\/www.fotezja.pl\/fotowyprawy\/wp-content\/uploads\/sites\/6\/2022\/08\/Adam_Krypel-Tenerife_National_Park_03.jpg\"><\/noscript><\/p>\n<p>Zapraszamy na wyjazd w zupe\u0142nie nowej formule. Noc\u0105 b\u0119dziemy fotografowa\u0107 krajobrazy, oczywi\u015bcie z niebem w roli g\u0142\u00f3wnej, pozostawiaj\u0105c uczestnikom za to pierwsz\u0105 po\u0142ow\u0119 dnia na wypoczynek, kapiel w oceanie, czy shopping. Wszystko to na Teneryfie &#8211; jednej z najpi\u0119kniejszych wysp, wchodz\u0105cej w sk\u0142ad archipelagu Wysp Kanaryjskich. <\/p>\n<p>Po porannej regeneracji zapraszamy na zaj\u0119cia warsztatowe, na kt\u00f3rych uczy\u0107 b\u0119dziemy r\u00f3\u017cnych technik fotografowania nocnego nieba oraz obr\u00f3bki zebranego materia\u0142u. <\/p>\n<p>Opr\u00f3cz nocnych gwiazd fotografowa\u0107 b\u0119dziemy gwiazd\u0119 dzienn\u0105, szczeg\u00f3lnie podczas jej zachodu, a jednego popo\u0142udnia uczestnicy b\u0119d\u0105 mieli mo\u017cliwo\u015b\u0107 w jej \u015bwietle po\u0107wiczy\u0107 fotografi\u0119 portretow\u0105 z kolejn\u0105 gwiazd\u0105, tym razem lokaln\u0105 modelk\u0105.  Poniewa\u017c dni na Teneryfie do kr\u00f3tkich nie nale\u017c\u0105, nie pozwolimy nawet na u\u0142amek nudy, bo nasz\u0105 pasj\u0105 jest tak\u017ce sama Teneryfa.<\/p>\n<p><strong>Dlaczego liczymy w euro i jak to wp\u0142aca\u0107?<\/strong><\/p>\n<p>Cen\u0119 tej fotowyprawy podajemy w euro, poniewa\u017c jej koszty r\u00f3wnie\u017c p\u0142acimy w euro. Hotele, przewozy, bilety &#8211; to wszystko op\u0142acamy w walucie. Cena podana w euro, a nie w z\u0142ot\u00f3wkach, gwarantuje, \u017ce nie pobierzemy od Was mniej ni\u017c wynosi koszt imprezy&#8230; ani wi\u0119cej.<\/p>\n<p>Wp\u0142at mo\u017cna dokonywa\u0107 na dwa sposoby:<\/p>\n<ol>\n<li>\n<p>Przelicza\u0107 sobie wysoko\u015b\u0107 zaliczki w euro na z\u0142ot\u00f3wki po <strong><span style=\"color: #ff9900;\"><a href=\"https:\/\/www.nbp.pl\/home.aspx?f=\/kursy\/kursyc.html\" target=\"_blank\" rel=\"noopener noreferrer\">kursie sprzeda\u017cy NBP<\/a><\/span><\/strong> z danego dnia, a wynik, w z\u0142ot\u00f3wkach, wp\u0142aca\u0107 na nasze konto z\u0142ot\u00f3wkowe: 86 2530 0008 2053 1055 8271 0001<\/p>\n<\/li>\n<li>\n<p>Wp\u0142aca\u0107 sum\u0119 wyra\u017con\u0105 w euro na nasze konto w euro (59 2530 0008 2053 1055 8271 0002), niczego nie przeliczaj\u0105c. Osoby, kt\u00f3re same posiadaj\u0105 konto w euro, mog\u0105 to robi\u0107 prostym przelewem; pozostali mog\u0105 np. korzysta\u0107 z serwis\u00f3w  wymiany walut,  gdzie mo\u017cna zleca\u0107 przelewy mi\u0119dzywalutowe po bardzo dobrym kursie.<\/p>\n<\/li>\n<\/ol>\n<p><strong>Prosz\u0119 w \u017cadnym wypadku nie wp\u0142aca\u0107 z\u0142ot\u00f3wek na konto euro ani euro na konto z\u0142ot\u00f3wkowe, nawet je\u015bli bank to umo\u017cliwia!<\/strong> W takim przypadku Wy wp\u0142aciliby\u015bcie wi\u0119cej ni\u017c trzeba, my dostaliby\u015bmy mniej ni\u017c trzeba, i tylko bank by\u0142by zadowolony.<\/p>\n<p>Gdyby kto\u015b mia\u0142 w\u0105tpliwo\u015bci co do wp\u0142at, prosimy o kontakt &#8211; pomo\u017cemy.<\/p>\n<p><\/p>\n<p><\/p>\n<p style=\"text-align: center;\"><strong><span style=\"color: #00ff00;\">GWIAZDY JU\u017b SI\u0118 KR\u0118C\u0104!<\/span><\/strong><\/p>\n<p><img decoding=\"async\" loading=\"lazy\" src=\"https:\/\/www.fotezja.pl\/fotowyprawy\/wp-content\/uploads\/sites\/6\/2022\/08\/Dorota_Duda_Startrails_Teneryfa_P2264183_b.jpg\"><noscript><img decoding=\"async\" src=\"https:\/\/www.fotezja.pl\/fotowyprawy\/wp-content\/uploads\/sites\/6\/2022\/08\/Dorota_Duda_Startrails_Teneryfa_P2264183_b.jpg\"><\/noscript><\/p>\n<p><\/p>\n<p>Fotograficznym motywem tego wyjazdu jest astrofotografia. Adam Krypel, do\u015bwiadczony fotograf nocnego nieba, b\u0119dzie prowadzi\u0142 dla uczestnik\u00f3w warsztaty, prezentuj\u0105c techniki fotograficzne oraz zastosowanie specjalistycznego sprz\u0119tu s\u0142u\u017c\u0105cego do fotografowania gwiazd. Instruktor b\u0119dzie mia\u0142 do dyspozycji teleskop astronomiczny, kt\u00f3ry zanim zostanie zmieniony w obiektyw aparatu, pozwoli na naoczne zapoznanie si\u0119 z planetami naszego Uk\u0142adu S\u0142onecznego oraz obiektami g\u0142\u0119bokiego nieba, takimi jak mg\u0142awice, galaktyki, gromady gwiazd, a przy odrobinie szcz\u0119\u015bcia tak\u017ce komety. Podczas nocnych sesji przy wulkanie Teide b\u0119dzie u\u017cywany teleskop i rotator, aby zaprezentowa\u0107 bardziej zaawansowane techniki astrofotografii, ale uczestnicy tej wyprawy zostan\u0105 zaznajomieni z technikami, kt\u00f3re opr\u00f3cz aparatu z szerokok\u0105tnym obiektywem i statywu, nie wymagaj\u0105 specjalistycznego sprz\u0119tu astronomicznego. Zebrany materia\u0142 b\u0119dzie mo\u017cna obrobi\u0107 pod nadzorem Adama podczas dziennej cz\u0119\u015bci warsztat\u00f3w.<\/p>\n<p><img decoding=\"async\" loading=\"lazy\" src=\"https:\/\/www.fotezja.pl\/fotowyprawy\/wp-content\/uploads\/sites\/6\/2022\/08\/DJI_0479_b.jpg\"><noscript><img decoding=\"async\" src=\"https:\/\/www.fotezja.pl\/fotowyprawy\/wp-content\/uploads\/sites\/6\/2022\/08\/DJI_0479_b.jpg\"><\/noscript><\/p>\n<p>Gwiazdy nad Teneryf\u0105 to wyjazd turystyczny \u0142\u0105cz\u0105cy fotografowanie nocnego nieba z wypoczynkiem. Warsztaty fotograficzne skoncentrowane g\u0142\u00f3wnie na astrofotografii odbywa\u0107 b\u0119d\u0105 si\u0119 popo\u0142udniami, a sesje fotograficzne pod gwiazdami w nocy, ale nast\u0119pnego dnia b\u0119dzie mo\u017cna si\u0119 wyspa\u0107 i odpocz\u0105\u0107. W tej formule znacznie mniej jest je\u017cd\u017cenia i chodzenia, a w ci\u0105gu dnia znajdzie si\u0119 czas na k\u0105piel w oceanie lub hotelowym basenie. Tutaj uczestnicy nie b\u0119d\u0105 zrywali si\u0119 przed \u015bwitem na wschody s\u0142o\u0144ca, natomiast b\u0119d\u0105 k\u0142adli si\u0119 spa\u0107 o \u015bwicie.<\/p>\n<p><img decoding=\"async\" loading=\"lazy\" src=\"https:\/\/www.fotezja.pl\/fotowyprawy\/wp-content\/uploads\/sites\/6\/2022\/08\/Adam_Krypel-Santiago-del-Teide_02.jpg\"><noscript><img decoding=\"async\" src=\"https:\/\/www.fotezja.pl\/fotowyprawy\/wp-content\/uploads\/sites\/6\/2022\/08\/Adam_Krypel-Santiago-del-Teide_02.jpg\"><\/noscript><br \/>\n<img decoding=\"async\" loading=\"lazy\" src=\"https:\/\/www.fotezja.pl\/fotowyprawy\/wp-content\/uploads\/sites\/6\/2022\/08\/PTR_3331_b.jpg\"><noscript><img decoding=\"async\" src=\"https:\/\/www.fotezja.pl\/fotowyprawy\/wp-content\/uploads\/sites\/6\/2022\/08\/PTR_3331_b.jpg\"><\/noscript><\/p>\n<p style=\"text-align: center;\"><span style=\"color: #00ff00;\">GWIAZDY NA CIEBIE CZEKAJ\u0104!<\/span><\/p>\n<p><a name=\"zgloszenie\"><\/a><\/p>\n<p><strong><em><span style=\"color: #ffffff;\"><a href=\"https:\/\/www.fotezja.pl\/fotowyprawy\/gwiazdy-nad-teneryfa-fotorelaks\/zgloszenie-na-fotorelaks-gwiazdy-nad-teneryfa\/\" rel=\"\">Chc\u0119 fotografowa\u0107 gwiazdy na Teneryfie!<\/a><\/span><\/em><\/strong><\/p>\n<p><img decoding=\"async\" loading=\"lazy\" src=\"https:\/\/www.fotezja.pl\/fotowyprawy\/wp-content\/uploads\/sites\/6\/2022\/08\/Adam_Krypel-Plomien_05.jpg\"><noscript><img decoding=\"async\" src=\"https:\/\/www.fotezja.pl\/fotowyprawy\/wp-content\/uploads\/sites\/6\/2022\/08\/Adam_Krypel-Plomien_05.jpg\"><\/noscript><\/p>\n<p><a href=\"https:\/\/www.fotezja.pl\/fotowyprawy\/gwiazdy-nad-teneryfa-fotorelaks\/zgloszenie-na-fotorelaks-gwiazdy-nad-teneryfa\/\" rel=\"\">Zg\u0142aszam si\u0119 na fotorelaks na teneryf\u0119<\/a><\/p>\n<p>Do fotografowania gwiazd wystarczy aparat z szerokok\u0105tnym obiektywem i statyw. Je\u015bli kto\u015b dysponuje monta\u017cem paralaktycznym to oczywi\u015bcie warto go zabra\u0107, ale nie b\u0119dzie on niezb\u0119dny. Do sesji pla\u017cowej z modelk\u0105 przydatny b\u0119dzie obiektyw portretowy lub uniwersalny zoom 24-70 mm lub 24-100 mm. Mi\u0142o\u015bnicy kwiat\u00f3w i interesuj\u0105cych detali mog\u0105 zabra\u0107 obiektyw do makro, fani ptak\u00f3w &#8211; teleobiektyw. Do tego oczywi\u015bcie odpowiedni zapas kart pami\u0119ci oraz akumulatory do aparatu (na nocne sesje warto mie\u0107 co najmniej dwa akumulatory!). Przydatny b\u0119dzie pilot lub w\u0119\u017cyk zdalnego wyzwalania. W hotelu b\u0119dzie mo\u017cna codziennie pod\u0142adowa\u0107 akumulatory, gniazdka s\u0105 takie same jak w Polsce.<\/p>\n<p><\/p>\n<p>Warto oczywi\u015bcie zabra\u0107 kostiumy k\u0105pielowe, kapelusze i krem przeciws\u0142oneczny na cz\u0119\u015b\u0107 wypoczynkow\u0105, ale te\u017c ciep\u0142e ubranie, r\u0119kawiczki i czapk\u0119 na sesje z gwiazdami. Na wysoko\u015bci 2000 metr\u00f3w w nocy temperatury s\u0105 bliskie zera!<\/p>\n<p><img decoding=\"async\" loading=\"lazy\" src=\"https:\/\/www.fotezja.pl\/fotowyprawy\/wp-content\/uploads\/sites\/6\/2022\/08\/PTR_2838_b.jpg\"><noscript><img decoding=\"async\" src=\"https:\/\/www.fotezja.pl\/fotowyprawy\/wp-content\/uploads\/sites\/6\/2022\/08\/PTR_2838_b.jpg\"><\/noscript><\/p>\n<p>Teneryfa nale\u017cy do Hiszpanii, wi\u0119c stanowi cz\u0119\u015b\u0107 Unii Europejskiej. Wje\u017cd\u017camy wi\u0119c na dow\u00f3d osobisty, \u017cadne szczeg\u00f3lne szczepienia nie s\u0105 wymagane, nie ma te\u017c \u017cadnych nietypowych warunk\u00f3w zdrowotnych.<\/p>\n<p><\/p>\n<p>Jak przed ka\u017cd\u0105 podr\u00f3\u017c\u0105, zach\u0119camy aby w razie w\u0105tpliwo\u015bci sprawdzi\u0107 stron\u0119 <strong><span style=\"color: #e69138;\"><a href=\"https:\/\/www.gov.pl\/web\/dyplomacja\/informacje-dla-podrozujacych\" target=\"_blank\" rel=\"noopener noreferrer\">Ministerstwa Spraw Zagranicznych<\/a><\/span><\/strong>. Znajduj\u0105 si\u0119 tam aktualne informacje o wymaganych dokumentach, szczepieniach, ostrze\u017cenia i przepisy celne dla ka\u017cdego kraju.<\/p>\n<p class=\"tipi-center\"><a target=\"_blank\" href=\"https:\/\/www.fotezja.pl\/fotowyprawy\/powinienes-wiedziec-ze\/\" style=\"color: #e69138\" rel=\"noopener\"><strong>Przeczytaj, co jeszcze warto wiedzie\u0107 o naszych fotowyprawach<\/strong><\/a><a target=\"_blank\" href=\"https:\/\/www.fotezja.pl\/fotowyprawy\/category\/powinienes-wiedziec-ze\/\" style=\"color: #e69138\" rel=\"noopener\"><strong> <\/strong><\/a><\/p>\n<p class=\"tipi-center\"><a target=\"_blank\" href=\"https:\/\/www.fotezja.pl\/fotowyprawy\/warto-bo\/\" style=\"color: #e69138\" rel=\"noopener\"><strong>Co oferujemy i dlaczego warto jecha\u0107 w\u0142a\u015bnie z nami<\/strong><\/a><strong style=\"color: #e69138\">&nbsp;<\/strong><\/p>\n<p class=\"tipi-center\"><a target=\"_blank\" href=\"https:\/\/www.fotezja.pl\/fotowyprawy\/ogolne-warunki-umowy-o-swiadczeniu-imprez-turystycznych\/\" style=\"color: #e69138\" rel=\"noopener\"><strong>Jakie s\u0105 og\u00f3lne warunki umowy o \u015bwiadczenie us\u0142ug turystycznych <\/strong><\/a><\/p>\n","protected":false},"excerpt":{"rendered":"<p>Zapraszamy na wyjazd w zupe\u0142nie nowej formule. Noc\u0105 b\u0119dziemy fotografowa\u0107 krajobrazy, oczywi\u015bcie z niebem w roli g\u0142\u00f3wnej, pozostawiaj\u0105c uczestnikom za to pierwsz\u0105 po\u0142ow\u0119 dnia na wypoczynek, kapiel w oceanie, czy shopping. Wszystko to na Teneryfie &#8211; jednej z najpi\u0119kniejszych wysp, wchodz\u0105cej w sk\u0142ad archipelagu Wysp Kanaryjskich. Po porannej regeneracji zapraszamy na zaj\u0119cia warsztatowe, na kt\u00f3rych uczy\u0107 b\u0119dziemy r\u00f3\u017cnych technik fotografowania nocnego nieba oraz obr\u00f3bki zebranego materia\u0142u. Opr\u00f3cz nocnych gwiazd fotografowa\u0107 b\u0119dziemy gwiazd\u0119 dzienn\u0105, szczeg\u00f3lnie podczas jej zachodu, a jednego popo\u0142udnia [&hellip;]<\/p>\n","protected":false},"author":1,"featured_media":6254,"parent":0,"menu_order":0,"comment_status":"closed","ping_status":"closed","template":"","meta":{"footnotes":"","_links_to":"","_links_to_target":""},"class_list":["post-6234","page","type-page","status-publish","has-post-thumbnail","hentry"],"_links":{"self":[{"href":"https:\/\/www.fotezja.pl\/fotowyprawy\/wp-json\/wp\/v2\/pages\/6234","targetHints":{"allow":["GET"]}}],"collection":[{"href":"https:\/\/www.fotezja.pl\/fotowyprawy\/wp-json\/wp\/v2\/pages"}],"about":[{"href":"https:\/\/www.fotezja.pl\/fotowyprawy\/wp-json\/wp\/v2\/types\/page"}],"author":[{"embeddable":true,"href":"https:\/\/www.fotezja.pl\/fotowyprawy\/wp-json\/wp\/v2\/users\/1"}],"replies":[{"embeddable":true,"href":"https:\/\/www.fotezja.pl\/fotowyprawy\/wp-json\/wp\/v2\/comments?post=6234"}],"version-history":[{"count":83,"href":"https:\/\/www.fotezja.pl\/fotowyprawy\/wp-json\/wp\/v2\/pages\/6234\/revisions"}],"predecessor-version":[{"id":11939,"href":"https:\/\/www.fotezja.pl\/fotowyprawy\/wp-json\/wp\/v2\/pages\/6234\/revisions\/11939"}],"wp:featuredmedia":[{"embeddable":true,"href":"https:\/\/www.fotezja.pl\/fotowyprawy\/wp-json\/wp\/v2\/media\/6254"}],"wp:attachment":[{"href":"https:\/\/www.fotezja.pl\/fotowyprawy\/wp-json\/wp\/v2\/media?parent=6234"}],"curies":[{"name":"wp","href":"https:\/\/api.w.org\/{rel}","templated":true}]}}