{"id":2541,"date":"2020-07-07T00:30:07","date_gmt":"2020-07-06T22:30:07","guid":{"rendered":"https:\/\/www.fotezja.pl\/fotowyprawy\/?page_id=2541"},"modified":"2020-10-26T23:55:29","modified_gmt":"2020-10-26T22:55:29","slug":"krzywe-tonalne-i-kontrola-kontrastu-warsztaty-edycyjne-online","status":"publish","type":"page","link":"https:\/\/www.fotezja.pl\/fotowyprawy\/krzywe-tonalne-i-kontrola-kontrastu-warsztaty-edycyjne-online\/","title":{"rendered":"Krzywe tonalne i kontrola kontrastu \u2013 warsztaty edycyjne online"},"content":{"rendered":"<p><img decoding=\"async\" loading=\"lazy\" src=\"https:\/\/www.fotezja.pl\/fotowyprawy\/wp-content\/uploads\/sites\/6\/2020\/07\/PTR_9474_b.jpg\"><noscript><img decoding=\"async\" src=\"https:\/\/www.fotezja.pl\/fotowyprawy\/wp-content\/uploads\/sites\/6\/2020\/07\/PTR_9474_b.jpg\"><\/noscript><\/p>\n<p>W tym roku mamy now\u0105 formu\u0142\u0119 warsztat\u00f3w edycyjnych: od teraz b\u0119dziemy je robi\u0107 zdalnie! O um\u00f3wionej godzinie ka\u017cdy zasi\u0105dzie przed swoim komputerem i nauczymy si\u0119 czego\u015b nowego. Pod koniec lipca zmierzymy si\u0119 z zagadnieniem, kt\u00f3re jest skomplikowane, ale nie tak jak si\u0119 wydaje na pierwszy rzut oka: powalczymy sobie z krzywymi tonalnymi i nauczymy si\u0119 kontrolowa\u0107 kontrast na zdj\u0119ciach.<\/p>\n<p><\/p>\n<p><strong>Nasze warsztaty edycyjne to:<\/strong><\/p>\n<p><strong>\u2022 <\/strong>Interaktywne zaj\u0119cia w ma\u0142ych grupach<\/p>\n<p><strong>\u2022 <\/strong>Dok\u0142adne prze\u0107wiczenie ka\u017cdego zagadnienia<\/p>\n<p><strong>\u2022 <\/strong>Nie trzeba nigdzie je\u017adzi\u0107: uczysz si\u0119 w domu, przez internet<\/p>\n<p><strong>\u2022 <\/strong>Mo\u017cna korzysta\u0107 z laptopa albo komputera stacjonarnego<\/p>\n<p><strong>\u2022 <\/strong>Dost\u0119p do materia\u0142\u00f3w z warsztat\u00f3w po ich zako\u0144czeniu<\/p>\n<p style=\"text-align: center;\"><span style=\"color: #ff0000;\">ZAPRASZAMY!<\/span><\/p>\n<p><img decoding=\"async\" loading=\"lazy\" src=\"https:\/\/www.fotezja.pl\/fotowyprawy\/wp-content\/uploads\/sites\/6\/2020\/07\/PTR_2752_po_bb.jpg\"><noscript><img decoding=\"async\" src=\"https:\/\/www.fotezja.pl\/fotowyprawy\/wp-content\/uploads\/sites\/6\/2020\/07\/PTR_2752_po_bb.jpg\"><\/noscript><\/p>\n<p>Spotkania s\u0105 interaktywne i przebiegaj\u0105 wed\u0142ug schematu: prezentacja \u2013 \u0107wiczenie z asyst\u0105. Czyli najpierw ja pokazuj\u0119 co i jak nale\u017cy zrobi\u0107, a nast\u0119pnie Uczestnicy powtarzaj\u0105 czynno\u015bci, korzystaj\u0105c z mojej pomocy je\u015bli jej potrzebuj\u0105. Je\u015bli pojawi si\u0119 konieczno\u015b\u0107 dodatkowych wyja\u015bnie\u0144, te\u017c oczywi\u015bcie mo\u017cna na nie liczy\u0107. Gdy wszyscy wykonaj\u0105 \u0107wiczenie, przejdziemy do nast\u0119pnego. Taki interaktywny tryb pracy jest najbardziej efektywny dla ma\u0142ych grup, wi\u0119c nasze grupy b\u0119d\u0105 liczy\u0107 maksymalnie sze\u015b\u0107 os\u00f3b.<\/p>\n<p><strong>Na tych warsztatach nauczysz si\u0119:<\/strong><\/p>\n<p><strong>\u2022<\/strong> czym jest kontrast i co ma wsp\u00f3lnego z ostro\u015bci\u0105<\/p>\n<p><strong>\u2022<\/strong> jakie s\u0105 rodzaje kontrastu i jak o nie powalczy\u0107<\/p>\n<p><strong>\u2022<\/strong> jak oswoi\u0107 krzywe tonalne &#8211; wszystkie!<\/p>\n<p><strong>\u2022<\/strong> jak korzysta\u0107 z krzywych jasno\u015bci oraz kana\u0142\u00f3w RGB<\/p>\n<p><\/p>\n<p><\/p>\n<p><\/p>\n<p><\/p>\n<p><strong>\u2022<\/strong> jak oddzieli\u0107 jasno\u015b\u0107 i kontrast od koloru, czyli przywitamy si\u0119 z trybem LAB<\/p>\n<p><strong>\u2022<\/strong> efektywnie korzysta\u0107 z palety Info<\/p>\n<p><strong>\u2022<\/strong> jak poprawi\u0107 kontrast barwy nie psuj\u0105c kontrastu jasno\u015bci&#8230; i odwrotnie<\/p>\n<p><strong>\u2022<\/strong> pos\u0142ugiwa\u0107 si\u0119 liczbow\u0105 metod\u0105 korekcji tonalnej<\/p>\n<p><strong>\u2022<\/strong> jak podkre\u015bla\u0107 detale kontrastem lokalnym<\/p>\n<p><strong>\u2022<\/strong> co zrobi\u0107, gdy kontrast jest po prostu za du\u017cy<\/p>\n<p><strong>\u2022<\/strong> no i jak sobie radzi\u0107, je\u015bli r\u00f3\u017cne problemy wyst\u0119puj\u0105 na r\u00f3\u017cnych fragmentach tego samego zdj\u0119cia.<\/p>\n<p>Zdj\u0119cie powy\u017cej powsta\u0142o ze zdj\u0119cia poni\u017cej dzi\u0119ki u\u017cyciu krzywych tonalnych w trybie LAB. Tego te\u017c nauczymy si\u0119 na warsztatach!<\/p>\n<p><img decoding=\"async\" loading=\"lazy\" src=\"https:\/\/www.fotezja.pl\/fotowyprawy\/wp-content\/uploads\/sites\/6\/2020\/07\/PTR_2752_przed_b.jpg\"><noscript><img decoding=\"async\" src=\"https:\/\/www.fotezja.pl\/fotowyprawy\/wp-content\/uploads\/sites\/6\/2020\/07\/PTR_2752_przed_b.jpg\"><\/noscript><\/p>\n<p>Zaj\u0119cia online r\u00f3\u017cni\u0105 si\u0119 od stacjonarnych pod r\u00f3\u017cnymi wzgl\u0119dami. Skoro nigdzie nie musimy jecha\u0107 ani wynajmowa\u0107 sali, nie ma powodu, \u017ceby robi\u0107 trzydniowe posiedzenia. Online jeden dzie\u0144 to jedno zagadnienie, przewa\u0142kowane wzd\u0142u\u017c i wszerz. Pojedyncze spotkanie trwa 5 godzin, z dwoma pi\u0119tnastominutowymi przerwami w \u015brodku. Kaw\u0119 i ciastka na przerwy ka\u017cdy dostarcza sobie we w\u0142asnym zakresie \ud83d\ude42 Potrzeba notowania zagadnie\u0144 jest mniejsza ni\u017c przy dotychczasowych warsztatach obr\u00f3bkowych, bo Uczestnicy dostan\u0105 dost\u0119p do materia\u0142\u00f3w zapisanych przez system Zoom w trakcie warsztat\u00f3w. Mimo to namawiam do notowania przynajmniej niekt\u00f3rych, bardziej skomplikowanych zagadnie\u0144, bo dzi\u0119ki temu lepiej si\u0119 zapami\u0119tuje \u2013 niemniej jednak, w tym systemie wi\u0119cej b\u0119dzie \u0107wicze\u0144, a mniej notowania.<\/p>\n<p>Na zdj\u0119ciu poni\u017cej by\u0142o oryginalnie sporo \u015bwiat\u0142a, ale cieni prawie \u017cadnych&#8230; Takie cuda te\u017c si\u0119 nauczymy robi\u0107.<\/p>\n<p>Warsztaty s\u0105 prowadzone przy u\u017cyciu platformy Zoom. Do uczestnictwa w nich wystarczy za\u0142o\u017cenie darmowego konta i pobranie bezp\u0142atnej aplikacji Zoom. Instrukcj\u0119 instalacji Zooma oraz korzystania z istotnych jego narz\u0119dzi mo\u017cna znale\u017a\u0107 w poradniku: <strong><span style=\"color: #ff9900;\"><a href=\"https:\/\/www.fotezja.pl\/fotowyprawy\/warsztaty-online-jak-sie-przygotowac\/\" rel=\"noopener noreferrer nofollow\">Warsztaty online &#8211; jak si\u0119 przygotowa\u0107<\/a><\/span><\/strong>.<\/p>\n<p><img decoding=\"async\" loading=\"lazy\" src=\"https:\/\/www.fotezja.pl\/fotowyprawy\/wp-content\/uploads\/sites\/6\/2020\/07\/IMG_3172_b.jpg\"><noscript><img decoding=\"async\" src=\"https:\/\/www.fotezja.pl\/fotowyprawy\/wp-content\/uploads\/sites\/6\/2020\/07\/IMG_3172_b.jpg\"><\/noscript><\/p>\n<p style=\"text-align: center;\"><span style=\"color: #ff0000;\">ZAPRASZAMY!<\/span><\/p>\n<p><a name=\"zgloszenie\"><\/a><\/p>\n<p><strong><em><span style=\"color: #cc0000;\"><a href=\"https:\/\/www.fotezja.pl\/fotowyprawy\/krzywe-tonalne-i-kontrola-kontrastu-warsztaty-edycyjne-online\/zgloszenie-na-warsztaty-krzywe-tonalne-i-kontrola-kontrastu\/\" rel=\"noopener noreferrer nofollow\"><span style=\"font-family: Arial Black\">Chc\u0119 powalczy\u0107 z kontrastem!<\/span><\/a><\/span><\/em><\/strong><\/p>\n<p><img decoding=\"async\" loading=\"lazy\" src=\"https:\/\/www.fotezja.pl\/fotowyprawy\/wp-content\/uploads\/sites\/6\/2020\/07\/IMG_0146_b.jpg\"><noscript><img decoding=\"async\" src=\"https:\/\/www.fotezja.pl\/fotowyprawy\/wp-content\/uploads\/sites\/6\/2020\/07\/IMG_0146_b.jpg\"><\/noscript><\/p>\n<p><strong><a href=\"https:\/\/www.fotezja.pl\/fotowyprawy\/krzywe-tonalne-i-kontrola-kontrastu-warsztaty-edycyjne-online\/zgloszenie-na-warsztaty-krzywe-tonalne-i-kontrola-kontrastu\/\" rel=\"noopener noreferrer nofollow\">Zg\u0142aszam si\u0119 na warsztaty z krzywych tonalnych i kontroli kontrastu<\/a><\/strong><\/p>\n<p>Warsztaty edycyjne online s\u0105 prowadzone przez internet, niezb\u0119dny jest wi\u0119c sprawny dost\u0119p do internetu. Jak sprawny? Je\u015bli ogl\u0105damy bez problem\u00f3w i zaci\u0119\u0107 filmy w wysokiej rozdzielczo\u015bci na Youtube, Netflix, HBO itp., to prawdopodobnie mamy wystarczaj\u0105co wydajny internet.<\/p>\n<p>Potrzebny jest te\u017c oczywi\u015bcie komputer z oprogramowaniem, kt\u00f3re b\u0119dzie u\u017cywane podczas warsztat\u00f3w. W tym przypadku potrzebne oprogramowanie to:<\/p>\n<p>&#8211; <strong>Adobe Photoshop<\/strong> (najlepiej CC, ale starsze CS &#8211; CS6, CS5, CS4 czy CS3 te\u017c wystarcz\u0105).<\/p>\n<p>Photoshop mo\u017ce by\u0107 w wersji pr\u00f3bnej, kt\u00f3r\u0105 mo\u017cna sobie aktywowa\u0107 bezp\u0142atnie na 7 dni wybieraj\u0105c <strong><span style=\"color: #ff9900;\"><a href=\"https:\/\/www.adobe.com\/pl\/creativecloud\/photography.html#mini-plans-web-cta-photoshop-card\" rel=\"noopener noreferrer nofollow\" target=\"_blank\">Plan fotograficzny Adobe<\/a><\/span><\/strong>.<\/p>\n<p>Komputer powinien by\u0107 na tyle wydajny, aby wygodnie i sprawnie dzia\u0142a\u0142 na nim Photoshop &#8211; bez zaci\u0119\u0107, przestoj\u00f3w, oczekiwania na wykonanie operacji. W praktyce wystarczy do tego komputer z dowolnym procesorem nie starszym ni\u017c 7 lat i pami\u0119ci\u0105 RAM co najmniej 8 GB (a jeszcze lepiej &#8211; 12-16 GB). Potrzebna te\u017c b\u0119dzie myszka do sterowania (g\u0142adzik nie wystarczy!). Dwa monitory b\u0119d\u0105 stanowi\u0142y u\u0142atwienie (na jednym ekranie mo\u017cna wy\u015bwietla\u0107 transmitowane instrukcje warsztatowe, a na drugim ekranie mie\u0107 Photoshopa do \u0107wicze\u0144), ale nie s\u0105 niezb\u0119dne.<\/p>\n<p>Pliki zdj\u0119\u0107 potrzebnych do \u0107wicze\u0144 zostan\u0105 dostarczone przed rozpocz\u0119ciem warsztat\u00f3w &#8211; nie trzeba szykowa\u0107 w\u0142asnych.<\/p>\n<p>Warsztaty s\u0105 prowadzone przy u\u017cyciu platformy Zoom. Do uczestnictwa w nich wystarczy za\u0142o\u017cenie darmowego konta i pobranie bezp\u0142atnej aplikacji Zoom. Instrukcj\u0119 instalacji Zooma oraz korzystania z istotnych jego narz\u0119dzi mo\u017cna znale\u017a\u0107 w poradniku: <strong><span style=\"color: #ff9900;\"><a href=\"https:\/\/www.fotezja.pl\/fotowyprawy\/warsztaty-online-jak-sie-przygotowac\/\" rel=\"noopener noreferrer nofollow\">Warsztaty online &#8211; jak si\u0119 przygotowa\u0107<\/a><\/span><\/strong>. W wiecz\u00f3r poprzedzaj\u0105cy warsztaty zapraszamy na spotkanie techniczne, podczas kt\u00f3rego b\u0119dzie mo\u017cna sprawdzi\u0107, czy wszystko ze zdalnym po\u0142aczeniem jest w porz\u0105dku.<\/p>\n<p><img decoding=\"async\" loading=\"lazy\" src=\"https:\/\/www.fotezja.pl\/fotowyprawy\/wp-content\/uploads\/sites\/6\/2020\/07\/IMG_8995_b.jpg\"><noscript><img decoding=\"async\" src=\"https:\/\/www.fotezja.pl\/fotowyprawy\/wp-content\/uploads\/sites\/6\/2020\/07\/IMG_8995_b.jpg\"><\/noscript><\/p>\n<p><\/p>\n<p style=\"text-align: center;\"><strong><span style=\"color: #ff9900;\"><a href=\"https:\/\/www.ewaipiotr.pl\/obrobka-zdjec\/jak-zdezaktualizowac-adobe-camera-raw\/\" rel=\"noopener noreferrer nofollow\" target=\"_blank\">Jak wr\u00f3ci\u0107 do poprzedniej (sprawnej) wersji Adobe Camera RAW w Photoshopie<\/a><\/span><\/strong><\/p>\n<p style=\"text-align: center;\"><strong><span style=\"color: #e69138;\"><a href=\"https:\/\/www.fotezja.pl\/jak-sobie-ulozyc-palety-w-photoshopie\/\" rel=\"noopener noreferrer nofollow\">Przed warsztatami u\u0142\u00f3\u017c sobie palety w Photoshopie<\/a><\/span><\/strong><\/p>\n<p><\/p>\n","protected":false},"excerpt":{"rendered":"<p>W tym roku mamy now\u0105 formu\u0142\u0119 warsztat\u00f3w edycyjnych: od teraz b\u0119dziemy je robi\u0107 zdalnie! O um\u00f3wionej godzinie ka\u017cdy zasi\u0105dzie przed swoim komputerem i nauczymy si\u0119 czego\u015b nowego. Pod koniec lipca zmierzymy si\u0119 z zagadnieniem, kt\u00f3re jest skomplikowane, ale nie tak jak si\u0119 wydaje na pierwszy rzut oka: powalczymy sobie z krzywymi tonalnymi i nauczymy si\u0119 kontrolowa\u0107 kontrast na zdj\u0119ciach. Nasze warsztaty edycyjne to: \u2022 Interaktywne zaj\u0119cia w ma\u0142ych grupach \u2022 Dok\u0142adne prze\u0107wiczenie ka\u017cdego zagadnienia \u2022 Nie trzeba nigdzie je\u017adzi\u0107: uczysz [&hellip;]<\/p>\n","protected":false},"author":2,"featured_media":2589,"parent":0,"menu_order":0,"comment_status":"closed","ping_status":"closed","template":"","meta":{"footnotes":"","_links_to":"","_links_to_target":""},"class_list":["post-2541","page","type-page","status-publish","has-post-thumbnail","hentry"],"_links":{"self":[{"href":"https:\/\/www.fotezja.pl\/fotowyprawy\/wp-json\/wp\/v2\/pages\/2541","targetHints":{"allow":["GET"]}}],"collection":[{"href":"https:\/\/www.fotezja.pl\/fotowyprawy\/wp-json\/wp\/v2\/pages"}],"about":[{"href":"https:\/\/www.fotezja.pl\/fotowyprawy\/wp-json\/wp\/v2\/types\/page"}],"author":[{"embeddable":true,"href":"https:\/\/www.fotezja.pl\/fotowyprawy\/wp-json\/wp\/v2\/users\/2"}],"replies":[{"embeddable":true,"href":"https:\/\/www.fotezja.pl\/fotowyprawy\/wp-json\/wp\/v2\/comments?post=2541"}],"version-history":[{"count":23,"href":"https:\/\/www.fotezja.pl\/fotowyprawy\/wp-json\/wp\/v2\/pages\/2541\/revisions"}],"predecessor-version":[{"id":2885,"href":"https:\/\/www.fotezja.pl\/fotowyprawy\/wp-json\/wp\/v2\/pages\/2541\/revisions\/2885"}],"wp:featuredmedia":[{"embeddable":true,"href":"https:\/\/www.fotezja.pl\/fotowyprawy\/wp-json\/wp\/v2\/media\/2589"}],"wp:attachment":[{"href":"https:\/\/www.fotezja.pl\/fotowyprawy\/wp-json\/wp\/v2\/media?parent=2541"}],"curies":[{"name":"wp","href":"https:\/\/api.w.org\/{rel}","templated":true}]}}