{"id":13254,"date":"2025-03-09T01:37:15","date_gmt":"2025-03-09T00:37:15","guid":{"rendered":"https:\/\/www.fotezja.pl\/fotowyprawy\/?page_id=13254"},"modified":"2025-04-15T22:54:33","modified_gmt":"2025-04-15T20:54:33","slug":"na-tropie-slepowrona-wycieczka-przyrodnicza","status":"publish","type":"page","link":"https:\/\/www.fotezja.pl\/fotowyprawy\/na-tropie-slepowrona-wycieczka-przyrodnicza\/","title":{"rendered":"Na tropie \u015blepowrona \u2013 wycieczka przyrodnicza"},"content":{"rendered":"<p><img decoding=\"async\" loading=\"lazy\" src=\"https:\/\/www.fotezja.pl\/fotowyprawy\/wp-content\/uploads\/sites\/6\/2025\/03\/Kraina_slepowrona-20210626_1281-D-clear-final.jpg\"><noscript><img decoding=\"async\" src=\"https:\/\/www.fotezja.pl\/fotowyprawy\/wp-content\/uploads\/sites\/6\/2025\/03\/Kraina_slepowrona-20210626_1281-D-clear-final.jpg\"><\/noscript><\/p>\n<p>Czarnogranatowa g\u0142owa ozdobiona trzema d\u0142ugimi bia\u0142ymi pi\u00f3rami, czerwone oko, grafitowy dzi\u00f3b, czarnogranatowy z zielonym po\u0142yskiem grzbiet i popielate skrzyd\u0142a oraz ogon. Tego eleganta nie da si\u0119 pomyli\u0107. \u015alepowron &#8211; jeden z bardziej skrytych i rzadkich ptak\u00f3w, kt\u00f3ry w Polsce wyst\u0119puje tylko w kilkunastu izolowanych siedliskach. Ta niewielka czapla prowadzi nocny tryb \u017cycia, za dnia odpoczywa w zaro\u015blach lub na drzewach i pozostaje cicha, aktywizuje si\u0119 dopiero o zmierzchu, w\u00f3wczas te\u017c mo\u017cna us\u0142ysze\u0107 jej kracz\u0105cy g\u0142os. \u0141aci\u0144ska nazwa Nyticorax nyticorax to w\u0142a\u015bnie odzwierciedla, pochodzi bowiem od s\u0142\u00f3w nyktos &#8211; noc i corax \u2013 kruk. Dlaczego po polsku \u015blepowron? Polska nazwa r\u00f3wnie\u017c odnosi si\u0119 do charakterystycznego g\u0142osu, a jej druga cz\u0119\u015b\u0107 wzi\u0119\u0142a si\u0119 z dawnego przekonania, \u017ce ptak ten jest \u015blepy, gdy\u017c za dnia ukrywa si\u0119, drzemi\u0105c w nadwodnych zadrzewieniach. Najwi\u0119kszym stanowiskiem l\u0119gowym tego bardzo wyj\u0105tkowego gatunku jest Dolina G\u00f3rnej Wis\u0142y i tam w\u0142a\u015bnie zapraszamy na nasz\u0105 ornitologiczn\u0105 wypraw\u0119 w poszukiwaniu nie tylko \u015blepowrona, ale i innych, r\u00f3wnie pi\u0119knych i eleganckich czapli jak na przyk\u0142ad purpurowa czy nadobna, a tak\u017ce zalatuj\u0105cych czasem z po\u0142udnia go\u015bci takich jak warz\u0119cha czy ibis kasztanowaty. Jednym s\u0142owem b\u0119dziemy na tropie ornitologicznych rarytas\u00f3w.<\/p>\n<p><\/p>\n<p style=\"text-align: center;\"><span style=\"color: #00ff00;\">WYRUSZ TROPI\u0106 \u015aLEPOWRONA!<\/span><\/p>\n<p><img decoding=\"async\" loading=\"lazy\" src=\"https:\/\/www.fotezja.pl\/fotowyprawy\/wp-content\/uploads\/sites\/6\/2024\/01\/4I0A9271sm.jpg\"><noscript><img decoding=\"async\" src=\"https:\/\/www.fotezja.pl\/fotowyprawy\/wp-content\/uploads\/sites\/6\/2024\/01\/4I0A9271sm.jpg\"><\/noscript><\/p>\n<p>Wyjazd jest adresowany przede wszystkim do mi\u0142o\u015bnik\u00f3w obserwacji ptak\u00f3w. Wybieramy si\u0119 w miejsce szczeg\u00f3lne: ostoje ptactwa wodno-b\u0142otnego nale\u017c\u0105ce do sieci Natura 2000, z kt\u00f3rych najwi\u0119ksze znaczenie ma Dolina G\u00f3rnej Wis\u0142y, obejmuj\u0105ca zaporowe Jezioro Gocza\u0142kowickie, niezwyk\u0142e zak\u0105tki jednych z najstarszych w Polsce (XIV wiek) staw\u00f3w hodowlanych, \u017cwirowiska oraz doliny rzeczne Wis\u0142y i jej dop\u0142yw\u00f3w Skawy i So\u0142y. O wyj\u0105tkowo\u015bci tego miejsca stanowi wsp\u00f3\u0142istnienie dzia\u0142alno\u015bci gospodarczej cz\u0142owieka i przyrody. Na stawach zabezpieczone zosta\u0142y wyspy na potrzeby \u017cerowania i gniazdowania ptak\u00f3w, co sprawi\u0142o, \u017ce swoje siedliska ma tu wiele gatunk\u00f3w ptak\u00f3w, w tym gatunki rzadkie i zagro\u017cone. Dolina G\u00f3rnej Wis\u0142y jest jedn\u0105 z najwa\u017cniejszych ostoi rybitwy rzecznej i \u015blepowrona, ponadto wyst\u0119puj\u0105 tu tak\u017ce: z rodziny czaplowatych &#8211; b\u0105k, b\u0105czek, czapla nadobna i purpurowa, z perkoz\u00f3w \u2013 zauszniki i perkozki, z rybitw \u2013 bia\u0142ow\u0105sa i czarna. Mo\u017cemy tu spotka\u0107 tak\u017ce bociany czarne, a z kaczek he\u0142miatki i rzadkie podgorza\u0142ki. Te tereny to pi\u0119kny przyk\u0142ad wzajemnej wsp\u00f3\u0142zale\u017cno\u015bci cz\u0142owieka i natury.<\/p>\n<p style=\"text-align: center;\"><span style=\"color: #00ff00;\">ZAPRASZAMY!<\/span><\/p>\n<p><a name=\"zgloszenie\"><\/a><\/p>\n<p><strong><em><span style=\"color: #ff0000;\"><a href=\"https:\/\/www.fotezja.pl\/fotowyprawy\/na-tropie-slepowrona-wycieczka-przyrodnicza\/zgloszenie-na-wycieczke-na-tropie-slepowrona\/\" rel=\"\">Chc\u0119 zobaczy\u0107 \u015blepowrona!<\/a><\/span><\/em><\/strong><\/p>\n<p><img decoding=\"async\" loading=\"lazy\" src=\"https:\/\/www.fotezja.pl\/fotowyprawy\/wp-content\/uploads\/sites\/6\/2025\/03\/Kraina_slepowrona-20210624_272-D-clear-final.jpg\"><noscript><img decoding=\"async\" src=\"https:\/\/www.fotezja.pl\/fotowyprawy\/wp-content\/uploads\/sites\/6\/2025\/03\/Kraina_slepowrona-20210624_272-D-clear-final.jpg\"><\/noscript><\/p>\n<p><a href=\"https:\/\/www.fotezja.pl\/fotowyprawy\/na-tropie-slepowrona-wycieczka-przyrodnicza\/zgloszenie-na-wycieczke-na-tropie-slepowrona\/\" rel=\"\">Zg\u0142aszam si\u0119 na wycieczk\u0119 na \u015alepowrona<\/a><\/p>\n<div id=\"jig1\" class=\"justified-image-grid jig-af6da99c944187e68ceb8c14a72b44ad jig-preset-global jig-source-wp-gallery\"><div class=\"jig-clearfix\"><\/div><noscript id=\"jig1-html\" class=\"justified-image-grid-html\" data-lazy-src=\"skiplazyload\" data-src=\"skipunveillazyload\"><ul><li><a href=\"https:\/\/www.fotezja.pl\/fotowyprawy\/wp-content\/uploads\/sites\/6\/2025\/03\/Kraina_slepowrona-20210625_794-D-clear-final.jpg\" title=\"fot. Staszek Dul\"><img decoding=\"async\" src=\"https:\/\/www.fotezja.pl\/fotowyprawy\/wp-content\/plugins\/justified-image-grid\/timthumb.php?src=https%3A%2F%2Fwww.fotezja.pl%2Ffotowyprawy%2Fwp-content%2Fuploads%2Fsites%2F6%2F2025%2F03%2FKraina_slepowrona-20210625_794-D-clear-final.jpg&amp;h=340&amp;q=90&amp;f=.jpg\" alt=\"&lt;span id=&quot;wp-image-13210&quot; class=&quot;exif&quot;&gt;&lt;span class=&quot;aperture&quot;&gt;Przys\u0142ona:&#402;\/6.3&nbsp;&lt;span class=&quot;focal_length&quot;&gt;Ogniskowa:600mm&nbsp;&lt;span class=&quot;iso&quot;&gt;Czu\u0142o\u015b\u0107 ISO:1250&nbsp;&lt;span class=&quot;shutter_speed&quot;&gt;Czas na\u015bwietlania:1\/125s&nbsp;&lt;\/span&gt;\" width=\"510\" height=\"340\" \/><\/a><p class=\"jig-HTMLdescription\"><span id=\"wp-image-13210\" class=\"exif\"><span class=\"aperture\">Przys\u0142ona:&#402;\/6.3&nbsp;<span class=\"focal_length\">Ogniskowa:600mm&nbsp;<span class=\"iso\">Czu\u0142o\u015b\u0107 ISO:1250&nbsp;<span class=\"shutter_speed\">Czas na\u015bwietlania:1\/125s&nbsp;<\/span><br\/>fot. Staszek Dul<\/p><\/li><li><a href=\"https:\/\/www.fotezja.pl\/fotowyprawy\/wp-content\/uploads\/sites\/6\/2025\/03\/Kraina_slepowrona-20210626_1281-D-clear-final.jpg\" title=\"fot. Staszek Dul\"><img decoding=\"async\" src=\"https:\/\/www.fotezja.pl\/fotowyprawy\/wp-content\/plugins\/justified-image-grid\/timthumb.php?src=https%3A%2F%2Fwww.fotezja.pl%2Ffotowyprawy%2Fwp-content%2Fuploads%2Fsites%2F6%2F2025%2F03%2FKraina_slepowrona-20210626_1281-D-clear-final.jpg&amp;h=340&amp;q=90&amp;f=.jpg\" alt=\"&lt;span id=&quot;wp-image-13211&quot; class=&quot;exif&quot;&gt;&lt;span class=&quot;aperture&quot;&gt;Przys\u0142ona:&#402;\/6.3&nbsp;&lt;span class=&quot;focal_length&quot;&gt;Ogniskowa:600mm&nbsp;&lt;span class=&quot;iso&quot;&gt;Czu\u0142o\u015b\u0107 ISO:320&nbsp;&lt;span class=&quot;shutter_speed&quot;&gt;Czas na\u015bwietlania:1\/320s&nbsp;&lt;\/span&gt;\" width=\"510\" height=\"340\" \/><\/a><p class=\"jig-HTMLdescription\"><span id=\"wp-image-13211\" class=\"exif\"><span class=\"aperture\">Przys\u0142ona:&#402;\/6.3&nbsp;<span class=\"focal_length\">Ogniskowa:600mm&nbsp;<span class=\"iso\">Czu\u0142o\u015b\u0107 ISO:320&nbsp;<span class=\"shutter_speed\">Czas na\u015bwietlania:1\/320s&nbsp;<\/span><br\/>fot. Staszek Dul<\/p><\/li><li><a href=\"https:\/\/www.fotezja.pl\/fotowyprawy\/wp-content\/uploads\/sites\/6\/2025\/03\/Kraina_slepowrona-20210627_1823-D-clear-final.jpg\" title=\"fot. Staszek Dul\"><img decoding=\"async\" src=\"https:\/\/www.fotezja.pl\/fotowyprawy\/wp-content\/plugins\/justified-image-grid\/timthumb.php?src=https%3A%2F%2Fwww.fotezja.pl%2Ffotowyprawy%2Fwp-content%2Fuploads%2Fsites%2F6%2F2025%2F03%2FKraina_slepowrona-20210627_1823-D-clear-final.jpg&amp;h=340&amp;q=90&amp;f=.jpg\" alt=\"&lt;span id=&quot;wp-image-13215&quot; class=&quot;exif&quot;&gt;&lt;span class=&quot;aperture&quot;&gt;Przys\u0142ona:&#402;\/6.3&nbsp;&lt;span class=&quot;focal_length&quot;&gt;Ogniskowa:600mm&nbsp;&lt;span class=&quot;iso&quot;&gt;Czu\u0142o\u015b\u0107 ISO:800&nbsp;&lt;span class=&quot;shutter_speed&quot;&gt;Czas na\u015bwietlania:1\/640s&nbsp;&lt;\/span&gt;\" width=\"533\" height=\"340\" \/><\/a><p class=\"jig-HTMLdescription\"><span id=\"wp-image-13215\" class=\"exif\"><span class=\"aperture\">Przys\u0142ona:&#402;\/6.3&nbsp;<span class=\"focal_length\">Ogniskowa:600mm&nbsp;<span class=\"iso\">Czu\u0142o\u015b\u0107 ISO:800&nbsp;<span class=\"shutter_speed\">Czas na\u015bwietlania:1\/640s&nbsp;<\/span><br\/>fot. Staszek Dul<\/p><\/li><li><a href=\"https:\/\/www.fotezja.pl\/fotowyprawy\/wp-content\/uploads\/sites\/6\/2025\/03\/Kraina_slepowrona-20210624_272-D-clear-final.jpg\" title=\"fot. Staszek Dul\"><img decoding=\"async\" src=\"https:\/\/www.fotezja.pl\/fotowyprawy\/wp-content\/plugins\/justified-image-grid\/timthumb.php?src=https%3A%2F%2Fwww.fotezja.pl%2Ffotowyprawy%2Fwp-content%2Fuploads%2Fsites%2F6%2F2025%2F03%2FKraina_slepowrona-20210624_272-D-clear-final.jpg&amp;h=340&amp;q=90&amp;f=.jpg\" alt=\"&lt;span id=&quot;wp-image-13209&quot; class=&quot;exif&quot;&gt;&lt;span class=&quot;aperture&quot;&gt;Przys\u0142ona:&#402;\/6.3&nbsp;&lt;span class=&quot;focal_length&quot;&gt;Ogniskowa:600mm&nbsp;&lt;span class=&quot;iso&quot;&gt;Czu\u0142o\u015b\u0107 ISO:800&nbsp;&lt;span class=&quot;shutter_speed&quot;&gt;Czas na\u015bwietlania:1\/3200s&nbsp;&lt;\/span&gt;\" width=\"604\" height=\"340\" \/><\/a><p class=\"jig-HTMLdescription\"><span id=\"wp-image-13209\" class=\"exif\"><span class=\"aperture\">Przys\u0142ona:&#402;\/6.3&nbsp;<span class=\"focal_length\">Ogniskowa:600mm&nbsp;<span class=\"iso\">Czu\u0142o\u015b\u0107 ISO:800&nbsp;<span class=\"shutter_speed\">Czas na\u015bwietlania:1\/3200s&nbsp;<\/span><br\/>fot. Staszek Dul<\/p><\/li><li><a href=\"https:\/\/www.fotezja.pl\/fotowyprawy\/wp-content\/uploads\/sites\/6\/2025\/03\/Kraina_slepowrona-20210626_1508-D-clear-final.jpg\" title=\"fot. Staszek Dul\"><img decoding=\"async\" src=\"https:\/\/www.fotezja.pl\/fotowyprawy\/wp-content\/plugins\/justified-image-grid\/timthumb.php?src=https%3A%2F%2Fwww.fotezja.pl%2Ffotowyprawy%2Fwp-content%2Fuploads%2Fsites%2F6%2F2025%2F03%2FKraina_slepowrona-20210626_1508-D-clear-final.jpg&amp;h=340&amp;q=90&amp;f=.jpg\" alt=\"&lt;span id=&quot;wp-image-13213&quot; class=&quot;exif&quot;&gt;&lt;span class=&quot;aperture&quot;&gt;Przys\u0142ona:&#402;\/6.3&nbsp;&lt;span class=&quot;focal_length&quot;&gt;Ogniskowa:600mm&nbsp;&lt;span class=&quot;iso&quot;&gt;Czu\u0142o\u015b\u0107 ISO:800&nbsp;&lt;span class=&quot;shutter_speed&quot;&gt;Czas na\u015bwietlania:1\/8000s&nbsp;&lt;\/span&gt;\" width=\"604\" height=\"340\" \/><\/a><p class=\"jig-HTMLdescription\"><span id=\"wp-image-13213\" class=\"exif\"><span class=\"aperture\">Przys\u0142ona:&#402;\/6.3&nbsp;<span class=\"focal_length\">Ogniskowa:600mm&nbsp;<span class=\"iso\">Czu\u0142o\u015b\u0107 ISO:800&nbsp;<span class=\"shutter_speed\">Czas na\u015bwietlania:1\/8000s&nbsp;<\/span><br\/>fot. Staszek Dul<\/p><\/li><li><a href=\"https:\/\/www.fotezja.pl\/fotowyprawy\/wp-content\/uploads\/sites\/6\/2025\/03\/Kraina_slepowrona-20210627_1695-D-clear-final.jpg\" title=\"fot. Staszek Dul\"><img decoding=\"async\" src=\"https:\/\/www.fotezja.pl\/fotowyprawy\/wp-content\/plugins\/justified-image-grid\/timthumb.php?src=https%3A%2F%2Fwww.fotezja.pl%2Ffotowyprawy%2Fwp-content%2Fuploads%2Fsites%2F6%2F2025%2F03%2FKraina_slepowrona-20210627_1695-D-clear-final.jpg&amp;h=340&amp;q=90&amp;f=.jpg\" alt=\"&lt;span id=&quot;wp-image-13214&quot; class=&quot;exif&quot;&gt;&lt;span class=&quot;aperture&quot;&gt;Przys\u0142ona:&#402;\/6.3&nbsp;&lt;span class=&quot;focal_length&quot;&gt;Ogniskowa:600mm&nbsp;&lt;span class=&quot;iso&quot;&gt;Czu\u0142o\u015b\u0107 ISO:1250&nbsp;&lt;span class=&quot;shutter_speed&quot;&gt;Czas na\u015bwietlania:1\/4000s&nbsp;&lt;\/span&gt;\" width=\"510\" height=\"340\" \/><\/a><p class=\"jig-HTMLdescription\"><span id=\"wp-image-13214\" class=\"exif\"><span class=\"aperture\">Przys\u0142ona:&#402;\/6.3&nbsp;<span class=\"focal_length\">Ogniskowa:600mm&nbsp;<span class=\"iso\">Czu\u0142o\u015b\u0107 ISO:1250&nbsp;<span class=\"shutter_speed\">Czas na\u015bwietlania:1\/4000s&nbsp;<\/span><br\/>fot. Staszek Dul<\/p><\/li><li><a href=\"https:\/\/www.fotezja.pl\/fotowyprawy\/wp-content\/uploads\/sites\/6\/2025\/03\/Kraina_slepowrona-20210624_260-D-clear-final.jpg\" title=\"fot. Staszek Dul\"><img decoding=\"async\" src=\"https:\/\/www.fotezja.pl\/fotowyprawy\/wp-content\/plugins\/justified-image-grid\/timthumb.php?src=https%3A%2F%2Fwww.fotezja.pl%2Ffotowyprawy%2Fwp-content%2Fuploads%2Fsites%2F6%2F2025%2F03%2FKraina_slepowrona-20210624_260-D-clear-final.jpg&amp;h=340&amp;q=90&amp;f=.jpg\" alt=\"&lt;span id=&quot;wp-image-13208&quot; class=&quot;exif&quot;&gt;&lt;span class=&quot;aperture&quot;&gt;Przys\u0142ona:&#402;\/6.3&nbsp;&lt;span class=&quot;focal_length&quot;&gt;Ogniskowa:600mm&nbsp;&lt;span class=&quot;iso&quot;&gt;Czu\u0142o\u015b\u0107 ISO:800&nbsp;&lt;span class=&quot;shutter_speed&quot;&gt;Czas na\u015bwietlania:1\/3200s&nbsp;&lt;\/span&gt;\" width=\"510\" height=\"340\" \/><\/a><p class=\"jig-HTMLdescription\"><span id=\"wp-image-13208\" class=\"exif\"><span class=\"aperture\">Przys\u0142ona:&#402;\/6.3&nbsp;<span class=\"focal_length\">Ogniskowa:600mm&nbsp;<span class=\"iso\">Czu\u0142o\u015b\u0107 ISO:800&nbsp;<span class=\"shutter_speed\">Czas na\u015bwietlania:1\/3200s&nbsp;<\/span><br\/>fot. Staszek Dul<\/p><\/li><li><a href=\"https:\/\/www.fotezja.pl\/fotowyprawy\/wp-content\/uploads\/sites\/6\/2025\/03\/Kraina_slepowrona-20210624_219-D-clear-final.jpg\" title=\"fot. Staszek Dul\"><img decoding=\"async\" src=\"https:\/\/www.fotezja.pl\/fotowyprawy\/wp-content\/plugins\/justified-image-grid\/timthumb.php?src=https%3A%2F%2Fwww.fotezja.pl%2Ffotowyprawy%2Fwp-content%2Fuploads%2Fsites%2F6%2F2025%2F03%2FKraina_slepowrona-20210624_219-D-clear-final.jpg&amp;h=340&amp;q=90&amp;f=.jpg\" alt=\"&lt;span id=&quot;wp-image-13207&quot; class=&quot;exif&quot;&gt;&lt;span class=&quot;aperture&quot;&gt;Przys\u0142ona:&#402;\/6.3&nbsp;&lt;span class=&quot;focal_length&quot;&gt;Ogniskowa:600mm&nbsp;&lt;span class=&quot;iso&quot;&gt;Czu\u0142o\u015b\u0107 ISO:800&nbsp;&lt;span class=&quot;shutter_speed&quot;&gt;Czas na\u015bwietlania:1\/1250s&nbsp;&lt;\/span&gt;\" width=\"604\" height=\"340\" \/><\/a><p class=\"jig-HTMLdescription\"><span id=\"wp-image-13207\" class=\"exif\"><span class=\"aperture\">Przys\u0142ona:&#402;\/6.3&nbsp;<span class=\"focal_length\">Ogniskowa:600mm&nbsp;<span class=\"iso\">Czu\u0142o\u015b\u0107 ISO:800&nbsp;<span class=\"shutter_speed\">Czas na\u015bwietlania:1\/1250s&nbsp;<\/span><br\/>fot. Staszek Dul<\/p><\/li><li><a href=\"https:\/\/www.fotezja.pl\/fotowyprawy\/wp-content\/uploads\/sites\/6\/2025\/03\/Kraina_slepowrona-20210626_1297-D-clear-final.jpg\" title=\"fot. Staszek Dul\"><img decoding=\"async\" src=\"https:\/\/www.fotezja.pl\/fotowyprawy\/wp-content\/plugins\/justified-image-grid\/timthumb.php?src=https%3A%2F%2Fwww.fotezja.pl%2Ffotowyprawy%2Fwp-content%2Fuploads%2Fsites%2F6%2F2025%2F03%2FKraina_slepowrona-20210626_1297-D-clear-final.jpg&amp;h=340&amp;q=90&amp;f=.jpg\" alt=\"&lt;span id=&quot;wp-image-13212&quot; class=&quot;exif&quot;&gt;&lt;span class=&quot;aperture&quot;&gt;Przys\u0142ona:&#402;\/6.3&nbsp;&lt;span class=&quot;focal_length&quot;&gt;Ogniskowa:600mm&nbsp;&lt;span class=&quot;iso&quot;&gt;Czu\u0142o\u015b\u0107 ISO:320&nbsp;&lt;span class=&quot;shutter_speed&quot;&gt;Czas na\u015bwietlania:1\/250s&nbsp;&lt;\/span&gt;\" width=\"510\" height=\"340\" \/><\/a><p class=\"jig-HTMLdescription\"><span id=\"wp-image-13212\" class=\"exif\"><span class=\"aperture\">Przys\u0142ona:&#402;\/6.3&nbsp;<span class=\"focal_length\">Ogniskowa:600mm&nbsp;<span class=\"iso\">Czu\u0142o\u015b\u0107 ISO:320&nbsp;<span class=\"shutter_speed\">Czas na\u015bwietlania:1\/250s&nbsp;<\/span><br\/>fot. Staszek Dul<\/p><\/li><\/ul><\/noscript><\/div>\n<p class=\"tipi-center\"><a target=\"_blank\" href=\"https:\/\/www.fotezja.pl\/fotowyprawy\/powinienes-wiedziec-ze\/\" style=\"color: #e69138\"><strong>Przeczytaj, co jeszcze warto wiedzie\u0107 o naszych fotowyprawach<\/strong><\/a><a target=\"_blank\" href=\"https:\/\/www.fotezja.pl\/fotowyprawy\/category\/powinienes-wiedziec-ze\/\" style=\"color: #e69138\"><strong> <\/strong><\/a><\/p>\n<p class=\"tipi-center\"><a target=\"_blank\" href=\"https:\/\/www.fotezja.pl\/fotowyprawy\/warto-bo\/\" style=\"color: #e69138\"><strong>Co oferujemy i dlaczego warto jecha\u0107 w\u0142a\u015bnie z nami<\/strong><\/a><a target=\"_blank\" href=\"https:\/\/www.fotezja.pl\/fotowyprawy\/warto-bo\/\" style=\"color: #e69138\"><strong>&nbsp;<\/strong><\/a><\/p>\n<p class=\"tipi-center\"><a target=\"_blank\" href=\"https:\/\/www.fotezja.pl\/fotowyprawy\/ogolne-warunki-umowy-o-swiadczeniu-imprez-turystycznych\/\" style=\"color: #e69138\"><strong>Jakie s\u0105 og\u00f3lne warunki umowy o \u015bwiadczenie us\u0142ug turystycznych <\/strong><\/a><\/p>\n","protected":false},"excerpt":{"rendered":"<p>Czarnogranatowa g\u0142owa ozdobiona trzema d\u0142ugimi bia\u0142ymi pi\u00f3rami, czerwone oko, grafitowy dzi\u00f3b, czarnogranatowy z zielonym po\u0142yskiem grzbiet i popielate skrzyd\u0142a oraz ogon. Tego eleganta nie da si\u0119 pomyli\u0107. \u015alepowron &#8211; jeden z bardziej skrytych i rzadkich ptak\u00f3w, kt\u00f3ry w Polsce wyst\u0119puje tylko w kilkunastu izolowanych siedliskach. Ta niewielka czapla prowadzi nocny tryb \u017cycia, za dnia odpoczywa w zaro\u015blach lub na drzewach i pozostaje cicha, aktywizuje si\u0119 dopiero o zmierzchu, w\u00f3wczas te\u017c mo\u017cna us\u0142ysze\u0107 jej kracz\u0105cy g\u0142os. \u0141aci\u0144ska nazwa Nyticorax nyticorax to [&hellip;]<\/p>\n","protected":false},"author":1,"featured_media":13211,"parent":0,"menu_order":0,"comment_status":"closed","ping_status":"closed","template":"","meta":{"footnotes":"","_links_to":"","_links_to_target":""},"class_list":["post-13254","page","type-page","status-publish","has-post-thumbnail","hentry"],"_links":{"self":[{"href":"https:\/\/www.fotezja.pl\/fotowyprawy\/wp-json\/wp\/v2\/pages\/13254","targetHints":{"allow":["GET"]}}],"collection":[{"href":"https:\/\/www.fotezja.pl\/fotowyprawy\/wp-json\/wp\/v2\/pages"}],"about":[{"href":"https:\/\/www.fotezja.pl\/fotowyprawy\/wp-json\/wp\/v2\/types\/page"}],"author":[{"embeddable":true,"href":"https:\/\/www.fotezja.pl\/fotowyprawy\/wp-json\/wp\/v2\/users\/1"}],"replies":[{"embeddable":true,"href":"https:\/\/www.fotezja.pl\/fotowyprawy\/wp-json\/wp\/v2\/comments?post=13254"}],"version-history":[{"count":36,"href":"https:\/\/www.fotezja.pl\/fotowyprawy\/wp-json\/wp\/v2\/pages\/13254\/revisions"}],"predecessor-version":[{"id":13472,"href":"https:\/\/www.fotezja.pl\/fotowyprawy\/wp-json\/wp\/v2\/pages\/13254\/revisions\/13472"}],"wp:featuredmedia":[{"embeddable":true,"href":"https:\/\/www.fotezja.pl\/fotowyprawy\/wp-json\/wp\/v2\/media\/13211"}],"wp:attachment":[{"href":"https:\/\/www.fotezja.pl\/fotowyprawy\/wp-json\/wp\/v2\/media?parent=13254"}],"curies":[{"name":"wp","href":"https:\/\/api.w.org\/{rel}","templated":true}]}}