{"id":12657,"date":"2025-01-09T21:29:29","date_gmt":"2025-01-09T20:29:29","guid":{"rendered":"https:\/\/www.fotezja.pl\/fotowyprawy\/?page_id=12657"},"modified":"2025-04-16T23:55:21","modified_gmt":"2025-04-16T21:55:21","slug":"wielkanoc-w-dolinie-baryczy","status":"publish","type":"page","link":"https:\/\/www.fotezja.pl\/fotowyprawy\/wielkanoc-w-dolinie-baryczy\/","title":{"rendered":"Wielkanoc w Dolinie Baryczy"},"content":{"rendered":"<p><img decoding=\"async\" loading=\"lazy\" src=\"https:\/\/www.fotezja.pl\/fotowyprawy\/wp-content\/uploads\/sites\/6\/2025\/01\/Dolina_Baryczy-20190419_Staszek_Dull.jpg\"><noscript><img decoding=\"async\" src=\"https:\/\/www.fotezja.pl\/fotowyprawy\/wp-content\/uploads\/sites\/6\/2025\/01\/Dolina_Baryczy-20190419_Staszek_Dull.jpg\"><\/noscript><\/p>\n<p>Dolina Baryczy. M\u00f3wi\u0105 o niej: kraina nad leniw\u0105 wod\u0105. Mo\u017ce i Barycz prowadzi sw\u00f3j nurt niespiesznie, jednak ciche wody tej powolnej rzeki s\u0105 \u017ar\u00f3d\u0142em intensywnie t\u0119tni\u0105cego \u017cycia. \u017bywio\u0142owy puls natury jest niezwykle mocno wyczuwalny zw\u0142aszcza wiosn\u0105, kiedy przyroda buzuje, wchodzi z now\u0105 energi\u0105 w kolejny sezon god\u00f3w. Pierza\u015bci mieszka\u0144cy tych ostoi gor\u0105czkowo poszukuj\u0105 miejsc l\u0119gowych, buduj\u0105 gniazda, sk\u0142adaj\u0105 jaja o r\u00f3\u017cnych barwach i wielko\u015bci. Jajo w\u0142a\u015bnie jako symbol \u017cycia pojawia si\u0119 tradycyjnie na wielkanocnym stole, \u015bwietnie si\u0119 wi\u0119c te\u017c nadaje na motyw przewodni wielkanocnej wyprawy ornitologicznej. Dlaczego jaja zimorodka s\u0105 bia\u0142e? Kt\u00f3ry ptak najlepiej opanowa\u0142 rozpoznawanie kuku\u0142czego jaja? Do czego s\u0142u\u017cy ostatnie jajo wr\u00f3bla? O tym oraz o innych ptasich i nieptasich sprawach b\u0119dzie mo\u017cna porozmawia\u0107 na naszym wielkanocnym \u015bniadaniu. Zapraszamy, by \u015bwi\u0119towa\u0107 w naturze, podziwiaj\u0105c z bliska jej zjawiskow\u0105 i wspania\u0142\u0105 zdolno\u015b\u0107 do odradzania i tworzenia, a przy tym samemu skorzysta\u0107 z doskona\u0142ej okazji do pozyskania nowych zasob\u00f3w energetycznych oraz zobaczenia wielkanocnego zaj\u0105ca na \u017cywo, zamiast ogranicza\u0107 si\u0119 do symboli w menu i dekoracjach. Chyba nie ma nic lepszego od \u015bwi\u0119towania z lud\u017ami, z kt\u00f3rymi dzieli si\u0119 pasj\u0119, w przestrzeni, kt\u00f3ra stanowi raj dla mi\u0142o\u015bnik\u00f3w ornitologii, a przede wszystkim jest niezr\u00f3wnanie, zachwycaj\u0105co i niepowtarzalnie pi\u0119kna? Nie zastanawiaj si\u0119, jed\u017a z nami na wielkanocn\u0105 wypraw\u0119, b\u0119dzie wiosennie i rado\u015bnie, a chwilami, jak podpowiada do\u015bwiadczenie, zapewne i jajcarsko \ud83d\ude09<\/p>\n<p style=\"text-align: center;\"><strong><span style=\"color: #ff9900;\">ZAPRASZAMY NA PRZYRODNICZ\u0104 WIELKANOC!<\/span><\/strong><\/p>\n<p>Barycz p\u0142ynie obni\u017ceniem Kotlin Milickiej i \u017bmigrodzkiej, z powodu jednego z najmniejszych spadk\u00f3w w Polsce jej dolina obfitowa\u0142a w bagna i mokrad\u0142a, od czego rzeka prawdopodobnie wywodzi swoj\u0105 nazw\u0119, bowiem s\u0142owia\u0144skie s\u0142owo \u201ebara\u201d oznacza\u0142o bagno. Od \u015bredniowiecza jej wody zasilaj\u0105 kompleksy staw\u00f3w rybnych, zak\u0142adanych ju\u017c w XIII w. przez cysters\u00f3w (urz\u0105dzenia do spi\u0119trzania wody do dzi\u015b nazywa si\u0119 mnichami). Obecnie najwi\u0119kszy w Europie Park Krajobrazowy \u201eDolina Baryczy\u201d &nbsp;obejmuje prawie 300 staw\u00f3w rybnych. Przekszta\u0142caj\u0105c dolin\u0119 rzeki na potrzeby hodowli stawiano konstrukcje hydrotechniczne, rozga\u0142\u0119zienia koryta przekszta\u0142cano w kana\u0142y, wznoszono wa\u0142y i groble, ale wci\u0105\u017c jeszcze w tym uporz\u0105dkowanym krajobrazie staw\u00f3w, kana\u0142\u00f3w, jaz\u00f3w i przepust\u00f3w mo\u017cna znale\u017a\u0107 fragmenty, gdzie zachowa\u0142y si\u0119 zakola i starorzecza. Serce PK \u201eDolina Baryczy\u201d stanowi najwi\u0119kszy w Polsce rezerwat ornitologiczny \u201eStawy Milickie\u201d. To malownicza mozaika mniejszych i wi\u0119kszych, przypominaj\u0105cych dzikie jeziora, staw\u00f3w, trzcinowisk, mokrade\u0142, \u0142\u0105k, las\u00f3w i alei starych drzew, g\u0142\u00f3wnie d\u0119b\u00f3w. W samym tylko rezerwacie \u201eStawy Milickie\u201d stwierdzono 257 gatunk\u00f3w ptak\u00f3w, z czego 137 l\u0119gowych. Nie spos\u00f3b wymieni\u0107 wszystkich, licznie wyst\u0119puj\u0105 kaczki, g\u0119si, \u017curawie, czaple bia\u0142e i siwe, \u0142ab\u0119dzie, perkozy, czajki, ptaki siewkowate. Warto jednak wspomnie\u0107 o tych rzadziej widywanych, bardziej skrytych, a przez to tym wi\u0119cej intryguj\u0105cych i po\u017c\u0105danych do zaobserwowania. Ich obserwacje, a zw\u0142aszcza udane sesje fotograficzne z ich udzia\u0142em s\u0105 wielk\u0105 uciech\u0105 i cenn\u0105 zdobycz\u0105 birdwatcher\u00f3w. Nale\u017c\u0105 do nich podgorza\u0142ka, b\u0105k, b\u0105czek, kropiatka, zielonka, wodnik, derkacz, brz\u0119czka, \u015bwierszczak, remiz, w\u0105satka, dziwonia, podr\u00f3\u017cniczek, \u0142ab\u0119d\u017a czarnodzioby, czapla purpurowa czy rybo\u0142\u00f3w.<\/p>\n<p style=\"text-align: center;\">\n<p><a name=\"zgloszenie\"><\/a><\/p>\n<p><strong><span style=\"color: #ff0000;\"><a href=\"https:\/\/www.fotezja.pl\/fotowyprawy\/wielkanoc-w-dolinie-baryczy\/zgloszenie-na-wielkanoc-w-dolinie-baryczy\/\" rel=\"\">Jad\u0119 na Wielkanoc w Dolinie Baryczy!<\/a><\/span><\/strong><\/p>\n<p><img decoding=\"async\" loading=\"lazy\" src=\"https:\/\/www.fotezja.pl\/fotowyprawy\/wp-content\/uploads\/sites\/6\/2025\/01\/Dolina_Baryczy-20190419_402-D.jpg\"><noscript><img decoding=\"async\" src=\"https:\/\/www.fotezja.pl\/fotowyprawy\/wp-content\/uploads\/sites\/6\/2025\/01\/Dolina_Baryczy-20190419_402-D.jpg\"><\/noscript><\/p>\n<p><span style=\"color: #ffff00\"><a href=\"https:\/\/www.fotezja.pl\/fotowyprawy\/wielkanoc-w-dolinie-baryczy\/zgloszenie-na-wielkanoc-w-dolinie-baryczy\/\" rel=\"\">Zg\u0142aszam si\u0119 na wypraw\u0119 do doliny baryczy!<\/a><\/span><\/p>\n<div id=\"jig1\" class=\"justified-image-grid jig-725429612b7072dca13291b4117d0a2c jig-preset-global jig-source-wp-gallery\"><div class=\"jig-clearfix\"><\/div><noscript id=\"jig1-html\" class=\"justified-image-grid-html\" data-lazy-src=\"skiplazyload\" data-src=\"skipunveillazyload\"><ul><li><a href=\"https:\/\/www.fotezja.pl\/fotowyprawy\/wp-content\/uploads\/sites\/6\/2025\/01\/Dolina_Baryczy-20190419_351-D_cr.jpg\" title=\"Dolina Baryczy, fot. Staszek Dul\"><img decoding=\"async\" src=\"https:\/\/www.fotezja.pl\/fotowyprawy\/wp-content\/plugins\/justified-image-grid\/timthumb.php?src=https%3A%2F%2Fwww.fotezja.pl%2Ffotowyprawy%2Fwp-content%2Fuploads%2Fsites%2F6%2F2025%2F01%2FDolina_Baryczy-20190419_351-D_cr.jpg&amp;h=340&amp;q=90&amp;f=.jpg\" alt=\"&lt;span id=&quot;wp-image-12646&quot; class=&quot;exif&quot;&gt;&lt;span class=&quot;aperture&quot;&gt;Przys\u0142ona:&#402;\/6.3&nbsp;&lt;span class=&quot;focal_length&quot;&gt;Ogniskowa:600mm&nbsp;&lt;span class=&quot;iso&quot;&gt;Czu\u0142o\u015b\u0107 ISO:500&nbsp;&lt;span class=&quot;shutter_speed&quot;&gt;Czas na\u015bwietlania:1\/2000s&nbsp;&lt;\/span&gt;\" width=\"604\" height=\"340\" \/><\/a><p class=\"jig-HTMLdescription\"><span id=\"wp-image-12646\" class=\"exif\"><span class=\"aperture\">Przys\u0142ona:&#402;\/6.3&nbsp;<span class=\"focal_length\">Ogniskowa:600mm&nbsp;<span class=\"iso\">Czu\u0142o\u015b\u0107 ISO:500&nbsp;<span class=\"shutter_speed\">Czas na\u015bwietlania:1\/2000s&nbsp;<\/span><br\/>Dolina Baryczy, fot. Staszek Dul<\/p><\/li><li><a href=\"https:\/\/www.fotezja.pl\/fotowyprawy\/wp-content\/uploads\/sites\/6\/2025\/01\/Dolina_Baryczy-20190419_285-D_cr.jpg\" title=\"Dolina Baryczy, fot. Staszek Dul\"><img decoding=\"async\" src=\"https:\/\/www.fotezja.pl\/fotowyprawy\/wp-content\/plugins\/justified-image-grid\/timthumb.php?src=https%3A%2F%2Fwww.fotezja.pl%2Ffotowyprawy%2Fwp-content%2Fuploads%2Fsites%2F6%2F2025%2F01%2FDolina_Baryczy-20190419_285-D_cr.jpg&amp;h=340&amp;q=90&amp;f=.jpg\" alt=\"&lt;span id=&quot;wp-image-12645&quot; class=&quot;exif&quot;&gt;&lt;span class=&quot;aperture&quot;&gt;Przys\u0142ona:&#402;\/6.3&nbsp;&lt;span class=&quot;focal_length&quot;&gt;Ogniskowa:150mm&nbsp;&lt;span class=&quot;iso&quot;&gt;Czu\u0142o\u015b\u0107 ISO:640&nbsp;&lt;span class=&quot;shutter_speed&quot;&gt;Czas na\u015bwietlania:1\/1000s&nbsp;&lt;\/span&gt;\" width=\"529\" height=\"340\" \/><\/a><p class=\"jig-HTMLdescription\"><span id=\"wp-image-12645\" class=\"exif\"><span class=\"aperture\">Przys\u0142ona:&#402;\/6.3&nbsp;<span class=\"focal_length\">Ogniskowa:150mm&nbsp;<span class=\"iso\">Czu\u0142o\u015b\u0107 ISO:640&nbsp;<span class=\"shutter_speed\">Czas na\u015bwietlania:1\/1000s&nbsp;<\/span><br\/>Dolina Baryczy, fot. Staszek Dul<\/p><\/li><li><a href=\"https:\/\/www.fotezja.pl\/fotowyprawy\/wp-content\/uploads\/sites\/6\/2025\/01\/Dolina_Baryczy-20190422_2198-D_cr.jpg\" title=\"Dolina Baryczy, fot. Staszek Dul\"><img decoding=\"async\" src=\"https:\/\/www.fotezja.pl\/fotowyprawy\/wp-content\/plugins\/justified-image-grid\/timthumb.php?src=https%3A%2F%2Fwww.fotezja.pl%2Ffotowyprawy%2Fwp-content%2Fuploads%2Fsites%2F6%2F2025%2F01%2FDolina_Baryczy-20190422_2198-D_cr.jpg&amp;h=340&amp;q=90&amp;f=.jpg\" alt=\"&lt;span id=&quot;wp-image-12655&quot; class=&quot;exif&quot;&gt;&lt;span class=&quot;aperture&quot;&gt;Przys\u0142ona:&#402;\/6.3&nbsp;&lt;span class=&quot;focal_length&quot;&gt;Ogniskowa:600mm&nbsp;&lt;span class=&quot;iso&quot;&gt;Czu\u0142o\u015b\u0107 ISO:640&nbsp;&lt;span class=&quot;shutter_speed&quot;&gt;Czas na\u015bwietlania:1\/2000s&nbsp;&lt;\/span&gt;\" width=\"548\" height=\"340\" \/><\/a><p class=\"jig-HTMLdescription\"><span id=\"wp-image-12655\" class=\"exif\"><span class=\"aperture\">Przys\u0142ona:&#402;\/6.3&nbsp;<span class=\"focal_length\">Ogniskowa:600mm&nbsp;<span class=\"iso\">Czu\u0142o\u015b\u0107 ISO:640&nbsp;<span class=\"shutter_speed\">Czas na\u015bwietlania:1\/2000s&nbsp;<\/span><br\/>Dolina Baryczy, fot. Staszek Dul<\/p><\/li><li><a href=\"https:\/\/www.fotezja.pl\/fotowyprawy\/wp-content\/uploads\/sites\/6\/2025\/01\/Dolina_Baryczy-20190422_2237-D.jpg\" title=\"Dolina Baryczy, fot. Staszek Dul\"><img decoding=\"async\" src=\"https:\/\/www.fotezja.pl\/fotowyprawy\/wp-content\/plugins\/justified-image-grid\/timthumb.php?src=https%3A%2F%2Fwww.fotezja.pl%2Ffotowyprawy%2Fwp-content%2Fuploads%2Fsites%2F6%2F2025%2F01%2FDolina_Baryczy-20190422_2237-D.jpg&amp;h=340&amp;q=90&amp;f=.jpg\" alt=\"&lt;span id=&quot;wp-image-12656&quot; class=&quot;exif&quot;&gt;&lt;span class=&quot;aperture&quot;&gt;Przys\u0142ona:&#402;\/6.3&nbsp;&lt;span class=&quot;focal_length&quot;&gt;Ogniskowa:600mm&nbsp;&lt;span class=&quot;iso&quot;&gt;Czu\u0142o\u015b\u0107 ISO:640&nbsp;&lt;span class=&quot;shutter_speed&quot;&gt;Czas na\u015bwietlania:1\/2000s&nbsp;&lt;\/span&gt;\" width=\"497\" height=\"340\" \/><\/a><p class=\"jig-HTMLdescription\"><span id=\"wp-image-12656\" class=\"exif\"><span class=\"aperture\">Przys\u0142ona:&#402;\/6.3&nbsp;<span class=\"focal_length\">Ogniskowa:600mm&nbsp;<span class=\"iso\">Czu\u0142o\u015b\u0107 ISO:640&nbsp;<span class=\"shutter_speed\">Czas na\u015bwietlania:1\/2000s&nbsp;<\/span><br\/>Dolina Baryczy, fot. Staszek Dul<\/p><\/li><li><a href=\"https:\/\/www.fotezja.pl\/fotowyprawy\/wp-content\/uploads\/sites\/6\/2025\/01\/Dolina_Baryczy-20190419_451-D_cr.jpg\" title=\"Dolina Baryczy, fot. Staszek Dul\"><img decoding=\"async\" src=\"https:\/\/www.fotezja.pl\/fotowyprawy\/wp-content\/plugins\/justified-image-grid\/timthumb.php?src=https%3A%2F%2Fwww.fotezja.pl%2Ffotowyprawy%2Fwp-content%2Fuploads%2Fsites%2F6%2F2025%2F01%2FDolina_Baryczy-20190419_451-D_cr.jpg&amp;h=340&amp;q=90&amp;f=.jpg\" alt=\"&lt;span id=&quot;wp-image-12649&quot; class=&quot;exif&quot;&gt;&lt;span class=&quot;aperture&quot;&gt;Przys\u0142ona:&#402;\/6.3&nbsp;&lt;span class=&quot;focal_length&quot;&gt;Ogniskowa:600mm&nbsp;&lt;span class=&quot;iso&quot;&gt;Czu\u0142o\u015b\u0107 ISO:400&nbsp;&lt;span class=&quot;shutter_speed&quot;&gt;Czas na\u015bwietlania:1\/1000s&nbsp;&lt;\/span&gt;\" width=\"479\" height=\"340\" \/><\/a><p class=\"jig-HTMLdescription\"><span id=\"wp-image-12649\" class=\"exif\"><span class=\"aperture\">Przys\u0142ona:&#402;\/6.3&nbsp;<span class=\"focal_length\">Ogniskowa:600mm&nbsp;<span class=\"iso\">Czu\u0142o\u015b\u0107 ISO:400&nbsp;<span class=\"shutter_speed\">Czas na\u015bwietlania:1\/1000s&nbsp;<\/span><br\/>Dolina Baryczy, fot. Staszek Dul<\/p><\/li><li><a href=\"https:\/\/www.fotezja.pl\/fotowyprawy\/wp-content\/uploads\/sites\/6\/2025\/01\/Dolina_Baryczy-20190419_402-D.jpg\" title=\"Dolina Baryczy, fot. Staszek Dul\"><img decoding=\"async\" src=\"https:\/\/www.fotezja.pl\/fotowyprawy\/wp-content\/plugins\/justified-image-grid\/timthumb.php?src=https%3A%2F%2Fwww.fotezja.pl%2Ffotowyprawy%2Fwp-content%2Fuploads%2Fsites%2F6%2F2025%2F01%2FDolina_Baryczy-20190419_402-D.jpg&amp;h=340&amp;q=90&amp;f=.jpg\" alt=\"&lt;span id=&quot;wp-image-12648&quot; class=&quot;exif&quot;&gt;&lt;span class=&quot;aperture&quot;&gt;Przys\u0142ona:&#402;\/6.3&nbsp;&lt;span class=&quot;focal_length&quot;&gt;Ogniskowa:600mm&nbsp;&lt;span class=&quot;iso&quot;&gt;Czu\u0142o\u015b\u0107 ISO:500&nbsp;&lt;span class=&quot;shutter_speed&quot;&gt;Czas na\u015bwietlania:1\/2500s&nbsp;&lt;\/span&gt;\" width=\"604\" height=\"340\" \/><\/a><p class=\"jig-HTMLdescription\"><span id=\"wp-image-12648\" class=\"exif\"><span class=\"aperture\">Przys\u0142ona:&#402;\/6.3&nbsp;<span class=\"focal_length\">Ogniskowa:600mm&nbsp;<span class=\"iso\">Czu\u0142o\u015b\u0107 ISO:500&nbsp;<span class=\"shutter_speed\">Czas na\u015bwietlania:1\/2500s&nbsp;<\/span><br\/>Dolina Baryczy, fot. Staszek Dul<\/p><\/li><li><a href=\"https:\/\/www.fotezja.pl\/fotowyprawy\/wp-content\/uploads\/sites\/6\/2025\/01\/Dolina_Baryczy-20190419_395-D_cr.jpg\" title=\"Dolina Baryczy, fot. Staszek Dul\"><img decoding=\"async\" src=\"https:\/\/www.fotezja.pl\/fotowyprawy\/wp-content\/plugins\/justified-image-grid\/timthumb.php?src=https%3A%2F%2Fwww.fotezja.pl%2Ffotowyprawy%2Fwp-content%2Fuploads%2Fsites%2F6%2F2025%2F01%2FDolina_Baryczy-20190419_395-D_cr.jpg&amp;h=340&amp;q=90&amp;f=.jpg\" alt=\"&lt;span id=&quot;wp-image-12647&quot; class=&quot;exif&quot;&gt;&lt;span class=&quot;aperture&quot;&gt;Przys\u0142ona:&#402;\/6.3&nbsp;&lt;span class=&quot;focal_length&quot;&gt;Ogniskowa:600mm&nbsp;&lt;span class=&quot;iso&quot;&gt;Czu\u0142o\u015b\u0107 ISO:500&nbsp;&lt;span class=&quot;shutter_speed&quot;&gt;Czas na\u015bwietlania:1\/1250s&nbsp;&lt;\/span&gt;\" width=\"604\" height=\"340\" \/><\/a><p class=\"jig-HTMLdescription\"><span id=\"wp-image-12647\" class=\"exif\"><span class=\"aperture\">Przys\u0142ona:&#402;\/6.3&nbsp;<span class=\"focal_length\">Ogniskowa:600mm&nbsp;<span class=\"iso\">Czu\u0142o\u015b\u0107 ISO:500&nbsp;<span class=\"shutter_speed\">Czas na\u015bwietlania:1\/1250s&nbsp;<\/span><br\/>Dolina Baryczy, fot. Staszek Dul<\/p><\/li><li><a href=\"https:\/\/www.fotezja.pl\/fotowyprawy\/wp-content\/uploads\/sites\/6\/2025\/01\/Dolina_Baryczy-20190419_673-D_cr.jpg\" title=\"Dolina Baryczy, fot. Staszek Dul\"><img decoding=\"async\" src=\"https:\/\/www.fotezja.pl\/fotowyprawy\/wp-content\/plugins\/justified-image-grid\/timthumb.php?src=https%3A%2F%2Fwww.fotezja.pl%2Ffotowyprawy%2Fwp-content%2Fuploads%2Fsites%2F6%2F2025%2F01%2FDolina_Baryczy-20190419_673-D_cr.jpg&amp;h=340&amp;q=90&amp;f=.jpg\" alt=\"&lt;span id=&quot;wp-image-12650&quot; class=&quot;exif&quot;&gt;&lt;span class=&quot;aperture&quot;&gt;Przys\u0142ona:&#402;\/6.3&nbsp;&lt;span class=&quot;focal_length&quot;&gt;Ogniskowa:600mm&nbsp;&lt;span class=&quot;iso&quot;&gt;Czu\u0142o\u015b\u0107 ISO:640&nbsp;&lt;span class=&quot;shutter_speed&quot;&gt;Czas na\u015bwietlania:1\/4000s&nbsp;&lt;\/span&gt;\" width=\"576\" height=\"340\" \/><\/a><p class=\"jig-HTMLdescription\"><span id=\"wp-image-12650\" class=\"exif\"><span class=\"aperture\">Przys\u0142ona:&#402;\/6.3&nbsp;<span class=\"focal_length\">Ogniskowa:600mm&nbsp;<span class=\"iso\">Czu\u0142o\u015b\u0107 ISO:640&nbsp;<span class=\"shutter_speed\">Czas na\u015bwietlania:1\/4000s&nbsp;<\/span><br\/>Dolina Baryczy, fot. Staszek Dul<\/p><\/li><li><a href=\"https:\/\/www.fotezja.pl\/fotowyprawy\/wp-content\/uploads\/sites\/6\/2025\/01\/Dolina_Baryczy-20190420_1134-D.jpg\" title=\"Dolina Baryczy, fot. Staszek Dul\"><img decoding=\"async\" src=\"https:\/\/www.fotezja.pl\/fotowyprawy\/wp-content\/plugins\/justified-image-grid\/timthumb.php?src=https%3A%2F%2Fwww.fotezja.pl%2Ffotowyprawy%2Fwp-content%2Fuploads%2Fsites%2F6%2F2025%2F01%2FDolina_Baryczy-20190420_1134-D.jpg&amp;h=340&amp;q=90&amp;f=.jpg\" alt=\"&lt;span id=&quot;wp-image-12651&quot; class=&quot;exif&quot;&gt;&lt;span class=&quot;aperture&quot;&gt;Przys\u0142ona:&#402;\/6.3&nbsp;&lt;span class=&quot;focal_length&quot;&gt;Ogniskowa:180mm&nbsp;&lt;span class=&quot;iso&quot;&gt;Czu\u0142o\u015b\u0107 ISO:1250&nbsp;&lt;span class=&quot;shutter_speed&quot;&gt;Czas na\u015bwietlania:1\/250s&nbsp;&lt;\/span&gt;\" width=\"504\" height=\"340\" \/><\/a><p class=\"jig-HTMLdescription\"><span id=\"wp-image-12651\" class=\"exif\"><span class=\"aperture\">Przys\u0142ona:&#402;\/6.3&nbsp;<span class=\"focal_length\">Ogniskowa:180mm&nbsp;<span class=\"iso\">Czu\u0142o\u015b\u0107 ISO:1250&nbsp;<span class=\"shutter_speed\">Czas na\u015bwietlania:1\/250s&nbsp;<\/span><br\/>Dolina Baryczy, fot. Staszek Dul<\/p><\/li><li><a href=\"https:\/\/www.fotezja.pl\/fotowyprawy\/wp-content\/uploads\/sites\/6\/2025\/01\/Dolina_Baryczy-20190422_2108-D_cr.jpg\" title=\"Dolina Baryczy, fot. Staszek Dul\"><img decoding=\"async\" src=\"https:\/\/www.fotezja.pl\/fotowyprawy\/wp-content\/plugins\/justified-image-grid\/timthumb.php?src=https%3A%2F%2Fwww.fotezja.pl%2Ffotowyprawy%2Fwp-content%2Fuploads%2Fsites%2F6%2F2025%2F01%2FDolina_Baryczy-20190422_2108-D_cr.jpg&amp;h=340&amp;q=90&amp;f=.jpg\" alt=\"&lt;span id=&quot;wp-image-12654&quot; class=&quot;exif&quot;&gt;&lt;span class=&quot;aperture&quot;&gt;Przys\u0142ona:&#402;\/6.3&nbsp;&lt;span class=&quot;focal_length&quot;&gt;Ogniskowa:600mm&nbsp;&lt;span class=&quot;iso&quot;&gt;Czu\u0142o\u015b\u0107 ISO:1250&nbsp;&lt;span class=&quot;shutter_speed&quot;&gt;Czas na\u015bwietlania:1\/3200s&nbsp;&lt;\/span&gt;\" width=\"604\" height=\"340\" \/><\/a><p class=\"jig-HTMLdescription\"><span id=\"wp-image-12654\" class=\"exif\"><span class=\"aperture\">Przys\u0142ona:&#402;\/6.3&nbsp;<span class=\"focal_length\">Ogniskowa:600mm&nbsp;<span class=\"iso\">Czu\u0142o\u015b\u0107 ISO:1250&nbsp;<span class=\"shutter_speed\">Czas na\u015bwietlania:1\/3200s&nbsp;<\/span><br\/>Dolina Baryczy, fot. Staszek Dul<\/p><\/li><li><a href=\"https:\/\/www.fotezja.pl\/fotowyprawy\/wp-content\/uploads\/sites\/6\/2025\/01\/Dolina_Baryczy-20190418_175-D_cr.jpg\" title=\"Dolina Baryczy, fot. Staszek Dul\"><img decoding=\"async\" src=\"https:\/\/www.fotezja.pl\/fotowyprawy\/wp-content\/plugins\/justified-image-grid\/timthumb.php?src=https%3A%2F%2Fwww.fotezja.pl%2Ffotowyprawy%2Fwp-content%2Fuploads%2Fsites%2F6%2F2025%2F01%2FDolina_Baryczy-20190418_175-D_cr.jpg&amp;h=340&amp;q=90&amp;f=.jpg\" alt=\"&lt;span id=&quot;wp-image-12644&quot; class=&quot;exif&quot;&gt;&lt;span class=&quot;aperture&quot;&gt;Przys\u0142ona:&#402;\/6.3&nbsp;&lt;span class=&quot;focal_length&quot;&gt;Ogniskowa:600mm&nbsp;&lt;span class=&quot;iso&quot;&gt;Czu\u0142o\u015b\u0107 ISO:800&nbsp;&lt;span class=&quot;shutter_speed&quot;&gt;Czas na\u015bwietlania:1\/400s&nbsp;&lt;\/span&gt;\" width=\"604\" height=\"340\" \/><\/a><p class=\"jig-HTMLdescription\"><span id=\"wp-image-12644\" class=\"exif\"><span class=\"aperture\">Przys\u0142ona:&#402;\/6.3&nbsp;<span class=\"focal_length\">Ogniskowa:600mm&nbsp;<span class=\"iso\">Czu\u0142o\u015b\u0107 ISO:800&nbsp;<span class=\"shutter_speed\">Czas na\u015bwietlania:1\/400s&nbsp;<\/span><br\/>Dolina Baryczy, fot. Staszek Dul<\/p><\/li><li><a href=\"https:\/\/www.fotezja.pl\/fotowyprawy\/wp-content\/uploads\/sites\/6\/2025\/01\/Dolina_Baryczy-20190420_1205-D.jpg\" title=\"Dolina Baryczy, fot. Staszek Dul\"><img decoding=\"async\" src=\"https:\/\/www.fotezja.pl\/fotowyprawy\/wp-content\/plugins\/justified-image-grid\/timthumb.php?src=https%3A%2F%2Fwww.fotezja.pl%2Ffotowyprawy%2Fwp-content%2Fuploads%2Fsites%2F6%2F2025%2F01%2FDolina_Baryczy-20190420_1205-D.jpg&amp;h=340&amp;q=90&amp;f=.jpg\" alt=\"&lt;span id=&quot;wp-image-12652&quot; class=&quot;exif&quot;&gt;&lt;span class=&quot;aperture&quot;&gt;Przys\u0142ona:&#402;\/6.3&nbsp;&lt;span class=&quot;focal_length&quot;&gt;Ogniskowa:150mm&nbsp;&lt;span class=&quot;iso&quot;&gt;Czu\u0142o\u015b\u0107 ISO:2500&nbsp;&lt;span class=&quot;shutter_speed&quot;&gt;Czas na\u015bwietlania:1\/2000s&nbsp;&lt;\/span&gt;\" width=\"454\" height=\"340\" \/><\/a><p class=\"jig-HTMLdescription\"><span id=\"wp-image-12652\" class=\"exif\"><span class=\"aperture\">Przys\u0142ona:&#402;\/6.3&nbsp;<span class=\"focal_length\">Ogniskowa:150mm&nbsp;<span class=\"iso\">Czu\u0142o\u015b\u0107 ISO:2500&nbsp;<span class=\"shutter_speed\">Czas na\u015bwietlania:1\/2000s&nbsp;<\/span><br\/>Dolina Baryczy, fot. Staszek Dul<\/p><\/li><li><a href=\"https:\/\/www.fotezja.pl\/fotowyprawy\/wp-content\/uploads\/sites\/6\/2025\/01\/Dolina_Baryczy-20190421_1623-D_cr.jpg\" title=\"Dolina Baryczy, fot. Staszek Dul\"><img decoding=\"async\" src=\"https:\/\/www.fotezja.pl\/fotowyprawy\/wp-content\/plugins\/justified-image-grid\/timthumb.php?src=https%3A%2F%2Fwww.fotezja.pl%2Ffotowyprawy%2Fwp-content%2Fuploads%2Fsites%2F6%2F2025%2F01%2FDolina_Baryczy-20190421_1623-D_cr.jpg&amp;h=340&amp;q=90&amp;f=.jpg\" alt=\"&lt;span id=&quot;wp-image-12653&quot; class=&quot;exif&quot;&gt;&lt;span class=&quot;aperture&quot;&gt;Przys\u0142ona:&#402;\/18&nbsp;&lt;span class=&quot;focal_length&quot;&gt;Ogniskowa:600mm&nbsp;&lt;span class=&quot;iso&quot;&gt;Czu\u0142o\u015b\u0107 ISO:800&nbsp;&lt;span class=&quot;shutter_speed&quot;&gt;Czas na\u015bwietlania:1\/100s&nbsp;&lt;\/span&gt;\" width=\"483\" height=\"340\" \/><\/a><p class=\"jig-HTMLdescription\"><span id=\"wp-image-12653\" class=\"exif\"><span class=\"aperture\">Przys\u0142ona:&#402;\/18&nbsp;<span class=\"focal_length\">Ogniskowa:600mm&nbsp;<span class=\"iso\">Czu\u0142o\u015b\u0107 ISO:800&nbsp;<span class=\"shutter_speed\">Czas na\u015bwietlania:1\/100s&nbsp;<\/span><br\/>Dolina Baryczy, fot. Staszek Dul<\/p><\/li><\/ul><\/noscript><\/div>\n<p class=\"tipi-center\"><a target=\"_blank\" href=\"https:\/\/www.fotezja.pl\/fotowyprawy\/powinienes-wiedziec-ze\/\" style=\"color: #e69138\"><strong>Przeczytaj, co jeszcze warto wiedzie\u0107 o naszych fotowyprawach<\/strong><\/a><a target=\"_blank\" href=\"https:\/\/www.fotezja.pl\/fotowyprawy\/category\/powinienes-wiedziec-ze\/\" style=\"color: #e69138\"><strong> <\/strong><\/a><\/p>\n<p class=\"tipi-center\"><a target=\"_blank\" href=\"https:\/\/www.fotezja.pl\/fotowyprawy\/warto-bo\/\" style=\"color: #e69138\"><strong>Co oferujemy i dlaczego warto jecha\u0107 w\u0142a\u015bnie z nami<\/strong><\/a><a target=\"_blank\" href=\"https:\/\/www.fotezja.pl\/fotowyprawy\/warto-bo\/\" style=\"color: #e69138\"><strong>&nbsp;<\/strong><\/a><\/p>\n<p class=\"tipi-center\"><a target=\"_blank\" href=\"https:\/\/www.fotezja.pl\/fotowyprawy\/ogolne-warunki-umowy-o-swiadczeniu-imprez-turystycznych\/\" style=\"color: #e69138\"><strong>Jakie s\u0105 og\u00f3lne warunki umowy o \u015bwiadczenie us\u0142ug turystycznych <\/strong><\/a><\/p>\n","protected":false},"excerpt":{"rendered":"<p>Dolina Baryczy. M\u00f3wi\u0105 o niej: kraina nad leniw\u0105 wod\u0105. Mo\u017ce i Barycz prowadzi sw\u00f3j nurt niespiesznie, jednak ciche wody tej powolnej rzeki s\u0105 \u017ar\u00f3d\u0142em intensywnie t\u0119tni\u0105cego \u017cycia. \u017bywio\u0142owy puls natury jest niezwykle mocno wyczuwalny zw\u0142aszcza wiosn\u0105, kiedy przyroda buzuje, wchodzi z now\u0105 energi\u0105 w kolejny sezon god\u00f3w. Pierza\u015bci mieszka\u0144cy tych ostoi gor\u0105czkowo poszukuj\u0105 miejsc l\u0119gowych, buduj\u0105 gniazda, sk\u0142adaj\u0105 jaja o r\u00f3\u017cnych barwach i wielko\u015bci. Jajo w\u0142a\u015bnie jako symbol \u017cycia pojawia si\u0119 tradycyjnie na wielkanocnym stole, \u015bwietnie si\u0119 wi\u0119c te\u017c nadaje [&hellip;]<\/p>\n","protected":false},"author":1,"featured_media":12647,"parent":0,"menu_order":0,"comment_status":"closed","ping_status":"closed","template":"","meta":{"footnotes":"","_links_to":"","_links_to_target":""},"class_list":["post-12657","page","type-page","status-publish","has-post-thumbnail","hentry"],"_links":{"self":[{"href":"https:\/\/www.fotezja.pl\/fotowyprawy\/wp-json\/wp\/v2\/pages\/12657","targetHints":{"allow":["GET"]}}],"collection":[{"href":"https:\/\/www.fotezja.pl\/fotowyprawy\/wp-json\/wp\/v2\/pages"}],"about":[{"href":"https:\/\/www.fotezja.pl\/fotowyprawy\/wp-json\/wp\/v2\/types\/page"}],"author":[{"embeddable":true,"href":"https:\/\/www.fotezja.pl\/fotowyprawy\/wp-json\/wp\/v2\/users\/1"}],"replies":[{"embeddable":true,"href":"https:\/\/www.fotezja.pl\/fotowyprawy\/wp-json\/wp\/v2\/comments?post=12657"}],"version-history":[{"count":39,"href":"https:\/\/www.fotezja.pl\/fotowyprawy\/wp-json\/wp\/v2\/pages\/12657\/revisions"}],"predecessor-version":[{"id":13485,"href":"https:\/\/www.fotezja.pl\/fotowyprawy\/wp-json\/wp\/v2\/pages\/12657\/revisions\/13485"}],"wp:featuredmedia":[{"embeddable":true,"href":"https:\/\/www.fotezja.pl\/fotowyprawy\/wp-json\/wp\/v2\/media\/12647"}],"wp:attachment":[{"href":"https:\/\/www.fotezja.pl\/fotowyprawy\/wp-json\/wp\/v2\/media?parent=12657"}],"curies":[{"name":"wp","href":"https:\/\/api.w.org\/{rel}","templated":true}]}}