{"id":12309,"date":"2024-12-06T15:17:39","date_gmt":"2024-12-06T14:17:39","guid":{"rendered":"https:\/\/www.fotezja.pl\/fotowyprawy\/?page_id=12309"},"modified":"2025-07-20T23:57:17","modified_gmt":"2025-07-20T21:57:17","slug":"nieznana-islandia-wyprawa-przyrodnicza","status":"publish","type":"page","link":"https:\/\/www.fotezja.pl\/fotowyprawy\/nieznana-islandia-wyprawa-przyrodnicza\/","title":{"rendered":"Nieznana Islandia wyprawa przyrodnicza"},"content":{"rendered":"<p><img decoding=\"async\" loading=\"lazy\" src=\"https:\/\/www.fotezja.pl\/fotowyprawy\/wp-content\/uploads\/sites\/6\/2024\/12\/PO5_7644-7648_b.jpg\"><noscript><img decoding=\"async\" src=\"https:\/\/www.fotezja.pl\/fotowyprawy\/wp-content\/uploads\/sites\/6\/2024\/12\/PO5_7644-7648_b.jpg\"><\/noscript><\/p>\n<p>Oto wyprawa przyrodnicza na Islandi\u0119, w trakcie kt\u00f3rej b\u0119dzie mo\u017cna zobaczy\u0107 miejsca, gdzie prawie nikt nie dociera! Fiordy Zachodnie, ale na nich m.in. Hornstrandir &#8211; pi\u0119kny region, gdzie nie mo\u017cna dotrze\u0107 samochodem, a tylko promem i to wy\u0142\u0105cznie latem. Pop\u0142yniemy te\u017c na po\u0142o\u017con\u0105 u po\u0142udniowych wybrze\u017cy Islandii wysp\u0119 Vestmannaeyjar, s\u0142ynn\u0105 z najwi\u0119kszej na \u015bwiecie kolonii maskonur\u00f3w.  B\u0119dzie te\u017c okazja zobaczy\u0107 spektakularny interior wyspy &#8211; dymi\u0105ce pomara\u0144czowe wzg\u00f3rza Kerlingarfjoll i Hveravellir, pospacerowa\u0107 po imponuj\u0105cych wzniesieniach Landmannalaugar, zajrze\u0107 do pi\u0119knej &#8220;Doliny Ognia&#8221; Eldgja czy pos\u0142ucha\u0107 jak szumi gigantyczny wodospad Dynjandi na Fiordach Zachodnich. Nawet je\u015bli objecha\u0142e\u015b Islandi\u0119 doko\u0142a, to miejsca przygotowane na tej wyprawie zaskocz\u0105 Ci\u0119 i zaurocz\u0105!<\/p>\n<p><\/p>\n<p>Cen\u0119 tej fotowyprawy podajemy w euro, poniewa\u017c jej koszty r\u00f3wnie\u017c p\u0142acimy w euro. Hotele, przewozy, bilety &#8211; to wszystko op\u0142acamy w walucie. Cena podana w euro, a nie w z\u0142ot\u00f3wkach, gwarantuje, \u017ce nie pobierzemy od Was mniej ni\u017c wynosi koszt imprezy&#8230; ani wi\u0119cej.<\/p>\n<p>Wp\u0142at mo\u017cna dokonywa\u0107 na dwa sposoby:<\/p>\n<p>Przelicza\u0107 sobie wysoko\u015b\u0107 zaliczki w euro na z\u0142ot\u00f3wki po <strong><span style=\"color: #ff9900;\"><a href=\"https:\/\/www.nbp.pl\/home.aspx?f=\/kursy\/kursyc.html\" target=\"_blank\" rel=\"noopener noreferrer\">kursie sprzeda\u017cy NBP<\/a><\/span><\/strong> z danego dnia, a wynik, w z\u0142ot\u00f3wkach, wp\u0142aca\u0107 na nasze konto z\u0142ot\u00f3wkowe: 86 2530 0008 2053 1055 8271 0001<\/p>\n<p>Wp\u0142aca\u0107 sum\u0119 wyra\u017con\u0105 w euro na nasze konto w euro (59 2530 0008 2053 1055 8271 0002), niczego nie przeliczaj\u0105c. Osoby, kt\u00f3re same posiadaj\u0105 konto w euro, mog\u0105 to robi\u0107 prostym przelewem; pozostali mog\u0105 np. korzysta\u0107 z serwis\u00f3w  wymiany walut, gdzie mo\u017cna zleca\u0107 przelewy mi\u0119dzywalutowe po bardzo dobrym kursie.<\/p>\n<p><strong>Prosz\u0119 w \u017cadnym wypadku nie wp\u0142aca\u0107 z\u0142ot\u00f3wek na konto euro ani euro na konto z\u0142ot\u00f3wkowe, nawet je\u015bli bank to umo\u017cliwia!<\/strong> W takim przypadku Wy wp\u0142aciliby\u015bcie wi\u0119cej ni\u017c trzeba, my dostaliby\u015bmy mniej ni\u017c trzeba, i tylko bank by\u0142by zadowolony.<\/p>\n<p>Gdyby kto\u015b mia\u0142 w\u0105tpliwo\u015bci co do wp\u0142at, prosimy o kontakt &#8211; pomo\u017cemy.<\/p>\n<p style=\"text-align: center;\"><span style=\"color: #ff0000;\">ALE MAMY JESZCZE WRZE\u015aNIOW\u0104 ISLANDI\u0118!<\/span><\/p>\n<p><img decoding=\"async\" loading=\"lazy\" src=\"https:\/\/www.fotezja.pl\/fotowyprawy\/wp-content\/uploads\/sites\/6\/2024\/12\/PTR_5086_b.jpg\"><noscript><img decoding=\"async\" src=\"https:\/\/www.fotezja.pl\/fotowyprawy\/wp-content\/uploads\/sites\/6\/2024\/12\/PTR_5086_b.jpg\"><\/noscript><\/p>\n<p>To wyjazd adresowany przede wszystkim do mi\u0142o\u015bnik\u00f3w przyrody, cho\u0107 nie tylko. Wsparcie do\u015bwiadczonego przyrodnika i ornitologa pozwoli dostrzec nawet p\u0142ochliwe czy odleg\u0142e zwierz\u0119ta, a tak\u017ce je zidentyfikowa\u0107. Nawet jednak osoby, kt\u00f3re nie pasjonuj\u0105 si\u0119 obserwacjami ptak\u00f3w, b\u0119d\u0105 usatysfakcjonowane pi\u0119knymi krajobrazami, bogatym programem i wysokim standardem aktywnego wypoczynku. Nasza wyprawa to &#8220;Islandia na wygodnie&#8221; &#8211; podr\u00f3\u017cowa\u0107 b\u0119dziemy autobusem z nap\u0119dem 4&#215;4, dzi\u0119ki czemu wjedziemy wsz\u0119dzie, gdzie potrzeba, a chodzi\u0107 b\u0119dziemy tylko tyle, ile b\u0119dziemy chcieli. Po pe\u0142nym wra\u017ce\u0144 dniu odpoczynek zapewni\u0105 hotele, gdzie na uczestnik\u00f3w czekaj\u0105 pokoje dwuosobowe, a o poranku nast\u0119pnego dnia &#8211; \u015bniadanie. <\/p>\n<p style=\"text-align: center;\"><span style=\"color: #ff0000;\">WRZE\u015aNIOWA ISLANDIA MA WOLNE MIEJSCA!<\/span><\/p>\n<p><a name=\"zgloszenie\"><\/a><\/p>\n<p><strong><em><span style=\"color: #ffff00;\"><a href=\"https:\/\/www.fotezja.pl\/fotowyprawy\/nieznana-islandia-wyprawa-przyrodnicza\/zgloszenie-na-wyprawe-nieznana-islandia\/\" rel=\"\">Chc\u0119 zobaczy\u0107 Nieznan\u0105 Islandi\u0119!<\/a><\/span><\/em><\/strong><\/p>\n<p><img decoding=\"async\" loading=\"lazy\" src=\"https:\/\/www.fotezja.pl\/fotowyprawy\/wp-content\/uploads\/sites\/6\/2024\/12\/IMG_9033_b.jpg\"><noscript><img decoding=\"async\" src=\"https:\/\/www.fotezja.pl\/fotowyprawy\/wp-content\/uploads\/sites\/6\/2024\/12\/IMG_9033_b.jpg\"><\/noscript><\/p>\n<p><a href=\"https:\/\/www.fotezja.pl\/fotowyprawy\/nieznana-islandia-wyprawa-przyrodnicza\/zgloszenie-na-wyprawe-nieznana-islandia\/\" rel=\"\">Zg\u0142aszam si\u0119 na wypraw\u0119 przyrodnicz\u0105 na islandi\u0118<\/a><\/p>\n<p>Bardzo istotna kwestia, kt\u00f3ra wp\u0142ywa tak na wygod\u0119, jak i bezpiecze\u0144stwo to spos\u00f3b pakowania. <strong>Zalecamy dwa baga\u017ce<\/strong>: g\u0142\u00f3wny i podr\u0119czny. G\u0142\u00f3wny, ze wszystkimi ubraniami, rzeczami osobistymi, ewentualnie statywem i \u017cywno\u015bci\u0105 to najlepiej du\u017ca torba na k\u00f3\u0142kach. <strong>Nie zalecamy walizki<\/strong> jako baga\u017cu g\u0142\u00f3wnego &#8211; trudniej j\u0105 upakowa\u0107 w busie, a do tego jest bardziej nara\u017cona na uszkodzenie w transporcie lotniczym.<strong> Limit dla baga\u017cu g\u0142\u00f3wnego przewa\u017cnie wynosi 20 kilogram\u00f3w <\/strong>(zale\u017cy od linii lotniczych, niekiedy jest to nieco wi\u0119cej). Nie nale\u017cy pakowa\u0107 do baga\u017cu g\u0142\u00f3wnego \u017cadnej elektroniki, a baterii i akumulator\u00f3w nawet nie wolno!<\/p>\n<p>Je\u015bli mamy jaki\u015b sprz\u0119t fotograficzny lub obserwacyjny (luneta, lornetka) nale\u017cy go zmie\u015bci\u0107 w baga\u017cu podr\u0119cznym. Na czas podr\u00f3\u017cy samolotem tam te\u017c powinny by\u0107 wszystkie akumulatory, \u0142adowarki i powerbanki. Je\u015bli kto\u015b zabiera notebooka, to r\u00f3wnie\u017c do baga\u017cu podr\u0119cznego &#8211; przynajmniej na czas podr\u00f3\u017cy lotniczej. Wskazane jest, aby m\u00f3c zabra\u0107 ze sob\u0105 termos lub\/i butelk\u0119 wody oraz kanapki &#8211; w taki spos\u00f3b, aby nie grozi\u0142o to ubrudzeniem lub zalaniem aparatu fotograficznego czy lornetki. Je\u015bli chodzi o sprz\u0119t fotograficzny, to przydatne b\u0119d\u0105 zar\u00f3wno obiektywy szerokok\u0105tne, standardowe, jak i teleobiektywy.<\/p>\n<p><\/p>\n<p>Je\u015bli chodzi o ubi\u00f3r, to Islandia jest zupe\u0142nie nieprzewidywalna. W czerwcu przewa\u017cnie temperatura w dzie\u0144 to od 9 do 15 stopni Celsjusza, ale mog\u0105 trafi\u0107 si\u0119 dni ciep\u0142e i s\u0142oneczne, jak i znacznie ch\u0142odniejsze. Normalna dla Islandii pogoda jest w\u00f3wczas, gdy solidnie wieje, czasem pada, a s\u0142o\u0144ce na przemian wychodzi i chowa si\u0119 za chmury. Czerwiec jest do\u015b\u0107 suchym miesi\u0105cem, ale to statystyka &#8211; na bazie dotychczasowych do\u015bwiadcze\u0144 mo\u017cemy zapowiedzie\u0107, \u017ce spodziewa\u0107 nale\u017cy si\u0119&#8230; wszystkiego..<\/p>\n<p><img decoding=\"async\" loading=\"lazy\" src=\"https:\/\/www.fotezja.pl\/fotowyprawy\/wp-content\/uploads\/sites\/6\/2024\/12\/PTR_2831_b1.jpg\"><noscript><img decoding=\"async\" src=\"https:\/\/www.fotezja.pl\/fotowyprawy\/wp-content\/uploads\/sites\/6\/2024\/12\/PTR_2831_b1.jpg\"><\/noscript><\/p>\n<p>Do wjazdu na Islandi\u0119 wystarczy dow\u00f3d osobisty (Islandia jest w Strefie Schengen). \u017badne szczeg\u00f3lne szczepienia nie s\u0105 wymagane, nie ma te\u017c \u017cadnych nietypowych warunk\u00f3w zdrowotnych ani szczeg\u00f3lnych zagro\u017ce\u0144. Jak przed ka\u017cd\u0105 podr\u00f3\u017c\u0105, zach\u0119camy aby w razie w\u0105tpliwo\u015bci sprawdzi\u0107 stron\u0119 <strong><span style=\"color: #e69138;\"><a href=\"https:\/\/www.gov.pl\/web\/dyplomacja\/informacje-dla-podrozujacych\" target=\"_blank\" rel=\"noopener noreferrer\">Ministerstwa Spraw Zagranicznych<\/a><\/span><\/strong>. Znajduj\u0105 si\u0119 tam aktualne informacje o wymaganych dokumentach, szczepieniach, ostrze\u017cenia i przepisy celne dla ka\u017cdego kraju.<\/p>\n<p class=\"tipi-center\"><a target=\"_blank\" href=\"https:\/\/www.fotezja.pl\/fotowyprawy\/powinienes-wiedziec-ze\/\" style=\"color: #e69138\"><strong>Przeczytaj, co jeszcze warto wiedzie\u0107 o naszych fotowyprawach<\/strong><\/a><a target=\"_blank\" href=\"https:\/\/www.fotezja.pl\/fotowyprawy\/category\/powinienes-wiedziec-ze\/\" style=\"color: #e69138\"><strong> <\/strong><\/a><\/p>\n<p class=\"tipi-center\"><a target=\"_blank\" href=\"https:\/\/www.fotezja.pl\/fotowyprawy\/warto-bo\/\" style=\"color: #e69138\"><strong>Co oferujemy i dlaczego warto jecha\u0107 w\u0142a\u015bnie z nami<\/strong><\/a><a target=\"_blank\" href=\"https:\/\/www.fotezja.pl\/fotowyprawy\/warto-bo\/\" style=\"color: #e69138\"><strong>&nbsp;<\/strong><\/a><\/p>\n<p class=\"tipi-center\"><a target=\"_blank\" href=\"https:\/\/www.fotezja.pl\/fotowyprawy\/ogolne-warunki-umowy-o-swiadczeniu-imprez-turystycznych\/\" style=\"color: #e69138\"><strong>Jakie s\u0105 og\u00f3lne warunki umowy o \u015bwiadczenie us\u0142ug turystycznych <\/strong><\/a><\/p>\n","protected":false},"excerpt":{"rendered":"<p>Oto wyprawa przyrodnicza na Islandi\u0119, w trakcie kt\u00f3rej b\u0119dzie mo\u017cna zobaczy\u0107 miejsca, gdzie prawie nikt nie dociera! Fiordy Zachodnie, ale na nich m.in. Hornstrandir &#8211; pi\u0119kny region, gdzie nie mo\u017cna dotrze\u0107 samochodem, a tylko promem i to wy\u0142\u0105cznie latem. Pop\u0142yniemy te\u017c na po\u0142o\u017con\u0105 u po\u0142udniowych wybrze\u017cy Islandii wysp\u0119 Vestmannaeyjar, s\u0142ynn\u0105 z najwi\u0119kszej na \u015bwiecie kolonii maskonur\u00f3w. B\u0119dzie te\u017c okazja zobaczy\u0107 spektakularny interior wyspy &#8211; dymi\u0105ce pomara\u0144czowe wzg\u00f3rza Kerlingarfjoll i Hveravellir, pospacerowa\u0107 po imponuj\u0105cych wzniesieniach Landmannalaugar, zajrze\u0107 do pi\u0119knej &#8220;Doliny Ognia&#8221; [&hellip;]<\/p>\n","protected":false},"author":1,"featured_media":12429,"parent":0,"menu_order":0,"comment_status":"closed","ping_status":"closed","template":"","meta":{"footnotes":"","_links_to":"","_links_to_target":""},"class_list":["post-12309","page","type-page","status-publish","has-post-thumbnail","hentry"],"_links":{"self":[{"href":"https:\/\/www.fotezja.pl\/fotowyprawy\/wp-json\/wp\/v2\/pages\/12309","targetHints":{"allow":["GET"]}}],"collection":[{"href":"https:\/\/www.fotezja.pl\/fotowyprawy\/wp-json\/wp\/v2\/pages"}],"about":[{"href":"https:\/\/www.fotezja.pl\/fotowyprawy\/wp-json\/wp\/v2\/types\/page"}],"author":[{"embeddable":true,"href":"https:\/\/www.fotezja.pl\/fotowyprawy\/wp-json\/wp\/v2\/users\/1"}],"replies":[{"embeddable":true,"href":"https:\/\/www.fotezja.pl\/fotowyprawy\/wp-json\/wp\/v2\/comments?post=12309"}],"version-history":[{"count":64,"href":"https:\/\/www.fotezja.pl\/fotowyprawy\/wp-json\/wp\/v2\/pages\/12309\/revisions"}],"predecessor-version":[{"id":13862,"href":"https:\/\/www.fotezja.pl\/fotowyprawy\/wp-json\/wp\/v2\/pages\/12309\/revisions\/13862"}],"wp:featuredmedia":[{"embeddable":true,"href":"https:\/\/www.fotezja.pl\/fotowyprawy\/wp-json\/wp\/v2\/media\/12429"}],"wp:attachment":[{"href":"https:\/\/www.fotezja.pl\/fotowyprawy\/wp-json\/wp\/v2\/media?parent=12309"}],"curies":[{"name":"wp","href":"https:\/\/api.w.org\/{rel}","templated":true}]}}