{"id":12036,"date":"2024-10-29T01:15:25","date_gmt":"2024-10-29T00:15:25","guid":{"rendered":"https:\/\/www.fotezja.pl\/fotowyprawy\/?page_id=12036"},"modified":"2025-03-20T02:36:46","modified_gmt":"2025-03-20T01:36:46","slug":"gluptaki-z-helgolandu-wycieczka","status":"publish","type":"page","link":"https:\/\/www.fotezja.pl\/fotowyprawy\/gluptaki-z-helgolandu-wycieczka\/","title":{"rendered":"G\u0142uptaki z Helgolandu"},"content":{"rendered":"<p><img decoding=\"async\" loading=\"lazy\" src=\"https:\/\/www.fotezja.pl\/fotowyprawy\/wp-content\/uploads\/sites\/6\/2024\/10\/Ptaki-Niderlandow.jpg\"><noscript><img decoding=\"async\" src=\"https:\/\/www.fotezja.pl\/fotowyprawy\/wp-content\/uploads\/sites\/6\/2024\/10\/Ptaki-Niderlandow.jpg\"><\/noscript><\/p>\n<p>Helgoland, wyspa na Morzu P\u00f3\u0142nocnym, gdzie na stromych klifach g\u0142\u00f3wn\u0105 gwiazd\u0105 prezentuj\u0105c\u0105 si\u0119 naszym lornetkom i obiektywom w r\u00f3\u017cnych konfiguracjach i pozach b\u0119d\u0105 g\u0142uptaki. Delikatno\u015b\u0107 figurki z bia\u0142o-kremowej porcelany z drapie\u017cno\u015bci\u0105 i wyrazisto\u015bci\u0105 weneckiej maski karnawa\u0142owej to pi\u0119kny kontrast charakteryzuj\u0105cy te ptaki, uchwycone w bliskich kadrach. Wizyta w ich kolonii na Helgolandzie to doskona\u0142a okazja do stworzenia galerii portret\u00f3w g\u0142uptak\u00f3w: od eleganckich, pe\u0142nych wdzi\u0119ku po nieco groteskowe. Subtelne odcienie ubarwienia kontrastuj\u0105ce z mocn\u0105 kresk\u0105 podkre\u015blaj\u0105c\u0105 dzi\u00f3b stanowi\u0105 sprzeczno\u015b\u0107, kt\u00f3ra znajduje te\u017c swoj\u0105 analogi\u0119 w zachowaniu ptak\u00f3w. Uczestnicy wyprawy b\u0119d\u0105 mogli podziwia\u0107 gracj\u0119 g\u0142uptak\u00f3w podczas nurkowania i lotu oraz ich niezbyt zgrabne, za to ucieszne l\u0105dowanie, czu\u0142o\u015b\u0107 wobec partner\u00f3w, jak i ha\u0142a\u015bliw\u0105 k\u0142\u00f3tliwo\u015b\u0107 okazywan\u0105 konkurentom w t\u0142ocznej kolonii. W drodze na Helgoland odwiedzimy rezerwat Havell\u00e4ndisches Luch z populacj\u0105 dropi wielkich. Natomiast wracaj\u0105c, zatrzymamy si\u0119 na niezmiennie urokliwych rozlewiskach PN \u201eUj\u015bcie Warty\u201d, gdzie wiosn\u0105 liczne i r\u00f3\u017cnorodne ptasie bractwo prezentuje si\u0119 w swoich najpi\u0119kniejszych pi\u00f3rkach i uwija z niezwyk\u0142\u0105 energi\u0105 w poszukiwaniu partner\u00f3w i przygotowaniu l\u0119gowisk. Kwiecie\u0144 pod znakiem ptasich god\u00f3w to \u015bwietna okazja do nastrojenia si\u0119 w pozytywnej, radosnej tonacji. Potrzebujesz \u015bwie\u017cego spojrzenia i zastrzyku energii? Zaczerpnij je z nami wprost z rozwibrowanego optymistycznie ornitologicznego \u015bwiata.<\/p>\n<p style=\"text-align: center;\"><strong><span style=\"color: #ff9900;\">POWITAJ WIOSN\u0118 W\u015aR\u00d3D PTAK\u00d3W MORZA P\u00d3\u0141NOCNEGO!<\/span><\/strong><\/p>\n<p>To wyjazd adresowany przede wszystkim do mi\u0142o\u015bnik\u00f3w obserwacji i fotografowania ptak\u00f3w. B\u0119dzie mo\u017cna podczas tej wyprawy obserwowa\u0107 gatunki typowe dla p\u00f3\u0142nocnych obszar\u00f3w Europy, Helgoland bowiem to pierwszy przycz\u00f3\u0142ek na szlaku wiod\u0105cym na bardziej odleg\u0142\u0105 i bardziej zimn\u0105 P\u00f3\u0142noc, na kt\u00f3rym spotka\u0107 mo\u017cna nie tylko g\u0142uptaki, ale i inne ptaki charakterystyczne dla surowych rewir\u00f3w Europy. Warto te\u017c wspomnie\u0107, \u017ce dropie, zwane niegdy\u015b \u201epolskimi strusiami\u201d znikn\u0119\u0142y ju\u017c z rodzimego krajobrazu rolniczego i niewiele jest miejsc, w kt\u00f3rych jeszcze mo\u017cna je podziwia\u0107. Nasza wyprawa jest zatem okazj\u0105 do tego, by mie\u0107 szans\u0119 na obserwacj\u0119 tych imponuj\u0105cych ptak\u00f3w \u2013 drop mo\u017ce osi\u0105ga\u0107 ponad metr d\u0142ugo\u015bci, niemal\u017ce metr wysoko\u015bci, wag\u0119 blisko 20 kg, a rozpi\u0119to\u015b\u0107 skrzyde\u0142 ponad dwa metry. Ogl\u0105da\u0107 go to nie lada gratka. Z kolei PN \u201eUj\u015bcie Warty\u201d oferuje niezliczon\u0105 rozmaito\u015b\u0107 wra\u017ce\u0144, zwi\u0105zanych nie tylko z bogactwem ornitologicznym parku, ale i relaksuj\u0105c\u0105 sielsko\u015bci\u0105 krajobrazu, a tak\u017ce mo\u017cliwo\u015bci\u0105 spotkania innych zwierz\u0105t, m.in. wydry, bobra czy inwazyjnego szopa.<\/p>\n<p style=\"text-align: center;\">\n<p><a name=\"zgloszenie\"><\/a><\/p>\n<p><strong><span style=\"color: #ff0000;\"><a href=\"https:\/\/www.fotezja.pl\/fotowyprawy\/gluptaki-z-helgolandu-wycieczka\/zgloszenie-na-wyprawe-gluptaki-z-helgolandu\/\" rel=\"\">Jad\u0119 na wypraw\u0119 na g\u0142uptaki!<\/a><\/span><\/strong><\/p>\n<p><img decoding=\"async\" loading=\"lazy\" src=\"https:\/\/www.fotezja.pl\/fotowyprawy\/wp-content\/uploads\/sites\/6\/2024\/10\/Ptaki-Niderlandow-dwa.jpg\"><noscript><img decoding=\"async\" src=\"https:\/\/www.fotezja.pl\/fotowyprawy\/wp-content\/uploads\/sites\/6\/2024\/10\/Ptaki-Niderlandow-dwa.jpg\"><\/noscript><\/p>\n<p><span style=\"color: #ffff00\"><a href=\"https:\/\/www.fotezja.pl\/fotowyprawy\/gluptaki-z-helgolandu-wycieczka\/zgloszenie-na-wyprawe-gluptaki-z-helgolandu\/\" rel=\"\">Zg\u0142aszam si\u0119 na wypraw\u0119!<\/a><\/span><\/p>\n<div id=\"jig1\" class=\"justified-image-grid jig-fdd16d5e40caf3a606c55ea67967dd02 jig-preset-global jig-source-wp-gallery\"><div class=\"jig-clearfix\"><\/div><noscript id=\"jig1-html\" class=\"justified-image-grid-html\" data-lazy-src=\"skiplazyload\" data-src=\"skipunveillazyload\"><ul><li><a href=\"https:\/\/www.fotezja.pl\/fotowyprawy\/wp-content\/uploads\/sites\/6\/2024\/10\/Sciana_Zachodnia-20210312_1871-fhd.jpg\"><img decoding=\"async\" src=\"https:\/\/www.fotezja.pl\/fotowyprawy\/wp-content\/plugins\/justified-image-grid\/timthumb.php?src=https%3A%2F%2Fwww.fotezja.pl%2Ffotowyprawy%2Fwp-content%2Fuploads%2Fsites%2F6%2F2024%2F10%2FSciana_Zachodnia-20210312_1871-fhd.jpg&amp;h=340&amp;q=90&amp;f=.jpg\" alt=\"&lt;span id=&quot;wp-image-12031&quot; class=&quot;exif&quot;&gt;&lt;span class=&quot;aperture&quot;&gt;Przys\u0142ona:&#402;\/6.3&nbsp;&lt;span class=&quot;focal_length&quot;&gt;Ogniskowa:600mm&nbsp;&lt;span class=&quot;iso&quot;&gt;Czu\u0142o\u015b\u0107 ISO:800&nbsp;&lt;span class=&quot;shutter_speed&quot;&gt;Czas na\u015bwietlania:1\/1600s&nbsp;&lt;\/span&gt;\" width=\"604\" height=\"340\" \/><\/a><p class=\"jig-HTMLdescription\"><span id=\"wp-image-12031\" class=\"exif\"><span class=\"aperture\">Przys\u0142ona:&#402;\/6.3&nbsp;<span class=\"focal_length\">Ogniskowa:600mm&nbsp;<span class=\"iso\">Czu\u0142o\u015b\u0107 ISO:800&nbsp;<span class=\"shutter_speed\">Czas na\u015bwietlania:1\/1600s&nbsp;<\/span><\/p><\/li><li><a href=\"https:\/\/www.fotezja.pl\/fotowyprawy\/wp-content\/uploads\/sites\/6\/2024\/10\/Ujscie_Warty-20191017_1023-fhd.jpg\"><img decoding=\"async\" src=\"https:\/\/www.fotezja.pl\/fotowyprawy\/wp-content\/plugins\/justified-image-grid\/timthumb.php?src=https%3A%2F%2Fwww.fotezja.pl%2Ffotowyprawy%2Fwp-content%2Fuploads%2Fsites%2F6%2F2024%2F10%2FUjscie_Warty-20191017_1023-fhd.jpg&amp;h=340&amp;q=90&amp;f=.jpg\" alt=\"&lt;span id=&quot;wp-image-12033&quot; class=&quot;exif&quot;&gt;&lt;span class=&quot;aperture&quot;&gt;Przys\u0142ona:&#402;\/7.1&nbsp;&lt;span class=&quot;focal_length&quot;&gt;Ogniskowa:600mm&nbsp;&lt;span class=&quot;iso&quot;&gt;Czu\u0142o\u015b\u0107 ISO:800&nbsp;&lt;span class=&quot;shutter_speed&quot;&gt;Czas na\u015bwietlania:1\/8000s&nbsp;&lt;\/span&gt;\" width=\"604\" height=\"340\" \/><\/a><p class=\"jig-HTMLdescription\"><span id=\"wp-image-12033\" class=\"exif\"><span class=\"aperture\">Przys\u0142ona:&#402;\/7.1&nbsp;<span class=\"focal_length\">Ogniskowa:600mm&nbsp;<span class=\"iso\">Czu\u0142o\u015b\u0107 ISO:800&nbsp;<span class=\"shutter_speed\">Czas na\u015bwietlania:1\/8000s&nbsp;<\/span><\/p><\/li><li><a href=\"https:\/\/www.fotezja.pl\/fotowyprawy\/wp-content\/uploads\/sites\/6\/2024\/10\/Sciana_Zachodnia-20210311_1228-fhd.jpg\"><img decoding=\"async\" src=\"https:\/\/www.fotezja.pl\/fotowyprawy\/wp-content\/plugins\/justified-image-grid\/timthumb.php?src=https%3A%2F%2Fwww.fotezja.pl%2Ffotowyprawy%2Fwp-content%2Fuploads%2Fsites%2F6%2F2024%2F10%2FSciana_Zachodnia-20210311_1228-fhd.jpg&amp;h=340&amp;q=90&amp;f=.jpg\" alt=\"&lt;span id=&quot;wp-image-12029&quot; class=&quot;exif&quot;&gt;&lt;span class=&quot;aperture&quot;&gt;Przys\u0142ona:&#402;\/6.3&nbsp;&lt;span class=&quot;focal_length&quot;&gt;Ogniskowa:600mm&nbsp;&lt;span class=&quot;iso&quot;&gt;Czu\u0142o\u015b\u0107 ISO:800&nbsp;&lt;span class=&quot;shutter_speed&quot;&gt;Czas na\u015bwietlania:1\/2000s&nbsp;&lt;\/span&gt;\" width=\"604\" height=\"340\" \/><\/a><p class=\"jig-HTMLdescription\"><span id=\"wp-image-12029\" class=\"exif\"><span class=\"aperture\">Przys\u0142ona:&#402;\/6.3&nbsp;<span class=\"focal_length\">Ogniskowa:600mm&nbsp;<span class=\"iso\">Czu\u0142o\u015b\u0107 ISO:800&nbsp;<span class=\"shutter_speed\">Czas na\u015bwietlania:1\/2000s&nbsp;<\/span><\/p><\/li><li><a href=\"https:\/\/www.fotezja.pl\/fotowyprawy\/wp-content\/uploads\/sites\/6\/2024\/10\/Wiosenne-bieliki-20240319-24-D-clear-fhd.jpg\"><img decoding=\"async\" src=\"https:\/\/www.fotezja.pl\/fotowyprawy\/wp-content\/plugins\/justified-image-grid\/timthumb.php?src=https%3A%2F%2Fwww.fotezja.pl%2Ffotowyprawy%2Fwp-content%2Fuploads%2Fsites%2F6%2F2024%2F10%2FWiosenne-bieliki-20240319-24-D-clear-fhd.jpg&amp;h=340&amp;q=90&amp;f=.jpg\" alt=\"&lt;span id=&quot;wp-image-12034&quot; class=&quot;exif&quot;&gt;&lt;span class=&quot;aperture&quot;&gt;Przys\u0142ona:&#402;\/6.3&nbsp;&lt;span class=&quot;focal_length&quot;&gt;Ogniskowa:600mm&nbsp;&lt;span class=&quot;iso&quot;&gt;Czu\u0142o\u015b\u0107 ISO:1000&nbsp;&lt;span class=&quot;shutter_speed&quot;&gt;Czas na\u015bwietlania:1\/4000s&nbsp;&lt;\/span&gt;\" width=\"604\" height=\"340\" \/><\/a><p class=\"jig-HTMLdescription\"><span id=\"wp-image-12034\" class=\"exif\"><span class=\"aperture\">Przys\u0142ona:&#402;\/6.3&nbsp;<span class=\"focal_length\">Ogniskowa:600mm&nbsp;<span class=\"iso\">Czu\u0142o\u015b\u0107 ISO:1000&nbsp;<span class=\"shutter_speed\">Czas na\u015bwietlania:1\/4000s&nbsp;<\/span><\/p><\/li><li><a href=\"https:\/\/www.fotezja.pl\/fotowyprawy\/wp-content\/uploads\/sites\/6\/2024\/10\/Wiosenne-bieliki-20240320-1143-D-clear-fhd.jpg\"><img decoding=\"async\" src=\"https:\/\/www.fotezja.pl\/fotowyprawy\/wp-content\/plugins\/justified-image-grid\/timthumb.php?src=https%3A%2F%2Fwww.fotezja.pl%2Ffotowyprawy%2Fwp-content%2Fuploads%2Fsites%2F6%2F2024%2F10%2FWiosenne-bieliki-20240320-1143-D-clear-fhd.jpg&amp;h=340&amp;q=90&amp;f=.jpg\" alt=\"&lt;span id=&quot;wp-image-12035&quot; class=&quot;exif&quot;&gt;&lt;span class=&quot;aperture&quot;&gt;Przys\u0142ona:&#402;\/5.6&nbsp;&lt;span class=&quot;focal_length&quot;&gt;Ogniskowa:105mm&nbsp;&lt;span class=&quot;iso&quot;&gt;Czu\u0142o\u015b\u0107 ISO:640&nbsp;&lt;span class=&quot;shutter_speed&quot;&gt;Czas na\u015bwietlania:1\/3200s&nbsp;&lt;\/span&gt;\" width=\"604\" height=\"340\" \/><\/a><p class=\"jig-HTMLdescription\"><span id=\"wp-image-12035\" class=\"exif\"><span class=\"aperture\">Przys\u0142ona:&#402;\/5.6&nbsp;<span class=\"focal_length\">Ogniskowa:105mm&nbsp;<span class=\"iso\">Czu\u0142o\u015b\u0107 ISO:640&nbsp;<span class=\"shutter_speed\">Czas na\u015bwietlania:1\/3200s&nbsp;<\/span><\/p><\/li><li><a href=\"https:\/\/www.fotezja.pl\/fotowyprawy\/wp-content\/uploads\/sites\/6\/2024\/10\/Ptaki-Niderlandow-wyprawa.jpg\"><img decoding=\"async\" src=\"https:\/\/www.fotezja.pl\/fotowyprawy\/wp-content\/plugins\/justified-image-grid\/timthumb.php?src=https%3A%2F%2Fwww.fotezja.pl%2Ffotowyprawy%2Fwp-content%2Fuploads%2Fsites%2F6%2F2024%2F10%2FPtaki-Niderlandow-wyprawa.jpg&amp;h=340&amp;q=90&amp;f=.jpg\" alt=\"&lt;span id=&quot;wp-image-12027&quot; class=&quot;exif&quot;&gt;&lt;span class=&quot;aperture&quot;&gt;Przys\u0142ona:&#402;\/5.6&nbsp;&lt;span class=&quot;focal_length&quot;&gt;Ogniskowa:40mm&nbsp;&lt;span class=&quot;iso&quot;&gt;Czu\u0142o\u015b\u0107 ISO:1250&nbsp;&lt;span class=&quot;shutter_speed&quot;&gt;Czas na\u015bwietlania:1\/2000s&nbsp;&lt;\/span&gt;\" width=\"604\" height=\"340\" \/><\/a><p class=\"jig-HTMLdescription\"><span id=\"wp-image-12027\" class=\"exif\"><span class=\"aperture\">Przys\u0142ona:&#402;\/5.6&nbsp;<span class=\"focal_length\">Ogniskowa:40mm&nbsp;<span class=\"iso\">Czu\u0142o\u015b\u0107 ISO:1250&nbsp;<span class=\"shutter_speed\">Czas na\u015bwietlania:1\/2000s&nbsp;<\/span><\/p><\/li><li><a href=\"https:\/\/www.fotezja.pl\/fotowyprawy\/wp-content\/uploads\/sites\/6\/2024\/10\/Sciana_Zachodnia-20210312_1606-fhd.jpg\"><img decoding=\"async\" src=\"https:\/\/www.fotezja.pl\/fotowyprawy\/wp-content\/plugins\/justified-image-grid\/timthumb.php?src=https%3A%2F%2Fwww.fotezja.pl%2Ffotowyprawy%2Fwp-content%2Fuploads%2Fsites%2F6%2F2024%2F10%2FSciana_Zachodnia-20210312_1606-fhd.jpg&amp;h=340&amp;q=90&amp;f=.jpg\" alt=\"&lt;span id=&quot;wp-image-12030&quot; class=&quot;exif&quot;&gt;&lt;span class=&quot;aperture&quot;&gt;Przys\u0142ona:&#402;\/6.3&nbsp;&lt;span class=&quot;focal_length&quot;&gt;Ogniskowa:600mm&nbsp;&lt;span class=&quot;iso&quot;&gt;Czu\u0142o\u015b\u0107 ISO:1600&nbsp;&lt;span class=&quot;shutter_speed&quot;&gt;Czas na\u015bwietlania:1\/500s&nbsp;&lt;\/span&gt;\" width=\"604\" height=\"340\" \/><\/a><p class=\"jig-HTMLdescription\"><span id=\"wp-image-12030\" class=\"exif\"><span class=\"aperture\">Przys\u0142ona:&#402;\/6.3&nbsp;<span class=\"focal_length\">Ogniskowa:600mm&nbsp;<span class=\"iso\">Czu\u0142o\u015b\u0107 ISO:1600&nbsp;<span class=\"shutter_speed\">Czas na\u015bwietlania:1\/500s&nbsp;<\/span><\/p><\/li><li><a href=\"https:\/\/www.fotezja.pl\/fotowyprawy\/wp-content\/uploads\/sites\/6\/2024\/10\/Ujscie_Warty-20191017_113-fhd.jpg\"><img decoding=\"async\" src=\"https:\/\/www.fotezja.pl\/fotowyprawy\/wp-content\/plugins\/justified-image-grid\/timthumb.php?src=https%3A%2F%2Fwww.fotezja.pl%2Ffotowyprawy%2Fwp-content%2Fuploads%2Fsites%2F6%2F2024%2F10%2FUjscie_Warty-20191017_113-fhd.jpg&amp;h=340&amp;q=90&amp;f=.jpg\" alt=\"&lt;span id=&quot;wp-image-12032&quot; class=&quot;exif&quot;&gt;&lt;span class=&quot;aperture&quot;&gt;Przys\u0142ona:&#402;\/6.3&nbsp;&lt;span class=&quot;focal_length&quot;&gt;Ogniskowa:600mm&nbsp;&lt;span class=&quot;iso&quot;&gt;Czu\u0142o\u015b\u0107 ISO:800&nbsp;&lt;span class=&quot;shutter_speed&quot;&gt;Czas na\u015bwietlania:1\/1250s&nbsp;&lt;\/span&gt;\" width=\"653\" height=\"340\" \/><\/a><p class=\"jig-HTMLdescription\"><span id=\"wp-image-12032\" class=\"exif\"><span class=\"aperture\">Przys\u0142ona:&#402;\/6.3&nbsp;<span class=\"focal_length\">Ogniskowa:600mm&nbsp;<span class=\"iso\">Czu\u0142o\u015b\u0107 ISO:800&nbsp;<span class=\"shutter_speed\">Czas na\u015bwietlania:1\/1250s&nbsp;<\/span><\/p><\/li><li><a href=\"https:\/\/www.fotezja.pl\/fotowyprawy\/wp-content\/uploads\/sites\/6\/2024\/10\/Ptaki-Niderlandow.jpg\"><img decoding=\"async\" src=\"https:\/\/www.fotezja.pl\/fotowyprawy\/wp-content\/plugins\/justified-image-grid\/timthumb.php?src=https%3A%2F%2Fwww.fotezja.pl%2Ffotowyprawy%2Fwp-content%2Fuploads%2Fsites%2F6%2F2024%2F10%2FPtaki-Niderlandow.jpg&amp;h=340&amp;q=90&amp;f=.jpg\" alt=\"&lt;span id=&quot;wp-image-12028&quot; class=&quot;exif&quot;&gt;&lt;span class=&quot;aperture&quot;&gt;Przys\u0142ona:&#402;\/6.3&nbsp;&lt;span class=&quot;focal_length&quot;&gt;Ogniskowa:600mm&nbsp;&lt;span class=&quot;iso&quot;&gt;Czu\u0142o\u015b\u0107 ISO:1250&nbsp;&lt;span class=&quot;shutter_speed&quot;&gt;Czas na\u015bwietlania:1\/1000s&nbsp;&lt;\/span&gt;\" width=\"510\" height=\"340\" \/><\/a><p class=\"jig-HTMLdescription\"><span id=\"wp-image-12028\" class=\"exif\"><span class=\"aperture\">Przys\u0142ona:&#402;\/6.3&nbsp;<span class=\"focal_length\">Ogniskowa:600mm&nbsp;<span class=\"iso\">Czu\u0142o\u015b\u0107 ISO:1250&nbsp;<span class=\"shutter_speed\">Czas na\u015bwietlania:1\/1000s&nbsp;<\/span><\/p><\/li><li><a href=\"https:\/\/www.fotezja.pl\/fotowyprawy\/wp-content\/uploads\/sites\/6\/2024\/10\/Ptaki-Niderlandow-dwa.jpg\"><img decoding=\"async\" src=\"https:\/\/www.fotezja.pl\/fotowyprawy\/wp-content\/plugins\/justified-image-grid\/timthumb.php?src=https%3A%2F%2Fwww.fotezja.pl%2Ffotowyprawy%2Fwp-content%2Fuploads%2Fsites%2F6%2F2024%2F10%2FPtaki-Niderlandow-dwa.jpg&amp;h=340&amp;q=90&amp;f=.jpg\" alt=\"&lt;span id=&quot;wp-image-12026&quot; class=&quot;exif&quot;&gt;&lt;span class=&quot;aperture&quot;&gt;Przys\u0142ona:&#402;\/5.6&nbsp;&lt;span class=&quot;focal_length&quot;&gt;Ogniskowa:105mm&nbsp;&lt;span class=&quot;iso&quot;&gt;Czu\u0142o\u015b\u0107 ISO:1250&nbsp;&lt;span class=&quot;shutter_speed&quot;&gt;Czas na\u015bwietlania:1\/1600s&nbsp;&lt;\/span&gt;\" width=\"604\" height=\"340\" \/><\/a><p class=\"jig-HTMLdescription\"><span id=\"wp-image-12026\" class=\"exif\"><span class=\"aperture\">Przys\u0142ona:&#402;\/5.6&nbsp;<span class=\"focal_length\">Ogniskowa:105mm&nbsp;<span class=\"iso\">Czu\u0142o\u015b\u0107 ISO:1250&nbsp;<span class=\"shutter_speed\">Czas na\u015bwietlania:1\/1600s&nbsp;<\/span><\/p><\/li><\/ul><\/noscript><\/div>\n<p class=\"tipi-center\"><a target=\"_blank\" href=\"https:\/\/www.fotezja.pl\/fotowyprawy\/powinienes-wiedziec-ze\/\" style=\"color: #e69138\"><strong>Przeczytaj, co jeszcze warto wiedzie\u0107 o naszych fotowyprawach<\/strong><\/a><a target=\"_blank\" href=\"https:\/\/www.fotezja.pl\/fotowyprawy\/category\/powinienes-wiedziec-ze\/\" style=\"color: #e69138\"><strong> <\/strong><\/a><\/p>\n<p class=\"tipi-center\"><a target=\"_blank\" href=\"https:\/\/www.fotezja.pl\/fotowyprawy\/warto-bo\/\" style=\"color: #e69138\"><strong>Co oferujemy i dlaczego warto jecha\u0107 w\u0142a\u015bnie z nami<\/strong><\/a><a target=\"_blank\" href=\"https:\/\/www.fotezja.pl\/fotowyprawy\/warto-bo\/\" style=\"color: #e69138\"><strong>&nbsp;<\/strong><\/a><\/p>\n<p class=\"tipi-center\"><a target=\"_blank\" href=\"https:\/\/www.fotezja.pl\/fotowyprawy\/ogolne-warunki-umowy-o-swiadczeniu-imprez-turystycznych\/\" style=\"color: #e69138\"><strong>Jakie s\u0105 og\u00f3lne warunki umowy o \u015bwiadczenie us\u0142ug turystycznych <\/strong><\/a><\/p>\n","protected":false},"excerpt":{"rendered":"<p>Helgoland, wyspa na Morzu P\u00f3\u0142nocnym, gdzie na stromych klifach g\u0142\u00f3wn\u0105 gwiazd\u0105 prezentuj\u0105c\u0105 si\u0119 naszym lornetkom i obiektywom w r\u00f3\u017cnych konfiguracjach i pozach b\u0119d\u0105 g\u0142uptaki. Delikatno\u015b\u0107 figurki z bia\u0142o-kremowej porcelany z drapie\u017cno\u015bci\u0105 i wyrazisto\u015bci\u0105 weneckiej maski karnawa\u0142owej to pi\u0119kny kontrast charakteryzuj\u0105cy te ptaki, uchwycone w bliskich kadrach. Wizyta w ich kolonii na Helgolandzie to doskona\u0142a okazja do stworzenia galerii portret\u00f3w g\u0142uptak\u00f3w: od eleganckich, pe\u0142nych wdzi\u0119ku po nieco groteskowe. Subtelne odcienie ubarwienia kontrastuj\u0105ce z mocn\u0105 kresk\u0105 podkre\u015blaj\u0105c\u0105 dzi\u00f3b stanowi\u0105 sprzeczno\u015b\u0107, kt\u00f3ra znajduje [&hellip;]<\/p>\n","protected":false},"author":1,"featured_media":12028,"parent":0,"menu_order":0,"comment_status":"closed","ping_status":"closed","template":"","meta":{"footnotes":"","_links_to":"","_links_to_target":""},"class_list":["post-12036","page","type-page","status-publish","has-post-thumbnail","hentry"],"_links":{"self":[{"href":"https:\/\/www.fotezja.pl\/fotowyprawy\/wp-json\/wp\/v2\/pages\/12036","targetHints":{"allow":["GET"]}}],"collection":[{"href":"https:\/\/www.fotezja.pl\/fotowyprawy\/wp-json\/wp\/v2\/pages"}],"about":[{"href":"https:\/\/www.fotezja.pl\/fotowyprawy\/wp-json\/wp\/v2\/types\/page"}],"author":[{"embeddable":true,"href":"https:\/\/www.fotezja.pl\/fotowyprawy\/wp-json\/wp\/v2\/users\/1"}],"replies":[{"embeddable":true,"href":"https:\/\/www.fotezja.pl\/fotowyprawy\/wp-json\/wp\/v2\/comments?post=12036"}],"version-history":[{"count":57,"href":"https:\/\/www.fotezja.pl\/fotowyprawy\/wp-json\/wp\/v2\/pages\/12036\/revisions"}],"predecessor-version":[{"id":13390,"href":"https:\/\/www.fotezja.pl\/fotowyprawy\/wp-json\/wp\/v2\/pages\/12036\/revisions\/13390"}],"wp:featuredmedia":[{"embeddable":true,"href":"https:\/\/www.fotezja.pl\/fotowyprawy\/wp-json\/wp\/v2\/media\/12028"}],"wp:attachment":[{"href":"https:\/\/www.fotezja.pl\/fotowyprawy\/wp-json\/wp\/v2\/media?parent=12036"}],"curies":[{"name":"wp","href":"https:\/\/api.w.org\/{rel}","templated":true}]}}