{"id":10960,"date":"2024-07-14T02:03:35","date_gmt":"2024-07-14T00:03:35","guid":{"rendered":"https:\/\/www.fotezja.pl\/fotowyprawy\/?page_id=10960"},"modified":"2025-08-30T00:35:07","modified_gmt":"2025-08-29T22:35:07","slug":"finlandia-orly-cietrzewie-rosomaki-wyprawa-przyrodnicza","status":"publish","type":"page","link":"https:\/\/www.fotezja.pl\/fotowyprawy\/finlandia-orly-cietrzewie-rosomaki-wyprawa-przyrodnicza\/","title":{"rendered":"Finlandia, or\u0142y, cietrzewie, rosomaki \u2013 wyprawa przyrodnicza"},"content":{"rendered":"<p><img decoding=\"async\" loading=\"lazy\" src=\"https:\/\/www.fotezja.pl\/fotowyprawy\/wp-content\/uploads\/sites\/6\/2024\/07\/Jari-Peltomaki_2.jpg\"><noscript><img decoding=\"async\" src=\"https:\/\/www.fotezja.pl\/fotowyprawy\/wp-content\/uploads\/sites\/6\/2024\/07\/Jari-Peltomaki_2.jpg\"><\/noscript><\/p>\n<p>Zapraszamy na wypraw\u0119 przyrodnicz\u0105 do Finlandii, na uczestnik\u00f3w kt\u00f3rej czekaj\u0105 or\u0142y, cietrzewie, rosomaki, by\u0107 mo\u017ce te\u017c puchacz ! Uczestnicy w bardzo ma\u0142ej grupie b\u0119d\u0105 obserwowali i fotografowali zwierz\u0119ta g\u0142\u00f3wnie korzystaj\u0105c z wygodnych czatowni &#8211; w ci\u0105gu tygodniowego wyjazdu b\u0119dzie a\u017c 7 sesji w r\u00f3\u017cnych czatowniach, przygotowanych specjalnie pod k\u0105tem obserwacji r\u00f3\u017cnych gatunk\u00f3w zwierz\u0105t. Postarali\u015bmy si\u0119, aby maksymalnie zwi\u0119kszy\u0107 szanse uczestnik\u00f3w na udane zdj\u0119cia zwierz\u0105t, dlatego na or\u0142a przedniego przewidziane s\u0105 dwie sesje w czatowni, tak\u017ce dwa plenery na tokowisku cietrzewi oraz r\u00f3wnie\u017c dwa wyj\u015bcia na rosomaki. Spotkanie z puchaczem przewidziane jest jedno, za to potrwa ca\u0142\u0105 noc, kt\u00f3r\u0105 uczestnicy sp\u0119dz\u0105 w wyspecjalizowanym schronie fotograficznym.<\/p>\n<h4><strong>Uczestnicy naszych wcze\u015bniejszych wypraw przyrodniczych i fotowypraw Fotezji maj\u0105 <u>zni\u017ck\u0119 50 euro<\/u><\/strong>. Cena dla Was to 3270 euro (plus przelot).<\/h4>\n<p style=\"text-align: center;\"><span style=\"color: #00ff00;\">CUDA FI\u0143SKIEJ NATURY CZEKAJ\u0104!<\/span><\/p>\n<p>Cen\u0119 tej fotowyprawy podajemy w euro, poniewa\u017c jej koszty r\u00f3wnie\u017c p\u0142acimy w euro. Hotele, przewozy, bilety &#8211; to wszystko op\u0142acamy w walucie. Cena podana w euro, a nie w z\u0142ot\u00f3wkach, gwarantuje, \u017ce nie pobierzemy od Was mniej ni\u017c wynosi koszt imprezy&#8230; ani wi\u0119cej.<\/p>\n<p>Wp\u0142at mo\u017cna dokonywa\u0107 na dwa sposoby:<\/p>\n<p>Przelicza\u0107 sobie wysoko\u015b\u0107 zaliczki w euro na z\u0142ot\u00f3wki po <strong><span style=\"color: #ff9900;\"><a href=\"https:\/\/www.nbp.pl\/home.aspx?f=\/kursy\/kursyc.html\" target=\"_blank\" rel=\"noopener noreferrer\">kursie sprzeda\u017cy NBP<\/a><\/span><\/strong> z danego dnia, a wynik, w z\u0142ot\u00f3wkach, wp\u0142aca\u0107 na nasze konto z\u0142ot\u00f3wkowe: 86 2530 0008 2053 1055 8271 0001<\/p>\n<p>Wp\u0142aca\u0107 sum\u0119 wyra\u017con\u0105 w euro na nasze konto w euro (59 2530 0008 2053 1055 8271 0002), niczego nie przeliczaj\u0105c. Osoby, kt\u00f3re same posiadaj\u0105 konto w euro, mog\u0105 to robi\u0107 prostym przelewem; pozostali mog\u0105 np. korzysta\u0107 z serwis\u00f3w  wymiany walut, gdzie mo\u017cna zleca\u0107 przelewy mi\u0119dzywalutowe po bardzo dobrym kursie.<\/p>\n<p><strong>Prosz\u0119 w \u017cadnym wypadku nie wp\u0142aca\u0107 z\u0142ot\u00f3wek na konto euro ani euro na konto z\u0142ot\u00f3wkowe, nawet je\u015bli bank to umo\u017cliwia!<\/strong> W takim przypadku Wy wp\u0142aciliby\u015bcie wi\u0119cej ni\u017c trzeba, my dostaliby\u015bmy mniej ni\u017c trzeba, i tylko bank by\u0142by zadowolony.<\/p>\n<p>Gdyby kto\u015b mia\u0142 w\u0105tpliwo\u015bci co do wp\u0142at, prosimy o kontakt &#8211; pomo\u017cemy.<\/p>\n<p><img decoding=\"async\" loading=\"lazy\" src=\"https:\/\/www.fotezja.pl\/fotowyprawy\/wp-content\/uploads\/sites\/6\/2024\/07\/Finnature_Huuhkaja_kesa.jpg\"><noscript><img decoding=\"async\" src=\"https:\/\/www.fotezja.pl\/fotowyprawy\/wp-content\/uploads\/sites\/6\/2024\/07\/Finnature_Huuhkaja_kesa.jpg\"><\/noscript><\/p>\n<p style=\"text-align: right;\"><em>fot. Huuhkaja Kesa\u0308<\/em><\/p>\n<p>To wyjazd adresowany przede wszystkim do mi\u0142o\u015bnik\u00f3w obserwacji i fotografowania zwierz\u0105t, przede wszystkim ptak\u00f3w, cho\u0107 nie tylko. Wsparcie do\u015bwiadczonego przyrodnika i ornitologa pozwoli dostrzec nawet p\u0142ochliwe czy odleg\u0142e zwierz\u0119ta, a tak\u017ce je zidentyfikowa\u0107. Sesje w czatowniach (b\u0119dzie ich a\u017c siedem) daj\u0105 du\u017ce prawdopodobie\u0144stwo wykonania pi\u0119knych fotografii ptak\u00f3w drapie\u017cnych z do\u015b\u0107 bliskiej odleg\u0142o\u015bci. Warto zabra\u0107 teleobiektywy &#8211; najlepiej zar\u00f3wno 70-200, jak i d\u0142u\u017cszy zakres do 400 czy 600 mm.<\/p>\n<p style=\"text-align: center;\"><span style=\"color: #00ff00;\">ZAPRASZAMY NA OR\u0141Y, CIETRZEWIE I ROSOMAKI!<\/span><\/p>\n<p><a name=\"zgloszenie\"><\/a><\/p>\n<p><strong><em><span style=\"color: #ff0000;\"><a href=\"https:\/\/www.fotezja.pl\/fotowyprawy\/finlandia-orly-cietrzewie-rosomaki-wyprawa-przyrodnicza\/zgloszenie-na-wyprawe-do-finlandii\/\" rel=\"\">Chc\u0119 zobaczy\u0107 przyrod\u0119 Finlandii!<\/a><\/span><\/em><\/strong><\/p>\n<p><img decoding=\"async\" loading=\"lazy\" src=\"https:\/\/www.fotezja.pl\/fotowyprawy\/wp-content\/uploads\/sites\/6\/2024\/07\/Kaisa-Peltomaki_2.jpg\"><noscript><img decoding=\"async\" src=\"https:\/\/www.fotezja.pl\/fotowyprawy\/wp-content\/uploads\/sites\/6\/2024\/07\/Kaisa-Peltomaki_2.jpg\"><\/noscript><\/p>\n<p><a href=\"https:\/\/www.fotezja.pl\/fotowyprawy\/finlandia-orly-cietrzewie-rosomaki-wyprawa-przyrodnicza\/zgloszenie-na-wyprawe-do-finlandii\/\" rel=\"\">Zg\u0142aszam si\u0119 na wypraw\u0119 przyrodnicz\u0105 do finlandii!<\/a><\/p>\n<p style=\"text-align: right;\"><em>fot. Kaisa Peltomaki<\/em><\/p>\n<p>Bardzo istotna kwestia, kt\u00f3ra wp\u0142ywa tak na wygod\u0119, jak i bezpiecze\u0144stwo to spos\u00f3b pakowania. <strong>Zalecamy dwa baga\u017ce<\/strong>: g\u0142\u00f3wny i podr\u0119czny. G\u0142\u00f3wny, ze wszystkimi ubraniami, rzeczami osobistymi, ewentualnie statywem i \u017cywno\u015bci\u0105 to najlepiej du\u017ca torba na k\u00f3\u0142kach. <strong>Nie zalecamy walizki<\/strong> jako baga\u017cu g\u0142\u00f3wnego &#8211; trudniej j\u0105 upakowa\u0107 w busie, a do tego jest bardziej nara\u017cona na uszkodzenie w transporcie lotniczym.<strong> Limit dla baga\u017cu g\u0142\u00f3wnego przewa\u017cnie wynosi 20 kilogram\u00f3w <\/strong>(zale\u017cy od linii lotniczych, niekiedy jest to nieco wi\u0119cej). Nie nale\u017cy pakowa\u0107 do baga\u017cu g\u0142\u00f3wnego \u017cadnej elektroniki, a baterii i akumulator\u00f3w nawet nie wolno!<\/p>\n<p>Je\u015bli mamy jaki\u015b sprz\u0119t fotograficzny lub obserwacyjny (luneta, lornetka) nale\u017cy go zmie\u015bci\u0107 w baga\u017cu podr\u0119cznym. Na czas podr\u00f3\u017cy samolotem tam te\u017c powinny by\u0107 wszystkie akumulatory, \u0142adowarki i powerbanki. Je\u015bli kto\u015b zabiera notebooka, to r\u00f3wnie\u017c do baga\u017cu podr\u0119cznego &#8211; przynajmniej na czas podr\u00f3\u017cy lotniczej. Wskazane jest, aby m\u00f3c zabra\u0107 ze sob\u0105 termos lub\/i butelk\u0119 wody oraz kanapki &#8211; w taki spos\u00f3b, aby nie grozi\u0142o to ubrudzeniem lub zalaniem aparatu fotograficznego czy lornetki. Je\u015bli chodzi o sprz\u0119t fotograficzny, to najbardziej przydatne b\u0119d\u0105 teleobiektywy &#8211; co najmniej 200 mm, cho\u0107 wi\u0119ksze ogniskowe te\u017c b\u0119d\u0105 u\u017cyteczne.<\/p>\n<p><\/p>\n<p>We wrze\u015bniu w tym regionie temperatura oscyluje w okolicy 10 stopni. Wskazane jest przygotowanie si\u0119 na opady deszczu.<\/p>\n<p><img decoding=\"async\" loading=\"lazy\" src=\"https:\/\/www.fotezja.pl\/fotowyprawy\/wp-content\/uploads\/sites\/6\/2024\/07\/Jari-Peltomaki_5.jpg\"><noscript><img decoding=\"async\" src=\"https:\/\/www.fotezja.pl\/fotowyprawy\/wp-content\/uploads\/sites\/6\/2024\/07\/Jari-Peltomaki_5.jpg\"><\/noscript><\/p>\n<p style=\"text-align: right;\"><em>fot. Jari Peltomaki<\/em><\/p>\n<p>Wyprawa odb\u0119dzie si\u0119 na terenie Finlandii. Do wjazdu wystarczy dow\u00f3d osobisty. \u017badne szczeg\u00f3lne szczepienia nie s\u0105 wymagane, nie ma te\u017c \u017cadnych nietypowych warunk\u00f3w zdrowotnych ani szczeg\u00f3lnych zagro\u017ce\u0144.<\/p>\n<p><\/p>\n<p><\/p>\n<p><\/p>\n<p><\/p>\n<p>Jak przed ka\u017cd\u0105 podr\u00f3\u017c\u0105, zach\u0119camy aby w razie w\u0105tpliwo\u015bci sprawdzi\u0107 stron\u0119 <strong><span style=\"color: #e69138;\"><a href=\"https:\/\/www.gov.pl\/web\/dyplomacja\/informacje-dla-podrozujacych\" target=\"_blank\" rel=\"noopener noreferrer\">Ministerstwa Spraw Zagranicznych<\/a><\/span><\/strong>. Znajduj\u0105 si\u0119 tam aktualne informacje o wymaganych dokumentach, szczepieniach, ostrze\u017cenia i przepisy celne dla ka\u017cdego kraju.<\/p>\n<div id=\"jig1\" class=\"justified-image-grid jig-6d6e9c34f28b9ccdd91dfc1643fc3076 jig-preset-global jig-source-wp-gallery\"><div class=\"jig-clearfix\"><\/div><noscript id=\"jig1-html\" class=\"justified-image-grid-html\" data-lazy-src=\"skiplazyload\" data-src=\"skipunveillazyload\"><ul><li><a href=\"https:\/\/www.fotezja.pl\/fotowyprawy\/wp-content\/uploads\/sites\/6\/2024\/07\/Finnature_Huuhkaja_kesa.jpg\" title=\"fot. Huuhkaja Kesa\u0308\"><img decoding=\"async\" src=\"https:\/\/www.fotezja.pl\/fotowyprawy\/wp-content\/plugins\/justified-image-grid\/timthumb.php?src=https%3A%2F%2Fwww.fotezja.pl%2Ffotowyprawy%2Fwp-content%2Fuploads%2Fsites%2F6%2F2024%2F07%2FFinnature_Huuhkaja_kesa.jpg&amp;h=340&amp;q=90&amp;f=.jpg\" alt=\"&lt;span id=&quot;wp-image-10978&quot; class=&quot;exif&quot;&gt;&lt;span class=&quot;aperture&quot;&gt;Przys\u0142ona:&#402;\/5&nbsp;&lt;span class=&quot;focal_length&quot;&gt;Ogniskowa:250mm&nbsp;&lt;span class=&quot;iso&quot;&gt;Czu\u0142o\u015b\u0107 ISO:8000&nbsp;&lt;span class=&quot;shutter_speed&quot;&gt;Czas na\u015bwietlania:1\/1000s&nbsp;&lt;\/span&gt;\" width=\"476\" height=\"340\" \/><\/a><p class=\"jig-HTMLdescription\"><span id=\"wp-image-10978\" class=\"exif\"><span class=\"aperture\">Przys\u0142ona:&#402;\/5&nbsp;<span class=\"focal_length\">Ogniskowa:250mm&nbsp;<span class=\"iso\">Czu\u0142o\u015b\u0107 ISO:8000&nbsp;<span class=\"shutter_speed\">Czas na\u015bwietlania:1\/1000s&nbsp;<\/span><br\/>fot. Huuhkaja Kesa\u0308<\/p><\/li><li><a href=\"https:\/\/www.fotezja.pl\/fotowyprawy\/wp-content\/uploads\/sites\/6\/2024\/07\/Jari-Peltomaki_4.jpg\" title=\"fot. Jari Peltom\u00e4ki\"><img decoding=\"async\" src=\"https:\/\/www.fotezja.pl\/fotowyprawy\/wp-content\/plugins\/justified-image-grid\/timthumb.php?src=https%3A%2F%2Fwww.fotezja.pl%2Ffotowyprawy%2Fwp-content%2Fuploads%2Fsites%2F6%2F2024%2F07%2FJari-Peltomaki_4.jpg&amp;h=340&amp;q=90&amp;f=.jpg\" alt=\"&lt;span id=&quot;wp-image-10974&quot; class=&quot;exif&quot;&gt;&lt;span class=&quot;aperture&quot;&gt;Przys\u0142ona:&#402;\/7.1&nbsp;&lt;span class=&quot;focal_length&quot;&gt;Ogniskowa:180mm&nbsp;&lt;span class=&quot;iso&quot;&gt;Czu\u0142o\u015b\u0107 ISO:3200&nbsp;&lt;span class=&quot;shutter_speed&quot;&gt;Czas na\u015bwietlania:1\/4000s&nbsp;&lt;\/span&gt;\" width=\"453\" height=\"340\" \/><\/a><p class=\"jig-HTMLdescription\"><span id=\"wp-image-10974\" class=\"exif\"><span class=\"aperture\">Przys\u0142ona:&#402;\/7.1&nbsp;<span class=\"focal_length\">Ogniskowa:180mm&nbsp;<span class=\"iso\">Czu\u0142o\u015b\u0107 ISO:3200&nbsp;<span class=\"shutter_speed\">Czas na\u015bwietlania:1\/4000s&nbsp;<\/span><br\/>fot. Jari Peltom\u00e4ki<\/p><\/li><li><a href=\"https:\/\/www.fotezja.pl\/fotowyprawy\/wp-content\/uploads\/sites\/6\/2024\/07\/Jari-Peltomaki_6.jpg\" title=\"fot. Jari Peltom\u00e4ki\"><img decoding=\"async\" src=\"https:\/\/www.fotezja.pl\/fotowyprawy\/wp-content\/plugins\/justified-image-grid\/timthumb.php?src=https%3A%2F%2Fwww.fotezja.pl%2Ffotowyprawy%2Fwp-content%2Fuploads%2Fsites%2F6%2F2024%2F07%2FJari-Peltomaki_6.jpg&amp;h=340&amp;q=90&amp;f=.jpg\" alt=\"&lt;span id=&quot;wp-image-10972&quot; class=&quot;exif&quot;&gt;&lt;span class=&quot;aperture&quot;&gt;Przys\u0142ona:&#402;\/5&nbsp;&lt;span class=&quot;focal_length&quot;&gt;Ogniskowa:600mm&nbsp;&lt;span class=&quot;iso&quot;&gt;Czu\u0142o\u015b\u0107 ISO:3200&nbsp;&lt;span class=&quot;shutter_speed&quot;&gt;Czas na\u015bwietlania:1\/500s&nbsp;&lt;\/span&gt;\" width=\"559\" height=\"340\" \/><\/a><p class=\"jig-HTMLdescription\"><span id=\"wp-image-10972\" class=\"exif\"><span class=\"aperture\">Przys\u0142ona:&#402;\/5&nbsp;<span class=\"focal_length\">Ogniskowa:600mm&nbsp;<span class=\"iso\">Czu\u0142o\u015b\u0107 ISO:3200&nbsp;<span class=\"shutter_speed\">Czas na\u015bwietlania:1\/500s&nbsp;<\/span><br\/>fot. Jari Peltom\u00e4ki<\/p><\/li><li><a href=\"https:\/\/www.fotezja.pl\/fotowyprawy\/wp-content\/uploads\/sites\/6\/2024\/07\/Tomasz_Trocha_rosomak12.jpg\" title=\"fot. Tomasz Trocha\"><img decoding=\"async\" src=\"https:\/\/www.fotezja.pl\/fotowyprawy\/wp-content\/plugins\/justified-image-grid\/timthumb.php?src=https%3A%2F%2Fwww.fotezja.pl%2Ffotowyprawy%2Fwp-content%2Fuploads%2Fsites%2F6%2F2024%2F07%2FTomasz_Trocha_rosomak12.jpg&amp;h=340&amp;q=90&amp;f=.jpg\" alt=\"fot. Tomasz Trocha\" width=\"509\" height=\"340\" \/><\/a><p class=\"jig-HTMLdescription\">fot. Tomasz Trocha<\/p><\/li><li><a href=\"https:\/\/www.fotezja.pl\/fotowyprawy\/wp-content\/uploads\/sites\/6\/2024\/07\/Tomasz_Trocha_rosomak13.jpg\" title=\"fot. Tomasz Trocha\"><img decoding=\"async\" src=\"https:\/\/www.fotezja.pl\/fotowyprawy\/wp-content\/plugins\/justified-image-grid\/timthumb.php?src=https%3A%2F%2Fwww.fotezja.pl%2Ffotowyprawy%2Fwp-content%2Fuploads%2Fsites%2F6%2F2024%2F07%2FTomasz_Trocha_rosomak13.jpg&amp;h=340&amp;q=90&amp;f=.jpg\" alt=\"fot. Tomasz Trocha\" width=\"509\" height=\"340\" \/><\/a><p class=\"jig-HTMLdescription\">fot. Tomasz Trocha<\/p><\/li><li><a href=\"https:\/\/www.fotezja.pl\/fotowyprawy\/wp-content\/uploads\/sites\/6\/2024\/07\/Jari-Peltomaki_5.jpg\" title=\"fot. Jari Peltomaki\"><img decoding=\"async\" src=\"https:\/\/www.fotezja.pl\/fotowyprawy\/wp-content\/plugins\/justified-image-grid\/timthumb.php?src=https%3A%2F%2Fwww.fotezja.pl%2Ffotowyprawy%2Fwp-content%2Fuploads%2Fsites%2F6%2F2024%2F07%2FJari-Peltomaki_5.jpg&amp;h=340&amp;q=90&amp;f=.jpg\" alt=\"&lt;span id=&quot;wp-image-10973&quot; class=&quot;exif&quot;&gt;&lt;span class=&quot;aperture&quot;&gt;Przys\u0142ona:&#402;\/6.3&nbsp;&lt;span class=&quot;focal_length&quot;&gt;Ogniskowa:400mm&nbsp;&lt;span class=&quot;iso&quot;&gt;Czu\u0142o\u015b\u0107 ISO:3200&nbsp;&lt;span class=&quot;shutter_speed&quot;&gt;Czas na\u015bwietlania:1\/500s&nbsp;&lt;\/span&gt;\" width=\"453\" height=\"340\" \/><\/a><p class=\"jig-HTMLdescription\"><span id=\"wp-image-10973\" class=\"exif\"><span class=\"aperture\">Przys\u0142ona:&#402;\/6.3&nbsp;<span class=\"focal_length\">Ogniskowa:400mm&nbsp;<span class=\"iso\">Czu\u0142o\u015b\u0107 ISO:3200&nbsp;<span class=\"shutter_speed\">Czas na\u015bwietlania:1\/500s&nbsp;<\/span><br\/>fot. Jari Peltomaki<\/p><\/li><li><a href=\"https:\/\/www.fotezja.pl\/fotowyprawy\/wp-content\/uploads\/sites\/6\/2024\/07\/Jari-Peltomaki.jpg\" title=\"fot. Jari Peltom\u00e4ki\"><img decoding=\"async\" src=\"https:\/\/www.fotezja.pl\/fotowyprawy\/wp-content\/plugins\/justified-image-grid\/timthumb.php?src=https%3A%2F%2Fwww.fotezja.pl%2Ffotowyprawy%2Fwp-content%2Fuploads%2Fsites%2F6%2F2024%2F07%2FJari-Peltomaki.jpg&amp;h=340&amp;q=90&amp;f=.jpg\" alt=\"&lt;span id=&quot;wp-image-10977&quot; class=&quot;exif&quot;&gt;&lt;span class=&quot;aperture&quot;&gt;Przys\u0142ona:&#402;\/5.6&nbsp;&lt;span class=&quot;focal_length&quot;&gt;Ogniskowa:300mm&nbsp;&lt;span class=&quot;iso&quot;&gt;Czu\u0142o\u015b\u0107 ISO:1600&nbsp;&lt;span class=&quot;shutter_speed&quot;&gt;Czas na\u015bwietlania:1\/2000s&nbsp;&lt;\/span&gt;\" width=\"453\" height=\"340\" \/><\/a><p class=\"jig-HTMLdescription\"><span id=\"wp-image-10977\" class=\"exif\"><span class=\"aperture\">Przys\u0142ona:&#402;\/5.6&nbsp;<span class=\"focal_length\">Ogniskowa:300mm&nbsp;<span class=\"iso\">Czu\u0142o\u015b\u0107 ISO:1600&nbsp;<span class=\"shutter_speed\">Czas na\u015bwietlania:1\/2000s&nbsp;<\/span><br\/>fot. Jari Peltom\u00e4ki<\/p><\/li><li><a href=\"https:\/\/www.fotezja.pl\/fotowyprawy\/wp-content\/uploads\/sites\/6\/2024\/07\/Kaisa-Peltomaki_2.jpg\" title=\"fot. Kaisa Peltomaki\"><img decoding=\"async\" src=\"https:\/\/www.fotezja.pl\/fotowyprawy\/wp-content\/plugins\/justified-image-grid\/timthumb.php?src=https%3A%2F%2Fwww.fotezja.pl%2Ffotowyprawy%2Fwp-content%2Fuploads%2Fsites%2F6%2F2024%2F07%2FKaisa-Peltomaki_2.jpg&amp;h=340&amp;q=90&amp;f=.jpg\" alt=\"&lt;span id=&quot;wp-image-10968&quot; class=&quot;exif&quot;&gt;&lt;span class=&quot;aperture&quot;&gt;Przys\u0142ona:&#402;\/4.5&nbsp;&lt;span class=&quot;focal_length&quot;&gt;Ogniskowa:400mm&nbsp;&lt;span class=&quot;iso&quot;&gt;Czu\u0142o\u015b\u0107 ISO:3200&nbsp;&lt;span class=&quot;shutter_speed&quot;&gt;Czas na\u015bwietlania:1\/1000s&nbsp;&lt;\/span&gt;\" width=\"510\" height=\"340\" \/><\/a><p class=\"jig-HTMLdescription\"><span id=\"wp-image-10968\" class=\"exif\"><span class=\"aperture\">Przys\u0142ona:&#402;\/4.5&nbsp;<span class=\"focal_length\">Ogniskowa:400mm&nbsp;<span class=\"iso\">Czu\u0142o\u015b\u0107 ISO:3200&nbsp;<span class=\"shutter_speed\">Czas na\u015bwietlania:1\/1000s&nbsp;<\/span><br\/>fot. Kaisa Peltomaki<\/p><\/li><li><a href=\"https:\/\/www.fotezja.pl\/fotowyprawy\/wp-content\/uploads\/sites\/6\/2024\/07\/Kaisa-Peltomaki.jpg\" title=\"fot. Kaisa Peltomaki\"><img decoding=\"async\" src=\"https:\/\/www.fotezja.pl\/fotowyprawy\/wp-content\/plugins\/justified-image-grid\/timthumb.php?src=https%3A%2F%2Fwww.fotezja.pl%2Ffotowyprawy%2Fwp-content%2Fuploads%2Fsites%2F6%2F2024%2F07%2FKaisa-Peltomaki.jpg&amp;h=340&amp;q=90&amp;f=.jpg\" alt=\"&lt;span id=&quot;wp-image-10969&quot; class=&quot;exif&quot;&gt;&lt;span class=&quot;aperture&quot;&gt;Przys\u0142ona:&#402;\/4&nbsp;&lt;span class=&quot;focal_length&quot;&gt;Ogniskowa:300mm&nbsp;&lt;span class=&quot;iso&quot;&gt;Czu\u0142o\u015b\u0107 ISO:3200&nbsp;&lt;span class=&quot;shutter_speed&quot;&gt;Czas na\u015bwietlania:1\/1600s&nbsp;&lt;\/span&gt;\" width=\"523\" height=\"340\" \/><\/a><p class=\"jig-HTMLdescription\"><span id=\"wp-image-10969\" class=\"exif\"><span class=\"aperture\">Przys\u0142ona:&#402;\/4&nbsp;<span class=\"focal_length\">Ogniskowa:300mm&nbsp;<span class=\"iso\">Czu\u0142o\u015b\u0107 ISO:3200&nbsp;<span class=\"shutter_speed\">Czas na\u015bwietlania:1\/1600s&nbsp;<\/span><br\/>fot. Kaisa Peltomaki<\/p><\/li><li><a href=\"https:\/\/www.fotezja.pl\/fotowyprawy\/wp-content\/uploads\/sites\/6\/2024\/07\/Jari-Peltomaki_7.jpg\" title=\"fot. Jari Peltom\u00e4ki\"><img decoding=\"async\" src=\"https:\/\/www.fotezja.pl\/fotowyprawy\/wp-content\/plugins\/justified-image-grid\/timthumb.php?src=https%3A%2F%2Fwww.fotezja.pl%2Ffotowyprawy%2Fwp-content%2Fuploads%2Fsites%2F6%2F2024%2F07%2FJari-Peltomaki_7.jpg&amp;h=340&amp;q=90&amp;f=.jpg\" alt=\"&lt;span id=&quot;wp-image-10971&quot; class=&quot;exif&quot;&gt;&lt;span class=&quot;aperture&quot;&gt;Przys\u0142ona:&#402;\/6.3&nbsp;&lt;span class=&quot;focal_length&quot;&gt;Ogniskowa:119mm&nbsp;&lt;span class=&quot;iso&quot;&gt;Czu\u0142o\u015b\u0107 ISO:3200&nbsp;&lt;span class=&quot;shutter_speed&quot;&gt;Czas na\u015bwietlania:1\/1600s&nbsp;&lt;\/span&gt;\" width=\"453\" height=\"340\" \/><\/a><p class=\"jig-HTMLdescription\"><span id=\"wp-image-10971\" class=\"exif\"><span class=\"aperture\">Przys\u0142ona:&#402;\/6.3&nbsp;<span class=\"focal_length\">Ogniskowa:119mm&nbsp;<span class=\"iso\">Czu\u0142o\u015b\u0107 ISO:3200&nbsp;<span class=\"shutter_speed\">Czas na\u015bwietlania:1\/1600s&nbsp;<\/span><br\/>fot. Jari Peltom\u00e4ki<\/p><\/li><li><a href=\"https:\/\/www.fotezja.pl\/fotowyprawy\/wp-content\/uploads\/sites\/6\/2024\/07\/Jari-Peltomaki_8.jpg\" title=\"fot. Jari Peltomaki\"><img decoding=\"async\" src=\"https:\/\/www.fotezja.pl\/fotowyprawy\/wp-content\/plugins\/justified-image-grid\/timthumb.php?src=https%3A%2F%2Fwww.fotezja.pl%2Ffotowyprawy%2Fwp-content%2Fuploads%2Fsites%2F6%2F2024%2F07%2FJari-Peltomaki_8.jpg&amp;h=340&amp;q=90&amp;f=.jpg\" alt=\"&lt;span id=&quot;wp-image-10970&quot; class=&quot;exif&quot;&gt;&lt;span class=&quot;aperture&quot;&gt;Przys\u0142ona:&#402;\/5.6&nbsp;&lt;span class=&quot;focal_length&quot;&gt;Ogniskowa:300mm&nbsp;&lt;span class=&quot;iso&quot;&gt;Czu\u0142o\u015b\u0107 ISO:1600&nbsp;&lt;span class=&quot;shutter_speed&quot;&gt;Czas na\u015bwietlania:1\/1600s&nbsp;&lt;\/span&gt;\" width=\"553\" height=\"340\" \/><\/a><p class=\"jig-HTMLdescription\"><span id=\"wp-image-10970\" class=\"exif\"><span class=\"aperture\">Przys\u0142ona:&#402;\/5.6&nbsp;<span class=\"focal_length\">Ogniskowa:300mm&nbsp;<span class=\"iso\">Czu\u0142o\u015b\u0107 ISO:1600&nbsp;<span class=\"shutter_speed\">Czas na\u015bwietlania:1\/1600s&nbsp;<\/span><br\/>fot. Jari Peltomaki<\/p><\/li><li><a href=\"https:\/\/www.fotezja.pl\/fotowyprawy\/wp-content\/uploads\/sites\/6\/2024\/07\/Kaisa-Peltomaki_3.jpg\" title=\"fot. Kaisa Peltomaki\"><img decoding=\"async\" src=\"https:\/\/www.fotezja.pl\/fotowyprawy\/wp-content\/plugins\/justified-image-grid\/timthumb.php?src=https%3A%2F%2Fwww.fotezja.pl%2Ffotowyprawy%2Fwp-content%2Fuploads%2Fsites%2F6%2F2024%2F07%2FKaisa-Peltomaki_3.jpg&amp;h=340&amp;q=90&amp;f=.jpg\" alt=\"&lt;span id=&quot;wp-image-10967&quot; class=&quot;exif&quot;&gt;&lt;span class=&quot;aperture&quot;&gt;Przys\u0142ona:&#402;\/4.5&nbsp;&lt;span class=&quot;focal_length&quot;&gt;Ogniskowa:250mm&nbsp;&lt;span class=&quot;iso&quot;&gt;Czu\u0142o\u015b\u0107 ISO:2000&nbsp;&lt;span class=&quot;shutter_speed&quot;&gt;Czas na\u015bwietlania:1\/800s&nbsp;&lt;\/span&gt;\" width=\"340\" height=\"340\" \/><\/a><p class=\"jig-HTMLdescription\"><span id=\"wp-image-10967\" class=\"exif\"><span class=\"aperture\">Przys\u0142ona:&#402;\/4.5&nbsp;<span class=\"focal_length\">Ogniskowa:250mm&nbsp;<span class=\"iso\">Czu\u0142o\u015b\u0107 ISO:2000&nbsp;<span class=\"shutter_speed\">Czas na\u015bwietlania:1\/800s&nbsp;<\/span><br\/>fot. Kaisa Peltomaki<\/p><\/li><li><a href=\"https:\/\/www.fotezja.pl\/fotowyprawy\/wp-content\/uploads\/sites\/6\/2024\/07\/Tomasz_Trocha_rosomak14.jpg\" title=\"fot. Tomasz Trocha\"><img decoding=\"async\" src=\"https:\/\/www.fotezja.pl\/fotowyprawy\/wp-content\/plugins\/justified-image-grid\/timthumb.php?src=https%3A%2F%2Fwww.fotezja.pl%2Ffotowyprawy%2Fwp-content%2Fuploads%2Fsites%2F6%2F2024%2F07%2FTomasz_Trocha_rosomak14.jpg&amp;h=340&amp;q=90&amp;f=.jpg\" alt=\"fot. Tomasz Trocha\" width=\"509\" height=\"340\" \/><\/a><p class=\"jig-HTMLdescription\">fot. Tomasz Trocha<\/p><\/li><li><a href=\"https:\/\/www.fotezja.pl\/fotowyprawy\/wp-content\/uploads\/sites\/6\/2024\/07\/Jari-Peltomaki_3.jpg\" title=\"fot. Jari Peltom\u00e4ki\"><img decoding=\"async\" src=\"https:\/\/www.fotezja.pl\/fotowyprawy\/wp-content\/plugins\/justified-image-grid\/timthumb.php?src=https%3A%2F%2Fwww.fotezja.pl%2Ffotowyprawy%2Fwp-content%2Fuploads%2Fsites%2F6%2F2024%2F07%2FJari-Peltomaki_3.jpg&amp;h=340&amp;q=90&amp;f=.jpg\" alt=\"&lt;span id=&quot;wp-image-10975&quot; class=&quot;exif&quot;&gt;&lt;span class=&quot;aperture&quot;&gt;Przys\u0142ona:&#402;\/6.3&nbsp;&lt;span class=&quot;focal_length&quot;&gt;Ogniskowa:300mm&nbsp;&lt;span class=&quot;iso&quot;&gt;Czu\u0142o\u015b\u0107 ISO:800&nbsp;&lt;span class=&quot;shutter_speed&quot;&gt;Czas na\u015bwietlania:1\/1600s&nbsp;&lt;\/span&gt;\" width=\"453\" height=\"340\" \/><\/a><p class=\"jig-HTMLdescription\"><span id=\"wp-image-10975\" class=\"exif\"><span class=\"aperture\">Przys\u0142ona:&#402;\/6.3&nbsp;<span class=\"focal_length\">Ogniskowa:300mm&nbsp;<span class=\"iso\">Czu\u0142o\u015b\u0107 ISO:800&nbsp;<span class=\"shutter_speed\">Czas na\u015bwietlania:1\/1600s&nbsp;<\/span><br\/>fot. Jari Peltom\u00e4ki<\/p><\/li><li><a href=\"https:\/\/www.fotezja.pl\/fotowyprawy\/wp-content\/uploads\/sites\/6\/2024\/07\/Jari-Peltomaki_2.jpg\" title=\"fot. Jari Peltom\u00e4ki\"><img decoding=\"async\" src=\"https:\/\/www.fotezja.pl\/fotowyprawy\/wp-content\/plugins\/justified-image-grid\/timthumb.php?src=https%3A%2F%2Fwww.fotezja.pl%2Ffotowyprawy%2Fwp-content%2Fuploads%2Fsites%2F6%2F2024%2F07%2FJari-Peltomaki_2.jpg&amp;h=340&amp;q=90&amp;f=.jpg\" alt=\"&lt;span id=&quot;wp-image-10976&quot; class=&quot;exif&quot;&gt;&lt;span class=&quot;aperture&quot;&gt;Przys\u0142ona:&#402;\/5.6&nbsp;&lt;span class=&quot;focal_length&quot;&gt;Ogniskowa:300mm&nbsp;&lt;span class=&quot;iso&quot;&gt;Czu\u0142o\u015b\u0107 ISO:1600&nbsp;&lt;span class=&quot;shutter_speed&quot;&gt;Czas na\u015bwietlania:1\/2000s&nbsp;&lt;\/span&gt;\" width=\"490\" height=\"340\" \/><\/a><p class=\"jig-HTMLdescription\"><span id=\"wp-image-10976\" class=\"exif\"><span class=\"aperture\">Przys\u0142ona:&#402;\/5.6&nbsp;<span class=\"focal_length\">Ogniskowa:300mm&nbsp;<span class=\"iso\">Czu\u0142o\u015b\u0107 ISO:1600&nbsp;<span class=\"shutter_speed\">Czas na\u015bwietlania:1\/2000s&nbsp;<\/span><br\/>fot. Jari Peltom\u00e4ki<\/p><\/li><\/ul><\/noscript><\/div>\n<p class=\"tipi-center\"><a target=\"_blank\" href=\"https:\/\/www.fotezja.pl\/fotowyprawy\/powinienes-wiedziec-ze\/\" style=\"color: #e69138\"><strong>Przeczytaj, co jeszcze warto wiedzie\u0107 o naszych fotowyprawach<\/strong><\/a><a target=\"_blank\" href=\"https:\/\/www.fotezja.pl\/fotowyprawy\/category\/powinienes-wiedziec-ze\/\" style=\"color: #e69138\"><strong> <\/strong><\/a><\/p>\n<p class=\"tipi-center\"><a target=\"_blank\" href=\"https:\/\/www.fotezja.pl\/fotowyprawy\/warto-bo\/\" style=\"color: #e69138\"><strong>Co oferujemy i dlaczego warto jecha\u0107 w\u0142a\u015bnie z nami<\/strong><\/a><a target=\"_blank\" href=\"https:\/\/www.fotezja.pl\/fotowyprawy\/warto-bo\/\" style=\"color: #e69138\"><strong>&nbsp;<\/strong><\/a><\/p>\n<p class=\"tipi-center\"><a target=\"_blank\" href=\"https:\/\/www.fotezja.pl\/fotowyprawy\/ogolne-warunki-umowy-o-swiadczeniu-imprez-turystycznych\/\" style=\"color: #e69138\"><strong>Jakie s\u0105 og\u00f3lne warunki umowy o \u015bwiadczenie us\u0142ug turystycznych <\/strong><\/a><\/p>\n","protected":false},"excerpt":{"rendered":"<p>Zapraszamy na wypraw\u0119 przyrodnicz\u0105 do Finlandii, na uczestnik\u00f3w kt\u00f3rej czekaj\u0105 or\u0142y, cietrzewie, rosomaki, by\u0107 mo\u017ce te\u017c puchacz ! Uczestnicy w bardzo ma\u0142ej grupie b\u0119d\u0105 obserwowali i fotografowali zwierz\u0119ta g\u0142\u00f3wnie korzystaj\u0105c z wygodnych czatowni &#8211; w ci\u0105gu tygodniowego wyjazdu b\u0119dzie a\u017c 7 sesji w r\u00f3\u017cnych czatowniach, przygotowanych specjalnie pod k\u0105tem obserwacji r\u00f3\u017cnych gatunk\u00f3w zwierz\u0105t. Postarali\u015bmy si\u0119, aby maksymalnie zwi\u0119kszy\u0107 szanse uczestnik\u00f3w na udane zdj\u0119cia zwierz\u0105t, dlatego na or\u0142a przedniego przewidziane s\u0105 dwie sesje w czatowni, tak\u017ce dwa plenery na tokowisku cietrzewi [&hellip;]<\/p>\n","protected":false},"author":1,"featured_media":10976,"parent":0,"menu_order":0,"comment_status":"closed","ping_status":"closed","template":"","meta":{"footnotes":"","_links_to":"","_links_to_target":""},"class_list":["post-10960","page","type-page","status-publish","has-post-thumbnail","hentry"],"_links":{"self":[{"href":"https:\/\/www.fotezja.pl\/fotowyprawy\/wp-json\/wp\/v2\/pages\/10960","targetHints":{"allow":["GET"]}}],"collection":[{"href":"https:\/\/www.fotezja.pl\/fotowyprawy\/wp-json\/wp\/v2\/pages"}],"about":[{"href":"https:\/\/www.fotezja.pl\/fotowyprawy\/wp-json\/wp\/v2\/types\/page"}],"author":[{"embeddable":true,"href":"https:\/\/www.fotezja.pl\/fotowyprawy\/wp-json\/wp\/v2\/users\/1"}],"replies":[{"embeddable":true,"href":"https:\/\/www.fotezja.pl\/fotowyprawy\/wp-json\/wp\/v2\/comments?post=10960"}],"version-history":[{"count":68,"href":"https:\/\/www.fotezja.pl\/fotowyprawy\/wp-json\/wp\/v2\/pages\/10960\/revisions"}],"predecessor-version":[{"id":14065,"href":"https:\/\/www.fotezja.pl\/fotowyprawy\/wp-json\/wp\/v2\/pages\/10960\/revisions\/14065"}],"wp:featuredmedia":[{"embeddable":true,"href":"https:\/\/www.fotezja.pl\/fotowyprawy\/wp-json\/wp\/v2\/media\/10976"}],"wp:attachment":[{"href":"https:\/\/www.fotezja.pl\/fotowyprawy\/wp-json\/wp\/v2\/media?parent=10960"}],"curies":[{"name":"wp","href":"https:\/\/api.w.org\/{rel}","templated":true}]}}